{"id":9142,"date":"2024-06-18T13:37:13","date_gmt":"2024-06-18T13:37:13","guid":{"rendered":"https:\/\/koylio-seura.fi\/?page_id=9142"},"modified":"2025-06-17T13:23:40","modified_gmt":"2025-06-17T13:23:40","slug":"vuoden-kylatoimijat","status":"publish","type":"page","link":"https:\/\/koylio-seura.fi\/?page_id=9142","title":{"rendered":"Vuoden kyl\u00e4toimijat"},"content":{"rendered":"\t\t<div data-elementor-type=\"wp-page\" data-elementor-id=\"9142\" class=\"elementor elementor-9142\" data-elementor-post-type=\"page\">\n\t\t\t\t\t\t<section class=\"elementor-section elementor-top-section elementor-element elementor-element-2fe758b elementor-section-boxed elementor-section-height-default elementor-section-height-default\" data-id=\"2fe758b\" data-element_type=\"section\">\n\t\t\t\t\t\t<div class=\"elementor-container elementor-column-gap-default\">\n\t\t\t\t\t<div class=\"elementor-column elementor-col-100 elementor-top-column elementor-element elementor-element-382d8ef\" data-id=\"382d8ef\" data-element_type=\"column\">\n\t\t\t<div class=\"elementor-widget-wrap elementor-element-populated\">\n\t\t\t\t\t\t<div class=\"elementor-element elementor-element-7ecdef2 elementor-widget elementor-widget-accordion\" data-id=\"7ecdef2\" data-element_type=\"widget\" data-widget_type=\"accordion.default\">\n\t\t\t\t<div class=\"elementor-widget-container\">\n\t\t\t\t\t\t\t<div class=\"elementor-accordion\">\n\t\t\t\t\t\t\t<div class=\"elementor-accordion-item\">\n\t\t\t\t\t<div id=\"elementor-tab-title-1321\" class=\"elementor-tab-title\" data-tab=\"1\" role=\"button\" aria-controls=\"elementor-tab-content-1321\" aria-expanded=\"false\">\n\t\t\t\t\t\t\t\t\t\t\t\t\t<span class=\"elementor-accordion-icon elementor-accordion-icon-left\" aria-hidden=\"true\">\n\t\t\t\t\t\t\t\t\t\t\t\t\t\t\t<span class=\"elementor-accordion-icon-closed\"><i class=\"fas fa-plus\"><\/i><\/span>\n\t\t\t\t\t\t\t\t<span class=\"elementor-accordion-icon-opened\"><i class=\"fas fa-minus\"><\/i><\/span>\n\t\t\t\t\t\t\t\t\t\t\t\t\t\t<\/span>\n\t\t\t\t\t\t\t\t\t\t\t\t<a class=\"elementor-accordion-title\" tabindex=\"0\">Vuoden 2025 kyl\u00e4toimija on Merja Nummi Ristolasta<\/a>\n\t\t\t\t\t<\/div>\n\t\t\t\t\t<div id=\"elementor-tab-content-1321\" class=\"elementor-tab-content elementor-clearfix\" data-tab=\"1\" role=\"region\" aria-labelledby=\"elementor-tab-title-1321\"><p><a href=\"https:\/\/koylio-seura.fi\/wp-content\/uploads\/2025\/06\/PEV_1253-1pienennetty.jpg\"><img fetchpriority=\"high\" decoding=\"async\" class=\"size-large wp-image-14277\" src=\"https:\/\/koylio-seura.fi\/wp-content\/uploads\/2025\/06\/PEV_1253-1pienennetty-1024x678.jpg\" alt=\"\" width=\"1024\" height=\"678\" srcset=\"https:\/\/koylio-seura.fi\/wp-content\/uploads\/2025\/06\/PEV_1253-1pienennetty-1024x678.jpg 1024w, https:\/\/koylio-seura.fi\/wp-content\/uploads\/2025\/06\/PEV_1253-1pienennetty-300x199.jpg 300w, https:\/\/koylio-seura.fi\/wp-content\/uploads\/2025\/06\/PEV_1253-1pienennetty-768x509.jpg 768w, https:\/\/koylio-seura.fi\/wp-content\/uploads\/2025\/06\/PEV_1253-1pienennetty.jpg 1200w\" sizes=\"(max-width: 1024px) 100vw, 1024px\" \/><\/a> <em>Merja Nummi on vuoden 2025 Kyl\u00e4toimija. L\u00e4mpim\u00e4t onnittelut! <\/em><em>Kuva: Pentti Vuotila<\/em><\/p><p>K\u00f6yli\u00f6-seuran puheenjohtaja Pirkko Peltola ja vuoden 2024 kyl\u00e4toimija Timo Lehtonen Kepolasta julkistivat vuoden 2025 kyl\u00e4toimijan Kes\u00e4-Heikin markkinoilla 14.6.2025 K\u00f6yli\u00f6n Kankaanp\u00e4\u00e4ss\u00e4. H\u00e4n on Merja Nummi Ristolasta.<\/p><p>Ristolan kyl\u00e4yhdistyksen ehdotus, Kyl\u00e4toimijaksi Merja Nummi \u00a0<br \/>Kyl\u00e4yhdistyksen toiminta vaatii useilta j\u00e4senilt\u00e4\u00e4n aktiivista talkootoimintaa. Yhdistystoiminta vaatii my\u00f6s oman hallintonsa monine teht\u00e4vineen, joiden hoitamisessa yhdistyksen sihteeri on t\u00e4rke\u00e4 henkil\u00f6 keskeisess\u00e4 roolissa.<br \/>Ristolan kyl\u00e4yhdistyksen sihteerin\u00e4 on toiminut Merja Nummi jo vuodesta 2012 l\u00e4htien ja on todellakin toiminut. Kokouksista Merja saa kaikkien jutustelujen ja pohdintojen j\u00e4lkeen kirjattua selkeit\u00e4 p\u00e4\u00e4t\u00f6ksi\u00e4, joiden pohjalta on hyv\u00e4 hoitaa asioita eteenp\u00e4in. \u00a0<br \/>Merja vastaa kyl\u00e4yhdistyksen j\u00e4senilleen muutaman kerran vuodessa l\u00e4hetett\u00e4v\u00e4n kyl\u00e4tiedotteen kokoamisesta ja l\u00e4hett\u00e4misest\u00e4.<br \/>Tapahtumien j\u00e4rjestelyihin kahvituksineen sek\u00e4 muihin talkoot\u00f6ihin kyl\u00e4ll\u00e4 tarvitaan tekij\u00f6it\u00e4. Merja vie ripe\u00e4sti asioita eteenp\u00e4in, kokoaa talkoolaisia t\u00f6ihin ja osallistuu my\u00f6s itse.<br \/>Merja on aktiivinen toimija my\u00f6s K\u00f6yli\u00f6-seuran hallituksen j\u00e4senen\u00e4.<\/p><\/div>\n\t\t\t\t<\/div>\n\t\t\t\t\t\t\t<div class=\"elementor-accordion-item\">\n\t\t\t\t\t<div id=\"elementor-tab-title-1322\" class=\"elementor-tab-title\" data-tab=\"2\" role=\"button\" aria-controls=\"elementor-tab-content-1322\" aria-expanded=\"false\">\n\t\t\t\t\t\t\t\t\t\t\t\t\t<span class=\"elementor-accordion-icon elementor-accordion-icon-left\" aria-hidden=\"true\">\n\t\t\t\t\t\t\t\t\t\t\t\t\t\t\t<span class=\"elementor-accordion-icon-closed\"><i class=\"fas fa-plus\"><\/i><\/span>\n\t\t\t\t\t\t\t\t<span class=\"elementor-accordion-icon-opened\"><i class=\"fas fa-minus\"><\/i><\/span>\n\t\t\t\t\t\t\t\t\t\t\t\t\t\t<\/span>\n\t\t\t\t\t\t\t\t\t\t\t\t<a class=\"elementor-accordion-title\" tabindex=\"0\">Vuoden 2024 kyl\u00e4toimija on Timo Lehtonen Kepolasta<\/a>\n\t\t\t\t\t<\/div>\n\t\t\t\t\t<div id=\"elementor-tab-content-1322\" class=\"elementor-tab-content elementor-clearfix\" data-tab=\"2\" role=\"region\" aria-labelledby=\"elementor-tab-title-1322\"><p><a href=\"https:\/\/koylio-seura.fi\/wp-content\/uploads\/2024\/06\/Kylatoimija-vuonna-2024-Timo-Lehtonen.jpg\"><img decoding=\"async\" class=\"size-large wp-image-9202\" src=\"https:\/\/koylio-seura.fi\/wp-content\/uploads\/2024\/06\/Kylatoimija-vuonna-2024-Timo-Lehtonen-768x1024.jpg\" alt=\"\" width=\"768\" height=\"1024\" srcset=\"https:\/\/koylio-seura.fi\/wp-content\/uploads\/2024\/06\/Kylatoimija-vuonna-2024-Timo-Lehtonen-768x1024.jpg 768w, https:\/\/koylio-seura.fi\/wp-content\/uploads\/2024\/06\/Kylatoimija-vuonna-2024-Timo-Lehtonen-225x300.jpg 225w, https:\/\/koylio-seura.fi\/wp-content\/uploads\/2024\/06\/Kylatoimija-vuonna-2024-Timo-Lehtonen-1152x1536.jpg 1152w, https:\/\/koylio-seura.fi\/wp-content\/uploads\/2024\/06\/Kylatoimija-vuonna-2024-Timo-Lehtonen.jpg 1536w\" sizes=\"(max-width: 768px) 100vw, 768px\" \/><\/a><\/p><p>Kuvassa K\u00f6yli\u00f6-seuran puheenjohtaja Pirkko Peltola julkistaa ja esittelee Vuoden kyl\u00e4toimijan. Esa Yski luovuttaa Vuoden 2024 kyl\u00e4toimijan tittelin oikealla olevalle Timo Lehtoselle.<\/p><div><p><span style=\"background-color: var(--base-3); color: var(--contrast);\">K\u00f6yli\u00f6-seura valitsi Vuoden 2024 kyl\u00e4toimijaksi Kepolan kyl\u00e4yhdistyksen puheenjohtajan Timo Lehtosen.\u00a0<br \/><\/span><span style=\"background-color: var(--base-3); color: var(--contrast);\">H\u00e4nen innoittamanaan Kepolan yleisilme on viime vuosina parantunut. Kyl\u00e4nraitille on ilmestynyt taukopenkkej\u00e4 ja Tervetuloa kyltit kyl\u00e4toimijan ansiosta. H\u00e4n saa ihmiset tarttumaan haravan varteen ja j\u00e4rjest\u00e4m\u00e4\u00e4n yhteisi\u00e4 tapahtumia yhteisty\u00f6ss\u00e4 eri yhdistysten kanssa.\u00a0<br \/><\/span><span style=\"background-color: var(--base-3); color: var(--contrast);\">Hyv\u00e4ll\u00e4 syyll\u00e4 Lehtosta voikin kutsua liikkeellepanevaksi voimaksi. Aktiivisena liikunnan harrastajana tunnettu Lehtonen on monella tapaa edist\u00e4nyt my\u00f6s harrastusliikuntamahdollisuuksia K\u00f6yli\u00f6ss\u00e4. H\u00e4n on ahkeroinut K\u00f6yli\u00f6n Lallien toiminnassa valmentajana, huoltajana ja kilpailujen j\u00e4rjest\u00e4j\u00e4n\u00e4. Lehtosella on my\u00f6s lukuisia luottamustoimia, joiden my\u00f6t\u00e4 h\u00e4n on edist\u00e4m\u00e4ss\u00e4 paikallista p\u00e4\u00e4t\u00f6ksentekoa paremman huomisen puolesta.<\/span><\/p><p>Teksti: Samuli Vahteristo<br \/>Kuva: Marita Holkeri<\/p><\/div><\/div>\n\t\t\t\t<\/div>\n\t\t\t\t\t\t\t<div class=\"elementor-accordion-item\">\n\t\t\t\t\t<div id=\"elementor-tab-title-1323\" class=\"elementor-tab-title\" data-tab=\"3\" role=\"button\" aria-controls=\"elementor-tab-content-1323\" aria-expanded=\"false\">\n\t\t\t\t\t\t\t\t\t\t\t\t\t<span class=\"elementor-accordion-icon elementor-accordion-icon-left\" aria-hidden=\"true\">\n\t\t\t\t\t\t\t\t\t\t\t\t\t\t\t<span class=\"elementor-accordion-icon-closed\"><i class=\"fas fa-plus\"><\/i><\/span>\n\t\t\t\t\t\t\t\t<span class=\"elementor-accordion-icon-opened\"><i class=\"fas fa-minus\"><\/i><\/span>\n\t\t\t\t\t\t\t\t\t\t\t\t\t\t<\/span>\n\t\t\t\t\t\t\t\t\t\t\t\t<a class=\"elementor-accordion-title\" tabindex=\"0\">Vuoden 2023 kyl\u00e4toimija on Esa Yski Vuorenmaalta<\/a>\n\t\t\t\t\t<\/div>\n\t\t\t\t\t<div id=\"elementor-tab-content-1323\" class=\"elementor-tab-content elementor-clearfix\" data-tab=\"3\" role=\"region\" aria-labelledby=\"elementor-tab-title-1323\"><p><a href=\"https:\/\/koylio-seura.fi\/wp-content\/uploads\/2024\/07\/Esa-Yski-v.2023-Kylatoimija.JPG-2.jpg\"><img decoding=\"async\" class=\"size-large wp-image-9416\" src=\"https:\/\/koylio-seura.fi\/wp-content\/uploads\/2024\/07\/Esa-Yski-v.2023-Kylatoimija.JPG-2-1024x576.jpg\" alt=\"\" width=\"1024\" height=\"576\" srcset=\"https:\/\/koylio-seura.fi\/wp-content\/uploads\/2024\/07\/Esa-Yski-v.2023-Kylatoimija.JPG-2-1024x576.jpg 1024w, https:\/\/koylio-seura.fi\/wp-content\/uploads\/2024\/07\/Esa-Yski-v.2023-Kylatoimija.JPG-2-300x169.jpg 300w, https:\/\/koylio-seura.fi\/wp-content\/uploads\/2024\/07\/Esa-Yski-v.2023-Kylatoimija.JPG-2-768x432.jpg 768w, https:\/\/koylio-seura.fi\/wp-content\/uploads\/2024\/07\/Esa-Yski-v.2023-Kylatoimija.JPG-2.jpg 1200w\" sizes=\"(max-width: 1024px) 100vw, 1024px\" \/><\/a> Vuoden 2023 kyl\u00e4toimija Esa Yski ja vasemmalla K\u00f6yli\u00f6-seuran puheenjohtaja Pirkko Peltola, joka julkisti ja esitteli Vuoden kyl\u00e4toimijan Kes\u00e4-Heikin markkinoilla Yttil\u00e4n Museokoululla 17.6.2023.<br \/>Kuvat: Marita Holkeri<\/p><p><a href=\"https:\/\/koylio-seura.fi\/wp-content\/uploads\/2024\/07\/Esa-Yski-v.2023-Kylatoimija-scaled.jpg\"><img loading=\"lazy\" decoding=\"async\" class=\"size-large wp-image-9417\" src=\"https:\/\/koylio-seura.fi\/wp-content\/uploads\/2024\/07\/Esa-Yski-v.2023-Kylatoimija-1024x942.jpg\" alt=\"\" width=\"1024\" height=\"942\" srcset=\"https:\/\/koylio-seura.fi\/wp-content\/uploads\/2024\/07\/Esa-Yski-v.2023-Kylatoimija-1024x942.jpg 1024w, https:\/\/koylio-seura.fi\/wp-content\/uploads\/2024\/07\/Esa-Yski-v.2023-Kylatoimija-300x276.jpg 300w, https:\/\/koylio-seura.fi\/wp-content\/uploads\/2024\/07\/Esa-Yski-v.2023-Kylatoimija-768x707.jpg 768w, https:\/\/koylio-seura.fi\/wp-content\/uploads\/2024\/07\/Esa-Yski-v.2023-Kylatoimija-1536x1414.jpg 1536w, https:\/\/koylio-seura.fi\/wp-content\/uploads\/2024\/07\/Esa-Yski-v.2023-Kylatoimija-2048x1885.jpg 2048w\" sizes=\"(max-width: 1024px) 100vw, 1024px\" \/><\/a> Pentti Laine luovuttaa Kyl\u00e4toimijan palkinnon Esa Yskille.<\/p><\/div>\n\t\t\t\t<\/div>\n\t\t\t\t\t\t\t<div class=\"elementor-accordion-item\">\n\t\t\t\t\t<div id=\"elementor-tab-title-1324\" class=\"elementor-tab-title\" data-tab=\"4\" role=\"button\" aria-controls=\"elementor-tab-content-1324\" aria-expanded=\"false\">\n\t\t\t\t\t\t\t\t\t\t\t\t\t<span class=\"elementor-accordion-icon elementor-accordion-icon-left\" aria-hidden=\"true\">\n\t\t\t\t\t\t\t\t\t\t\t\t\t\t\t<span class=\"elementor-accordion-icon-closed\"><i class=\"fas fa-plus\"><\/i><\/span>\n\t\t\t\t\t\t\t\t<span class=\"elementor-accordion-icon-opened\"><i class=\"fas fa-minus\"><\/i><\/span>\n\t\t\t\t\t\t\t\t\t\t\t\t\t\t<\/span>\n\t\t\t\t\t\t\t\t\t\t\t\t<a class=\"elementor-accordion-title\" tabindex=\"0\">Vuoden 2022 kyl\u00e4toimija on Pentti Laine Tuiskulasta<\/a>\n\t\t\t\t\t<\/div>\n\t\t\t\t\t<div id=\"elementor-tab-content-1324\" class=\"elementor-tab-content elementor-clearfix\" data-tab=\"4\" role=\"region\" aria-labelledby=\"elementor-tab-title-1324\"><p><a href=\"https:\/\/koylio-seura.fi\/wp-content\/uploads\/2024\/07\/Pentti-Laine-v.-2022-kylatoimija-2.jpg\"><img loading=\"lazy\" decoding=\"async\" class=\"size-large wp-image-9431\" src=\"https:\/\/koylio-seura.fi\/wp-content\/uploads\/2024\/07\/Pentti-Laine-v.-2022-kylatoimija-2-1024x758.jpg\" alt=\"\" width=\"1024\" height=\"758\" srcset=\"https:\/\/koylio-seura.fi\/wp-content\/uploads\/2024\/07\/Pentti-Laine-v.-2022-kylatoimija-2-1024x758.jpg 1024w, https:\/\/koylio-seura.fi\/wp-content\/uploads\/2024\/07\/Pentti-Laine-v.-2022-kylatoimija-2-300x222.jpg 300w, https:\/\/koylio-seura.fi\/wp-content\/uploads\/2024\/07\/Pentti-Laine-v.-2022-kylatoimija-2-768x568.jpg 768w, https:\/\/koylio-seura.fi\/wp-content\/uploads\/2024\/07\/Pentti-Laine-v.-2022-kylatoimija-2.jpg 1200w\" sizes=\"(max-width: 1024px) 100vw, 1024px\" \/><\/a> Vuoden 2022 kyl\u00e4toimijan Pentti Laineen (vasemmalla) julkistaa ja esittelee K\u00f6yli\u00f6-seuran puheenjohtaja Pirkko Peltola ja Reijo Kivim\u00e4ki (keskell\u00e4) palkitsee kyl\u00e4toimijan Kes\u00e4-Heikin markkinoilla Yttil\u00e4n Museokoululla.<br \/><span style=\"background-color: var(--base-3); color: var(--contrast);\">Kuva: Marita Holkeri<\/span><\/p><\/div>\n\t\t\t\t<\/div>\n\t\t\t\t\t\t\t<div class=\"elementor-accordion-item\">\n\t\t\t\t\t<div id=\"elementor-tab-title-1325\" class=\"elementor-tab-title\" data-tab=\"5\" role=\"button\" aria-controls=\"elementor-tab-content-1325\" aria-expanded=\"false\">\n\t\t\t\t\t\t\t\t\t\t\t\t\t<span class=\"elementor-accordion-icon elementor-accordion-icon-left\" aria-hidden=\"true\">\n\t\t\t\t\t\t\t\t\t\t\t\t\t\t\t<span class=\"elementor-accordion-icon-closed\"><i class=\"fas fa-plus\"><\/i><\/span>\n\t\t\t\t\t\t\t\t<span class=\"elementor-accordion-icon-opened\"><i class=\"fas fa-minus\"><\/i><\/span>\n\t\t\t\t\t\t\t\t\t\t\t\t\t\t<\/span>\n\t\t\t\t\t\t\t\t\t\t\t\t<a class=\"elementor-accordion-title\" tabindex=\"0\">Vuoden 2021 kyl\u00e4toimija on Reijo Kivim\u00e4ki Yttil\u00e4st\u00e4<\/a>\n\t\t\t\t\t<\/div>\n\t\t\t\t\t<div id=\"elementor-tab-content-1325\" class=\"elementor-tab-content elementor-clearfix\" data-tab=\"5\" role=\"region\" aria-labelledby=\"elementor-tab-title-1325\"><p><a href=\"https:\/\/koylio-seura.fi\/wp-content\/uploads\/2024\/07\/Reijo-Kivimaki-v.-2021-Kylatoimija-2.jpg\"><img loading=\"lazy\" decoding=\"async\" class=\"size-large wp-image-9436\" src=\"https:\/\/koylio-seura.fi\/wp-content\/uploads\/2024\/07\/Reijo-Kivimaki-v.-2021-Kylatoimija-2-613x1024.jpg\" alt=\"\" width=\"613\" height=\"1024\" srcset=\"https:\/\/koylio-seura.fi\/wp-content\/uploads\/2024\/07\/Reijo-Kivimaki-v.-2021-Kylatoimija-2-613x1024.jpg 613w, https:\/\/koylio-seura.fi\/wp-content\/uploads\/2024\/07\/Reijo-Kivimaki-v.-2021-Kylatoimija-2-180x300.jpg 180w, https:\/\/koylio-seura.fi\/wp-content\/uploads\/2024\/07\/Reijo-Kivimaki-v.-2021-Kylatoimija-2.jpg 718w\" sizes=\"(max-width: 613px) 100vw, 613px\" \/><\/a>\u00a0<\/p><div>Vuoden 2021 kyl\u00e4toimija Reijo Kivim\u00e4ki on monipuolinen muusikko ja Yttil\u00e4n kyl\u00e4n aktiivinen toimija.<br \/>Kuva: Marita Holkeri<\/div><\/div>\n\t\t\t\t<\/div>\n\t\t\t\t\t\t\t<div class=\"elementor-accordion-item\">\n\t\t\t\t\t<div id=\"elementor-tab-title-1326\" class=\"elementor-tab-title\" data-tab=\"6\" role=\"button\" aria-controls=\"elementor-tab-content-1326\" aria-expanded=\"false\">\n\t\t\t\t\t\t\t\t\t\t\t\t\t<span class=\"elementor-accordion-icon elementor-accordion-icon-left\" aria-hidden=\"true\">\n\t\t\t\t\t\t\t\t\t\t\t\t\t\t\t<span class=\"elementor-accordion-icon-closed\"><i class=\"fas fa-plus\"><\/i><\/span>\n\t\t\t\t\t\t\t\t<span class=\"elementor-accordion-icon-opened\"><i class=\"fas fa-minus\"><\/i><\/span>\n\t\t\t\t\t\t\t\t\t\t\t\t\t\t<\/span>\n\t\t\t\t\t\t\t\t\t\t\t\t<a class=\"elementor-accordion-title\" tabindex=\"0\">Vuoden 2020 kyl\u00e4toimija on Sirja Niinim\u00e4ki Kepolasta<\/a>\n\t\t\t\t\t<\/div>\n\t\t\t\t\t<div id=\"elementor-tab-content-1326\" class=\"elementor-tab-content elementor-clearfix\" data-tab=\"6\" role=\"region\" aria-labelledby=\"elementor-tab-title-1326\"><p><a href=\"https:\/\/koylio-seura.fi\/wp-content\/uploads\/2024\/07\/Sirja-Niinimaki-v.-2020-kylatoimija-2.jpg\"><img loading=\"lazy\" decoding=\"async\" class=\"size-large wp-image-9441\" src=\"https:\/\/koylio-seura.fi\/wp-content\/uploads\/2024\/07\/Sirja-Niinimaki-v.-2020-kylatoimija-2-683x1024.jpg\" alt=\"\" width=\"683\" height=\"1024\" srcset=\"https:\/\/koylio-seura.fi\/wp-content\/uploads\/2024\/07\/Sirja-Niinimaki-v.-2020-kylatoimija-2-683x1024.jpg 683w, https:\/\/koylio-seura.fi\/wp-content\/uploads\/2024\/07\/Sirja-Niinimaki-v.-2020-kylatoimija-2-200x300.jpg 200w, https:\/\/koylio-seura.fi\/wp-content\/uploads\/2024\/07\/Sirja-Niinimaki-v.-2020-kylatoimija-2-768x1152.jpg 768w, https:\/\/koylio-seura.fi\/wp-content\/uploads\/2024\/07\/Sirja-Niinimaki-v.-2020-kylatoimija-2.jpg 800w\" sizes=\"(max-width: 683px) 100vw, 683px\" \/><\/a>\u00a0<br \/><span style=\"background-color: var(--base-3); color: var(--contrast);\">Vuoden 2020 kyl\u00e4toimija Sirja Niinim\u00e4ki esiteltiin K\u00f6yli\u00f6-p\u00e4ivill\u00e4 2020.<\/span><\/p><p>Kuva: Marita Holkeri<\/p><\/div>\n\t\t\t\t<\/div>\n\t\t\t\t\t\t\t<div class=\"elementor-accordion-item\">\n\t\t\t\t\t<div id=\"elementor-tab-title-1327\" class=\"elementor-tab-title\" data-tab=\"7\" role=\"button\" aria-controls=\"elementor-tab-content-1327\" aria-expanded=\"false\">\n\t\t\t\t\t\t\t\t\t\t\t\t\t<span class=\"elementor-accordion-icon elementor-accordion-icon-left\" aria-hidden=\"true\">\n\t\t\t\t\t\t\t\t\t\t\t\t\t\t\t<span class=\"elementor-accordion-icon-closed\"><i class=\"fas fa-plus\"><\/i><\/span>\n\t\t\t\t\t\t\t\t<span class=\"elementor-accordion-icon-opened\"><i class=\"fas fa-minus\"><\/i><\/span>\n\t\t\t\t\t\t\t\t\t\t\t\t\t\t<\/span>\n\t\t\t\t\t\t\t\t\t\t\t\t<a class=\"elementor-accordion-title\" tabindex=\"0\">Vuoden 2019 kyl\u00e4toimija on Pertti Reunanen Kankaanp\u00e4\u00e4st\u00e4    <\/a>\n\t\t\t\t\t<\/div>\n\t\t\t\t\t<div id=\"elementor-tab-content-1327\" class=\"elementor-tab-content elementor-clearfix\" data-tab=\"7\" role=\"region\" aria-labelledby=\"elementor-tab-title-1327\"><p><a href=\"https:\/\/koylio-seura.fi\/wp-content\/uploads\/2024\/07\/Pertti-Reunanen-v.-2019-kylatoimija.jpg\"><img loading=\"lazy\" decoding=\"async\" class=\"size-large wp-image-9447\" src=\"https:\/\/koylio-seura.fi\/wp-content\/uploads\/2024\/07\/Pertti-Reunanen-v.-2019-kylatoimija-1024x576.jpg\" alt=\"\" width=\"1024\" height=\"576\" srcset=\"https:\/\/koylio-seura.fi\/wp-content\/uploads\/2024\/07\/Pertti-Reunanen-v.-2019-kylatoimija-1024x576.jpg 1024w, https:\/\/koylio-seura.fi\/wp-content\/uploads\/2024\/07\/Pertti-Reunanen-v.-2019-kylatoimija-300x169.jpg 300w, https:\/\/koylio-seura.fi\/wp-content\/uploads\/2024\/07\/Pertti-Reunanen-v.-2019-kylatoimija-768x432.jpg 768w, https:\/\/koylio-seura.fi\/wp-content\/uploads\/2024\/07\/Pertti-Reunanen-v.-2019-kylatoimija.jpg 1200w\" sizes=\"(max-width: 1024px) 100vw, 1024px\" \/><\/a> Vuoden 2019 kyl\u00e4toimija julkistettiin Yttil\u00e4n Museokoululla koko perheen iltajuhlassa. H\u00e4n on Pertti Reunanen Kankaanp\u00e4\u00e4st\u00e4.<br \/>Kuva: Marita Holkeri<\/p><\/div>\n\t\t\t\t<\/div>\n\t\t\t\t\t\t\t\t<\/div>\n\t\t\t\t\t\t<\/div>\n\t\t\t\t<\/div>\n\t\t\t\t\t<\/div>\n\t\t<\/div>\n\t\t\t\t\t<\/div>\n\t\t<\/section>\n\t\t\t\t<\/div>\n\t\t","protected":false},"excerpt":{"rendered":"<p>Vuoden 2025 kyl\u00e4toimija on Merja Nummi Ristolasta Merja Nummi on vuoden 2025 Kyl\u00e4toimija. L\u00e4mpim\u00e4t onnittelut! Kuva: Pentti Vuotila K\u00f6yli\u00f6-seuran puheenjohtaja Pirkko Peltola ja vuoden 2024 kyl\u00e4toimija Timo Lehtonen Kepolasta julkistivat vuoden 2025 kyl\u00e4toimijan Kes\u00e4-Heikin markkinoilla 14.6.2025 K\u00f6yli\u00f6n Kankaanp\u00e4\u00e4ss\u00e4. H\u00e4n on &#8230; <a title=\"Vuoden kyl\u00e4toimijat\" class=\"read-more\" href=\"https:\/\/koylio-seura.fi\/?page_id=9142\" aria-label=\"Lue lis\u00e4\u00e4 aiheesta Vuoden kyl\u00e4toimijat\">Lue lis\u00e4\u00e4<\/a><\/p>\n","protected":false},"author":3,"featured_media":0,"parent":7660,"menu_order":0,"comment_status":"closed","ping_status":"closed","template":"","meta":{"footnotes":""},"class_list":{"0":"post-9142","1":"page","2":"type-page","3":"status-publish","5":"infinite-scroll-item"},"yoast_head":"<!-- This site is optimized with the Yoast SEO plugin v26.6 - https:\/\/yoast.com\/wordpress\/plugins\/seo\/ -->\n<title>Vuoden kyl\u00e4toimijat - K\u00f6yli\u00f6-seura<\/title>\n<meta name=\"robots\" content=\"index, follow, max-snippet:-1, max-image-preview:large, max-video-preview:-1\" \/>\n<link rel=\"canonical\" href=\"https:\/\/koylio-seura.fi\/?page_id=9142\" \/>\n<meta property=\"og:locale\" content=\"fi_FI\" \/>\n<meta property=\"og:type\" content=\"article\" \/>\n<meta property=\"og:title\" content=\"Vuoden kyl\u00e4toimijat - K\u00f6yli\u00f6-seura\" \/>\n<meta property=\"og:description\" content=\"Vuoden 2025 kyl\u00e4toimija on Merja Nummi Ristolasta Merja Nummi on vuoden 2025 Kyl\u00e4toimija. L\u00e4mpim\u00e4t onnittelut! Kuva: Pentti Vuotila K\u00f6yli\u00f6-seuran puheenjohtaja Pirkko Peltola ja vuoden 2024 kyl\u00e4toimija Timo Lehtonen Kepolasta julkistivat vuoden 2025 kyl\u00e4toimijan Kes\u00e4-Heikin markkinoilla 14.6.2025 K\u00f6yli\u00f6n Kankaanp\u00e4\u00e4ss\u00e4. H\u00e4n on ... Lue lis\u00e4\u00e4\" \/>\n<meta property=\"og:url\" content=\"https:\/\/koylio-seura.fi\/?page_id=9142\" \/>\n<meta property=\"og:site_name\" content=\"K\u00f6yli\u00f6-seura\" \/>\n<meta property=\"article:modified_time\" content=\"2025-06-17T13:23:40+00:00\" \/>\n<meta property=\"og:image\" content=\"https:\/\/koylio-seura.fi\/wp-content\/uploads\/2025\/06\/PEV_1253-1pienennetty.jpg\" \/>\n\t<meta property=\"og:image:width\" content=\"1200\" \/>\n\t<meta property=\"og:image:height\" content=\"795\" \/>\n\t<meta property=\"og:image:type\" content=\"image\/jpeg\" \/>\n<meta name=\"twitter:card\" content=\"summary_large_image\" \/>\n<meta name=\"twitter:label1\" content=\"Arvioitu lukuaika\" \/>\n\t<meta name=\"twitter:data1\" content=\"5 minuuttia\" \/>\n<script type=\"application\/ld+json\" class=\"yoast-schema-graph\">{\"@context\":\"https:\/\/schema.org\",\"@graph\":[{\"@type\":\"WebPage\",\"@id\":\"https:\/\/koylio-seura.fi\/?page_id=9142\",\"url\":\"https:\/\/koylio-seura.fi\/?page_id=9142\",\"name\":\"Vuoden kyl\u00e4toimijat - K\u00f6yli\u00f6-seura\",\"isPartOf\":{\"@id\":\"https:\/\/koylio-seura.fi\/#website\"},\"primaryImageOfPage\":{\"@id\":\"https:\/\/koylio-seura.fi\/?page_id=9142#primaryimage\"},\"image\":{\"@id\":\"https:\/\/koylio-seura.fi\/?page_id=9142#primaryimage\"},\"thumbnailUrl\":\"https:\/\/koylio-seura.fi\/wp-content\/uploads\/2025\/06\/PEV_1253-1pienennetty-1024x678.jpg\",\"datePublished\":\"2024-06-18T13:37:13+00:00\",\"dateModified\":\"2025-06-17T13:23:40+00:00\",\"breadcrumb\":{\"@id\":\"https:\/\/koylio-seura.fi\/?page_id=9142#breadcrumb\"},\"inLanguage\":\"fi\",\"potentialAction\":[{\"@type\":\"ReadAction\",\"target\":[\"https:\/\/koylio-seura.fi\/?page_id=9142\"]}]},{\"@type\":\"ImageObject\",\"inLanguage\":\"fi\",\"@id\":\"https:\/\/koylio-seura.fi\/?page_id=9142#primaryimage\",\"url\":\"https:\/\/koylio-seura.fi\/wp-content\/uploads\/2025\/06\/PEV_1253-1pienennetty.jpg\",\"contentUrl\":\"https:\/\/koylio-seura.fi\/wp-content\/uploads\/2025\/06\/PEV_1253-1pienennetty.jpg\",\"width\":1200,\"height\":795,\"caption\":\"Merja Nummi on vuoden 2025 Kyl\u00e4toimija. L\u00e4mpim\u00e4t onnittelut! Kuva: Pentti Vuotila\"},{\"@type\":\"BreadcrumbList\",\"@id\":\"https:\/\/koylio-seura.fi\/?page_id=9142#breadcrumb\",\"itemListElement\":[{\"@type\":\"ListItem\",\"position\":1,\"name\":\"Etusivu\",\"item\":\"https:\/\/koylio-seura.fi\/\"},{\"@type\":\"ListItem\",\"position\":2,\"name\":\"Palkitsemiset ja muistamiset\",\"item\":\"https:\/\/koylio-seura.fi\/?page_id=7660\"},{\"@type\":\"ListItem\",\"position\":3,\"name\":\"Vuoden kyl\u00e4toimijat\"}]},{\"@type\":\"WebSite\",\"@id\":\"https:\/\/koylio-seura.fi\/#website\",\"url\":\"https:\/\/koylio-seura.fi\/\",\"name\":\"K\u00f6yli\u00f6-seura\",\"description\":\"\",\"publisher\":{\"@id\":\"https:\/\/koylio-seura.fi\/#organization\"},\"potentialAction\":[{\"@type\":\"SearchAction\",\"target\":{\"@type\":\"EntryPoint\",\"urlTemplate\":\"https:\/\/koylio-seura.fi\/?s={search_term_string}\"},\"query-input\":{\"@type\":\"PropertyValueSpecification\",\"valueRequired\":true,\"valueName\":\"search_term_string\"}}],\"inLanguage\":\"fi\"},{\"@type\":\"Organization\",\"@id\":\"https:\/\/koylio-seura.fi\/#organization\",\"name\":\"K\u00f6yli\u00f6-seura\",\"url\":\"https:\/\/koylio-seura.fi\/\",\"logo\":{\"@type\":\"ImageObject\",\"inLanguage\":\"fi\",\"@id\":\"https:\/\/koylio-seura.fi\/#\/schema\/logo\/image\/\",\"url\":\"https:\/\/koylio-seura.fi\/wp-content\/uploads\/2023\/07\/cropped-KS-logo-23.png\",\"contentUrl\":\"https:\/\/koylio-seura.fi\/wp-content\/uploads\/2023\/07\/cropped-KS-logo-23.png\",\"width\":530,\"height\":619,\"caption\":\"K\u00f6yli\u00f6-seura\"},\"image\":{\"@id\":\"https:\/\/koylio-seura.fi\/#\/schema\/logo\/image\/\"}}]}<\/script>\n<!-- \/ Yoast SEO plugin. -->","yoast_head_json":{"title":"Vuoden kyl\u00e4toimijat - K\u00f6yli\u00f6-seura","robots":{"index":"index","follow":"follow","max-snippet":"max-snippet:-1","max-image-preview":"max-image-preview:large","max-video-preview":"max-video-preview:-1"},"canonical":"https:\/\/koylio-seura.fi\/?page_id=9142","og_locale":"fi_FI","og_type":"article","og_title":"Vuoden kyl\u00e4toimijat - K\u00f6yli\u00f6-seura","og_description":"Vuoden 2025 kyl\u00e4toimija on Merja Nummi Ristolasta Merja Nummi on vuoden 2025 Kyl\u00e4toimija. L\u00e4mpim\u00e4t onnittelut! Kuva: Pentti Vuotila K\u00f6yli\u00f6-seuran puheenjohtaja Pirkko Peltola ja vuoden 2024 kyl\u00e4toimija Timo Lehtonen Kepolasta julkistivat vuoden 2025 kyl\u00e4toimijan Kes\u00e4-Heikin markkinoilla 14.6.2025 K\u00f6yli\u00f6n Kankaanp\u00e4\u00e4ss\u00e4. H\u00e4n on ... Lue lis\u00e4\u00e4","og_url":"https:\/\/koylio-seura.fi\/?page_id=9142","og_site_name":"K\u00f6yli\u00f6-seura","article_modified_time":"2025-06-17T13:23:40+00:00","og_image":[{"width":1200,"height":795,"url":"https:\/\/koylio-seura.fi\/wp-content\/uploads\/2025\/06\/PEV_1253-1pienennetty.jpg","type":"image\/jpeg"}],"twitter_card":"summary_large_image","twitter_misc":{"Arvioitu lukuaika":"5 minuuttia"},"schema":{"@context":"https:\/\/schema.org","@graph":[{"@type":"WebPage","@id":"https:\/\/koylio-seura.fi\/?page_id=9142","url":"https:\/\/koylio-seura.fi\/?page_id=9142","name":"Vuoden kyl\u00e4toimijat - K\u00f6yli\u00f6-seura","isPartOf":{"@id":"https:\/\/koylio-seura.fi\/#website"},"primaryImageOfPage":{"@id":"https:\/\/koylio-seura.fi\/?page_id=9142#primaryimage"},"image":{"@id":"https:\/\/koylio-seura.fi\/?page_id=9142#primaryimage"},"thumbnailUrl":"https:\/\/koylio-seura.fi\/wp-content\/uploads\/2025\/06\/PEV_1253-1pienennetty-1024x678.jpg","datePublished":"2024-06-18T13:37:13+00:00","dateModified":"2025-06-17T13:23:40+00:00","breadcrumb":{"@id":"https:\/\/koylio-seura.fi\/?page_id=9142#breadcrumb"},"inLanguage":"fi","potentialAction":[{"@type":"ReadAction","target":["https:\/\/koylio-seura.fi\/?page_id=9142"]}]},{"@type":"ImageObject","inLanguage":"fi","@id":"https:\/\/koylio-seura.fi\/?page_id=9142#primaryimage","url":"https:\/\/koylio-seura.fi\/wp-content\/uploads\/2025\/06\/PEV_1253-1pienennetty.jpg","contentUrl":"https:\/\/koylio-seura.fi\/wp-content\/uploads\/2025\/06\/PEV_1253-1pienennetty.jpg","width":1200,"height":795,"caption":"Merja Nummi on vuoden 2025 Kyl\u00e4toimija. L\u00e4mpim\u00e4t onnittelut! Kuva: Pentti Vuotila"},{"@type":"BreadcrumbList","@id":"https:\/\/koylio-seura.fi\/?page_id=9142#breadcrumb","itemListElement":[{"@type":"ListItem","position":1,"name":"Etusivu","item":"https:\/\/koylio-seura.fi\/"},{"@type":"ListItem","position":2,"name":"Palkitsemiset ja muistamiset","item":"https:\/\/koylio-seura.fi\/?page_id=7660"},{"@type":"ListItem","position":3,"name":"Vuoden kyl\u00e4toimijat"}]},{"@type":"WebSite","@id":"https:\/\/koylio-seura.fi\/#website","url":"https:\/\/koylio-seura.fi\/","name":"K\u00f6yli\u00f6-seura","description":"","publisher":{"@id":"https:\/\/koylio-seura.fi\/#organization"},"potentialAction":[{"@type":"SearchAction","target":{"@type":"EntryPoint","urlTemplate":"https:\/\/koylio-seura.fi\/?s={search_term_string}"},"query-input":{"@type":"PropertyValueSpecification","valueRequired":true,"valueName":"search_term_string"}}],"inLanguage":"fi"},{"@type":"Organization","@id":"https:\/\/koylio-seura.fi\/#organization","name":"K\u00f6yli\u00f6-seura","url":"https:\/\/koylio-seura.fi\/","logo":{"@type":"ImageObject","inLanguage":"fi","@id":"https:\/\/koylio-seura.fi\/#\/schema\/logo\/image\/","url":"https:\/\/koylio-seura.fi\/wp-content\/uploads\/2023\/07\/cropped-KS-logo-23.png","contentUrl":"https:\/\/koylio-seura.fi\/wp-content\/uploads\/2023\/07\/cropped-KS-logo-23.png","width":530,"height":619,"caption":"K\u00f6yli\u00f6-seura"},"image":{"@id":"https:\/\/koylio-seura.fi\/#\/schema\/logo\/image\/"}}]}},"_links":{"self":[{"href":"https:\/\/koylio-seura.fi\/index.php?rest_route=\/wp\/v2\/pages\/9142","targetHints":{"allow":["GET"]}}],"collection":[{"href":"https:\/\/koylio-seura.fi\/index.php?rest_route=\/wp\/v2\/pages"}],"about":[{"href":"https:\/\/koylio-seura.fi\/index.php?rest_route=\/wp\/v2\/types\/page"}],"author":[{"embeddable":true,"href":"https:\/\/koylio-seura.fi\/index.php?rest_route=\/wp\/v2\/users\/3"}],"replies":[{"embeddable":true,"href":"https:\/\/koylio-seura.fi\/index.php?rest_route=%2Fwp%2Fv2%2Fcomments&post=9142"}],"version-history":[{"count":52,"href":"https:\/\/koylio-seura.fi\/index.php?rest_route=\/wp\/v2\/pages\/9142\/revisions"}],"predecessor-version":[{"id":14367,"href":"https:\/\/koylio-seura.fi\/index.php?rest_route=\/wp\/v2\/pages\/9142\/revisions\/14367"}],"up":[{"embeddable":true,"href":"https:\/\/koylio-seura.fi\/index.php?rest_route=\/wp\/v2\/pages\/7660"}],"wp:attachment":[{"href":"https:\/\/koylio-seura.fi\/index.php?rest_route=%2Fwp%2Fv2%2Fmedia&parent=9142"}],"curies":[{"name":"wp","href":"https:\/\/api.w.org\/{rel}","templated":true}]}}