{"id":67,"date":"2023-07-17T10:59:15","date_gmt":"2023-07-17T10:59:15","guid":{"rendered":"https:\/\/koylio-seura.eitcon.com\/?page_id=67"},"modified":"2025-08-01T18:57:58","modified_gmt":"2025-08-01T18:57:58","slug":"kotiseutujuhla","status":"publish","type":"page","link":"https:\/\/koylio-seura.fi\/?page_id=67","title":{"rendered":"K\u00f6yliin suvisunnuntai"},"content":{"rendered":"\t\t<div data-elementor-type=\"wp-page\" data-elementor-id=\"67\" class=\"elementor elementor-67\" data-elementor-post-type=\"page\">\n\t\t\t\t\t\t<section class=\"elementor-section elementor-top-section elementor-element elementor-element-919e1b7 elementor-section-boxed elementor-section-height-default elementor-section-height-default\" data-id=\"919e1b7\" data-element_type=\"section\">\n\t\t\t\t\t\t<div class=\"elementor-container elementor-column-gap-default\">\n\t\t\t\t\t<div class=\"elementor-column elementor-col-100 elementor-top-column elementor-element elementor-element-2c29c1e\" data-id=\"2c29c1e\" data-element_type=\"column\">\n\t\t\t<div class=\"elementor-widget-wrap elementor-element-populated\">\n\t\t\t\t\t\t<div class=\"elementor-element elementor-element-199cad3 elementor-widget elementor-widget-heading\" data-id=\"199cad3\" data-element_type=\"widget\" data-widget_type=\"heading.default\">\n\t\t\t\t<div class=\"elementor-widget-container\">\n\t\t\t\t\t<h2 class=\"elementor-heading-title elementor-size-default\">K\u00f6yliin suvisunnuntai on joka vuosi <\/h2>\t\t\t\t<\/div>\n\t\t\t\t<\/div>\n\t\t\t\t\t<\/div>\n\t\t<\/div>\n\t\t\t\t\t<\/div>\n\t\t<\/section>\n\t\t\t\t<section class=\"elementor-section elementor-top-section elementor-element elementor-element-389dc89 elementor-section-boxed elementor-section-height-default elementor-section-height-default\" data-id=\"389dc89\" data-element_type=\"section\">\n\t\t\t\t\t\t<div class=\"elementor-container elementor-column-gap-default\">\n\t\t\t\t\t<div class=\"elementor-column elementor-col-100 elementor-top-column elementor-element elementor-element-eeb5e0f\" data-id=\"eeb5e0f\" data-element_type=\"column\">\n\t\t\t<div class=\"elementor-widget-wrap elementor-element-populated\">\n\t\t\t\t\t\t<div class=\"elementor-element elementor-element-eac1910 elementor-widget elementor-widget-text-editor\" data-id=\"eac1910\" data-element_type=\"widget\" data-widget_type=\"text-editor.default\">\n\t\t\t\t<div class=\"elementor-widget-container\">\n\t\t\t\t\t\t\t\t\t<p><strong>K\u00f6yliin suvisunnuntai-juhlan ajankohtana oli\u00a0 13.7.<\/strong><\/p><p>P\u00e4iv\u00e4 aloitettiin jumalanpalveluksella, jonka p\u00e4\u00e4tteeksi paljastettin sankarihautausmaan muistolaatta. P\u00e4iv\u00e4 jatkui Lallin koululla. Vuosi 2025 oli K\u00f6yli\u00f6-seuran toiminnnan 25. vuosi, joten juhlavuutta riitti.\u00a0<\/p><p><img fetchpriority=\"high\" decoding=\"async\" class=\"alignleft wp-image-14649 size-large\" src=\"https:\/\/koylio-seura.fi\/wp-content\/uploads\/2025\/07\/20250714_213559-714x1024.jpg\" alt=\"\" width=\"714\" height=\"1024\" srcset=\"https:\/\/koylio-seura.fi\/wp-content\/uploads\/2025\/07\/20250714_213559-714x1024.jpg 714w, https:\/\/koylio-seura.fi\/wp-content\/uploads\/2025\/07\/20250714_213559-209x300.jpg 209w, https:\/\/koylio-seura.fi\/wp-content\/uploads\/2025\/07\/20250714_213559-768x1101.jpg 768w, https:\/\/koylio-seura.fi\/wp-content\/uploads\/2025\/07\/20250714_213559-1072x1536.jpg 1072w, https:\/\/koylio-seura.fi\/wp-content\/uploads\/2025\/07\/20250714_213559-1429x2048.jpg 1429w, https:\/\/koylio-seura.fi\/wp-content\/uploads\/2025\/07\/20250714_213559-scaled.jpg 1786w\" sizes=\"(max-width: 714px) 100vw, 714px\" \/><\/p><p>Osana juhlaohjelmaa oli t\u00e4n\u00e4 vuonna my\u00f6s valokuvaaja Jaakko Ojalan muiston\u00e4yttely.<\/p><p>\u00a0<\/p><p>Mitalisadettakin oli runsaasti<\/p><p>\u00a0<\/p><p>Osa\u00a0 paikalla olleista jaksoi viel\u00e4 jatkaa bussimatkalle, jonka aikana tutustuttiin K\u00f6yli\u00f6n pohjoisp\u00e4\u00e4n kyliin.\u00a0<\/p><p>\u00a0<\/p><p>Vuoden 2025 K\u00f6yliin suvisunnuntaina tapahtui monenlaista ihanaa ja siihen voit <a href=\"https:\/\/koylio-seura.fi\/?page_id=1029\" target=\"_blank\" rel=\"noopener\">tutustua tarkemmin kohdassa Tapahtunutta\/K\u00f6yli\u00f6-p\u00e4iv\u00e4t<\/a><\/p><p>\u00a0<\/p><p>Vuoden 2026 K\u00f6yliin suvisunnuntain ajankohta ja ohjelma ilmestyy t\u00e4lle sivulle vasta loppukev\u00e4\u00e4ll\u00e4 2026.\u00a0<\/p>\t\t\t\t\t\t\t\t<\/div>\n\t\t\t\t<\/div>\n\t\t\t\t\t<\/div>\n\t\t<\/div>\n\t\t\t\t\t<\/div>\n\t\t<\/section>\n\t\t\t\t<\/div>\n\t\t","protected":false},"excerpt":{"rendered":"<p>K\u00f6yliin suvisunnuntai on joka vuosi K\u00f6yliin suvisunnuntai-juhlan ajankohtana oli\u00a0 13.7. P\u00e4iv\u00e4 aloitettiin jumalanpalveluksella, jonka p\u00e4\u00e4tteeksi paljastettin sankarihautausmaan muistolaatta. P\u00e4iv\u00e4 jatkui Lallin koululla. Vuosi 2025 oli K\u00f6yli\u00f6-seuran toiminnnan 25. vuosi, joten juhlavuutta riitti.\u00a0 Osana juhlaohjelmaa oli t\u00e4n\u00e4 vuonna my\u00f6s valokuvaaja Jaakko &#8230; <a title=\"K\u00f6yliin suvisunnuntai\" class=\"read-more\" href=\"https:\/\/koylio-seura.fi\/?page_id=67\" aria-label=\"Lue lis\u00e4\u00e4 aiheesta K\u00f6yliin suvisunnuntai\">Lue lis\u00e4\u00e4<\/a><\/p>\n","protected":false},"author":1,"featured_media":0,"parent":16,"menu_order":0,"comment_status":"closed","ping_status":"closed","template":"","meta":{"footnotes":""},"class_list":{"0":"post-67","1":"page","2":"type-page","3":"status-publish","5":"infinite-scroll-item"},"yoast_head":"<!-- This site is optimized with the Yoast SEO plugin v26.6 - https:\/\/yoast.com\/wordpress\/plugins\/seo\/ -->\n<title>K\u00f6yliin suvisunnuntai - K\u00f6yli\u00f6-seura<\/title>\n<meta name=\"robots\" content=\"index, follow, max-snippet:-1, max-image-preview:large, max-video-preview:-1\" \/>\n<link rel=\"canonical\" href=\"https:\/\/koylio-seura.fi\/?page_id=67\" \/>\n<meta property=\"og:locale\" content=\"fi_FI\" \/>\n<meta property=\"og:type\" content=\"article\" \/>\n<meta property=\"og:title\" content=\"K\u00f6yliin suvisunnuntai - K\u00f6yli\u00f6-seura\" \/>\n<meta property=\"og:description\" content=\"K\u00f6yliin suvisunnuntai on joka vuosi K\u00f6yliin suvisunnuntai-juhlan ajankohtana oli\u00a0 13.7. P\u00e4iv\u00e4 aloitettiin jumalanpalveluksella, jonka p\u00e4\u00e4tteeksi paljastettin sankarihautausmaan muistolaatta. P\u00e4iv\u00e4 jatkui Lallin koululla. Vuosi 2025 oli K\u00f6yli\u00f6-seuran toiminnnan 25. vuosi, joten juhlavuutta riitti.\u00a0 Osana juhlaohjelmaa oli t\u00e4n\u00e4 vuonna my\u00f6s valokuvaaja Jaakko ... Lue lis\u00e4\u00e4\" \/>\n<meta property=\"og:url\" content=\"https:\/\/koylio-seura.fi\/?page_id=67\" \/>\n<meta property=\"og:site_name\" content=\"K\u00f6yli\u00f6-seura\" \/>\n<meta property=\"article:modified_time\" content=\"2025-08-01T18:57:58+00:00\" \/>\n<meta property=\"og:image\" content=\"https:\/\/koylio-seura.fi\/wp-content\/uploads\/2025\/07\/20250714_213559-scaled.jpg\" \/>\n\t<meta property=\"og:image:width\" content=\"1786\" \/>\n\t<meta property=\"og:image:height\" content=\"2560\" \/>\n\t<meta property=\"og:image:type\" content=\"image\/jpeg\" \/>\n<meta name=\"twitter:card\" content=\"summary_large_image\" \/>\n<meta name=\"twitter:label1\" content=\"Arvioitu lukuaika\" \/>\n\t<meta name=\"twitter:data1\" content=\"1 minuutti\" \/>\n<script type=\"application\/ld+json\" class=\"yoast-schema-graph\">{\"@context\":\"https:\/\/schema.org\",\"@graph\":[{\"@type\":\"WebPage\",\"@id\":\"https:\/\/koylio-seura.fi\/?page_id=67\",\"url\":\"https:\/\/koylio-seura.fi\/?page_id=67\",\"name\":\"K\u00f6yliin suvisunnuntai - K\u00f6yli\u00f6-seura\",\"isPartOf\":{\"@id\":\"https:\/\/koylio-seura.fi\/#website\"},\"primaryImageOfPage\":{\"@id\":\"https:\/\/koylio-seura.fi\/?page_id=67#primaryimage\"},\"image\":{\"@id\":\"https:\/\/koylio-seura.fi\/?page_id=67#primaryimage\"},\"thumbnailUrl\":\"https:\/\/koylio-seura.fi\/wp-content\/uploads\/2025\/07\/20250714_213559-714x1024.jpg\",\"datePublished\":\"2023-07-17T10:59:15+00:00\",\"dateModified\":\"2025-08-01T18:57:58+00:00\",\"breadcrumb\":{\"@id\":\"https:\/\/koylio-seura.fi\/?page_id=67#breadcrumb\"},\"inLanguage\":\"fi\",\"potentialAction\":[{\"@type\":\"ReadAction\",\"target\":[\"https:\/\/koylio-seura.fi\/?page_id=67\"]}]},{\"@type\":\"ImageObject\",\"inLanguage\":\"fi\",\"@id\":\"https:\/\/koylio-seura.fi\/?page_id=67#primaryimage\",\"url\":\"https:\/\/koylio-seura.fi\/wp-content\/uploads\/2025\/07\/20250714_213559-scaled.jpg\",\"contentUrl\":\"https:\/\/koylio-seura.fi\/wp-content\/uploads\/2025\/07\/20250714_213559-scaled.jpg\",\"width\":1786,\"height\":2560},{\"@type\":\"BreadcrumbList\",\"@id\":\"https:\/\/koylio-seura.fi\/?page_id=67#breadcrumb\",\"itemListElement\":[{\"@type\":\"ListItem\",\"position\":1,\"name\":\"Etusivu\",\"item\":\"https:\/\/koylio-seura.fi\/\"},{\"@type\":\"ListItem\",\"position\":2,\"name\":\"K\u00f6yli\u00f6-p\u00e4iv\u00e4t\",\"item\":\"https:\/\/koylio-seura.fi\/?page_id=16\"},{\"@type\":\"ListItem\",\"position\":3,\"name\":\"K\u00f6yliin suvisunnuntai\"}]},{\"@type\":\"WebSite\",\"@id\":\"https:\/\/koylio-seura.fi\/#website\",\"url\":\"https:\/\/koylio-seura.fi\/\",\"name\":\"K\u00f6yli\u00f6-seura\",\"description\":\"\",\"publisher\":{\"@id\":\"https:\/\/koylio-seura.fi\/#organization\"},\"potentialAction\":[{\"@type\":\"SearchAction\",\"target\":{\"@type\":\"EntryPoint\",\"urlTemplate\":\"https:\/\/koylio-seura.fi\/?s={search_term_string}\"},\"query-input\":{\"@type\":\"PropertyValueSpecification\",\"valueRequired\":true,\"valueName\":\"search_term_string\"}}],\"inLanguage\":\"fi\"},{\"@type\":\"Organization\",\"@id\":\"https:\/\/koylio-seura.fi\/#organization\",\"name\":\"K\u00f6yli\u00f6-seura\",\"url\":\"https:\/\/koylio-seura.fi\/\",\"logo\":{\"@type\":\"ImageObject\",\"inLanguage\":\"fi\",\"@id\":\"https:\/\/koylio-seura.fi\/#\/schema\/logo\/image\/\",\"url\":\"https:\/\/koylio-seura.fi\/wp-content\/uploads\/2023\/07\/cropped-KS-logo-23.png\",\"contentUrl\":\"https:\/\/koylio-seura.fi\/wp-content\/uploads\/2023\/07\/cropped-KS-logo-23.png\",\"width\":530,\"height\":619,\"caption\":\"K\u00f6yli\u00f6-seura\"},\"image\":{\"@id\":\"https:\/\/koylio-seura.fi\/#\/schema\/logo\/image\/\"}}]}<\/script>\n<!-- \/ Yoast SEO plugin. -->","yoast_head_json":{"title":"K\u00f6yliin suvisunnuntai - K\u00f6yli\u00f6-seura","robots":{"index":"index","follow":"follow","max-snippet":"max-snippet:-1","max-image-preview":"max-image-preview:large","max-video-preview":"max-video-preview:-1"},"canonical":"https:\/\/koylio-seura.fi\/?page_id=67","og_locale":"fi_FI","og_type":"article","og_title":"K\u00f6yliin suvisunnuntai - K\u00f6yli\u00f6-seura","og_description":"K\u00f6yliin suvisunnuntai on joka vuosi K\u00f6yliin suvisunnuntai-juhlan ajankohtana oli\u00a0 13.7. P\u00e4iv\u00e4 aloitettiin jumalanpalveluksella, jonka p\u00e4\u00e4tteeksi paljastettin sankarihautausmaan muistolaatta. P\u00e4iv\u00e4 jatkui Lallin koululla. Vuosi 2025 oli K\u00f6yli\u00f6-seuran toiminnnan 25. vuosi, joten juhlavuutta riitti.\u00a0 Osana juhlaohjelmaa oli t\u00e4n\u00e4 vuonna my\u00f6s valokuvaaja Jaakko ... Lue lis\u00e4\u00e4","og_url":"https:\/\/koylio-seura.fi\/?page_id=67","og_site_name":"K\u00f6yli\u00f6-seura","article_modified_time":"2025-08-01T18:57:58+00:00","og_image":[{"width":1786,"height":2560,"url":"https:\/\/koylio-seura.fi\/wp-content\/uploads\/2025\/07\/20250714_213559-scaled.jpg","type":"image\/jpeg"}],"twitter_card":"summary_large_image","twitter_misc":{"Arvioitu lukuaika":"1 minuutti"},"schema":{"@context":"https:\/\/schema.org","@graph":[{"@type":"WebPage","@id":"https:\/\/koylio-seura.fi\/?page_id=67","url":"https:\/\/koylio-seura.fi\/?page_id=67","name":"K\u00f6yliin suvisunnuntai - K\u00f6yli\u00f6-seura","isPartOf":{"@id":"https:\/\/koylio-seura.fi\/#website"},"primaryImageOfPage":{"@id":"https:\/\/koylio-seura.fi\/?page_id=67#primaryimage"},"image":{"@id":"https:\/\/koylio-seura.fi\/?page_id=67#primaryimage"},"thumbnailUrl":"https:\/\/koylio-seura.fi\/wp-content\/uploads\/2025\/07\/20250714_213559-714x1024.jpg","datePublished":"2023-07-17T10:59:15+00:00","dateModified":"2025-08-01T18:57:58+00:00","breadcrumb":{"@id":"https:\/\/koylio-seura.fi\/?page_id=67#breadcrumb"},"inLanguage":"fi","potentialAction":[{"@type":"ReadAction","target":["https:\/\/koylio-seura.fi\/?page_id=67"]}]},{"@type":"ImageObject","inLanguage":"fi","@id":"https:\/\/koylio-seura.fi\/?page_id=67#primaryimage","url":"https:\/\/koylio-seura.fi\/wp-content\/uploads\/2025\/07\/20250714_213559-scaled.jpg","contentUrl":"https:\/\/koylio-seura.fi\/wp-content\/uploads\/2025\/07\/20250714_213559-scaled.jpg","width":1786,"height":2560},{"@type":"BreadcrumbList","@id":"https:\/\/koylio-seura.fi\/?page_id=67#breadcrumb","itemListElement":[{"@type":"ListItem","position":1,"name":"Etusivu","item":"https:\/\/koylio-seura.fi\/"},{"@type":"ListItem","position":2,"name":"K\u00f6yli\u00f6-p\u00e4iv\u00e4t","item":"https:\/\/koylio-seura.fi\/?page_id=16"},{"@type":"ListItem","position":3,"name":"K\u00f6yliin suvisunnuntai"}]},{"@type":"WebSite","@id":"https:\/\/koylio-seura.fi\/#website","url":"https:\/\/koylio-seura.fi\/","name":"K\u00f6yli\u00f6-seura","description":"","publisher":{"@id":"https:\/\/koylio-seura.fi\/#organization"},"potentialAction":[{"@type":"SearchAction","target":{"@type":"EntryPoint","urlTemplate":"https:\/\/koylio-seura.fi\/?s={search_term_string}"},"query-input":{"@type":"PropertyValueSpecification","valueRequired":true,"valueName":"search_term_string"}}],"inLanguage":"fi"},{"@type":"Organization","@id":"https:\/\/koylio-seura.fi\/#organization","name":"K\u00f6yli\u00f6-seura","url":"https:\/\/koylio-seura.fi\/","logo":{"@type":"ImageObject","inLanguage":"fi","@id":"https:\/\/koylio-seura.fi\/#\/schema\/logo\/image\/","url":"https:\/\/koylio-seura.fi\/wp-content\/uploads\/2023\/07\/cropped-KS-logo-23.png","contentUrl":"https:\/\/koylio-seura.fi\/wp-content\/uploads\/2023\/07\/cropped-KS-logo-23.png","width":530,"height":619,"caption":"K\u00f6yli\u00f6-seura"},"image":{"@id":"https:\/\/koylio-seura.fi\/#\/schema\/logo\/image\/"}}]}},"_links":{"self":[{"href":"https:\/\/koylio-seura.fi\/index.php?rest_route=\/wp\/v2\/pages\/67","targetHints":{"allow":["GET"]}}],"collection":[{"href":"https:\/\/koylio-seura.fi\/index.php?rest_route=\/wp\/v2\/pages"}],"about":[{"href":"https:\/\/koylio-seura.fi\/index.php?rest_route=\/wp\/v2\/types\/page"}],"author":[{"embeddable":true,"href":"https:\/\/koylio-seura.fi\/index.php?rest_route=\/wp\/v2\/users\/1"}],"replies":[{"embeddable":true,"href":"https:\/\/koylio-seura.fi\/index.php?rest_route=%2Fwp%2Fv2%2Fcomments&post=67"}],"version-history":[{"count":161,"href":"https:\/\/koylio-seura.fi\/index.php?rest_route=\/wp\/v2\/pages\/67\/revisions"}],"predecessor-version":[{"id":14845,"href":"https:\/\/koylio-seura.fi\/index.php?rest_route=\/wp\/v2\/pages\/67\/revisions\/14845"}],"up":[{"embeddable":true,"href":"https:\/\/koylio-seura.fi\/index.php?rest_route=\/wp\/v2\/pages\/16"}],"wp:attachment":[{"href":"https:\/\/koylio-seura.fi\/index.php?rest_route=%2Fwp%2Fv2%2Fmedia&parent=67"}],"curies":[{"name":"wp","href":"https:\/\/api.w.org\/{rel}","templated":true}]}}