{"id":6219,"date":"2024-01-23T17:42:22","date_gmt":"2024-01-23T17:42:22","guid":{"rendered":"https:\/\/koylio-seura.eitcon.com\/?page_id=6219"},"modified":"2024-03-04T08:36:48","modified_gmt":"2024-03-04T08:36:48","slug":"talvi-henrikit","status":"publish","type":"page","link":"https:\/\/koylio-seura.fi\/?page_id=6219","title":{"rendered":"Talvi-Henrikit"},"content":{"rendered":"\t\t<div data-elementor-type=\"wp-page\" data-elementor-id=\"6219\" class=\"elementor elementor-6219\" data-elementor-post-type=\"page\">\n\t\t\t\t\t\t<section class=\"elementor-section elementor-top-section elementor-element elementor-element-5c540a1 elementor-section-boxed elementor-section-height-default elementor-section-height-default\" data-id=\"5c540a1\" data-element_type=\"section\">\n\t\t\t\t\t\t<div class=\"elementor-container elementor-column-gap-default\">\n\t\t\t\t\t<div class=\"elementor-column elementor-col-100 elementor-top-column elementor-element elementor-element-4530c48\" data-id=\"4530c48\" data-element_type=\"column\">\n\t\t\t<div class=\"elementor-widget-wrap elementor-element-populated\">\n\t\t\t\t\t\t<div class=\"elementor-element elementor-element-2a8b5c2 elementor-widget elementor-widget-accordion\" data-id=\"2a8b5c2\" data-element_type=\"widget\" data-widget_type=\"accordion.default\">\n\t\t\t\t<div class=\"elementor-widget-container\">\n\t\t\t\t\t\t\t<div class=\"elementor-accordion\">\n\t\t\t\t\t\t\t<div class=\"elementor-accordion-item\">\n\t\t\t\t\t<div id=\"elementor-tab-title-4461\" class=\"elementor-tab-title\" data-tab=\"1\" role=\"button\" aria-controls=\"elementor-tab-content-4461\" aria-expanded=\"false\">\n\t\t\t\t\t\t\t\t\t\t\t\t\t<span class=\"elementor-accordion-icon elementor-accordion-icon-left\" aria-hidden=\"true\">\n\t\t\t\t\t\t\t\t\t\t\t\t\t\t\t<span class=\"elementor-accordion-icon-closed\"><i class=\"fas fa-plus\"><\/i><\/span>\n\t\t\t\t\t\t\t\t<span class=\"elementor-accordion-icon-opened\"><i class=\"fas fa-minus\"><\/i><\/span>\n\t\t\t\t\t\t\t\t\t\t\t\t\t\t<\/span>\n\t\t\t\t\t\t\t\t\t\t\t\t<a class=\"elementor-accordion-title\" tabindex=\"0\">Pyh\u00e4n Henrikin surmavirsi -tapahtuma 20.1.2024 K\u00f6yli\u00f6ss\u00e4<\/a>\n\t\t\t\t\t<\/div>\n\t\t\t\t\t<div id=\"elementor-tab-content-4461\" class=\"elementor-tab-content elementor-clearfix\" data-tab=\"1\" role=\"region\" aria-labelledby=\"elementor-tab-title-4461\"><p><img fetchpriority=\"high\" decoding=\"async\" src=\"https:\/\/koylio-seura.fi\/wp-content\/uploads\/2024\/02\/ph-surmav_up200124p.jpg\" alt=\"\" width=\"700\" height=\"467\" \/>\u00a0<\/p><p>Pyh\u00e4n Henrikin surmavirsi -esityksen henkil\u00f6t\u00a0 \u00a0 \u00a0 \u00a0 Kuva: Ari St\u00e5hlman<\/p><p>K\u00f6yli\u00f6-seura ja S\u00e4kyl\u00e4-K\u00f6yli\u00f6n seurakunta j\u00e4rjestiv\u00e4t yhdess\u00e4 Pyh\u00e4n Henrikin surmavirsi -tapahtuman Piispa Henrikin ja Lallin muistop\u00e4iv\u00e4n\u00e4 20.1.2024.<\/p><p>Tapahtuma alkoi yhteisvastuulounaalla K\u00f6yli\u00f6n seurakuntatalolla. L\u00e4mmint\u00e4 ja maukasta keittoa s\u00e4rpimineen nautti ilahduttavan suuri joukko ruokailijoita. Moni oli tullut kauempaakin. Kahvit ja marjapiiras kruunasivat lounaan. Kiitokset keiton ja kahvin keitt\u00e4jille ja tarjoilijoille!<\/p><p>K\u00f6yli\u00f6n kirkossa jatkettiin. K\u00f6yli\u00f6-seuran puheenjohtaja Pirkko Peltola toivotti runsaslukuisen yleis\u00f6n tervetulleeksi.<br \/><span style=\"background-color: var(--base-3); color: var(--contrast);\">Tuiskulan teatterin taitavat n\u00e4yttelij\u00e4t Niilo H\u00e4rk\u00e4l\u00e4n ohjaamana esittiv\u00e4t ja el\u00e4v\u00f6ittiv\u00e4t Piispa Henrikin surmavirren. Kanttori Johannes Perko oli sovittanut esityksen musiikin keskiaikaisen virren pohjalta.<br \/><\/span><span style=\"background-color: var(--base-3); color: var(--contrast);\">Dosentti ja yliopistonlehtori Mikko K. Heikkil\u00e4n erinomainen luento &#8221;Piispa Henrikin surmavirsi &#8211; vanha ja vaikutusvaltainen runolaulu K\u00f6yli\u00f6st\u00e4&#8221; vakuutti kuulijat.\u00a0<br \/><\/span><span style=\"background-color: var(--base-3); color: var(--contrast);\">Kirkkoherra Irina Kaukinen piti p\u00e4\u00e4t\u00f6ssiunauksen.<\/span><\/p><p>Kirkkokahvit tarjottiin J\u00e4rvisalissa.<\/p><p>L\u00e4mpim\u00e4t kiitokset kaikille merkitt\u00e4v\u00e4n kulttuurihistoriallisen tilaisuuden j\u00e4rjest\u00e4jille ja toteuttajille ja mukana olleille!<\/p><p>Suntio Iiris Matintalo striimasi tapahtuman K\u00f6yli\u00f6n kirkossa. Striimaus n\u00e4kyy S\u00e4kyl\u00e4-K\u00f6yli\u00f6n seurakunnan Facebook-sivulla.<br \/><span style=\"background-color: var(--base-3); color: var(--contrast);\">Ohjelmalehtisen suunnittelu ja toteutus: Simo Nummi<br \/><\/span><span style=\"background-color: var(--base-3); color: var(--contrast);\">T\u00e4m\u00e4n julkaisun teksti ja kuvat: Marita Holkeri<\/span><\/p><p><span style=\"background-color: var(--base-3); color: var(--contrast);\">Teksti ja kuvakertomus tapahtumasta <a href=\"https:\/\/koylio-seura.fi\/wp-content\/uploads\/2024\/02\/Pyhan-Henrikin-surmavirsi-tapahtuma-20.1.2024.pdf\" target=\"_blank\" rel=\"noopener\">aukeaa t\u00e4st\u00e4.<\/a><\/span><\/p><div>\u00a0<\/div><\/div>\n\t\t\t\t<\/div>\n\t\t\t\t\t\t\t<div class=\"elementor-accordion-item\">\n\t\t\t\t\t<div id=\"elementor-tab-title-4462\" class=\"elementor-tab-title\" data-tab=\"2\" role=\"button\" aria-controls=\"elementor-tab-content-4462\" aria-expanded=\"false\">\n\t\t\t\t\t\t\t\t\t\t\t\t\t<span class=\"elementor-accordion-icon elementor-accordion-icon-left\" aria-hidden=\"true\">\n\t\t\t\t\t\t\t\t\t\t\t\t\t\t\t<span class=\"elementor-accordion-icon-closed\"><i class=\"fas fa-plus\"><\/i><\/span>\n\t\t\t\t\t\t\t\t<span class=\"elementor-accordion-icon-opened\"><i class=\"fas fa-minus\"><\/i><\/span>\n\t\t\t\t\t\t\t\t\t\t\t\t\t\t<\/span>\n\t\t\t\t\t\t\t\t\t\t\t\t<a class=\"elementor-accordion-title\" tabindex=\"0\">Talvi-Henrikki 2019 Vuorenmaan kirkossa<\/a>\n\t\t\t\t\t<\/div>\n\t\t\t\t\t<div id=\"elementor-tab-content-4462\" class=\"elementor-tab-content elementor-clearfix\" data-tab=\"2\" role=\"region\" aria-labelledby=\"elementor-tab-title-4462\"><p><img decoding=\"async\" class=\"aligncenter size-large wp-image-7271\" src=\"https:\/\/koylio-seura.fi\/wp-content\/uploads\/2024\/02\/HSantala-Surmavirsiesitys-2019-3-768x1024.jpg\" alt=\"\" width=\"768\" height=\"1024\" srcset=\"https:\/\/koylio-seura.fi\/wp-content\/uploads\/2024\/02\/HSantala-Surmavirsiesitys-2019-3-768x1024.jpg 768w, https:\/\/koylio-seura.fi\/wp-content\/uploads\/2024\/02\/HSantala-Surmavirsiesitys-2019-3-225x300.jpg 225w, https:\/\/koylio-seura.fi\/wp-content\/uploads\/2024\/02\/HSantala-Surmavirsiesitys-2019-3-1152x1536.jpg 1152w, https:\/\/koylio-seura.fi\/wp-content\/uploads\/2024\/02\/HSantala-Surmavirsiesitys-2019-3.jpg 1296w\" sizes=\"(max-width: 768px) 100vw, 768px\" \/><\/p>\n<p>&nbsp; &nbsp; &nbsp; &nbsp; &nbsp; &nbsp; &nbsp; &nbsp; &nbsp; &nbsp;Annica Laine Kerttuna<\/p>\n<p><img decoding=\"async\" class=\"aligncenter size-large wp-image-7270\" src=\"https:\/\/koylio-seura.fi\/wp-content\/uploads\/2024\/02\/HSantala-Surmavirsiesitys-2019-2-1024x768.jpg\" alt=\"\" width=\"1024\" height=\"768\" srcset=\"https:\/\/koylio-seura.fi\/wp-content\/uploads\/2024\/02\/HSantala-Surmavirsiesitys-2019-2-1024x768.jpg 1024w, https:\/\/koylio-seura.fi\/wp-content\/uploads\/2024\/02\/HSantala-Surmavirsiesitys-2019-2-300x225.jpg 300w, https:\/\/koylio-seura.fi\/wp-content\/uploads\/2024\/02\/HSantala-Surmavirsiesitys-2019-2-768x576.jpg 768w, https:\/\/koylio-seura.fi\/wp-content\/uploads\/2024\/02\/HSantala-Surmavirsiesitys-2019-2-1536x1152.jpg 1536w, https:\/\/koylio-seura.fi\/wp-content\/uploads\/2024\/02\/HSantala-Surmavirsiesitys-2019-2.jpg 1728w\" sizes=\"(max-width: 1024px) 100vw, 1024px\" \/><\/p>\n<p>Tomi Hulmi Piispa Henrikin\u00e4<\/p>\n<p><img loading=\"lazy\" decoding=\"async\" class=\"aligncenter size-large wp-image-7269\" src=\"https:\/\/koylio-seura.fi\/wp-content\/uploads\/2024\/02\/HSantala-Surmavirsiesitys-2019-1-1024x768.jpg\" alt=\"\" width=\"1024\" height=\"768\" srcset=\"https:\/\/koylio-seura.fi\/wp-content\/uploads\/2024\/02\/HSantala-Surmavirsiesitys-2019-1-1024x768.jpg 1024w, https:\/\/koylio-seura.fi\/wp-content\/uploads\/2024\/02\/HSantala-Surmavirsiesitys-2019-1-300x225.jpg 300w, https:\/\/koylio-seura.fi\/wp-content\/uploads\/2024\/02\/HSantala-Surmavirsiesitys-2019-1-768x576.jpg 768w, https:\/\/koylio-seura.fi\/wp-content\/uploads\/2024\/02\/HSantala-Surmavirsiesitys-2019-1-1536x1152.jpg 1536w, https:\/\/koylio-seura.fi\/wp-content\/uploads\/2024\/02\/HSantala-Surmavirsiesitys-2019-1.jpg 1728w\" sizes=\"(max-width: 1024px) 100vw, 1024px\" \/><\/p>\n<p>Renki (AaroLiukko-Sipi) jaKerttu<img loading=\"lazy\" decoding=\"async\" class=\"aligncenter size-large wp-image-7268\" src=\"https:\/\/koylio-seura.fi\/wp-content\/uploads\/2024\/02\/HSantala-Surmavirsi-Helena-s-624x1024.jpg\" alt=\"\" width=\"624\" height=\"1024\" srcset=\"https:\/\/koylio-seura.fi\/wp-content\/uploads\/2024\/02\/HSantala-Surmavirsi-Helena-s-624x1024.jpg 624w, https:\/\/koylio-seura.fi\/wp-content\/uploads\/2024\/02\/HSantala-Surmavirsi-Helena-s-183x300.jpg 183w, https:\/\/koylio-seura.fi\/wp-content\/uploads\/2024\/02\/HSantala-Surmavirsi-Helena-s-768x1261.jpg 768w, https:\/\/koylio-seura.fi\/wp-content\/uploads\/2024\/02\/HSantala-Surmavirsi-Helena-s-935x1536.jpg 935w, https:\/\/koylio-seura.fi\/wp-content\/uploads\/2024\/02\/HSantala-Surmavirsi-Helena-s-1247x2048.jpg 1247w, https:\/\/koylio-seura.fi\/wp-content\/uploads\/2024\/02\/HSantala-Surmavirsi-Helena-s.jpg 1467w\" sizes=\"(max-width: 624px) 100vw, 624px\" \/><\/p>\n<p>K\u00f6yli\u00f6-seuran puheenjohtaja Helena Santala toivotti yleis\u00f6n tervetulleeksi.<\/p>\n<p><strong> Talvi-Henrikki 2019<\/strong><\/p>\n<p><span style=\"background-color: var(--base-3); color: var(--contrast);\">Vuoden 2019 Pyh\u00e4n Henrikin Surmavirsi aloitti S\u00e4kyl\u00e4n kunnan 150-juhlavuoden Vuorenmaan kirkossa 19.1.2019.<\/span><\/p>\n<p><span style=\"background-color: var(--base-3); color: var(--contrast);\">Esitykset olivat klo 16 ja klo18 ja ne toteutettiin K\u00f6yli\u00f6-seuran, K\u00f6yli\u00f6n Kappeliseurakunnan ja S\u00e4kyl\u00e4n kunnan yhteisty\u00f6n\u00e4. Hartauden piti kappalainen Saari Vuola.<br><\/span><span style=\"background-color: var(--base-3); color: var(--contrast);\">Mehut ja Kertun Kakkarat tarjosi Vuorenmaan kyl\u00e4yhdistys Liisa Yskin johdolla.<\/span><\/p>\n<p><span style=\"background-color: var(--base-3); color: var(--contrast);\">Ohjaus: Reetta Hulmi.<\/span><\/p>\n<p><span style=\"background-color: var(--base-3); color: var(--contrast);\">Rooleissa olivat:<br><\/span><span style=\"color: var(--contrast); background-color: var(--base-3);\">Piispa Henrik&nbsp; &nbsp; &nbsp;<\/span><span style=\"color: var(--contrast); background-color: var(--base-3);\">Tomi Hulmi<br><\/span><span style=\"color: var(--contrast); background-color: var(--base-3);\">Kuningas Erik&nbsp; &nbsp;&nbsp;<\/span><span style=\"color: var(--contrast); background-color: var(--base-3);\">Veli-Pekka Suni<br><\/span><span style=\"color: var(--contrast); background-color: var(--base-3);\">Lalli&nbsp; &nbsp; &nbsp; &nbsp; &nbsp; &nbsp; &nbsp; &nbsp; &nbsp; &nbsp;<\/span><span style=\"color: var(--contrast); background-color: var(--base-3);\">Aaro Liukko-Sipi<br><\/span><span style=\"color: var(--contrast); background-color: var(--base-3);\">Kerttu&nbsp; &nbsp; &nbsp; &nbsp; &nbsp; &nbsp; &nbsp; &nbsp;&nbsp;<\/span><span style=\"color: var(--contrast); background-color: var(--base-3);\">Annica Laine<br><\/span><span style=\"color: var(--contrast); background-color: var(--base-3);\">Piika&nbsp; &nbsp; &nbsp; &nbsp; &nbsp; &nbsp; &nbsp; &nbsp; &nbsp;&nbsp;<\/span><span style=\"color: var(--contrast); background-color: var(--base-3);\">Johanna Toivanen-Perko<br><\/span><span style=\"color: var(--contrast); background-color: var(--base-3);\">Piispan renki&nbsp; &nbsp; &nbsp;<\/span><span style=\"color: var(--contrast); background-color: var(--base-3);\">Niilo H\u00e4rk\u00e4l\u00e4<br><\/span><span style=\"color: var(--contrast); background-color: var(--base-3);\">Kuoro&nbsp; &nbsp; &nbsp; &nbsp; &nbsp; &nbsp; &nbsp; &nbsp;&nbsp;<\/span><span style=\"color: var(--contrast); background-color: var(--base-3);\">Pekka Huhtamaa,&nbsp;<\/span><span style=\"color: var(--contrast); background-color: var(--base-3);\">Heikki Karonen,<br><\/span><span style=\"color: var(--contrast); background-color: var(--base-3);\">&nbsp; &nbsp; &nbsp; &nbsp; &nbsp; &nbsp; &nbsp; &nbsp; &nbsp; &nbsp; &nbsp; &nbsp; &nbsp; Jaakko Ojala ja&nbsp;<\/span><span style=\"color: var(--contrast); background-color: var(--base-3);\">Jaakko Parkkila<br><\/span><span style=\"color: var(--contrast); background-color: var(--base-3);\">Lallin lapset&nbsp; &nbsp; &nbsp; &nbsp;<\/span><span style=\"color: var(--contrast); background-color: var(--base-3);\">Aarre Hulmi ja&nbsp;<\/span><span style=\"color: var(--contrast); background-color: var(--base-3);\">Touko Hulmi<br><\/span><span style=\"color: var(--contrast); background-color: var(--base-3);\">Kertojanuoret&nbsp; &nbsp;&nbsp;<\/span><span style=\"color: var(--contrast); background-color: var(--base-3);\">Meeri Kimppa ja&nbsp;<\/span><span style=\"color: var(--contrast); background-color: var(--base-3);\">Arttu Aaltonen<br><\/span><span style=\"background-color: var(--base-3); color: var(--contrast);\">Valot&nbsp; &nbsp; &nbsp; &nbsp; &nbsp; &nbsp; &nbsp; &nbsp; &nbsp;&nbsp;<\/span><span style=\"color: var(--contrast); background-color: var(--base-3);\">Antero Nieminen<\/span><\/p>\n<p>Mainos ja liput&nbsp; &nbsp; Simo Nummi<\/p><\/div>\n\t\t\t\t<\/div>\n\t\t\t\t\t\t\t<div class=\"elementor-accordion-item\">\n\t\t\t\t\t<div id=\"elementor-tab-title-4463\" class=\"elementor-tab-title\" data-tab=\"3\" role=\"button\" aria-controls=\"elementor-tab-content-4463\" aria-expanded=\"false\">\n\t\t\t\t\t\t\t\t\t\t\t\t\t<span class=\"elementor-accordion-icon elementor-accordion-icon-left\" aria-hidden=\"true\">\n\t\t\t\t\t\t\t\t\t\t\t\t\t\t\t<span class=\"elementor-accordion-icon-closed\"><i class=\"fas fa-plus\"><\/i><\/span>\n\t\t\t\t\t\t\t\t<span class=\"elementor-accordion-icon-opened\"><i class=\"fas fa-minus\"><\/i><\/span>\n\t\t\t\t\t\t\t\t\t\t\t\t\t\t<\/span>\n\t\t\t\t\t\t\t\t\t\t\t\t<a class=\"elementor-accordion-title\" tabindex=\"0\">Talvi-Henrikki 2016 Tuiskulan seuratalossa<\/a>\n\t\t\t\t\t<\/div>\n\t\t\t\t\t<div id=\"elementor-tab-content-4463\" class=\"elementor-tab-content elementor-clearfix\" data-tab=\"3\" role=\"region\" aria-labelledby=\"elementor-tab-title-4463\"><p>Talvi-Henrikki 2016<\/p><p><span style=\"background-color: var(--base-3); color: var(--contrast);\">Vuoden 2016 Surmavirsi tehtiin ty\u00f6ryhm\u00e4n yhteisty\u00f6ll\u00e4 Reetta Hulmin ja Tiia Kinnusen johdolla.&nbsp;<br><\/span><span style=\"background-color: var(--base-3); color: var(--contrast);\">Esitykset olivat Tuiskulan Seuratalolla 17.1.2016 klo 16 ja klo18.&nbsp;<\/span><\/p><p><span style=\"background-color: var(--base-3); color: var(--contrast);\">Esitys jatkoi jalostettuna syksyll\u00e4 Turun Kirjamessuilla Jenni Haukion kutsumana.<\/span><br><\/p><p><span style=\"background-color: var(--base-3); color: var(--contrast);\">Rooleissa olivat:<br><\/span><span style=\"background-color: var(--base-3); color: var(--contrast);\">Piispa Henrik&nbsp; &nbsp; &nbsp; &nbsp; &nbsp; &nbsp; &nbsp; &nbsp; &nbsp; &nbsp;<\/span><span style=\"background-color: var(--base-3); color: var(--contrast);\">Tomi Hulmi<br><\/span><span style=\"color: var(--contrast); background-color: var(--base-3);\">Kuningas Erikin \u00e4\u00e4ni<\/span><span style=\"color: var(--contrast); background-color: var(--base-3); white-space: pre;\">\t<\/span><span style=\"color: var(--contrast); background-color: var(--base-3);\">Tapani Rinne<br><\/span><span style=\"background-color: var(--base-3); color: var(--contrast);\">Lalli<\/span><span style=\"background-color: var(--base-3); color: var(--contrast); white-space: pre;\">\t<\/span>&nbsp; &nbsp; &nbsp; &nbsp; &nbsp; &nbsp; &nbsp; &nbsp; &nbsp; &nbsp; &nbsp; &nbsp; &nbsp; &nbsp; &nbsp; &nbsp;&nbsp;<span style=\"background-color: var(--base-3); color: var(--contrast);\">Juha Kulmala<br><\/span><span style=\"background-color: var(--base-3); color: var(--contrast);\">Kerttu<\/span><span style=\"background-color: var(--base-3); color: var(--contrast); white-space: pre;\">\t<\/span>&nbsp; &nbsp; &nbsp; &nbsp; &nbsp; &nbsp; &nbsp; &nbsp; &nbsp; &nbsp; &nbsp; &nbsp;&nbsp;<span style=\"background-color: var(--base-3); color: var(--contrast);\">Tiia Kinnunen<br><\/span><span style=\"background-color: var(--base-3); color: var(--contrast);\">Kertoja<\/span><span style=\"background-color: var(--base-3); color: var(--contrast); white-space: pre;\">\t<\/span>&nbsp; &nbsp; &nbsp; &nbsp; &nbsp; &nbsp; &nbsp; &nbsp; &nbsp; &nbsp; &nbsp; &nbsp; <span style=\"background-color: var(--base-3); color: var(--contrast);\">Arto Myll\u00e4rinen<br><\/span><span style=\"background-color: var(--base-3); color: var(--contrast);\">Piika<\/span><span style=\"background-color: var(--base-3); color: var(--contrast); white-space: pre;\">\t<\/span>&nbsp; &nbsp; &nbsp; &nbsp; &nbsp; &nbsp; &nbsp; &nbsp; &nbsp; &nbsp; &nbsp; &nbsp; &nbsp; &nbsp; &nbsp; &nbsp;&nbsp;<span style=\"background-color: var(--base-3); color: var(--contrast);\">Aino Kimppa<br><\/span><span style=\"background-color: var(--base-3); color: var(--contrast);\">Piispan palvelija<\/span><span style=\"background-color: var(--base-3); color: var(--contrast); white-space: pre;\">\t<\/span>&nbsp; &nbsp; &nbsp; &nbsp; <span style=\"background-color: var(--base-3); color: var(--contrast);\">Reetta Hulmi<br><\/span><span style=\"background-color: var(--base-3); color: var(--contrast);\">Kuoro<\/span><span style=\"background-color: var(--base-3); color: var(--contrast); white-space: pre;\">\t<\/span>&nbsp; &nbsp; &nbsp; &nbsp; &nbsp; &nbsp; &nbsp; &nbsp; &nbsp; &nbsp; &nbsp; &nbsp;&nbsp;<span style=\"background-color: var(--base-3); color: var(--contrast);\">Aino Kimppa,&nbsp;<\/span><span style=\"background-color: var(--base-3); color: var(--contrast);\">Reetta Hulmi ja&nbsp;<\/span><span style=\"background-color: var(--base-3); color: var(--contrast);\">Tiia Kinnunen<br><\/span><span style=\"background-color: var(--base-3); color: var(--contrast);\">Lallin lapset<\/span><span style=\"background-color: var(--base-3); color: var(--contrast); white-space: pre;\">\t<\/span>&nbsp; &nbsp; &nbsp; &nbsp; &nbsp; &nbsp; &nbsp; &nbsp;&nbsp;<span style=\"background-color: var(--base-3); color: var(--contrast);\">Aarre Hulmi ja&nbsp;<\/span><span style=\"background-color: var(--base-3); color: var(--contrast);\">Touko Hulmi<\/span><\/p><p>Valot ja \u00e4\u00e4net<span style=\"white-space:pre\">\t<\/span>&nbsp; &nbsp; &nbsp; &nbsp; &nbsp; &nbsp; &nbsp; &nbsp; Timo Orre<br><span style=\"background-color: var(--base-3); color: var(--contrast);\">Musiikin sovitus ja \u00e4\u00e4nitys<\/span><span style=\"background-color: var(--base-3); color: var(--contrast); white-space: pre;\">\t<\/span><span style=\"background-color: var(--base-3); color: var(--contrast);\">Tapani Rinne<br><\/span><span style=\"background-color: var(--base-3); color: var(--contrast);\">Mainos ja liput<\/span><span style=\"background-color: var(--base-3); color: var(--contrast); white-space: pre;\">\t<\/span>&nbsp; &nbsp; &nbsp; &nbsp; &nbsp;<span style=\"background-color: var(--base-3); color: var(--contrast);\">Simo Nummi<\/span><\/p><\/div>\n\t\t\t\t<\/div>\n\t\t\t\t\t\t\t<div class=\"elementor-accordion-item\">\n\t\t\t\t\t<div id=\"elementor-tab-title-4464\" class=\"elementor-tab-title\" data-tab=\"4\" role=\"button\" aria-controls=\"elementor-tab-content-4464\" aria-expanded=\"false\">\n\t\t\t\t\t\t\t\t\t\t\t\t\t<span class=\"elementor-accordion-icon elementor-accordion-icon-left\" aria-hidden=\"true\">\n\t\t\t\t\t\t\t\t\t\t\t\t\t\t\t<span class=\"elementor-accordion-icon-closed\"><i class=\"fas fa-plus\"><\/i><\/span>\n\t\t\t\t\t\t\t\t<span class=\"elementor-accordion-icon-opened\"><i class=\"fas fa-minus\"><\/i><\/span>\n\t\t\t\t\t\t\t\t\t\t\t\t\t\t<\/span>\n\t\t\t\t\t\t\t\t\t\t\t\t<a class=\"elementor-accordion-title\" tabindex=\"0\">Talvi-Henrikki 2011 Tuiskulan Torpparimuseolla<\/a>\n\t\t\t\t\t<\/div>\n\t\t\t\t\t<div id=\"elementor-tab-content-4464\" class=\"elementor-tab-content elementor-clearfix\" data-tab=\"4\" role=\"region\" aria-labelledby=\"elementor-tab-title-4464\"><p>Talvi-Henrikki 2011<\/p><p><span style=\"background-color: var(--base-3); color: var(--contrast);\">Pyh\u00e4n Henrikin surmavirsiesityst\u00e4 varten saimme 4000\u20ac apurahan Suomen Kulttuurirahaston Satakunnan rahastosta.<\/span><br><\/p><p>&nbsp;<span style=\"background-color: var(--base-3); color: var(--contrast);\">V.2011 Surmavirren ohjasi Arto Myll\u00e4rinen. Esitys oli Tuiskulan Torpparimuseolla.<\/span><\/p><p>Rooleissa olivat:<br><span style=\"background-color: var(--base-3); color: var(--contrast);\">Piispa Henrik&nbsp; &nbsp; &nbsp; &nbsp; &nbsp; &nbsp;&nbsp;<\/span><span style=\"background-color: var(--base-3); color: var(--contrast);\">Veli-Pekka Suni<br><\/span><span style=\"background-color: var(--base-3); color: var(--contrast);\">Kuningas Erik IX&nbsp; &nbsp; &nbsp; &nbsp;<\/span><span style=\"background-color: var(--base-3); color: var(--contrast);\">Janne Numminen<br><\/span><span style=\"background-color: var(--base-3); color: var(--contrast);\">Lalli&nbsp; &nbsp; &nbsp; &nbsp; &nbsp; &nbsp; &nbsp; &nbsp; &nbsp; &nbsp; &nbsp; &nbsp; &nbsp;&nbsp;<\/span><span style=\"background-color: var(--base-3); color: var(--contrast);\">Tapio Putko<br><\/span><span style=\"background-color: var(--base-3); color: var(--contrast);\">Kerttu&nbsp; &nbsp; &nbsp; &nbsp; &nbsp; &nbsp; &nbsp; &nbsp; &nbsp; &nbsp; &nbsp; &nbsp;<\/span><span style=\"background-color: var(--base-3); color: var(--contrast);\">Inkeri Marttila<br><\/span><span style=\"background-color: var(--base-3); color: var(--contrast);\">Kertojat&nbsp; &nbsp; &nbsp; &nbsp; &nbsp; &nbsp; &nbsp; &nbsp; &nbsp; &nbsp; <\/span><span style=\"background-color: var(--base-3); color: var(--contrast);\">Heli Lehto-Lintunen ja&nbsp;<\/span><span style=\"background-color: var(--base-3); color: var(--contrast);\">Raita Markula<br><\/span><span style=\"background-color: var(--base-3); color: var(--contrast);\">Piiat&nbsp; &nbsp; &nbsp; &nbsp; &nbsp; &nbsp; &nbsp; &nbsp; &nbsp; &nbsp; &nbsp; &nbsp; &nbsp;&nbsp;<\/span><span style=\"background-color: var(--base-3); color: var(--contrast);\">Tarja Putko ja&nbsp;<\/span><span style=\"background-color: var(--base-3); color: var(--contrast);\">Maija Suni<br><\/span><span style=\"background-color: var(--base-3); color: var(--contrast);\">Paimen&nbsp; &nbsp; &nbsp; &nbsp; &nbsp; &nbsp; &nbsp; &nbsp; &nbsp; &nbsp; &nbsp;<\/span><span style=\"background-color: var(--base-3); color: var(--contrast);\">Kari Krusberg<br><\/span><span style=\"background-color: var(--base-3); color: var(--contrast);\">Munkkikuoro&nbsp; &nbsp; &nbsp; &nbsp; &nbsp; &nbsp;<\/span><span style=\"background-color: var(--base-3); color: var(--contrast);\">Jaakko Ojala,&nbsp;<\/span><span style=\"background-color: var(--base-3); color: var(--contrast);\">Jaakko Parkkila,&nbsp;<\/span><span style=\"background-color: var(--base-3); color: var(--contrast);\">Heikki Karonen ja&nbsp;<\/span><span style=\"background-color: var(--base-3); color: var(--contrast);\">Juhani Salminen<br><\/span><span style=\"background-color: var(--base-3); color: var(--contrast);\">Lapset&nbsp; &nbsp; &nbsp; &nbsp; &nbsp; &nbsp; &nbsp; &nbsp; &nbsp; &nbsp; &nbsp;&nbsp;<\/span><span style=\"background-color: var(--base-3); color: var(--contrast);\">Ida Suni ja&nbsp;<\/span><span style=\"background-color: var(--base-3); color: var(--contrast);\">Lotta Numminen<br><\/span><span style=\"background-color: var(--base-3); color: var(--contrast);\">Piispan kuski&nbsp; &nbsp; &nbsp; &nbsp; &nbsp; &nbsp; <\/span><span style=\"background-color: var(--base-3); color: var(--contrast);\">Kauko Hakala, hevonen Suviliito<br><\/span><span style=\"background-color: var(--base-3); color: var(--contrast);\">Piispan renki&nbsp; &nbsp; &nbsp; &nbsp; &nbsp; &nbsp;&nbsp;<\/span><span style=\"background-color: var(--base-3); color: var(--contrast);\">Janne Numminen<\/span><\/p><p>&nbsp;<span style=\"background-color: var(--base-3); color: var(--contrast);\">Tuotantovastaavana ja ohjaajan assistenttina toimi Anneli Laine, tiedotuksesta vastasi Samuli Vahteristo.<\/span><\/p><p>&nbsp;<span style=\"background-color: var(--base-3); color: var(--contrast);\">Kunniavieraanamme oli Turun uusi piispa Karlo Kalliala.<\/span><\/p><p>&nbsp;<\/p><p>&nbsp;<\/p><\/div>\n\t\t\t\t<\/div>\n\t\t\t\t\t\t\t<div class=\"elementor-accordion-item\">\n\t\t\t\t\t<div id=\"elementor-tab-title-4465\" class=\"elementor-tab-title\" data-tab=\"5\" role=\"button\" aria-controls=\"elementor-tab-content-4465\" aria-expanded=\"false\">\n\t\t\t\t\t\t\t\t\t\t\t\t\t<span class=\"elementor-accordion-icon elementor-accordion-icon-left\" aria-hidden=\"true\">\n\t\t\t\t\t\t\t\t\t\t\t\t\t\t\t<span class=\"elementor-accordion-icon-closed\"><i class=\"fas fa-plus\"><\/i><\/span>\n\t\t\t\t\t\t\t\t<span class=\"elementor-accordion-icon-opened\"><i class=\"fas fa-minus\"><\/i><\/span>\n\t\t\t\t\t\t\t\t\t\t\t\t\t\t<\/span>\n\t\t\t\t\t\t\t\t\t\t\t\t<a class=\"elementor-accordion-title\" tabindex=\"0\">Talvi-Henrikki 2008 Polsussa K\u00f6yli\u00f6ss\u00e4<\/a>\n\t\t\t\t\t<\/div>\n\t\t\t\t\t<div id=\"elementor-tab-content-4465\" class=\"elementor-tab-content elementor-clearfix\" data-tab=\"5\" role=\"region\" aria-labelledby=\"elementor-tab-title-4465\"><p>Talvi-Henrikki 2008<\/p><p><span style=\"background-color: var(--base-3); color: var(--contrast);\">V.2008 Surmavirren ohjasi Pekka Saaristo.<\/span><br><\/p><p>Rooleissa olivat:<br><span style=\"background-color: var(--base-3); color: var(--contrast);\">Piispa Henrik&nbsp; &nbsp; &nbsp; &nbsp; &nbsp; &nbsp; &nbsp; <\/span><span style=\"background-color: var(--base-3); color: var(--contrast);\">Veli-Pekka Suni<br><\/span><span style=\"background-color: var(--base-3); color: var(--contrast);\">Kuningas Erik IX&nbsp; &nbsp; &nbsp; &nbsp; &nbsp;&nbsp;<\/span><span style=\"background-color: var(--base-3); color: var(--contrast);\">Janne Numminen<br><\/span><span style=\"background-color: var(--base-3); color: var(--contrast);\">Lalli&nbsp; &nbsp; &nbsp; &nbsp; &nbsp; &nbsp; &nbsp; &nbsp; &nbsp; &nbsp; &nbsp; &nbsp; &nbsp; &nbsp; &nbsp;<\/span><span style=\"background-color: var(--base-3); color: var(--contrast);\">Tapio Putko<br><\/span><span style=\"background-color: var(--base-3); color: var(--contrast);\">Kerttu&nbsp; &nbsp; &nbsp; &nbsp; &nbsp; &nbsp; &nbsp; &nbsp; &nbsp; &nbsp; &nbsp; &nbsp; &nbsp;&nbsp;<\/span><span style=\"background-color: var(--base-3); color: var(--contrast);\">Inkeri Marttila<br><\/span><span style=\"background-color: var(--base-3); color: var(--contrast);\">Piiat&nbsp; &nbsp; &nbsp; &nbsp; &nbsp; &nbsp; &nbsp; &nbsp; &nbsp; &nbsp; &nbsp; &nbsp; &nbsp; &nbsp; &nbsp;<\/span><span style=\"background-color: var(--base-3); color: var(--contrast);\">Liisa Palonen,&nbsp;<\/span><span style=\"background-color: var(--base-3); color: var(--contrast);\">Tarja Putko,&nbsp;<\/span><span style=\"background-color: var(--base-3); color: var(--contrast);\">Maija Suni ja&nbsp;<\/span><span style=\"background-color: var(--base-3); color: var(--contrast);\">Maria Suni<br><\/span><span style=\"background-color: var(--base-3); color: var(--contrast);\">Paimen&nbsp; &nbsp; &nbsp; &nbsp; &nbsp; &nbsp; &nbsp; &nbsp; &nbsp; &nbsp; &nbsp; &nbsp;&nbsp;<\/span><span style=\"background-color: var(--base-3); color: var(--contrast);\">Mikko Palonen<br><\/span><span style=\"background-color: var(--base-3); color: var(--contrast);\">Munkkikuoro&nbsp; &nbsp; &nbsp; &nbsp; &nbsp; &nbsp; &nbsp;&nbsp;<\/span><span style=\"background-color: var(--base-3); color: var(--contrast);\">Jaakko Ojala,&nbsp;<\/span><span style=\"background-color: var(--base-3); color: var(--contrast);\">Jaakko Parkkila,&nbsp;<\/span><span style=\"background-color: var(--base-3); color: var(--contrast);\">Heikki Karonen ja&nbsp;<\/span><span style=\"background-color: var(--base-3); color: var(--contrast);\">Juhani Salminen<br><\/span><span style=\"background-color: var(--base-3); color: var(--contrast);\">Lapset&nbsp; &nbsp; &nbsp; &nbsp; &nbsp; &nbsp; &nbsp; &nbsp; &nbsp; &nbsp; &nbsp; &nbsp; &nbsp;<\/span><span style=\"background-color: var(--base-3); color: var(--contrast);\">Ida Suni,&nbsp;<\/span><span style=\"background-color: var(--base-3); color: var(--contrast);\">Lotta Numminen ja&nbsp;<\/span><span style=\"background-color: var(--base-3); color: var(--contrast);\">Beda Suni<br><\/span><span style=\"background-color: var(--base-3); color: var(--contrast);\">Piispan kuski&nbsp; &nbsp; &nbsp; &nbsp; &nbsp; &nbsp; &nbsp; &nbsp;<\/span><span style=\"background-color: var(--base-3); color: var(--contrast);\">Kauko Hakala, hevonen Suviliito<br><\/span><span style=\"background-color: var(--base-3); color: var(--contrast);\">Piispan renki&nbsp; &nbsp; &nbsp; &nbsp; &nbsp; &nbsp; &nbsp; &nbsp;<\/span><span style=\"background-color: var(--base-3); color: var(--contrast);\">Janne Numminen<\/span><\/p><p>&nbsp;<span style=\"background-color: var(--base-3); color: var(--contrast);\">Tuotantovastaavana ja ohjaajan assistenttina toimi Anneli Laine, tiedotuksesta vastasi Samuli Vahteristo. Lavasteiden tekoon osallistui kymmeni\u00e4 kuntalaisia, koko esityksen tekoon osallistui 50 talkoolaista.&nbsp;<br><\/span><span style=\"background-color: var(--base-3); color: var(--contrast);\">Kunniavieraanamme oli Niilo Iham\u00e4ki, Paula H\u00e4rk\u00e4l\u00e4, Kaarina Toivola ja Vesa Alare.<\/span><\/p><\/div>\n\t\t\t\t<\/div>\n\t\t\t\t\t\t\t<div class=\"elementor-accordion-item\">\n\t\t\t\t\t<div id=\"elementor-tab-title-4466\" class=\"elementor-tab-title\" data-tab=\"6\" role=\"button\" aria-controls=\"elementor-tab-content-4466\" aria-expanded=\"false\">\n\t\t\t\t\t\t\t\t\t\t\t\t\t<span class=\"elementor-accordion-icon elementor-accordion-icon-left\" aria-hidden=\"true\">\n\t\t\t\t\t\t\t\t\t\t\t\t\t\t\t<span class=\"elementor-accordion-icon-closed\"><i class=\"fas fa-plus\"><\/i><\/span>\n\t\t\t\t\t\t\t\t<span class=\"elementor-accordion-icon-opened\"><i class=\"fas fa-minus\"><\/i><\/span>\n\t\t\t\t\t\t\t\t\t\t\t\t\t\t<\/span>\n\t\t\t\t\t\t\t\t\t\t\t\t<a class=\"elementor-accordion-title\" tabindex=\"0\">Talvi-Henrikki 2006 Polsussa K\u00f6yli\u00f6ss\u00e4<\/a>\n\t\t\t\t\t<\/div>\n\t\t\t\t\t<div id=\"elementor-tab-content-4466\" class=\"elementor-tab-content elementor-clearfix\" data-tab=\"6\" role=\"region\" aria-labelledby=\"elementor-tab-title-4466\"><p>Talvi-Henrikki 2006<\/p><p><span style=\"background-color: var(--base-3); color: var(--contrast);\">V.2006 Surmavirren ohjasi Pekka Saaristo.<\/span><\/p><p>Rooleissa olivat:<br \/><span style=\"background-color: var(--base-3); color: var(--contrast);\">Piispa Henrik\u00a0 \u00a0 \u00a0 \u00a0 \u00a0 \u00a0 \u00a0 \u00a0 \u00a0<\/span><span style=\"background-color: var(--base-3); color: var(--contrast);\">Veli-Pekka Suni<br \/><\/span><span style=\"background-color: var(--base-3); color: var(--contrast);\">Kuningas Erik IX\u00a0 \u00a0 \u00a0 \u00a0 \u00a0 \u00a0\u00a0<\/span><span style=\"background-color: var(--base-3); color: var(--contrast);\">Janne Numminen<br \/><\/span><span style=\"background-color: var(--base-3); color: var(--contrast);\">Lalli\u00a0 \u00a0 \u00a0 \u00a0 \u00a0 \u00a0 \u00a0 \u00a0 \u00a0 \u00a0 \u00a0 \u00a0 \u00a0 \u00a0 \u00a0 \u00a0<\/span><span style=\"background-color: var(--base-3); color: var(--contrast);\">Tapio Putko<br \/><\/span><span style=\"background-color: var(--base-3); color: var(--contrast);\">Kerttu\u00a0 \u00a0 \u00a0 \u00a0 \u00a0 \u00a0 \u00a0 \u00a0 \u00a0 \u00a0 \u00a0 \u00a0 \u00a0 \u00a0\u00a0<\/span><span style=\"background-color: var(--base-3); color: var(--contrast);\">Inkeri Marttila<br \/><\/span><span style=\"background-color: var(--base-3); color: var(--contrast);\">Piiat\u00a0 \u00a0 \u00a0 \u00a0 \u00a0 \u00a0 \u00a0 \u00a0 \u00a0 \u00a0 \u00a0 \u00a0 \u00a0 \u00a0 \u00a0 \u00a0<\/span><span style=\"background-color: var(--base-3); color: var(--contrast);\">Liisa Palonen,\u00a0<\/span><span style=\"background-color: var(--base-3); color: var(--contrast);\">Tarja Putko ja\u00a0<\/span><span style=\"background-color: var(--base-3); color: var(--contrast);\">Maija Suni<br \/><\/span><span style=\"background-color: var(--base-3); color: var(--contrast);\">Paimen\u00a0 \u00a0 \u00a0 \u00a0 \u00a0 \u00a0 \u00a0 \u00a0 \u00a0 \u00a0 \u00a0 \u00a0 \u00a0\u00a0<\/span><span style=\"background-color: var(--base-3); color: var(--contrast);\">Markku Toivonen<br \/><\/span><span style=\"background-color: var(--base-3); color: var(--contrast);\">Munkkikuoro\u00a0 \u00a0 \u00a0 \u00a0 \u00a0 \u00a0 \u00a0 \u00a0 <\/span><span style=\"background-color: var(--base-3); color: var(--contrast);\">Jaakko Ojala,\u00a0<\/span><span style=\"background-color: var(--base-3); color: var(--contrast);\">Jaakko Parkkila,\u00a0<\/span><span style=\"background-color: var(--base-3); color: var(--contrast);\">Heikki Karonen ja\u00a0<\/span><span style=\"background-color: var(--base-3); color: var(--contrast);\">Juhani Salminen<br \/><\/span><span style=\"background-color: var(--base-3); color: var(--contrast);\">Lapset\u00a0 \u00a0 \u00a0 \u00a0 \u00a0 \u00a0 \u00a0 \u00a0 \u00a0 \u00a0 \u00a0 \u00a0 \u00a0 \u00a0<\/span><span style=\"background-color: var(--base-3); color: var(--contrast);\">Ida Suni,<\/span><span style=\"background-color: var(--base-3); color: var(--contrast);\">\u00a0<\/span><span style=\"background-color: var(--base-3); color: var(--contrast);\">Beda Suni ja\u00a0<\/span><span style=\"background-color: var(--base-3); color: var(--contrast);\">Maria Suni<br \/><\/span><span style=\"background-color: var(--base-3); color: var(--contrast);\">Piispan kuski\u00a0 \u00a0 \u00a0 \u00a0 \u00a0 \u00a0 \u00a0 \u00a0 \u00a0<\/span><span style=\"background-color: var(--base-3); color: var(--contrast);\">Kauko Hakala, hevonen Suviliito<br \/><\/span><span style=\"background-color: var(--base-3); color: var(--contrast);\">Piispan renki\u00a0 \u00a0 \u00a0 \u00a0 \u00a0 \u00a0 \u00a0 \u00a0 \u00a0<\/span><span style=\"background-color: var(--base-3); color: var(--contrast);\">Janne Numminen<br \/><\/span><span style=\"background-color: var(--base-3); color: var(--contrast);\">Kulissimaalaus\u00a0 \u00a0 \u00a0 \u00a0 \u00a0 \u00a0 \u00a0 \u00a0<\/span><span style=\"background-color: var(--base-3); color: var(--contrast);\">Simo Riikonen<\/span><\/p><p><span style=\"background-color: var(--base-3); color: var(--contrast);\">T\u00e4st\u00e4 klikkaamalla l\u00f6yd\u00e4t Surmavirsi-esityksen<a href=\"https:\/\/koylio-seura.fi\/wp-content\/uploads\/2024\/02\/PHSV-kasiohjelma.pdf\" target=\"_blank\" rel=\"noopener\"> k\u00e4siohjelman, jonka ovat laatineet\u00a0 Samuli Vahteristo ja Simo Nummi<\/a><\/span><\/p><p><span style=\"background-color: var(--base-3); color: var(--contrast);\">Tuotantovastaavana toimi Rauni Halonen ja ohjaajan assistenttina\u00a0 Anneli Laine, tiedotuksesta vastasi Samuli Vahteristo. Kunniavieraanamme olivat piispa Kari M\u00e4kinen,\u00a0 ortodoksinen khra Petri Ratilainen ja katolinen is\u00e4 Teemu Sippo<\/span><\/p><p>Tukijat: K\u00f6yli\u00f6n Vanhakartano, K\u00f6yli\u00f6n Osuuspankki, K\u00f6yli\u00f6n kunta, K\u00f6yli\u00f6n-S\u00e4kyl\u00e4n S\u00e4hk\u00f6 Oy, UPM, Haaviston Sora, Paimion Kes\u00e4teatteri, Euran Muinaisyhdistys<\/p><\/div>\n\t\t\t\t<\/div>\n\t\t\t\t\t\t\t\t<\/div>\n\t\t\t\t\t\t<\/div>\n\t\t\t\t<\/div>\n\t\t\t\t\t<\/div>\n\t\t<\/div>\n\t\t\t\t\t<\/div>\n\t\t<\/section>\n\t\t\t\t<\/div>\n\t\t","protected":false},"excerpt":{"rendered":"<p>Pyh\u00e4n Henrikin surmavirsi -tapahtuma 20.1.2024 K\u00f6yli\u00f6ss\u00e4 \u00a0 Pyh\u00e4n Henrikin surmavirsi -esityksen henkil\u00f6t\u00a0 \u00a0 \u00a0 \u00a0 Kuva: Ari St\u00e5hlman K\u00f6yli\u00f6-seura ja S\u00e4kyl\u00e4-K\u00f6yli\u00f6n seurakunta j\u00e4rjestiv\u00e4t yhdess\u00e4 Pyh\u00e4n Henrikin surmavirsi -tapahtuman Piispa Henrikin ja Lallin muistop\u00e4iv\u00e4n\u00e4 20.1.2024. Tapahtuma alkoi yhteisvastuulounaalla K\u00f6yli\u00f6n seurakuntatalolla. L\u00e4mmint\u00e4 &#8230; <a title=\"Talvi-Henrikit\" class=\"read-more\" href=\"https:\/\/koylio-seura.fi\/?page_id=6219\" aria-label=\"Lue lis\u00e4\u00e4 aiheesta Talvi-Henrikit\">Lue lis\u00e4\u00e4<\/a><\/p>\n","protected":false},"author":1,"featured_media":0,"parent":370,"menu_order":0,"comment_status":"closed","ping_status":"closed","template":"","meta":{"footnotes":""},"class_list":{"0":"post-6219","1":"page","2":"type-page","3":"status-publish","5":"infinite-scroll-item"},"yoast_head":"<!-- This site is optimized with the Yoast SEO plugin v26.6 - https:\/\/yoast.com\/wordpress\/plugins\/seo\/ -->\n<title>Talvi-Henrikit - K\u00f6yli\u00f6-seura<\/title>\n<meta name=\"robots\" content=\"index, follow, max-snippet:-1, max-image-preview:large, max-video-preview:-1\" \/>\n<link rel=\"canonical\" href=\"https:\/\/koylio-seura.fi\/?page_id=6219\" \/>\n<meta property=\"og:locale\" content=\"fi_FI\" \/>\n<meta property=\"og:type\" content=\"article\" \/>\n<meta property=\"og:title\" content=\"Talvi-Henrikit - K\u00f6yli\u00f6-seura\" \/>\n<meta property=\"og:description\" content=\"Pyh\u00e4n Henrikin surmavirsi -tapahtuma 20.1.2024 K\u00f6yli\u00f6ss\u00e4 \u00a0 Pyh\u00e4n Henrikin surmavirsi -esityksen henkil\u00f6t\u00a0 \u00a0 \u00a0 \u00a0 Kuva: Ari St\u00e5hlman K\u00f6yli\u00f6-seura ja S\u00e4kyl\u00e4-K\u00f6yli\u00f6n seurakunta j\u00e4rjestiv\u00e4t yhdess\u00e4 Pyh\u00e4n Henrikin surmavirsi -tapahtuman Piispa Henrikin ja Lallin muistop\u00e4iv\u00e4n\u00e4 20.1.2024. Tapahtuma alkoi yhteisvastuulounaalla K\u00f6yli\u00f6n seurakuntatalolla. L\u00e4mmint\u00e4 ... Lue lis\u00e4\u00e4\" \/>\n<meta property=\"og:url\" content=\"https:\/\/koylio-seura.fi\/?page_id=6219\" \/>\n<meta property=\"og:site_name\" content=\"K\u00f6yli\u00f6-seura\" \/>\n<meta property=\"article:modified_time\" content=\"2024-03-04T08:36:48+00:00\" \/>\n<meta property=\"og:image\" content=\"https:\/\/koylio-seura.fi\/wp-content\/uploads\/2024\/02\/ph-surmav_up200124p.jpg\" \/>\n<meta name=\"twitter:card\" content=\"summary_large_image\" \/>\n<meta name=\"twitter:label1\" content=\"Arvioitu lukuaika\" \/>\n\t<meta name=\"twitter:data1\" content=\"6 minuuttia\" \/>\n<script type=\"application\/ld+json\" class=\"yoast-schema-graph\">{\"@context\":\"https:\/\/schema.org\",\"@graph\":[{\"@type\":\"WebPage\",\"@id\":\"https:\/\/koylio-seura.fi\/?page_id=6219\",\"url\":\"https:\/\/koylio-seura.fi\/?page_id=6219\",\"name\":\"Talvi-Henrikit - K\u00f6yli\u00f6-seura\",\"isPartOf\":{\"@id\":\"https:\/\/koylio-seura.fi\/#website\"},\"primaryImageOfPage\":{\"@id\":\"https:\/\/koylio-seura.fi\/?page_id=6219#primaryimage\"},\"image\":{\"@id\":\"https:\/\/koylio-seura.fi\/?page_id=6219#primaryimage\"},\"thumbnailUrl\":\"https:\/\/koylio-seura.fi\/wp-content\/uploads\/2024\/02\/ph-surmav_up200124p.jpg\",\"datePublished\":\"2024-01-23T17:42:22+00:00\",\"dateModified\":\"2024-03-04T08:36:48+00:00\",\"breadcrumb\":{\"@id\":\"https:\/\/koylio-seura.fi\/?page_id=6219#breadcrumb\"},\"inLanguage\":\"fi\",\"potentialAction\":[{\"@type\":\"ReadAction\",\"target\":[\"https:\/\/koylio-seura.fi\/?page_id=6219\"]}]},{\"@type\":\"ImageObject\",\"inLanguage\":\"fi\",\"@id\":\"https:\/\/koylio-seura.fi\/?page_id=6219#primaryimage\",\"url\":\"https:\/\/koylio-seura.fi\/wp-content\/uploads\/2024\/02\/ph-surmav_up200124p.jpg\",\"contentUrl\":\"https:\/\/koylio-seura.fi\/wp-content\/uploads\/2024\/02\/ph-surmav_up200124p.jpg\",\"width\":700,\"height\":467,\"caption\":\"Pyh\u00e4n Henrikin surmavirsi -esityksen henkil\u00f6t Kuva: Ari St\u00e5hlman\"},{\"@type\":\"BreadcrumbList\",\"@id\":\"https:\/\/koylio-seura.fi\/?page_id=6219#breadcrumb\",\"itemListElement\":[{\"@type\":\"ListItem\",\"position\":1,\"name\":\"Etusivu\",\"item\":\"https:\/\/koylio-seura.fi\/\"},{\"@type\":\"ListItem\",\"position\":2,\"name\":\"Tapahtunutta\",\"item\":\"https:\/\/koylio-seura.fi\/?page_id=370\"},{\"@type\":\"ListItem\",\"position\":3,\"name\":\"Talvi-Henrikit\"}]},{\"@type\":\"WebSite\",\"@id\":\"https:\/\/koylio-seura.fi\/#website\",\"url\":\"https:\/\/koylio-seura.fi\/\",\"name\":\"K\u00f6yli\u00f6-seura\",\"description\":\"\",\"publisher\":{\"@id\":\"https:\/\/koylio-seura.fi\/#organization\"},\"potentialAction\":[{\"@type\":\"SearchAction\",\"target\":{\"@type\":\"EntryPoint\",\"urlTemplate\":\"https:\/\/koylio-seura.fi\/?s={search_term_string}\"},\"query-input\":{\"@type\":\"PropertyValueSpecification\",\"valueRequired\":true,\"valueName\":\"search_term_string\"}}],\"inLanguage\":\"fi\"},{\"@type\":\"Organization\",\"@id\":\"https:\/\/koylio-seura.fi\/#organization\",\"name\":\"K\u00f6yli\u00f6-seura\",\"url\":\"https:\/\/koylio-seura.fi\/\",\"logo\":{\"@type\":\"ImageObject\",\"inLanguage\":\"fi\",\"@id\":\"https:\/\/koylio-seura.fi\/#\/schema\/logo\/image\/\",\"url\":\"https:\/\/koylio-seura.fi\/wp-content\/uploads\/2023\/07\/cropped-KS-logo-23.png\",\"contentUrl\":\"https:\/\/koylio-seura.fi\/wp-content\/uploads\/2023\/07\/cropped-KS-logo-23.png\",\"width\":530,\"height\":619,\"caption\":\"K\u00f6yli\u00f6-seura\"},\"image\":{\"@id\":\"https:\/\/koylio-seura.fi\/#\/schema\/logo\/image\/\"}}]}<\/script>\n<!-- \/ Yoast SEO plugin. -->","yoast_head_json":{"title":"Talvi-Henrikit - K\u00f6yli\u00f6-seura","robots":{"index":"index","follow":"follow","max-snippet":"max-snippet:-1","max-image-preview":"max-image-preview:large","max-video-preview":"max-video-preview:-1"},"canonical":"https:\/\/koylio-seura.fi\/?page_id=6219","og_locale":"fi_FI","og_type":"article","og_title":"Talvi-Henrikit - K\u00f6yli\u00f6-seura","og_description":"Pyh\u00e4n Henrikin surmavirsi -tapahtuma 20.1.2024 K\u00f6yli\u00f6ss\u00e4 \u00a0 Pyh\u00e4n Henrikin surmavirsi -esityksen henkil\u00f6t\u00a0 \u00a0 \u00a0 \u00a0 Kuva: Ari St\u00e5hlman K\u00f6yli\u00f6-seura ja S\u00e4kyl\u00e4-K\u00f6yli\u00f6n seurakunta j\u00e4rjestiv\u00e4t yhdess\u00e4 Pyh\u00e4n Henrikin surmavirsi -tapahtuman Piispa Henrikin ja Lallin muistop\u00e4iv\u00e4n\u00e4 20.1.2024. Tapahtuma alkoi yhteisvastuulounaalla K\u00f6yli\u00f6n seurakuntatalolla. L\u00e4mmint\u00e4 ... Lue lis\u00e4\u00e4","og_url":"https:\/\/koylio-seura.fi\/?page_id=6219","og_site_name":"K\u00f6yli\u00f6-seura","article_modified_time":"2024-03-04T08:36:48+00:00","og_image":[{"url":"https:\/\/koylio-seura.fi\/wp-content\/uploads\/2024\/02\/ph-surmav_up200124p.jpg","type":"","width":"","height":""}],"twitter_card":"summary_large_image","twitter_misc":{"Arvioitu lukuaika":"6 minuuttia"},"schema":{"@context":"https:\/\/schema.org","@graph":[{"@type":"WebPage","@id":"https:\/\/koylio-seura.fi\/?page_id=6219","url":"https:\/\/koylio-seura.fi\/?page_id=6219","name":"Talvi-Henrikit - K\u00f6yli\u00f6-seura","isPartOf":{"@id":"https:\/\/koylio-seura.fi\/#website"},"primaryImageOfPage":{"@id":"https:\/\/koylio-seura.fi\/?page_id=6219#primaryimage"},"image":{"@id":"https:\/\/koylio-seura.fi\/?page_id=6219#primaryimage"},"thumbnailUrl":"https:\/\/koylio-seura.fi\/wp-content\/uploads\/2024\/02\/ph-surmav_up200124p.jpg","datePublished":"2024-01-23T17:42:22+00:00","dateModified":"2024-03-04T08:36:48+00:00","breadcrumb":{"@id":"https:\/\/koylio-seura.fi\/?page_id=6219#breadcrumb"},"inLanguage":"fi","potentialAction":[{"@type":"ReadAction","target":["https:\/\/koylio-seura.fi\/?page_id=6219"]}]},{"@type":"ImageObject","inLanguage":"fi","@id":"https:\/\/koylio-seura.fi\/?page_id=6219#primaryimage","url":"https:\/\/koylio-seura.fi\/wp-content\/uploads\/2024\/02\/ph-surmav_up200124p.jpg","contentUrl":"https:\/\/koylio-seura.fi\/wp-content\/uploads\/2024\/02\/ph-surmav_up200124p.jpg","width":700,"height":467,"caption":"Pyh\u00e4n Henrikin surmavirsi -esityksen henkil\u00f6t Kuva: Ari St\u00e5hlman"},{"@type":"BreadcrumbList","@id":"https:\/\/koylio-seura.fi\/?page_id=6219#breadcrumb","itemListElement":[{"@type":"ListItem","position":1,"name":"Etusivu","item":"https:\/\/koylio-seura.fi\/"},{"@type":"ListItem","position":2,"name":"Tapahtunutta","item":"https:\/\/koylio-seura.fi\/?page_id=370"},{"@type":"ListItem","position":3,"name":"Talvi-Henrikit"}]},{"@type":"WebSite","@id":"https:\/\/koylio-seura.fi\/#website","url":"https:\/\/koylio-seura.fi\/","name":"K\u00f6yli\u00f6-seura","description":"","publisher":{"@id":"https:\/\/koylio-seura.fi\/#organization"},"potentialAction":[{"@type":"SearchAction","target":{"@type":"EntryPoint","urlTemplate":"https:\/\/koylio-seura.fi\/?s={search_term_string}"},"query-input":{"@type":"PropertyValueSpecification","valueRequired":true,"valueName":"search_term_string"}}],"inLanguage":"fi"},{"@type":"Organization","@id":"https:\/\/koylio-seura.fi\/#organization","name":"K\u00f6yli\u00f6-seura","url":"https:\/\/koylio-seura.fi\/","logo":{"@type":"ImageObject","inLanguage":"fi","@id":"https:\/\/koylio-seura.fi\/#\/schema\/logo\/image\/","url":"https:\/\/koylio-seura.fi\/wp-content\/uploads\/2023\/07\/cropped-KS-logo-23.png","contentUrl":"https:\/\/koylio-seura.fi\/wp-content\/uploads\/2023\/07\/cropped-KS-logo-23.png","width":530,"height":619,"caption":"K\u00f6yli\u00f6-seura"},"image":{"@id":"https:\/\/koylio-seura.fi\/#\/schema\/logo\/image\/"}}]}},"_links":{"self":[{"href":"https:\/\/koylio-seura.fi\/index.php?rest_route=\/wp\/v2\/pages\/6219","targetHints":{"allow":["GET"]}}],"collection":[{"href":"https:\/\/koylio-seura.fi\/index.php?rest_route=\/wp\/v2\/pages"}],"about":[{"href":"https:\/\/koylio-seura.fi\/index.php?rest_route=\/wp\/v2\/types\/page"}],"author":[{"embeddable":true,"href":"https:\/\/koylio-seura.fi\/index.php?rest_route=\/wp\/v2\/users\/1"}],"replies":[{"embeddable":true,"href":"https:\/\/koylio-seura.fi\/index.php?rest_route=%2Fwp%2Fv2%2Fcomments&post=6219"}],"version-history":[{"count":59,"href":"https:\/\/koylio-seura.fi\/index.php?rest_route=\/wp\/v2\/pages\/6219\/revisions"}],"predecessor-version":[{"id":13720,"href":"https:\/\/koylio-seura.fi\/index.php?rest_route=\/wp\/v2\/pages\/6219\/revisions\/13720"}],"up":[{"embeddable":true,"href":"https:\/\/koylio-seura.fi\/index.php?rest_route=\/wp\/v2\/pages\/370"}],"wp:attachment":[{"href":"https:\/\/koylio-seura.fi\/index.php?rest_route=%2Fwp%2Fv2%2Fmedia&parent=6219"}],"curies":[{"name":"wp","href":"https:\/\/api.w.org\/{rel}","templated":true}]}}