{"id":1493,"date":"2023-10-22T10:51:28","date_gmt":"2023-10-22T10:51:28","guid":{"rendered":"https:\/\/koylio-seura.eitcon.com\/?page_id=1493"},"modified":"2024-03-10T15:17:31","modified_gmt":"2024-03-10T15:17:31","slug":"porissa-tapahtuu","status":"publish","type":"page","link":"https:\/\/koylio-seura.fi\/?page_id=1493","title":{"rendered":"Porin seutu"},"content":{"rendered":"\t\t<div data-elementor-type=\"wp-page\" data-elementor-id=\"1493\" class=\"elementor elementor-1493\" data-elementor-post-type=\"page\">\n\t\t\t\t\t\t<section class=\"elementor-section elementor-top-section elementor-element elementor-element-b80d026 elementor-section-boxed elementor-section-height-default elementor-section-height-default\" data-id=\"b80d026\" data-element_type=\"section\">\n\t\t\t\t\t\t<div class=\"elementor-container elementor-column-gap-default\">\n\t\t\t\t\t<div class=\"elementor-column elementor-col-100 elementor-top-column elementor-element elementor-element-0405873\" data-id=\"0405873\" data-element_type=\"column\">\n\t\t\t<div class=\"elementor-widget-wrap elementor-element-populated\">\n\t\t\t\t\t\t<div class=\"elementor-element elementor-element-2405ed1 elementor-widget elementor-widget-heading\" data-id=\"2405ed1\" data-element_type=\"widget\" data-widget_type=\"heading.default\">\n\t\t\t\t<div class=\"elementor-widget-container\">\n\t\t\t\t\t<h2 class=\"elementor-heading-title elementor-size-default\">Porin seudulla tapahtunutta<\/h2>\t\t\t\t<\/div>\n\t\t\t\t<\/div>\n\t\t\t\t\t<\/div>\n\t\t<\/div>\n\t\t\t\t\t<\/div>\n\t\t<\/section>\n\t\t\t\t<section class=\"elementor-section elementor-top-section elementor-element elementor-element-980fc92 elementor-section-boxed elementor-section-height-default elementor-section-height-default\" data-id=\"980fc92\" data-element_type=\"section\">\n\t\t\t\t\t\t<div class=\"elementor-container elementor-column-gap-default\">\n\t\t\t\t\t<div class=\"elementor-column elementor-col-100 elementor-top-column elementor-element elementor-element-ab202d0\" data-id=\"ab202d0\" data-element_type=\"column\">\n\t\t\t<div class=\"elementor-widget-wrap elementor-element-populated\">\n\t\t\t\t\t\t<div class=\"elementor-element elementor-element-efb1d01 elementor-widget elementor-widget-accordion\" data-id=\"efb1d01\" data-element_type=\"widget\" data-widget_type=\"accordion.default\">\n\t\t\t\t<div class=\"elementor-widget-container\">\n\t\t\t\t\t\t\t<div class=\"elementor-accordion\">\n\t\t\t\t\t\t\t<div class=\"elementor-accordion-item\">\n\t\t\t\t\t<div id=\"elementor-tab-title-2511\" class=\"elementor-tab-title\" data-tab=\"1\" role=\"button\" aria-controls=\"elementor-tab-content-2511\" aria-expanded=\"false\">\n\t\t\t\t\t\t\t\t\t\t\t\t\t<span class=\"elementor-accordion-icon elementor-accordion-icon-left\" aria-hidden=\"true\">\n\t\t\t\t\t\t\t\t\t\t\t\t\t\t\t<span class=\"elementor-accordion-icon-closed\"><i class=\"fas fa-plus\"><\/i><\/span>\n\t\t\t\t\t\t\t\t<span class=\"elementor-accordion-icon-opened\"><i class=\"fas fa-minus\"><\/i><\/span>\n\t\t\t\t\t\t\t\t\t\t\t\t\t\t<\/span>\n\t\t\t\t\t\t\t\t\t\t\t\t<a class=\"elementor-accordion-title\" tabindex=\"0\">Yst\u00e4v\u00e4tapaaminen Porin kaupunginkirjastossa 6.11.2023<\/a>\n\t\t\t\t\t<\/div>\n\t\t\t\t\t<div id=\"elementor-tab-content-2511\" class=\"elementor-tab-content elementor-clearfix\" data-tab=\"1\" role=\"region\" aria-labelledby=\"elementor-tab-title-2511\"><p><img decoding=\"async\" class=\"alignleft size-medium wp-image-3130\" src=\"https:\/\/koylio-seura.eitcon.com\/wp-content\/uploads\/2023\/11\/Lallis_fb2_1200x628-1-300x157.jpg\" alt=\"\" width=\"300\" height=\"157\" srcset=\"https:\/\/koylio-seura.fi\/wp-content\/uploads\/2023\/11\/Lallis_fb2_1200x628-1-300x157.jpg 300w, https:\/\/koylio-seura.fi\/wp-content\/uploads\/2023\/11\/Lallis_fb2_1200x628-1-1024x536.jpg 1024w, https:\/\/koylio-seura.fi\/wp-content\/uploads\/2023\/11\/Lallis_fb2_1200x628-1-768x402.jpg 768w, https:\/\/koylio-seura.fi\/wp-content\/uploads\/2023\/11\/Lallis_fb2_1200x628-1.jpg 1200w\" sizes=\"(max-width: 300px) 100vw, 300px\" \/>Paikalla oli kahdeksan K\u00f6yli\u00f6n yst\u00e4v\u00e4\u00e4 ja kolme \u201dulkopuolista\u201d k\u00e4vi hakemassa varaamansa Lallis-kirjan. Legendaarinen Lallis-kirja oli tapaamisen p\u00e4\u00e4teema. Keskustelimme kirjasta vapaamuotoisesti ja muistelimme Lallis-kokemuksiamme. Terttu on myynyt kirjoja Eurajoella ja nyt Porissa, yhteens\u00e4 15 kappaletta. Kirjoja kysyt\u00e4\u00e4n alueella, ja joulumyyntiin on valmistauduttu.<\/p><p>Tiedot antoiTerttu Kalmeenoja.<\/p><p>Teksti: Marita Holkeri<\/p><p>Kuvat:\u00a0<span style=\"background-color: var(--base-3); color: var(--contrast);\">Lallis-kirjan mainos Simo Nummi<\/span><\/p><p><a href=\"https:\/\/koylio-seura.fi\/wp-content\/uploads\/2023\/11\/Muistio-Porin-seudun-ystavatapaamisesta-6.11.2023-Porissa.pdf\" target=\"_blank\" rel=\"noopener\"><span style=\"background-color: var(--base-3); color: var(--contrast);\">Muistio<\/span><\/a><\/p><\/div>\n\t\t\t\t<\/div>\n\t\t\t\t\t\t\t<div class=\"elementor-accordion-item\">\n\t\t\t\t\t<div id=\"elementor-tab-title-2512\" class=\"elementor-tab-title\" data-tab=\"2\" role=\"button\" aria-controls=\"elementor-tab-content-2512\" aria-expanded=\"false\">\n\t\t\t\t\t\t\t\t\t\t\t\t\t<span class=\"elementor-accordion-icon elementor-accordion-icon-left\" aria-hidden=\"true\">\n\t\t\t\t\t\t\t\t\t\t\t\t\t\t\t<span class=\"elementor-accordion-icon-closed\"><i class=\"fas fa-plus\"><\/i><\/span>\n\t\t\t\t\t\t\t\t<span class=\"elementor-accordion-icon-opened\"><i class=\"fas fa-minus\"><\/i><\/span>\n\t\t\t\t\t\t\t\t\t\t\t\t\t\t<\/span>\n\t\t\t\t\t\t\t\t\t\t\t\t<a class=\"elementor-accordion-title\" tabindex=\"0\">Yst\u00e4v\u00e4tapaaminen retkell\u00e4 Noormarkkuun 20.5.2023<\/a>\n\t\t\t\t\t<\/div>\n\t\t\t\t\t<div id=\"elementor-tab-content-2512\" class=\"elementor-tab-content elementor-clearfix\" data-tab=\"2\" role=\"region\" aria-labelledby=\"elementor-tab-title-2512\"><p><span style=\"background-color: var(--base-3); color: var(--contrast);\">Porin seudun K\u00f6yli\u00f6n yst\u00e4v\u00e4t retkeiliv\u00e4t 20.5.2023 Noormarkussa Villa Maireassa ja A. Ahlstr\u00f6min teollisuussuvun ruukkialueella opastetulla kerroksella. Lopuksi nautimme lounaan Noormarkun klubilla.\u00a0<\/span><\/p><p>Villa Maireahan on Alvar Aallon maailmankuulu klassikkorakennus, joka on suunniteltu asuinrakennukseksi ja ty\u00f6tilaksi Maire Gullichsenille ja Antti Ahlstr\u00f6mille. Ahlstr\u00f6min suku k\u00e4ytt\u00e4\u00e4 sit\u00e4 edelleen loma-asuntona.\u00a0<\/p><p>Laaja ruukkialue on suomalaista teollisuushistoriaa. Se on kaunis, laaja kokonaisuus eritt\u00e4in hyvin hoidettuine rakennuksineen.<\/p><p>Lopuksi nautimme herkullisen lounaan Noormarkun klubilla.\u00a0<\/p><p>S\u00e4\u00e4 suosi erinomaisesti kev\u00e4ist\u00e4 retke\u00e4mme. Kiitos ja hyv\u00e4\u00e4 kes\u00e4\u00e4 kaikille 15 osallistujalle!<\/p><p>Teksti ja kuvat: Terttu Kalmeenoja<\/p><div><a href=\"https:\/\/koylio-seura.fi\/wp-content\/uploads\/2023\/11\/Muistio-Porin-seudun-Koylion-ystavien-retkesta-Noormarkkuun-205.2023.pdf\" target=\"_blank\" rel=\"noopener\">Muistio p\u00e4iv\u00e4st\u00e4 Noormarkussa<\/a><\/div><\/div>\n\t\t\t\t<\/div>\n\t\t\t\t\t\t\t<div class=\"elementor-accordion-item\">\n\t\t\t\t\t<div id=\"elementor-tab-title-2513\" class=\"elementor-tab-title\" data-tab=\"3\" role=\"button\" aria-controls=\"elementor-tab-content-2513\" aria-expanded=\"false\">\n\t\t\t\t\t\t\t\t\t\t\t\t\t<span class=\"elementor-accordion-icon elementor-accordion-icon-left\" aria-hidden=\"true\">\n\t\t\t\t\t\t\t\t\t\t\t\t\t\t\t<span class=\"elementor-accordion-icon-closed\"><i class=\"fas fa-plus\"><\/i><\/span>\n\t\t\t\t\t\t\t\t<span class=\"elementor-accordion-icon-opened\"><i class=\"fas fa-minus\"><\/i><\/span>\n\t\t\t\t\t\t\t\t\t\t\t\t\t\t<\/span>\n\t\t\t\t\t\t\t\t\t\t\t\t<a class=\"elementor-accordion-title\" tabindex=\"0\">Porissa 1.12.2022 Teatteri-ilta K\u00f6yli\u00f6n yst\u00e4vien kanssa<\/a>\n\t\t\t\t\t<\/div>\n\t\t\t\t\t<div id=\"elementor-tab-content-2513\" class=\"elementor-tab-content elementor-clearfix\" data-tab=\"3\" role=\"region\" aria-labelledby=\"elementor-tab-title-2513\"><p><span style=\"background-color: var(--base-3); color: var(--contrast);\">Teatterin ohjelmistossa oli Evita-musikaali, joka oli visuaalisesti upea lavastuksen ja valaistuksen suhteen. Tarina, musiikki ja tanssi, erityisesti tunnuss\u00e4vel Don\u00b4t cry for me Argentina, olivat samoin vaikuttavia. Hieno teatteriel\u00e4mys! Mukana oli nelj\u00e4 K\u00f6yli\u00f6n yst\u00e4v\u00e4\u00e4 ja nelj\u00e4 yst\u00e4vien tuttavaa.<\/span><\/p><p><span style=\"background-color: var(--base-3); color: var(--contrast);\">Tiedot antoi Terttu Kalmeenoja<\/span><\/p><\/div>\n\t\t\t\t<\/div>\n\t\t\t\t\t\t\t<div class=\"elementor-accordion-item\">\n\t\t\t\t\t<div id=\"elementor-tab-title-2514\" class=\"elementor-tab-title\" data-tab=\"4\" role=\"button\" aria-controls=\"elementor-tab-content-2514\" aria-expanded=\"false\">\n\t\t\t\t\t\t\t\t\t\t\t\t\t<span class=\"elementor-accordion-icon elementor-accordion-icon-left\" aria-hidden=\"true\">\n\t\t\t\t\t\t\t\t\t\t\t\t\t\t\t<span class=\"elementor-accordion-icon-closed\"><i class=\"fas fa-plus\"><\/i><\/span>\n\t\t\t\t\t\t\t\t<span class=\"elementor-accordion-icon-opened\"><i class=\"fas fa-minus\"><\/i><\/span>\n\t\t\t\t\t\t\t\t\t\t\t\t\t\t<\/span>\n\t\t\t\t\t\t\t\t\t\t\t\t<a class=\"elementor-accordion-title\" tabindex=\"0\">Porin seudun yst\u00e4v\u00e4tapaaminen Porin taidemuseossa 8.11.2021<\/a>\n\t\t\t\t\t<\/div>\n\t\t\t\t\t<div id=\"elementor-tab-content-2514\" class=\"elementor-tab-content elementor-clearfix\" data-tab=\"4\" role=\"region\" aria-labelledby=\"elementor-tab-title-2514\"><p>Me Porin seudun K\u00f6yli\u00f6n yst\u00e4v\u00e4t kokoonnuimme 18.11.2021 vakiintuneella, 6 henkil\u00f6\u00e4, porukalla. Vain yksi aktiivisista osallistujista oli estynyt.<\/p><p><span style=\"background-color: var(--base-3); color: var(--contrast);\">Aloitimme illan Porin taidemuseon kahdessa n\u00e4yttelyss\u00e4: Tomaso de Lucan video- ja \u00e4\u00e4niteos, A Week\u00b4s Notice \/ Yhden viikon irtisanomisaika ja Tutustu Taiteilijaan Juuso Lepp\u00e4l\u00e4. Sen j\u00e4lkeen vietimme rattoisan illan ravintola Amadossa ruokaillen ja seurustellen. Lopuksi suunnittelimme ensi vuoden kokoontumisp\u00e4iv\u00e4t: kev\u00e4\u00e4ll\u00e4 1.3 klo 18 ja syksyll\u00e4 30.11 klo 18. Kokoontumispaikat ja ohjelmat ovat viel\u00e4 auki ja kaikki ehdotukset ovat tervetulleita! Lis\u00e4ksi sovimme, ett\u00e4 kes\u00e4ll\u00e4 teemme retken Eurajoelle Wuojoen kartanolle, koska viimekertaisella retkell\u00e4 useimmat nyt paikalla olleista eiv\u00e4t olleet mukana. Sen ajankohta ja ohjelma on viel\u00e4 auki.<\/span><\/p><p><span style=\"background-color: var(--base-3); color: var(--contrast);\">Tervetuloa mukaan!<\/span><\/p><p><span style=\"background-color: var(--base-3); color: var(--contrast);\">Terttu K. &amp; Kaisa H.<\/span><\/p><\/div>\n\t\t\t\t<\/div>\n\t\t\t\t\t\t\t<div class=\"elementor-accordion-item\">\n\t\t\t\t\t<div id=\"elementor-tab-title-2515\" class=\"elementor-tab-title\" data-tab=\"5\" role=\"button\" aria-controls=\"elementor-tab-content-2515\" aria-expanded=\"false\">\n\t\t\t\t\t\t\t\t\t\t\t\t\t<span class=\"elementor-accordion-icon elementor-accordion-icon-left\" aria-hidden=\"true\">\n\t\t\t\t\t\t\t\t\t\t\t\t\t\t\t<span class=\"elementor-accordion-icon-closed\"><i class=\"fas fa-plus\"><\/i><\/span>\n\t\t\t\t\t\t\t\t<span class=\"elementor-accordion-icon-opened\"><i class=\"fas fa-minus\"><\/i><\/span>\n\t\t\t\t\t\t\t\t\t\t\t\t\t\t<\/span>\n\t\t\t\t\t\t\t\t\t\t\t\t<a class=\"elementor-accordion-title\" tabindex=\"0\">Porin seudun K\u00f6yli\u00f6n yst\u00e4vien kiertoajelu K\u00f6yli\u00f6ss\u00e4 6.7.2021<\/a>\n\t\t\t\t\t<\/div>\n\t\t\t\t\t<div id=\"elementor-tab-content-2515\" class=\"elementor-tab-content elementor-clearfix\" data-tab=\"5\" role=\"region\" aria-labelledby=\"elementor-tab-title-2515\"><p>Me Porin seudun K\u00f6yli\u00f6n yst\u00e4v\u00e4t retkeilimme eilen, Eino Leinon p\u00e4iv\u00e4n\u00e4, entisell\u00e4 kotiseudullamme K\u00f6yli\u00f6ss\u00e4 p\u00e4\u00e4st\u00e4 p\u00e4\u00e4h\u00e4n ja &#8221;ristiin rastiin&#8221;. Mukana oli seitsem\u00e4n tapahtumiimme aktiivisesti osallistuvaa, joista kaksi &#8221;parhaita K\u00f6yli\u00f6n yst\u00e4vi\u00e4&#8221; eli v\u00e4vyj\u00e4.<\/p><p><span style=\"background-color: var(--base-3); color: var(--contrast);\">Matkailuautolla tehty kierroksemme kiersi reitti\u00e4: Tuiskulan Kotikolo ja H\u00e4rk\u00e4l\u00e4n puutarhan konttimyym\u00e4l\u00e4 &#8211; K\u00f6yli\u00f6n vanhakartano ja kirkkosaari &#8211; Vuorenmaa &#8211; Kankaanp\u00e4\u00e4 ja Kuninkaanl\u00e4hde &#8211; Carmi Oy (uusi laatikkoyritys ent. kunnantalolla) ja Villa Linturi Kepolassa &#8211; kierros Huhdinkyl\u00e4ss\u00e4 &#8211; Yttil\u00e4n museokoulu ja iltatori sek\u00e4 j\u00e4rven pohjoispuolta Tuiskulaan ja Voitoisiin.<\/span><\/p><p><span style=\"background-color: var(--base-3); color: var(--contrast);\">Retkip\u00e4iv\u00e4 oli pitk\u00e4, mutta onnistunut ja n\u00e4imme paljon sek\u00e4 vanhaa ett\u00e4 uutta. Kiitos iloisille ja reippaille osallistujille.<\/span><\/p><p><span style=\"background-color: var(--base-3); color: var(--contrast);\">Erityiskiitos Vapaaherra Axel Cedercreutzille ja Barbro-rouvalle, jotka yll\u00e4ttiv\u00e4t meid\u00e4t yst\u00e4v\u00e4llisell\u00e4 esittelykierroksella kartanon yksityisalueella ja upeassa k\u00e4rrymuseossa!<\/span><\/p><p><span style=\"background-color: var(--base-3); color: var(--contrast);\">Kiitos my\u00f6s mahdollisuudesta p\u00e4\u00e4st\u00e4 k\u00e4ym\u00e4\u00e4n Kotikolossa ja Carmi Oy:ss\u00e4! Oli hienoa todeta kuinka viihtyis\u00e4, uudistuva ja monipuolisen vire\u00e4sti toimiva K\u00f6yli\u00f6 edelleen on!<\/span><\/p><p><span style=\"background-color: var(--base-3); color: var(--contrast);\">Teksti ja kuvat: Terttu Kalmeenoja<\/span><\/p><p><a href=\"https:\/\/koylio-seura.fi\/wp-content\/uploads\/2023\/11\/Porin-seudun-ystavien-kiertoajelu-Koyliossa-6.pdf\" target=\"_blank\" rel=\"noopener\"><span style=\"background-color: var(--base-3); color: var(--contrast);\">Muistio kiertoajelusta<\/span><\/a>\u00a0avautuu t\u00e4st\u00e4.<\/p><\/div>\n\t\t\t\t<\/div>\n\t\t\t\t\t\t\t<div class=\"elementor-accordion-item\">\n\t\t\t\t\t<div id=\"elementor-tab-title-2516\" class=\"elementor-tab-title\" data-tab=\"6\" role=\"button\" aria-controls=\"elementor-tab-content-2516\" aria-expanded=\"false\">\n\t\t\t\t\t\t\t\t\t\t\t\t\t<span class=\"elementor-accordion-icon elementor-accordion-icon-left\" aria-hidden=\"true\">\n\t\t\t\t\t\t\t\t\t\t\t\t\t\t\t<span class=\"elementor-accordion-icon-closed\"><i class=\"fas fa-plus\"><\/i><\/span>\n\t\t\t\t\t\t\t\t<span class=\"elementor-accordion-icon-opened\"><i class=\"fas fa-minus\"><\/i><\/span>\n\t\t\t\t\t\t\t\t\t\t\t\t\t\t<\/span>\n\t\t\t\t\t\t\t\t\t\t\t\t<a class=\"elementor-accordion-title\" tabindex=\"0\">Yst\u00e4v\u00e4tapaaminen 4.5.2019 Porin Diakonialaitoksen Pihlajasalin kokoustilassa<\/a>\n\t\t\t\t\t<\/div>\n\t\t\t\t\t<div id=\"elementor-tab-content-2516\" class=\"elementor-tab-content elementor-clearfix\" data-tab=\"6\" role=\"region\" aria-labelledby=\"elementor-tab-title-2516\"><p><span style=\"background-color: var(--base-3); color: var(--contrast);\"><img fetchpriority=\"high\" decoding=\"async\" class=\"alignright size-medium wp-image-2485\" src=\"https:\/\/koylio-seura.eitcon.com\/wp-content\/uploads\/2023\/11\/P1140851-1-300x169.jpg\" alt=\"\" width=\"300\" height=\"169\" srcset=\"https:\/\/koylio-seura.fi\/wp-content\/uploads\/2023\/11\/P1140851-1-300x169.jpg 300w, https:\/\/koylio-seura.fi\/wp-content\/uploads\/2023\/11\/P1140851-1-1024x576.jpg 1024w, https:\/\/koylio-seura.fi\/wp-content\/uploads\/2023\/11\/P1140851-1-768x432.jpg 768w, https:\/\/koylio-seura.fi\/wp-content\/uploads\/2023\/11\/P1140851-1.jpg 1200w\" sizes=\"(max-width: 300px) 100vw, 300px\" \/>Kokoonnuimme Porin\u00a0<\/span><span style=\"background-color: var(--base-3); color: var(--contrast);\">Diakonialaitoksen Pihlajasalin kokoustilassa. Terttu Kalmeenoja toivotti meid\u00e4t K\u00f6yli\u00f6n yst\u00e4v\u00e4t tervetulleiksi. H\u00e4n oli Porin seudun K\u00f6yli\u00f6n yst\u00e4v\u00e4t-jaoston j\u00e4senen\u00e4 varannut paikan ja hoitanut tarvittavat j\u00e4rjestelyt. Meit\u00e4 oli koolla 16 henkil\u00f6\u00e4.<\/span><\/p><p><span style=\"background-color: var(--base-3); color: var(--contrast);\">Ohjelman aluksi Samuli Vahteristo kertoi kuvin ja sanoin K\u00f6yliist 15-kirjan t\u00e4m\u00e4n hetkisest\u00e4 syntyvaiheesta. Samulin esityksen j\u00e4lkeen nautimme kahvia\/teet\u00e4 suolaisen palan kera. Kahvittelun aikana oli mukavaa keskustella ja vaihtaa kuulumisia. Seuraavaksi Helena Santala toi terveiset K\u00f6yli\u00f6-seurasta. H\u00e4n kertoi kev\u00e4tkaudella jo olleista sek\u00e4 tulevista tapahtumista ja tilaisuuksista.\u00a0 Saimme runsaasti tietoa K\u00f6yli\u00f6-p\u00e4ivien ohjelmasta.<\/span><\/p><p><span style=\"background-color: var(--base-3); color: var(--contrast);\">Holkerin Marita jatkoi sitten kertomalla K\u00f6yli\u00f6n yst\u00e4vien 10-vuotisjuhlasta. Uutena asiana Raumalla kerrottuun oli se, ett\u00e4 saamme iltajuhlaan juhlapuhujaksi Olli Iham\u00e4en. Juhlaty\u00f6ryhm\u00e4ll\u00e4 tulee olemaan viel\u00e4 paljon pohdittavaa ja p\u00e4\u00e4tett\u00e4v\u00e4\u00e4 koko p\u00e4iv\u00e4n 31.8. organisoinnista, ohjelmista, tarjoiluista, ym.<\/span><\/p><p><span style=\"background-color: var(--base-3); color: var(--contrast);\">Kalevi Salmi esitteli K\u00f6yli\u00f6n valokuvat-arkistoa, pyhiinvaellusasioita ja tulevaa sukututkimuskurssia. Keskustelu asioista v\u00e4rittyi paikallisesti ja osallistujien mukaan. Saimme seikkaper\u00e4isen selvityksen valokuva-arkiston kuvahausta ym.<\/span><\/p><p><span style=\"background-color: var(--base-3); color: var(--contrast);\">Tilaisuus oli anniltaan runsas. Siit\u00e4 kiitokset esiintyjille ja kaikille mukana olleille. L\u00e4mpim\u00e4t kiitokset my\u00f6s Tertulle tilaisuuden j\u00e4rjestelyist\u00e4.<\/span><\/p><p><span style=\"background-color: var(--base-3); color: var(--contrast);\">\u00a0Muistiin kirjoitti Marita Holkeri<\/span><\/p><\/div>\n\t\t\t\t<\/div>\n\t\t\t\t\t\t\t<div class=\"elementor-accordion-item\">\n\t\t\t\t\t<div id=\"elementor-tab-title-2517\" class=\"elementor-tab-title\" data-tab=\"7\" role=\"button\" aria-controls=\"elementor-tab-content-2517\" aria-expanded=\"false\">\n\t\t\t\t\t\t\t\t\t\t\t\t\t<span class=\"elementor-accordion-icon elementor-accordion-icon-left\" aria-hidden=\"true\">\n\t\t\t\t\t\t\t\t\t\t\t\t\t\t\t<span class=\"elementor-accordion-icon-closed\"><i class=\"fas fa-plus\"><\/i><\/span>\n\t\t\t\t\t\t\t\t<span class=\"elementor-accordion-icon-opened\"><i class=\"fas fa-minus\"><\/i><\/span>\n\t\t\t\t\t\t\t\t\t\t\t\t\t\t<\/span>\n\t\t\t\t\t\t\t\t\t\t\t\t<a class=\"elementor-accordion-title\" tabindex=\"0\">K\u00f6yli\u00f6n yst\u00e4v\u00e4t Vuojoen kartanossa 2.9.2018<\/a>\n\t\t\t\t\t<\/div>\n\t\t\t\t\t<div id=\"elementor-tab-content-2517\" class=\"elementor-tab-content elementor-clearfix\" data-tab=\"7\" role=\"region\" aria-labelledby=\"elementor-tab-title-2517\"><p><div id='gallery-1' class='gallery galleryid-1493 gallery-columns-3 gallery-size-thumbnail'><figure class='gallery-item'>\n\t\t\t<div class='gallery-icon landscape'>\n\t\t\t\t<a href='https:\/\/koylio-seura.fi\/?attachment_id=3348'><img decoding=\"async\" width=\"150\" height=\"150\" src=\"https:\/\/koylio-seura.fi\/wp-content\/uploads\/2023\/11\/20180902_221408-150x150.jpg\" class=\"attachment-thumbnail size-thumbnail\" alt=\"\" aria-describedby=\"gallery-1-3348\" \/><\/a>\n\t\t\t<\/div>\n\t\t\t\t<figcaption class='wp-caption-text gallery-caption' id='gallery-1-3348'>\n\t\t\t\tRyhm\u00e4 K\u00f6yli\u00f6n yst\u00e4vi\u00e4 Vuojoen kartanossa 2.9.2018 Kuva: MH\n\t\t\t\t<\/figcaption><\/figure><figure class='gallery-item'>\n\t\t\t<div class='gallery-icon landscape'>\n\t\t\t\t<a href='https:\/\/koylio-seura.fi\/?attachment_id=3350'><img loading=\"lazy\" decoding=\"async\" width=\"150\" height=\"150\" src=\"https:\/\/koylio-seura.fi\/wp-content\/uploads\/2023\/11\/20180902215514-150x150.jpg\" class=\"attachment-thumbnail size-thumbnail\" alt=\"\" aria-describedby=\"gallery-1-3350\" \/><\/a>\n\t\t\t<\/div>\n\t\t\t\t<figcaption class='wp-caption-text gallery-caption' id='gallery-1-3350'>\n\t\t\t\tVuojoen kartano 2.9.2018 Kuva: MH\n\t\t\t\t<\/figcaption><\/figure><figure class='gallery-item'>\n\t\t\t<div class='gallery-icon landscape'>\n\t\t\t\t<a href='https:\/\/koylio-seura.fi\/?attachment_id=3351'><img loading=\"lazy\" decoding=\"async\" width=\"150\" height=\"150\" src=\"https:\/\/koylio-seura.fi\/wp-content\/uploads\/2023\/11\/Eurajoen-kristill.-kansanopisto-150x150.jpg\" class=\"attachment-thumbnail size-thumbnail\" alt=\"\" aria-describedby=\"gallery-1-3351\" \/><\/a>\n\t\t\t<\/div>\n\t\t\t\t<figcaption class='wp-caption-text gallery-caption' id='gallery-1-3351'>\n\t\t\t\tEurajoen kristillinen kansanopisto kuva:MH\n\t\t\t\t<\/figcaption><\/figure>\n\t\t<\/div>\n<\/p><p>K\u00f6yli\u00f6-seura ja K\u00f6yli\u00f6n yst\u00e4v\u00e4t tekiv\u00e4t 2.9.2018 retken Vuojoen kartanoon Eurajoelle (ks. kuva yll\u00e4). Retkelle osallistui 25 henkil\u00f6\u00e4 K\u00f6yli\u00f6st\u00e4 sek\u00e4 Helsingist\u00e4, Turusta ja Tampereelta.\u00a0<\/p><p><span style=\"background-color: var(--base-3); color: var(--contrast);\">Tutustuimme C. L. Engelin 1836 suunnittelemaan kartanon empiretyyliseen p\u00e4\u00e4rakennukseen sek\u00e4 puistoon, vanhaan kuusikujaan ja orangeriaan. Roolioppaina toimivat Riitta S\u00e4teri kartanon mamsellin roolissa ja Heikki Halomo kartanon kirjanpit\u00e4j\u00e4n roolissa. He kertoivat kartanon historiasta.<\/span><\/p><p><span style=\"background-color: var(--base-3); color: var(--contrast);\">Vuojoen kartanon rakennutti Lars Magnus Bj\u00f6rkenheim ja h\u00e4nen aikanaan kartano kehittyi voimakkaasti. Kartanolla oli torppareita noin 90 ja lampuoteja noin 40. Bj\u00f6rkenheimin tyt\u00e4r Louise meni naimisiin K\u00f6yli\u00f6n kartanon pojan Axel Cedercreutzin kanssa. Heid\u00e4n poikansa Emil (1879) oli tunnettu kuvanveist\u00e4j\u00e4 ja siluettitaiteilija. Emil Cedercreutzin museo ja Maahengen temppeli sijaitsee Harjavallassa. Bj\u00f6rkenheimit luopuivat kartanosta 1911. Nyky\u00e4\u00e4n kartanon p\u00e4\u00e4rakennuksen omistaa Eurajoen kunta.\u00a0<\/span><\/p><p><span style=\"background-color: var(--base-3); color: var(--contrast);\">Kartanolla vierailun j\u00e4lkeen nautimme yhdess\u00e4 lounaan Eurajoen kristillisell\u00e4 opistolla. Opiston hallituksen pj Lassi Jaakkola kertoi opiston historiasta ja nykyisest\u00e4 toiminnasta.\u00a0<\/span><\/p><p>Kiitos kaikille mukana olleille ja mukavaa syksy\u00e4!\u00a0<\/p><p>Teksti: Terttu Kalmeenoja<br \/>Kuvat: Marita Holkeri<\/p><div>\u00a0<\/div><\/div>\n\t\t\t\t<\/div>\n\t\t\t\t\t\t\t\t<\/div>\n\t\t\t\t\t\t<\/div>\n\t\t\t\t<\/div>\n\t\t\t\t\t<\/div>\n\t\t<\/div>\n\t\t\t\t\t<\/div>\n\t\t<\/section>\n\t\t\t\t<\/div>\n\t\t","protected":false},"excerpt":{"rendered":"<p>Porin seudulla tapahtunutta Yst\u00e4v\u00e4tapaaminen Porin kaupunginkirjastossa 6.11.2023 Paikalla oli kahdeksan K\u00f6yli\u00f6n yst\u00e4v\u00e4\u00e4 ja kolme \u201dulkopuolista\u201d k\u00e4vi hakemassa varaamansa Lallis-kirjan. Legendaarinen Lallis-kirja oli tapaamisen p\u00e4\u00e4teema. Keskustelimme kirjasta vapaamuotoisesti ja muistelimme Lallis-kokemuksiamme. Terttu on myynyt kirjoja Eurajoella ja nyt Porissa, yhteens\u00e4 15 &#8230; <a title=\"Porin seutu\" class=\"read-more\" href=\"https:\/\/koylio-seura.fi\/?page_id=1493\" aria-label=\"Lue lis\u00e4\u00e4 aiheesta Porin seutu\">Lue lis\u00e4\u00e4<\/a><\/p>\n","protected":false},"author":1,"featured_media":0,"parent":1485,"menu_order":0,"comment_status":"closed","ping_status":"closed","template":"","meta":{"footnotes":""},"class_list":{"0":"post-1493","1":"page","2":"type-page","3":"status-publish","5":"infinite-scroll-item"},"yoast_head":"<!-- This site is optimized with the Yoast SEO plugin v26.6 - https:\/\/yoast.com\/wordpress\/plugins\/seo\/ -->\n<title>Porin seutu - K\u00f6yli\u00f6-seura<\/title>\n<meta name=\"robots\" content=\"index, follow, max-snippet:-1, max-image-preview:large, max-video-preview:-1\" \/>\n<link rel=\"canonical\" href=\"https:\/\/koylio-seura.fi\/?page_id=1493\" \/>\n<meta property=\"og:locale\" content=\"fi_FI\" \/>\n<meta property=\"og:type\" content=\"article\" \/>\n<meta property=\"og:title\" content=\"Porin seutu - K\u00f6yli\u00f6-seura\" \/>\n<meta property=\"og:description\" content=\"Porin seudulla tapahtunutta Yst\u00e4v\u00e4tapaaminen Porin kaupunginkirjastossa 6.11.2023 Paikalla oli kahdeksan K\u00f6yli\u00f6n yst\u00e4v\u00e4\u00e4 ja kolme \u201dulkopuolista\u201d k\u00e4vi hakemassa varaamansa Lallis-kirjan. Legendaarinen Lallis-kirja oli tapaamisen p\u00e4\u00e4teema. Keskustelimme kirjasta vapaamuotoisesti ja muistelimme Lallis-kokemuksiamme. Terttu on myynyt kirjoja Eurajoella ja nyt Porissa, yhteens\u00e4 15 ... Lue lis\u00e4\u00e4\" \/>\n<meta property=\"og:url\" content=\"https:\/\/koylio-seura.fi\/?page_id=1493\" \/>\n<meta property=\"og:site_name\" content=\"K\u00f6yli\u00f6-seura\" \/>\n<meta property=\"article:modified_time\" content=\"2024-03-10T15:17:31+00:00\" \/>\n<meta property=\"og:image\" content=\"https:\/\/koylio-seura.eitcon.com\/wp-content\/uploads\/2023\/11\/Lallis_fb2_1200x628-1-300x157.jpg\" \/>\n<meta name=\"twitter:card\" content=\"summary_large_image\" \/>\n<meta name=\"twitter:label1\" content=\"Arvioitu lukuaika\" \/>\n\t<meta name=\"twitter:data1\" content=\"6 minuuttia\" \/>\n<script type=\"application\/ld+json\" class=\"yoast-schema-graph\">{\"@context\":\"https:\/\/schema.org\",\"@graph\":[{\"@type\":\"WebPage\",\"@id\":\"https:\/\/koylio-seura.fi\/?page_id=1493\",\"url\":\"https:\/\/koylio-seura.fi\/?page_id=1493\",\"name\":\"Porin seutu - K\u00f6yli\u00f6-seura\",\"isPartOf\":{\"@id\":\"https:\/\/koylio-seura.fi\/#website\"},\"primaryImageOfPage\":{\"@id\":\"https:\/\/koylio-seura.fi\/?page_id=1493#primaryimage\"},\"image\":{\"@id\":\"https:\/\/koylio-seura.fi\/?page_id=1493#primaryimage\"},\"thumbnailUrl\":\"https:\/\/koylio-seura.eitcon.com\/wp-content\/uploads\/2023\/11\/Lallis_fb2_1200x628-1-300x157.jpg\",\"datePublished\":\"2023-10-22T10:51:28+00:00\",\"dateModified\":\"2024-03-10T15:17:31+00:00\",\"breadcrumb\":{\"@id\":\"https:\/\/koylio-seura.fi\/?page_id=1493#breadcrumb\"},\"inLanguage\":\"fi\",\"potentialAction\":[{\"@type\":\"ReadAction\",\"target\":[\"https:\/\/koylio-seura.fi\/?page_id=1493\"]}]},{\"@type\":\"ImageObject\",\"inLanguage\":\"fi\",\"@id\":\"https:\/\/koylio-seura.fi\/?page_id=1493#primaryimage\",\"url\":\"https:\/\/koylio-seura.eitcon.com\/wp-content\/uploads\/2023\/11\/Lallis_fb2_1200x628-1-300x157.jpg\",\"contentUrl\":\"https:\/\/koylio-seura.eitcon.com\/wp-content\/uploads\/2023\/11\/Lallis_fb2_1200x628-1-300x157.jpg\"},{\"@type\":\"BreadcrumbList\",\"@id\":\"https:\/\/koylio-seura.fi\/?page_id=1493#breadcrumb\",\"itemListElement\":[{\"@type\":\"ListItem\",\"position\":1,\"name\":\"Etusivu\",\"item\":\"https:\/\/koylio-seura.fi\/\"},{\"@type\":\"ListItem\",\"position\":2,\"name\":\"K\u00f6yli\u00f6n yst\u00e4v\u00e4t\",\"item\":\"https:\/\/koylio-seura.fi\/?page_id=22\"},{\"@type\":\"ListItem\",\"position\":3,\"name\":\"Alueilla tapahtunutta\",\"item\":\"https:\/\/koylio-seura.fi\/?page_id=1485\"},{\"@type\":\"ListItem\",\"position\":4,\"name\":\"Porin seutu\"}]},{\"@type\":\"WebSite\",\"@id\":\"https:\/\/koylio-seura.fi\/#website\",\"url\":\"https:\/\/koylio-seura.fi\/\",\"name\":\"K\u00f6yli\u00f6-seura\",\"description\":\"\",\"publisher\":{\"@id\":\"https:\/\/koylio-seura.fi\/#organization\"},\"potentialAction\":[{\"@type\":\"SearchAction\",\"target\":{\"@type\":\"EntryPoint\",\"urlTemplate\":\"https:\/\/koylio-seura.fi\/?s={search_term_string}\"},\"query-input\":{\"@type\":\"PropertyValueSpecification\",\"valueRequired\":true,\"valueName\":\"search_term_string\"}}],\"inLanguage\":\"fi\"},{\"@type\":\"Organization\",\"@id\":\"https:\/\/koylio-seura.fi\/#organization\",\"name\":\"K\u00f6yli\u00f6-seura\",\"url\":\"https:\/\/koylio-seura.fi\/\",\"logo\":{\"@type\":\"ImageObject\",\"inLanguage\":\"fi\",\"@id\":\"https:\/\/koylio-seura.fi\/#\/schema\/logo\/image\/\",\"url\":\"https:\/\/koylio-seura.fi\/wp-content\/uploads\/2023\/07\/cropped-KS-logo-23.png\",\"contentUrl\":\"https:\/\/koylio-seura.fi\/wp-content\/uploads\/2023\/07\/cropped-KS-logo-23.png\",\"width\":530,\"height\":619,\"caption\":\"K\u00f6yli\u00f6-seura\"},\"image\":{\"@id\":\"https:\/\/koylio-seura.fi\/#\/schema\/logo\/image\/\"}}]}<\/script>\n<!-- \/ Yoast SEO plugin. -->","yoast_head_json":{"title":"Porin seutu - K\u00f6yli\u00f6-seura","robots":{"index":"index","follow":"follow","max-snippet":"max-snippet:-1","max-image-preview":"max-image-preview:large","max-video-preview":"max-video-preview:-1"},"canonical":"https:\/\/koylio-seura.fi\/?page_id=1493","og_locale":"fi_FI","og_type":"article","og_title":"Porin seutu - K\u00f6yli\u00f6-seura","og_description":"Porin seudulla tapahtunutta Yst\u00e4v\u00e4tapaaminen Porin kaupunginkirjastossa 6.11.2023 Paikalla oli kahdeksan K\u00f6yli\u00f6n yst\u00e4v\u00e4\u00e4 ja kolme \u201dulkopuolista\u201d k\u00e4vi hakemassa varaamansa Lallis-kirjan. Legendaarinen Lallis-kirja oli tapaamisen p\u00e4\u00e4teema. Keskustelimme kirjasta vapaamuotoisesti ja muistelimme Lallis-kokemuksiamme. Terttu on myynyt kirjoja Eurajoella ja nyt Porissa, yhteens\u00e4 15 ... Lue lis\u00e4\u00e4","og_url":"https:\/\/koylio-seura.fi\/?page_id=1493","og_site_name":"K\u00f6yli\u00f6-seura","article_modified_time":"2024-03-10T15:17:31+00:00","og_image":[{"url":"https:\/\/koylio-seura.eitcon.com\/wp-content\/uploads\/2023\/11\/Lallis_fb2_1200x628-1-300x157.jpg","type":"","width":"","height":""}],"twitter_card":"summary_large_image","twitter_misc":{"Arvioitu lukuaika":"6 minuuttia"},"schema":{"@context":"https:\/\/schema.org","@graph":[{"@type":"WebPage","@id":"https:\/\/koylio-seura.fi\/?page_id=1493","url":"https:\/\/koylio-seura.fi\/?page_id=1493","name":"Porin seutu - K\u00f6yli\u00f6-seura","isPartOf":{"@id":"https:\/\/koylio-seura.fi\/#website"},"primaryImageOfPage":{"@id":"https:\/\/koylio-seura.fi\/?page_id=1493#primaryimage"},"image":{"@id":"https:\/\/koylio-seura.fi\/?page_id=1493#primaryimage"},"thumbnailUrl":"https:\/\/koylio-seura.eitcon.com\/wp-content\/uploads\/2023\/11\/Lallis_fb2_1200x628-1-300x157.jpg","datePublished":"2023-10-22T10:51:28+00:00","dateModified":"2024-03-10T15:17:31+00:00","breadcrumb":{"@id":"https:\/\/koylio-seura.fi\/?page_id=1493#breadcrumb"},"inLanguage":"fi","potentialAction":[{"@type":"ReadAction","target":["https:\/\/koylio-seura.fi\/?page_id=1493"]}]},{"@type":"ImageObject","inLanguage":"fi","@id":"https:\/\/koylio-seura.fi\/?page_id=1493#primaryimage","url":"https:\/\/koylio-seura.eitcon.com\/wp-content\/uploads\/2023\/11\/Lallis_fb2_1200x628-1-300x157.jpg","contentUrl":"https:\/\/koylio-seura.eitcon.com\/wp-content\/uploads\/2023\/11\/Lallis_fb2_1200x628-1-300x157.jpg"},{"@type":"BreadcrumbList","@id":"https:\/\/koylio-seura.fi\/?page_id=1493#breadcrumb","itemListElement":[{"@type":"ListItem","position":1,"name":"Etusivu","item":"https:\/\/koylio-seura.fi\/"},{"@type":"ListItem","position":2,"name":"K\u00f6yli\u00f6n yst\u00e4v\u00e4t","item":"https:\/\/koylio-seura.fi\/?page_id=22"},{"@type":"ListItem","position":3,"name":"Alueilla tapahtunutta","item":"https:\/\/koylio-seura.fi\/?page_id=1485"},{"@type":"ListItem","position":4,"name":"Porin seutu"}]},{"@type":"WebSite","@id":"https:\/\/koylio-seura.fi\/#website","url":"https:\/\/koylio-seura.fi\/","name":"K\u00f6yli\u00f6-seura","description":"","publisher":{"@id":"https:\/\/koylio-seura.fi\/#organization"},"potentialAction":[{"@type":"SearchAction","target":{"@type":"EntryPoint","urlTemplate":"https:\/\/koylio-seura.fi\/?s={search_term_string}"},"query-input":{"@type":"PropertyValueSpecification","valueRequired":true,"valueName":"search_term_string"}}],"inLanguage":"fi"},{"@type":"Organization","@id":"https:\/\/koylio-seura.fi\/#organization","name":"K\u00f6yli\u00f6-seura","url":"https:\/\/koylio-seura.fi\/","logo":{"@type":"ImageObject","inLanguage":"fi","@id":"https:\/\/koylio-seura.fi\/#\/schema\/logo\/image\/","url":"https:\/\/koylio-seura.fi\/wp-content\/uploads\/2023\/07\/cropped-KS-logo-23.png","contentUrl":"https:\/\/koylio-seura.fi\/wp-content\/uploads\/2023\/07\/cropped-KS-logo-23.png","width":530,"height":619,"caption":"K\u00f6yli\u00f6-seura"},"image":{"@id":"https:\/\/koylio-seura.fi\/#\/schema\/logo\/image\/"}}]}},"_links":{"self":[{"href":"https:\/\/koylio-seura.fi\/index.php?rest_route=\/wp\/v2\/pages\/1493","targetHints":{"allow":["GET"]}}],"collection":[{"href":"https:\/\/koylio-seura.fi\/index.php?rest_route=\/wp\/v2\/pages"}],"about":[{"href":"https:\/\/koylio-seura.fi\/index.php?rest_route=\/wp\/v2\/types\/page"}],"author":[{"embeddable":true,"href":"https:\/\/koylio-seura.fi\/index.php?rest_route=\/wp\/v2\/users\/1"}],"replies":[{"embeddable":true,"href":"https:\/\/koylio-seura.fi\/index.php?rest_route=%2Fwp%2Fv2%2Fcomments&post=1493"}],"version-history":[{"count":99,"href":"https:\/\/koylio-seura.fi\/index.php?rest_route=\/wp\/v2\/pages\/1493\/revisions"}],"predecessor-version":[{"id":7688,"href":"https:\/\/koylio-seura.fi\/index.php?rest_route=\/wp\/v2\/pages\/1493\/revisions\/7688"}],"up":[{"embeddable":true,"href":"https:\/\/koylio-seura.fi\/index.php?rest_route=\/wp\/v2\/pages\/1485"}],"wp:attachment":[{"href":"https:\/\/koylio-seura.fi\/index.php?rest_route=%2Fwp%2Fv2%2Fmedia&parent=1493"}],"curies":[{"name":"wp","href":"https:\/\/api.w.org\/{rel}","templated":true}]}}