{"id":14922,"date":"2025-09-09T08:20:58","date_gmt":"2025-09-09T08:20:58","guid":{"rendered":"https:\/\/koylio-seura.fi\/?page_id=14922"},"modified":"2025-12-05T05:14:39","modified_gmt":"2025-12-05T05:14:39","slug":"lapsi-ja-nuorisotyo","status":"publish","type":"page","link":"https:\/\/koylio-seura.fi\/?page_id=14922","title":{"rendered":"Lapsi- ja nuorisoty\u00f6"},"content":{"rendered":"\t\t<div data-elementor-type=\"wp-page\" data-elementor-id=\"14922\" class=\"elementor elementor-14922\" data-elementor-post-type=\"page\">\n\t\t\t\t\t\t<section class=\"elementor-section elementor-top-section elementor-element elementor-element-a6f8664 elementor-section-boxed elementor-section-height-default elementor-section-height-default\" data-id=\"a6f8664\" data-element_type=\"section\">\n\t\t\t\t\t\t<div class=\"elementor-container elementor-column-gap-default\">\n\t\t\t\t\t<div class=\"elementor-column elementor-col-100 elementor-top-column elementor-element elementor-element-44930da\" data-id=\"44930da\" data-element_type=\"column\">\n\t\t\t<div class=\"elementor-widget-wrap elementor-element-populated\">\n\t\t\t\t\t\t<div class=\"elementor-element elementor-element-dccecc4 elementor-widget elementor-widget-accordion\" data-id=\"dccecc4\" data-element_type=\"widget\" data-widget_type=\"accordion.default\">\n\t\t\t\t<div class=\"elementor-widget-container\">\n\t\t\t\t\t\t\t<div class=\"elementor-accordion\">\n\t\t\t\t\t\t\t<div class=\"elementor-accordion-item\">\n\t\t\t\t\t<div id=\"elementor-tab-title-2311\" class=\"elementor-tab-title\" data-tab=\"1\" role=\"button\" aria-controls=\"elementor-tab-content-2311\" aria-expanded=\"false\">\n\t\t\t\t\t\t\t\t\t\t\t\t\t<span class=\"elementor-accordion-icon elementor-accordion-icon-left\" aria-hidden=\"true\">\n\t\t\t\t\t\t\t\t\t\t\t\t\t\t\t<span class=\"elementor-accordion-icon-closed\"><i class=\"fas fa-plus\"><\/i><\/span>\n\t\t\t\t\t\t\t\t<span class=\"elementor-accordion-icon-opened\"><i class=\"fas fa-minus\"><\/i><\/span>\n\t\t\t\t\t\t\t\t\t\t\t\t\t\t<\/span>\n\t\t\t\t\t\t\t\t\t\t\t\t<a class=\"elementor-accordion-title\" tabindex=\"0\">26.11.2025 Jouluaskartelua lapsille ja nuorille Kepolan nuokkarilla<\/a>\n\t\t\t\t\t<\/div>\n\t\t\t\t\t<div id=\"elementor-tab-content-2311\" class=\"elementor-tab-content elementor-clearfix\" data-tab=\"1\" role=\"region\" aria-labelledby=\"elementor-tab-title-2311\"><p><a href=\"https:\/\/koylio-seura.fi\/wp-content\/uploads\/2025\/11\/iloa-ikaihmisille-sva-2025-scaled.jpg\"><img fetchpriority=\"high\" decoding=\"async\" class=\"aligncenter size-large wp-image-15632\" src=\"https:\/\/koylio-seura.fi\/wp-content\/uploads\/2025\/11\/iloa-ikaihmisille-sva-2025-654x1024.jpg\" alt=\"\" width=\"654\" height=\"1024\" srcset=\"https:\/\/koylio-seura.fi\/wp-content\/uploads\/2025\/11\/iloa-ikaihmisille-sva-2025-654x1024.jpg 654w, https:\/\/koylio-seura.fi\/wp-content\/uploads\/2025\/11\/iloa-ikaihmisille-sva-2025-192x300.jpg 192w, https:\/\/koylio-seura.fi\/wp-content\/uploads\/2025\/11\/iloa-ikaihmisille-sva-2025-768x1202.jpg 768w, https:\/\/koylio-seura.fi\/wp-content\/uploads\/2025\/11\/iloa-ikaihmisille-sva-2025-982x1536.jpg 982w, https:\/\/koylio-seura.fi\/wp-content\/uploads\/2025\/11\/iloa-ikaihmisille-sva-2025-1309x2048.jpg 1309w, https:\/\/koylio-seura.fi\/wp-content\/uploads\/2025\/11\/iloa-ikaihmisille-sva-2025-scaled.jpg 1636w\" sizes=\"(max-width: 654px) 100vw, 654px\" \/><\/a><\/p><p><a href=\"https:\/\/koylio-seura.fi\/wp-content\/uploads\/2025\/11\/joulukalenteri-Koylio-seura-lasten-askartelua-2025-SVa-scaled.jpg\"><img decoding=\"async\" class=\"aligncenter size-large wp-image-15633\" src=\"https:\/\/koylio-seura.fi\/wp-content\/uploads\/2025\/11\/joulukalenteri-Koylio-seura-lasten-askartelua-2025-SVa-1024x719.jpg\" alt=\"\" width=\"1024\" height=\"719\" srcset=\"https:\/\/koylio-seura.fi\/wp-content\/uploads\/2025\/11\/joulukalenteri-Koylio-seura-lasten-askartelua-2025-SVa-1024x719.jpg 1024w, https:\/\/koylio-seura.fi\/wp-content\/uploads\/2025\/11\/joulukalenteri-Koylio-seura-lasten-askartelua-2025-SVa-300x211.jpg 300w, https:\/\/koylio-seura.fi\/wp-content\/uploads\/2025\/11\/joulukalenteri-Koylio-seura-lasten-askartelua-2025-SVa-768x540.jpg 768w, https:\/\/koylio-seura.fi\/wp-content\/uploads\/2025\/11\/joulukalenteri-Koylio-seura-lasten-askartelua-2025-SVa-1536x1079.jpg 1536w, https:\/\/koylio-seura.fi\/wp-content\/uploads\/2025\/11\/joulukalenteri-Koylio-seura-lasten-askartelua-2025-SVa-2048x1439.jpg 2048w\" sizes=\"(max-width: 1024px) 100vw, 1024px\" \/><\/a><\/p><p><a href=\"https:\/\/koylio-seura.fi\/wp-content\/uploads\/2025\/11\/Enkeliaskartelu-26.11.2025.jpg\" target=\"_blank\" rel=\"noopener\">T\u00e4st\u00e4 kutsu jouluaskarteluun<\/a><\/p><p>Kepolan nuokkarilla keskiviikkona 26.11. klo 17.30-20 paikalla oli parisenkymment\u00e4 lasta ja nuorta sek\u00e4 aikuisia. Sirja Niinim\u00e4en , Paula ja Kia Vesalan ja Jukka Er\u00e4sen opastamina syntyi kauniita joulukortteja ja enkeleit\u00e4. K\u00f6yli\u00f6-seura maksoi tarvikkeet ja tarjoilut. Kiitokset kaikille mukana olleille.<\/p><p>Jouluiloa ik\u00e4ihmisille<br \/>Joulupostia ik\u00e4ihmisille -kampanja ker\u00e4si viime vuonna huikeat 120 000 joulukorttia ik\u00e4\u00e4ntyneille ymp\u00e4ri maan. K\u00f6yli\u00f6-seura halusi omalla panoksellaan olla mukana kampanjassa j\u00e4rjest\u00e4m\u00e4ll\u00e4 askarteluillan, jossa lasten ja nuorten k\u00e4siss\u00e4 syntyi ainutlaatuisia joulukortteja ja perinteisi\u00e4 kuusenkoristeita. Joulukorttien valmistamisessa kehittyv\u00e4t k\u00e4den taidot ja luovuus p\u00e4\u00e4see loistamaan. Samalla ruutuaika ja some-maailma h\u00e4ipyv\u00e4t taka-alalle ja lapsi kokee osaamisen sek\u00e4 onnistumisen iloa.<\/p><p>Lapsia opastava Sirja Niinim\u00e4ki kertoi, miten aikoinaan joulukuusi koristeltiin kynttil\u00f6ill\u00e4, paperiketjuilla, erilaisilla olkikoristeilla, lippuketjuilla ja piparkakuilla. Hyvin tyypillinen kotona tehty kuusen koriste oli enkeli, sen my\u00f6s Selma, Ella-Ria, Aino ja Venla illan aikana valmistivat ja se p\u00e4\u00e4tyy heid\u00e4n kotinsa joulupuuhun.<\/p><p>Kampanjan suojelijana on presidentti Alexander Stubb.<\/p><p>Kuvat ja teksti: Samuli Vahteristo<\/p><\/div>\n\t\t\t\t<\/div>\n\t\t\t\t\t\t\t<div class=\"elementor-accordion-item\">\n\t\t\t\t\t<div id=\"elementor-tab-title-2312\" class=\"elementor-tab-title\" data-tab=\"2\" role=\"button\" aria-controls=\"elementor-tab-content-2312\" aria-expanded=\"false\">\n\t\t\t\t\t\t\t\t\t\t\t\t\t<span class=\"elementor-accordion-icon elementor-accordion-icon-left\" aria-hidden=\"true\">\n\t\t\t\t\t\t\t\t\t\t\t\t\t\t\t<span class=\"elementor-accordion-icon-closed\"><i class=\"fas fa-plus\"><\/i><\/span>\n\t\t\t\t\t\t\t\t<span class=\"elementor-accordion-icon-opened\"><i class=\"fas fa-minus\"><\/i><\/span>\n\t\t\t\t\t\t\t\t\t\t\t\t\t\t<\/span>\n\t\t\t\t\t\t\t\t\t\t\t\t<a class=\"elementor-accordion-title\" tabindex=\"0\">8.9.2025 Kotiseutu tutuksi, koululaisten syysretki K\u00f6yli\u00f6nj\u00e4rven maisemissa<\/a>\n\t\t\t\t\t<\/div>\n\t\t\t\t\t<div id=\"elementor-tab-content-2312\" class=\"elementor-tab-content elementor-clearfix\" data-tab=\"2\" role=\"region\" aria-labelledby=\"elementor-tab-title-2312\"><p>Kepolan ja Lallin alaluokkien oppilaat tekiv\u00e4t retken 8.9. K\u00f6yli\u00f6nj\u00e4rven rantamaisemiin ja Yttil\u00e4n Ottaan.<\/p><p>KOTISEUTU TUTUKSI SYYSRETKI 2025<\/p><p>K\u00f6yli\u00f6-seura on yhteisty\u00f6ss\u00e4 K\u00f6yli\u00f6n alueen koulujen kanssa toteuttanut jo muutamana vuonna kotiseuturetki\u00e4. Tavoitteena on lis\u00e4t\u00e4 oppilaiden kotiseututietoisuutta ja antaa virikkeit\u00e4 omatoimiseen l\u00e4hiluonnossa liikkumiseen.<\/p><p>T\u00e4n\u00e4 vuonna Kepolan koulun kolmoset ja Lallin koulun kolmos-nelos luokkalaiset (12+22) kierr\u00e4tettiin K\u00f6yli\u00f6nj\u00e4rven etel\u00e4p\u00e4\u00e4n ymp\u00e4ri Tuomisen bussilla (aikuisia 11). Matkalla esiteltiin kyl\u00e4n\u00e4kymi\u00e4.<br \/>Ristolan rantaan Pispaan saavuttiin puoli kymmenelt\u00e4. Mirkka Thessler kertoi toimintasuunnitelman, jota varten Virpi V\u00e4h\u00e4talo jakoi oppilaat viiteen ryhm\u00e4\u00e4n aina yhden aikuisen kanssa kiert\u00e4m\u00e4\u00e4n kohteissa. (Hanneli M\u00e4kel\u00e4, Riikka Piittanen, Sirkku Suni, Kirsti Savioja, Anne Reunanen)<br \/>Virpi ja Juha esitteliv\u00e4t lintutornista n\u00e4kym\u00e4n j\u00e4rvelle ja K\u00f6yli\u00f6njoelle. Oppilaat saivat kiikaroida ja tunnistaa my\u00f6s lintuja.<\/p><p>Ravintoketjua esitteli Laura Reuna Pyh\u00e4j\u00e4rvi-instituutista. Opittiin kasvi- ja el\u00e4inplanktonin, muikun ja hauen sek\u00e4 ihmisen paikka ja pelattiin hauskaa ravintoketjupeli\u00e4. Uskomatonta, ett\u00e4 el\u00e4inplankton voi suodattaa eli juoda 100 litraa vett\u00e4 p\u00e4iv\u00e4ss\u00e4.<\/p><p>Retkeilij\u00e4n varusteita pohdittiin Mirkan kanssa. Kannattaisiko reppuun valita sateenvarjo vai sadeviitta? Olisiko peili ja kampa tarpeellisia vai tulitikut ja sytykepalat?<\/p><p>Rantaviivalla Samuli Vahteristo kertoi j\u00e4rven muodostumisesta ja rantojen asuttamisesta ja tietysti my\u00f6s Lallin, Kertun ja Henrikin ristiriidoista kristinuskon saapuessa Suomeen ja K\u00f6yli\u00f6\u00f6n.\u00a0 Rannasta n\u00e4kyi legendan mukainen tapahtumapaikka Kirkkokari.<\/p><p>Tulipaikalla Raimo Savioja esitteli makkaranuotion sytytt\u00e4misen niksej\u00e4. Kiehiset ja tervaspuut tulivat tutuiksi. Mietittiin, minne saa tulen tehd\u00e4 ja miss\u00e4 K\u00f6yli\u00f6ss\u00e4 on tulentekopaikkoja. Pohdittiin my\u00f6s maastopalovaroituksen merkityst\u00e4.<\/p><p>Yttil\u00e4n Ottaan siirryttiin ruokailemaan, tekem\u00e4\u00e4n ymp\u00e4rist\u00f6taideteoksia ja tutustumaan kulttuuripolkuun susiansoineen.<\/p><p>Muistion laati Anne Reunanen<\/p><p>Kuvat: Anne Reunanen ja Samuli Vahteristo<\/p><p><div id='gallery-1' class='gallery galleryid-14922 gallery-columns-3 gallery-size-medium'><figure class='gallery-item'>\n\t\t\t<div class='gallery-icon landscape'>\n\t\t\t\t<a href='https:\/\/koylio-seura.fi\/?attachment_id=15053'><img decoding=\"async\" width=\"300\" height=\"169\" src=\"https:\/\/koylio-seura.fi\/wp-content\/uploads\/2025\/09\/KS-Tilausajo-300x169.jpg\" class=\"attachment-medium size-medium\" alt=\"\" srcset=\"https:\/\/koylio-seura.fi\/wp-content\/uploads\/2025\/09\/KS-Tilausajo-300x169.jpg 300w, https:\/\/koylio-seura.fi\/wp-content\/uploads\/2025\/09\/KS-Tilausajo-1024x576.jpg 1024w, https:\/\/koylio-seura.fi\/wp-content\/uploads\/2025\/09\/KS-Tilausajo-768x432.jpg 768w, https:\/\/koylio-seura.fi\/wp-content\/uploads\/2025\/09\/KS-Tilausajo-1536x865.jpg 1536w, https:\/\/koylio-seura.fi\/wp-content\/uploads\/2025\/09\/KS-Tilausajo-2048x1153.jpg 2048w\" sizes=\"(max-width: 300px) 100vw, 300px\" \/><\/a>\n\t\t\t<\/div><\/figure><figure class='gallery-item'>\n\t\t\t<div class='gallery-icon landscape'>\n\t\t\t\t<a href='https:\/\/koylio-seura.fi\/?attachment_id=15054'><img loading=\"lazy\" decoding=\"async\" width=\"300\" height=\"168\" src=\"https:\/\/koylio-seura.fi\/wp-content\/uploads\/2025\/09\/KS-Retkikuva-300x168.jpg\" class=\"attachment-medium size-medium\" alt=\"\" srcset=\"https:\/\/koylio-seura.fi\/wp-content\/uploads\/2025\/09\/KS-Retkikuva-300x168.jpg 300w, https:\/\/koylio-seura.fi\/wp-content\/uploads\/2025\/09\/KS-Retkikuva-1024x575.jpg 1024w, https:\/\/koylio-seura.fi\/wp-content\/uploads\/2025\/09\/KS-Retkikuva-768x431.jpg 768w, https:\/\/koylio-seura.fi\/wp-content\/uploads\/2025\/09\/KS-Retkikuva-1536x862.jpg 1536w, https:\/\/koylio-seura.fi\/wp-content\/uploads\/2025\/09\/KS-Retkikuva-2048x1149.jpg 2048w\" sizes=\"(max-width: 300px) 100vw, 300px\" \/><\/a>\n\t\t\t<\/div><\/figure><figure class='gallery-item'>\n\t\t\t<div class='gallery-icon portrait'>\n\t\t\t\t<a href='https:\/\/koylio-seura.fi\/?attachment_id=15042'><img loading=\"lazy\" decoding=\"async\" width=\"225\" height=\"300\" src=\"https:\/\/koylio-seura.fi\/wp-content\/uploads\/2025\/09\/IMG-20250908-WA0035-225x300.jpg\" class=\"attachment-medium size-medium\" alt=\"\" srcset=\"https:\/\/koylio-seura.fi\/wp-content\/uploads\/2025\/09\/IMG-20250908-WA0035-225x300.jpg 225w, https:\/\/koylio-seura.fi\/wp-content\/uploads\/2025\/09\/IMG-20250908-WA0035-768x1024.jpg 768w, https:\/\/koylio-seura.fi\/wp-content\/uploads\/2025\/09\/IMG-20250908-WA0035-1152x1536.jpg 1152w, https:\/\/koylio-seura.fi\/wp-content\/uploads\/2025\/09\/IMG-20250908-WA0035.jpg 1200w\" sizes=\"(max-width: 225px) 100vw, 225px\" \/><\/a>\n\t\t\t<\/div><\/figure><figure class='gallery-item'>\n\t\t\t<div class='gallery-icon portrait'>\n\t\t\t\t<a href='https:\/\/koylio-seura.fi\/?attachment_id=15039'><img loading=\"lazy\" decoding=\"async\" width=\"225\" height=\"300\" src=\"https:\/\/koylio-seura.fi\/wp-content\/uploads\/2025\/09\/IMG-20250908-WA0034-1-225x300.jpg\" class=\"attachment-medium size-medium\" alt=\"\" srcset=\"https:\/\/koylio-seura.fi\/wp-content\/uploads\/2025\/09\/IMG-20250908-WA0034-1-225x300.jpg 225w, https:\/\/koylio-seura.fi\/wp-content\/uploads\/2025\/09\/IMG-20250908-WA0034-1-768x1024.jpg 768w, https:\/\/koylio-seura.fi\/wp-content\/uploads\/2025\/09\/IMG-20250908-WA0034-1-1152x1536.jpg 1152w, https:\/\/koylio-seura.fi\/wp-content\/uploads\/2025\/09\/IMG-20250908-WA0034-1.jpg 1200w\" sizes=\"(max-width: 225px) 100vw, 225px\" \/><\/a>\n\t\t\t<\/div><\/figure><figure class='gallery-item'>\n\t\t\t<div class='gallery-icon landscape'>\n\t\t\t\t<a href='https:\/\/koylio-seura.fi\/?attachment_id=15043'><img loading=\"lazy\" decoding=\"async\" width=\"300\" height=\"225\" src=\"https:\/\/koylio-seura.fi\/wp-content\/uploads\/2025\/09\/IMG-20250908-WA0031-300x225.jpg\" class=\"attachment-medium size-medium\" alt=\"\" srcset=\"https:\/\/koylio-seura.fi\/wp-content\/uploads\/2025\/09\/IMG-20250908-WA0031-300x225.jpg 300w, https:\/\/koylio-seura.fi\/wp-content\/uploads\/2025\/09\/IMG-20250908-WA0031-1024x768.jpg 1024w, https:\/\/koylio-seura.fi\/wp-content\/uploads\/2025\/09\/IMG-20250908-WA0031-768x576.jpg 768w, https:\/\/koylio-seura.fi\/wp-content\/uploads\/2025\/09\/IMG-20250908-WA0031-1536x1152.jpg 1536w, https:\/\/koylio-seura.fi\/wp-content\/uploads\/2025\/09\/IMG-20250908-WA0031.jpg 1600w\" sizes=\"(max-width: 300px) 100vw, 300px\" \/><\/a>\n\t\t\t<\/div><\/figure><figure class='gallery-item'>\n\t\t\t<div class='gallery-icon landscape'>\n\t\t\t\t<a href='https:\/\/koylio-seura.fi\/?attachment_id=15040'><img loading=\"lazy\" decoding=\"async\" width=\"300\" height=\"225\" src=\"https:\/\/koylio-seura.fi\/wp-content\/uploads\/2025\/09\/IMG-20250908-WA0037-300x225.jpg\" class=\"attachment-medium size-medium\" alt=\"\" srcset=\"https:\/\/koylio-seura.fi\/wp-content\/uploads\/2025\/09\/IMG-20250908-WA0037-300x225.jpg 300w, https:\/\/koylio-seura.fi\/wp-content\/uploads\/2025\/09\/IMG-20250908-WA0037-1024x768.jpg 1024w, https:\/\/koylio-seura.fi\/wp-content\/uploads\/2025\/09\/IMG-20250908-WA0037-768x576.jpg 768w, https:\/\/koylio-seura.fi\/wp-content\/uploads\/2025\/09\/IMG-20250908-WA0037-1536x1152.jpg 1536w, https:\/\/koylio-seura.fi\/wp-content\/uploads\/2025\/09\/IMG-20250908-WA0037.jpg 1600w\" sizes=\"(max-width: 300px) 100vw, 300px\" \/><\/a>\n\t\t\t<\/div><\/figure><figure class='gallery-item'>\n\t\t\t<div class='gallery-icon landscape'>\n\t\t\t\t<a href='https:\/\/koylio-seura.fi\/?attachment_id=15057'><img loading=\"lazy\" decoding=\"async\" width=\"300\" height=\"187\" src=\"https:\/\/koylio-seura.fi\/wp-content\/uploads\/2025\/09\/KS-Tilataide-2-300x187.jpg\" class=\"attachment-medium size-medium\" alt=\"\" srcset=\"https:\/\/koylio-seura.fi\/wp-content\/uploads\/2025\/09\/KS-Tilataide-2-300x187.jpg 300w, https:\/\/koylio-seura.fi\/wp-content\/uploads\/2025\/09\/KS-Tilataide-2-1024x639.jpg 1024w, https:\/\/koylio-seura.fi\/wp-content\/uploads\/2025\/09\/KS-Tilataide-2-768x479.jpg 768w, https:\/\/koylio-seura.fi\/wp-content\/uploads\/2025\/09\/KS-Tilataide-2-1536x958.jpg 1536w, https:\/\/koylio-seura.fi\/wp-content\/uploads\/2025\/09\/KS-Tilataide-2-2048x1278.jpg 2048w\" sizes=\"(max-width: 300px) 100vw, 300px\" \/><\/a>\n\t\t\t<\/div><\/figure><figure class='gallery-item'>\n\t\t\t<div class='gallery-icon portrait'>\n\t\t\t\t<a href='https:\/\/koylio-seura.fi\/?attachment_id=15059'><img loading=\"lazy\" decoding=\"async\" width=\"194\" height=\"300\" src=\"https:\/\/koylio-seura.fi\/wp-content\/uploads\/2025\/09\/KS-Tilataidetta-194x300.jpg\" class=\"attachment-medium size-medium\" alt=\"\" srcset=\"https:\/\/koylio-seura.fi\/wp-content\/uploads\/2025\/09\/KS-Tilataidetta-194x300.jpg 194w, https:\/\/koylio-seura.fi\/wp-content\/uploads\/2025\/09\/KS-Tilataidetta-662x1024.jpg 662w, https:\/\/koylio-seura.fi\/wp-content\/uploads\/2025\/09\/KS-Tilataidetta-768x1189.jpg 768w, https:\/\/koylio-seura.fi\/wp-content\/uploads\/2025\/09\/KS-Tilataidetta-992x1536.jpg 992w, https:\/\/koylio-seura.fi\/wp-content\/uploads\/2025\/09\/KS-Tilataidetta-1323x2048.jpg 1323w, https:\/\/koylio-seura.fi\/wp-content\/uploads\/2025\/09\/KS-Tilataidetta-scaled.jpg 1654w\" sizes=\"(max-width: 194px) 100vw, 194px\" \/><\/a>\n\t\t\t<\/div><\/figure><figure class='gallery-item'>\n\t\t\t<div class='gallery-icon landscape'>\n\t\t\t\t<a href='https:\/\/koylio-seura.fi\/?attachment_id=15056'><img loading=\"lazy\" decoding=\"async\" width=\"300\" height=\"169\" src=\"https:\/\/koylio-seura.fi\/wp-content\/uploads\/2025\/09\/KS-REtkiruokaa-300x169.jpg\" class=\"attachment-medium size-medium\" alt=\"\" srcset=\"https:\/\/koylio-seura.fi\/wp-content\/uploads\/2025\/09\/KS-REtkiruokaa-300x169.jpg 300w, https:\/\/koylio-seura.fi\/wp-content\/uploads\/2025\/09\/KS-REtkiruokaa-1024x576.jpg 1024w, https:\/\/koylio-seura.fi\/wp-content\/uploads\/2025\/09\/KS-REtkiruokaa-768x432.jpg 768w, https:\/\/koylio-seura.fi\/wp-content\/uploads\/2025\/09\/KS-REtkiruokaa-1536x865.jpg 1536w, https:\/\/koylio-seura.fi\/wp-content\/uploads\/2025\/09\/KS-REtkiruokaa-2048x1153.jpg 2048w\" sizes=\"(max-width: 300px) 100vw, 300px\" \/><\/a>\n\t\t\t<\/div><\/figure><figure class='gallery-item'>\n\t\t\t<div class='gallery-icon portrait'>\n\t\t\t\t<a href='https:\/\/koylio-seura.fi\/?attachment_id=15045'><img loading=\"lazy\" decoding=\"async\" width=\"225\" height=\"300\" src=\"https:\/\/koylio-seura.fi\/wp-content\/uploads\/2025\/09\/IMG-20250908-WA0025-1-225x300.jpg\" class=\"attachment-medium size-medium\" alt=\"\" srcset=\"https:\/\/koylio-seura.fi\/wp-content\/uploads\/2025\/09\/IMG-20250908-WA0025-1-225x300.jpg 225w, https:\/\/koylio-seura.fi\/wp-content\/uploads\/2025\/09\/IMG-20250908-WA0025-1-768x1024.jpg 768w, https:\/\/koylio-seura.fi\/wp-content\/uploads\/2025\/09\/IMG-20250908-WA0025-1-1152x1536.jpg 1152w, https:\/\/koylio-seura.fi\/wp-content\/uploads\/2025\/09\/IMG-20250908-WA0025-1.jpg 1200w\" sizes=\"(max-width: 225px) 100vw, 225px\" \/><\/a>\n\t\t\t<\/div><\/figure>\n\t\t<\/div>\n<\/p><p>Seurasta retkell\u00e4 olivat mukana Mirkka Thessler, Anne Reunanen ja Samuli Vahteristo<\/p><\/div>\n\t\t\t\t<\/div>\n\t\t\t\t\t\t\t<div class=\"elementor-accordion-item\">\n\t\t\t\t\t<div id=\"elementor-tab-title-2313\" class=\"elementor-tab-title\" data-tab=\"3\" role=\"button\" aria-controls=\"elementor-tab-content-2313\" aria-expanded=\"false\">\n\t\t\t\t\t\t\t\t\t\t\t\t\t<span class=\"elementor-accordion-icon elementor-accordion-icon-left\" aria-hidden=\"true\">\n\t\t\t\t\t\t\t\t\t\t\t\t\t\t\t<span class=\"elementor-accordion-icon-closed\"><i class=\"fas fa-plus\"><\/i><\/span>\n\t\t\t\t\t\t\t\t<span class=\"elementor-accordion-icon-opened\"><i class=\"fas fa-minus\"><\/i><\/span>\n\t\t\t\t\t\t\t\t\t\t\t\t\t\t<\/span>\n\t\t\t\t\t\t\t\t\t\t\t\t<a class=\"elementor-accordion-title\" tabindex=\"0\">7.4.2025 P\u00e4\u00e4si\u00e4isaskartelua Kepolan Nuokkarissa K\u00f6yli\u00f6ss\u00e4<\/a>\n\t\t\t\t\t<\/div>\n\t\t\t\t\t<div id=\"elementor-tab-content-2313\" class=\"elementor-tab-content elementor-clearfix\" data-tab=\"3\" role=\"region\" aria-labelledby=\"elementor-tab-title-2313\"><div dir=\"auto\">Kyll\u00e4 oli kivaa askarrella p\u00e4\u00e4si\u00e4iseksi pupuja, tipuja ja muita koristeita! Kepolan Nuokkarissa puuhaili 7.4. maanantaina 35 innokasta askartelijaa, ik\u00e4haitari 5 -15 vuotta. Askartelua ohjasi Sirja Niinim\u00e4ki. Paljon kiitoksia Sirjalle ja kaikille mukana olleille!<\/div><div dir=\"auto\"><p>Kuvat Sirja Niinim\u00e4ki ja Jukka Er\u00e4nen<a href=\"https:\/\/koylio-seura.fi\/wp-content\/uploads\/2025\/09\/Paasiaisaskartelu-7.4.jpg\"><img loading=\"lazy\" decoding=\"async\" class=\"aligncenter size-large wp-image-14962\" src=\"https:\/\/koylio-seura.fi\/wp-content\/uploads\/2025\/09\/Paasiaisaskartelu-7.4-1024x587.jpg\" alt=\"\" width=\"1024\" height=\"587\" srcset=\"https:\/\/koylio-seura.fi\/wp-content\/uploads\/2025\/09\/Paasiaisaskartelu-7.4-1024x587.jpg 1024w, https:\/\/koylio-seura.fi\/wp-content\/uploads\/2025\/09\/Paasiaisaskartelu-7.4-300x172.jpg 300w, https:\/\/koylio-seura.fi\/wp-content\/uploads\/2025\/09\/Paasiaisaskartelu-7.4-768x440.jpg 768w, https:\/\/koylio-seura.fi\/wp-content\/uploads\/2025\/09\/Paasiaisaskartelu-7.4.jpg 1200w\" sizes=\"(max-width: 1024px) 100vw, 1024px\" \/><\/a><\/p><p><div id='gallery-2' class='gallery galleryid-14922 gallery-columns-3 gallery-size-medium'><figure class='gallery-item'>\n\t\t\t<div class='gallery-icon portrait'>\n\t\t\t\t<a href='https:\/\/koylio-seura.fi\/?attachment_id=14961'><img loading=\"lazy\" decoding=\"async\" width=\"225\" height=\"300\" src=\"https:\/\/koylio-seura.fi\/wp-content\/uploads\/2025\/09\/paasiaisaskartelu-2025-225x300.jpg\" class=\"attachment-medium size-medium\" alt=\"\" srcset=\"https:\/\/koylio-seura.fi\/wp-content\/uploads\/2025\/09\/paasiaisaskartelu-2025-225x300.jpg 225w, https:\/\/koylio-seura.fi\/wp-content\/uploads\/2025\/09\/paasiaisaskartelu-2025-768x1024.jpg 768w, https:\/\/koylio-seura.fi\/wp-content\/uploads\/2025\/09\/paasiaisaskartelu-2025-1152x1536.jpg 1152w, https:\/\/koylio-seura.fi\/wp-content\/uploads\/2025\/09\/paasiaisaskartelu-2025.jpg 1200w\" sizes=\"(max-width: 225px) 100vw, 225px\" \/><\/a>\n\t\t\t<\/div><\/figure><figure class='gallery-item'>\n\t\t\t<div class='gallery-icon portrait'>\n\t\t\t\t<a href='https:\/\/koylio-seura.fi\/?attachment_id=14963'><img loading=\"lazy\" decoding=\"async\" width=\"225\" height=\"300\" src=\"https:\/\/koylio-seura.fi\/wp-content\/uploads\/2025\/09\/paasiaisaskartelua-2025-2-225x300.jpg\" class=\"attachment-medium size-medium\" alt=\"\" srcset=\"https:\/\/koylio-seura.fi\/wp-content\/uploads\/2025\/09\/paasiaisaskartelua-2025-2-225x300.jpg 225w, https:\/\/koylio-seura.fi\/wp-content\/uploads\/2025\/09\/paasiaisaskartelua-2025-2-768x1024.jpg 768w, https:\/\/koylio-seura.fi\/wp-content\/uploads\/2025\/09\/paasiaisaskartelua-2025-2-1152x1536.jpg 1152w, https:\/\/koylio-seura.fi\/wp-content\/uploads\/2025\/09\/paasiaisaskartelua-2025-2.jpg 1200w\" sizes=\"(max-width: 225px) 100vw, 225px\" \/><\/a>\n\t\t\t<\/div><\/figure><figure class='gallery-item'>\n\t\t\t<div class='gallery-icon portrait'>\n\t\t\t\t<a href='https:\/\/koylio-seura.fi\/?attachment_id=14964'><img loading=\"lazy\" decoding=\"async\" width=\"225\" height=\"300\" src=\"https:\/\/koylio-seura.fi\/wp-content\/uploads\/2025\/09\/tipu-2025-225x300.jpg\" class=\"attachment-medium size-medium\" alt=\"\" srcset=\"https:\/\/koylio-seura.fi\/wp-content\/uploads\/2025\/09\/tipu-2025-225x300.jpg 225w, https:\/\/koylio-seura.fi\/wp-content\/uploads\/2025\/09\/tipu-2025-768x1024.jpg 768w, https:\/\/koylio-seura.fi\/wp-content\/uploads\/2025\/09\/tipu-2025-1152x1536.jpg 1152w, https:\/\/koylio-seura.fi\/wp-content\/uploads\/2025\/09\/tipu-2025.jpg 1200w\" sizes=\"(max-width: 225px) 100vw, 225px\" \/><\/a>\n\t\t\t<\/div><\/figure>\n\t\t<\/div>\n<\/p><\/div><\/div>\n\t\t\t\t<\/div>\n\t\t\t\t\t\t\t<div class=\"elementor-accordion-item\">\n\t\t\t\t\t<div id=\"elementor-tab-title-2314\" class=\"elementor-tab-title\" data-tab=\"4\" role=\"button\" aria-controls=\"elementor-tab-content-2314\" aria-expanded=\"false\">\n\t\t\t\t\t\t\t\t\t\t\t\t\t<span class=\"elementor-accordion-icon elementor-accordion-icon-left\" aria-hidden=\"true\">\n\t\t\t\t\t\t\t\t\t\t\t\t\t\t\t<span class=\"elementor-accordion-icon-closed\"><i class=\"fas fa-plus\"><\/i><\/span>\n\t\t\t\t\t\t\t\t<span class=\"elementor-accordion-icon-opened\"><i class=\"fas fa-minus\"><\/i><\/span>\n\t\t\t\t\t\t\t\t\t\t\t\t\t\t<\/span>\n\t\t\t\t\t\t\t\t\t\t\t\t<a class=\"elementor-accordion-title\" tabindex=\"0\">9.12.2024 Jouluista askartelua  Kepolan Nuokkarissa K\u00f6yli\u00f6ss\u00e4<\/a>\n\t\t\t\t\t<\/div>\n\t\t\t\t\t<div id=\"elementor-tab-content-2314\" class=\"elementor-tab-content elementor-clearfix\" data-tab=\"4\" role=\"region\" aria-labelledby=\"elementor-tab-title-2314\"><p>K\u00f6yli\u00f6-seura j\u00e4rjest\u00e4m\u00e4 jouluista askartelua -ilta Kepolan Nuokkarilla 9.12.2024 meni \u00a0nappiin! Mukana oli 15 askartelijaa \u2013 eri ik\u00e4isi\u00e4. Joulukortteja syntyi ihan jokaiselle, gl\u00f6gi ja piparit maistuivat. Nuokkarin tilat ovat oivalliset, v\u00e4lill\u00e4 p\u00e4\u00e4si pelailemaan ja taas askartelu maistui. Kiitoksia Paulalle, Kialle, Jukalle ja Pirjolle sek\u00e4 kaikille mukana olleille askartelijoille<\/p><p><div id='gallery-3' class='gallery galleryid-14922 gallery-columns-5 gallery-size-thumbnail'><figure class='gallery-item'>\n\t\t\t<div class='gallery-icon portrait'>\n\t\t\t\t<a href='https:\/\/koylio-seura.fi\/?attachment_id=12111'><img loading=\"lazy\" decoding=\"async\" width=\"150\" height=\"150\" src=\"https:\/\/koylio-seura.fi\/wp-content\/uploads\/2024\/12\/Askartelua-1-150x150.jpg\" class=\"attachment-thumbnail size-thumbnail\" alt=\"\" \/><\/a>\n\t\t\t<\/div><\/figure><figure class='gallery-item'>\n\t\t\t<div class='gallery-icon portrait'>\n\t\t\t\t<a href='https:\/\/koylio-seura.fi\/?attachment_id=12112'><img loading=\"lazy\" decoding=\"async\" width=\"150\" height=\"150\" src=\"https:\/\/koylio-seura.fi\/wp-content\/uploads\/2024\/12\/Askartelua-2-150x150.jpg\" class=\"attachment-thumbnail size-thumbnail\" alt=\"\" \/><\/a>\n\t\t\t<\/div><\/figure><figure class='gallery-item'>\n\t\t\t<div class='gallery-icon portrait'>\n\t\t\t\t<a href='https:\/\/koylio-seura.fi\/?attachment_id=12113'><img loading=\"lazy\" decoding=\"async\" width=\"150\" height=\"150\" src=\"https:\/\/koylio-seura.fi\/wp-content\/uploads\/2024\/12\/Askartelua-3-150x150.jpg\" class=\"attachment-thumbnail size-thumbnail\" alt=\"\" \/><\/a>\n\t\t\t<\/div><\/figure><figure class='gallery-item'>\n\t\t\t<div class='gallery-icon portrait'>\n\t\t\t\t<a href='https:\/\/koylio-seura.fi\/?attachment_id=12114'><img loading=\"lazy\" decoding=\"async\" width=\"150\" height=\"150\" src=\"https:\/\/koylio-seura.fi\/wp-content\/uploads\/2024\/12\/Askartelua-4-150x150.jpg\" class=\"attachment-thumbnail size-thumbnail\" alt=\"\" \/><\/a>\n\t\t\t<\/div><\/figure><figure class='gallery-item'>\n\t\t\t<div class='gallery-icon portrait'>\n\t\t\t\t<a href='https:\/\/koylio-seura.fi\/?attachment_id=12115'><img loading=\"lazy\" decoding=\"async\" width=\"150\" height=\"150\" src=\"https:\/\/koylio-seura.fi\/wp-content\/uploads\/2024\/12\/Askartelua-5-150x150.jpg\" class=\"attachment-thumbnail size-thumbnail\" alt=\"\" \/><\/a>\n\t\t\t<\/div><\/figure><figure class='gallery-item'>\n\t\t\t<div class='gallery-icon portrait'>\n\t\t\t\t<a href='https:\/\/koylio-seura.fi\/?attachment_id=12116'><img loading=\"lazy\" decoding=\"async\" width=\"150\" height=\"150\" src=\"https:\/\/koylio-seura.fi\/wp-content\/uploads\/2024\/12\/Askartelua-6-150x150.jpg\" class=\"attachment-thumbnail size-thumbnail\" alt=\"\" \/><\/a>\n\t\t\t<\/div><\/figure><figure class='gallery-item'>\n\t\t\t<div class='gallery-icon portrait'>\n\t\t\t\t<a href='https:\/\/koylio-seura.fi\/?attachment_id=12117'><img loading=\"lazy\" decoding=\"async\" width=\"150\" height=\"150\" src=\"https:\/\/koylio-seura.fi\/wp-content\/uploads\/2024\/12\/Askartelua-7-150x150.jpg\" class=\"attachment-thumbnail size-thumbnail\" alt=\"\" \/><\/a>\n\t\t\t<\/div><\/figure>\n\t\t<\/div>\n<\/p><p>Teksti Helena Santala, kuvat Helena Santala ja Kia Vesala<\/p><\/div>\n\t\t\t\t<\/div>\n\t\t\t\t\t\t\t<div class=\"elementor-accordion-item\">\n\t\t\t\t\t<div id=\"elementor-tab-title-2315\" class=\"elementor-tab-title\" data-tab=\"5\" role=\"button\" aria-controls=\"elementor-tab-content-2315\" aria-expanded=\"false\">\n\t\t\t\t\t\t\t\t\t\t\t\t\t<span class=\"elementor-accordion-icon elementor-accordion-icon-left\" aria-hidden=\"true\">\n\t\t\t\t\t\t\t\t\t\t\t\t\t\t\t<span class=\"elementor-accordion-icon-closed\"><i class=\"fas fa-plus\"><\/i><\/span>\n\t\t\t\t\t\t\t\t<span class=\"elementor-accordion-icon-opened\"><i class=\"fas fa-minus\"><\/i><\/span>\n\t\t\t\t\t\t\t\t\t\t\t\t\t\t<\/span>\n\t\t\t\t\t\t\t\t\t\t\t\t<a class=\"elementor-accordion-title\" tabindex=\"0\">30.11.2023 klo 17.30 Jouluinen askartelu Villa Linturissa<\/a>\n\t\t\t\t\t<\/div>\n\t\t\t\t\t<div id=\"elementor-tab-content-2315\" class=\"elementor-tab-content elementor-clearfix\" data-tab=\"5\" role=\"region\" aria-labelledby=\"elementor-tab-title-2315\"><p>Jouluinen askartelu 30.11.klo 17.30 Villa Linturissa, Sirja Niinim\u00e4ki ja Pirjo Kotiranta j\u00e4rjestiv\u00e4t. K\u00f6yli\u00f6-seura maksoi tarjoilun ja tarvikkeet. Mukana oli toimijoiden lis\u00e4ksi 12 henkil\u00f6\u00e4, joista lapsia 7. Kiitoksia!<\/p><\/div>\n\t\t\t\t<\/div>\n\t\t\t\t\t\t\t\t<\/div>\n\t\t\t\t\t\t<\/div>\n\t\t\t\t<\/div>\n\t\t\t\t\t<\/div>\n\t\t<\/div>\n\t\t\t\t\t<\/div>\n\t\t<\/section>\n\t\t\t\t<\/div>\n\t\t","protected":false},"excerpt":{"rendered":"<p>26.11.2025 Jouluaskartelua lapsille ja nuorille Kepolan nuokkarilla T\u00e4st\u00e4 kutsu jouluaskarteluun Kepolan nuokkarilla keskiviikkona 26.11. klo 17.30-20 paikalla oli parisenkymment\u00e4 lasta ja nuorta sek\u00e4 aikuisia. Sirja Niinim\u00e4en , Paula ja Kia Vesalan ja Jukka Er\u00e4sen opastamina syntyi kauniita joulukortteja ja enkeleit\u00e4. &#8230; <a title=\"Lapsi- ja nuorisoty\u00f6\" class=\"read-more\" href=\"https:\/\/koylio-seura.fi\/?page_id=14922\" aria-label=\"Lue lis\u00e4\u00e4 aiheesta Lapsi- ja nuorisoty\u00f6\">Lue lis\u00e4\u00e4<\/a><\/p>\n","protected":false},"author":3,"featured_media":0,"parent":0,"menu_order":0,"comment_status":"closed","ping_status":"closed","template":"","meta":{"footnotes":""},"class_list":{"0":"post-14922","1":"page","2":"type-page","3":"status-publish","5":"infinite-scroll-item"},"yoast_head":"<!-- This site is optimized with the Yoast SEO plugin v26.6 - https:\/\/yoast.com\/wordpress\/plugins\/seo\/ -->\n<title>Lapsi- ja nuorisoty\u00f6 - K\u00f6yli\u00f6-seura<\/title>\n<meta name=\"robots\" content=\"index, follow, max-snippet:-1, max-image-preview:large, max-video-preview:-1\" \/>\n<link rel=\"canonical\" href=\"https:\/\/koylio-seura.fi\/?page_id=14922\" \/>\n<meta property=\"og:locale\" content=\"fi_FI\" \/>\n<meta property=\"og:type\" content=\"article\" \/>\n<meta property=\"og:title\" content=\"Lapsi- ja nuorisoty\u00f6 - K\u00f6yli\u00f6-seura\" \/>\n<meta property=\"og:description\" content=\"26.11.2025 Jouluaskartelua lapsille ja nuorille Kepolan nuokkarilla T\u00e4st\u00e4 kutsu jouluaskarteluun Kepolan nuokkarilla keskiviikkona 26.11. klo 17.30-20 paikalla oli parisenkymment\u00e4 lasta ja nuorta sek\u00e4 aikuisia. Sirja Niinim\u00e4en , Paula ja Kia Vesalan ja Jukka Er\u00e4sen opastamina syntyi kauniita joulukortteja ja enkeleit\u00e4. ... Lue lis\u00e4\u00e4\" \/>\n<meta property=\"og:url\" content=\"https:\/\/koylio-seura.fi\/?page_id=14922\" \/>\n<meta property=\"og:site_name\" content=\"K\u00f6yli\u00f6-seura\" \/>\n<meta property=\"article:modified_time\" content=\"2025-12-05T05:14:39+00:00\" \/>\n<meta property=\"og:image\" content=\"https:\/\/koylio-seura.fi\/wp-content\/uploads\/2025\/11\/iloa-ikaihmisille-sva-2025-scaled.jpg\" \/>\n\t<meta property=\"og:image:width\" content=\"1636\" \/>\n\t<meta property=\"og:image:height\" content=\"2560\" \/>\n\t<meta property=\"og:image:type\" content=\"image\/jpeg\" \/>\n<meta name=\"twitter:card\" content=\"summary_large_image\" \/>\n<meta name=\"twitter:label1\" content=\"Arvioitu lukuaika\" \/>\n\t<meta name=\"twitter:data1\" content=\"5 minuuttia\" \/>\n<script type=\"application\/ld+json\" class=\"yoast-schema-graph\">{\"@context\":\"https:\/\/schema.org\",\"@graph\":[{\"@type\":\"WebPage\",\"@id\":\"https:\/\/koylio-seura.fi\/?page_id=14922\",\"url\":\"https:\/\/koylio-seura.fi\/?page_id=14922\",\"name\":\"Lapsi- ja nuorisoty\u00f6 - K\u00f6yli\u00f6-seura\",\"isPartOf\":{\"@id\":\"https:\/\/koylio-seura.fi\/#website\"},\"primaryImageOfPage\":{\"@id\":\"https:\/\/koylio-seura.fi\/?page_id=14922#primaryimage\"},\"image\":{\"@id\":\"https:\/\/koylio-seura.fi\/?page_id=14922#primaryimage\"},\"thumbnailUrl\":\"https:\/\/koylio-seura.fi\/wp-content\/uploads\/2025\/11\/iloa-ikaihmisille-sva-2025-654x1024.jpg\",\"datePublished\":\"2025-09-09T08:20:58+00:00\",\"dateModified\":\"2025-12-05T05:14:39+00:00\",\"breadcrumb\":{\"@id\":\"https:\/\/koylio-seura.fi\/?page_id=14922#breadcrumb\"},\"inLanguage\":\"fi\",\"potentialAction\":[{\"@type\":\"ReadAction\",\"target\":[\"https:\/\/koylio-seura.fi\/?page_id=14922\"]}]},{\"@type\":\"ImageObject\",\"inLanguage\":\"fi\",\"@id\":\"https:\/\/koylio-seura.fi\/?page_id=14922#primaryimage\",\"url\":\"https:\/\/koylio-seura.fi\/wp-content\/uploads\/2025\/11\/iloa-ikaihmisille-sva-2025-scaled.jpg\",\"contentUrl\":\"https:\/\/koylio-seura.fi\/wp-content\/uploads\/2025\/11\/iloa-ikaihmisille-sva-2025-scaled.jpg\",\"width\":1636,\"height\":2560},{\"@type\":\"BreadcrumbList\",\"@id\":\"https:\/\/koylio-seura.fi\/?page_id=14922#breadcrumb\",\"itemListElement\":[{\"@type\":\"ListItem\",\"position\":1,\"name\":\"Etusivu\",\"item\":\"https:\/\/koylio-seura.fi\/\"},{\"@type\":\"ListItem\",\"position\":2,\"name\":\"Lapsi- ja nuorisoty\u00f6\"}]},{\"@type\":\"WebSite\",\"@id\":\"https:\/\/koylio-seura.fi\/#website\",\"url\":\"https:\/\/koylio-seura.fi\/\",\"name\":\"K\u00f6yli\u00f6-seura\",\"description\":\"\",\"publisher\":{\"@id\":\"https:\/\/koylio-seura.fi\/#organization\"},\"potentialAction\":[{\"@type\":\"SearchAction\",\"target\":{\"@type\":\"EntryPoint\",\"urlTemplate\":\"https:\/\/koylio-seura.fi\/?s={search_term_string}\"},\"query-input\":{\"@type\":\"PropertyValueSpecification\",\"valueRequired\":true,\"valueName\":\"search_term_string\"}}],\"inLanguage\":\"fi\"},{\"@type\":\"Organization\",\"@id\":\"https:\/\/koylio-seura.fi\/#organization\",\"name\":\"K\u00f6yli\u00f6-seura\",\"url\":\"https:\/\/koylio-seura.fi\/\",\"logo\":{\"@type\":\"ImageObject\",\"inLanguage\":\"fi\",\"@id\":\"https:\/\/koylio-seura.fi\/#\/schema\/logo\/image\/\",\"url\":\"https:\/\/koylio-seura.fi\/wp-content\/uploads\/2023\/07\/cropped-KS-logo-23.png\",\"contentUrl\":\"https:\/\/koylio-seura.fi\/wp-content\/uploads\/2023\/07\/cropped-KS-logo-23.png\",\"width\":530,\"height\":619,\"caption\":\"K\u00f6yli\u00f6-seura\"},\"image\":{\"@id\":\"https:\/\/koylio-seura.fi\/#\/schema\/logo\/image\/\"}}]}<\/script>\n<!-- \/ Yoast SEO plugin. -->","yoast_head_json":{"title":"Lapsi- ja nuorisoty\u00f6 - K\u00f6yli\u00f6-seura","robots":{"index":"index","follow":"follow","max-snippet":"max-snippet:-1","max-image-preview":"max-image-preview:large","max-video-preview":"max-video-preview:-1"},"canonical":"https:\/\/koylio-seura.fi\/?page_id=14922","og_locale":"fi_FI","og_type":"article","og_title":"Lapsi- ja nuorisoty\u00f6 - K\u00f6yli\u00f6-seura","og_description":"26.11.2025 Jouluaskartelua lapsille ja nuorille Kepolan nuokkarilla T\u00e4st\u00e4 kutsu jouluaskarteluun Kepolan nuokkarilla keskiviikkona 26.11. klo 17.30-20 paikalla oli parisenkymment\u00e4 lasta ja nuorta sek\u00e4 aikuisia. Sirja Niinim\u00e4en , Paula ja Kia Vesalan ja Jukka Er\u00e4sen opastamina syntyi kauniita joulukortteja ja enkeleit\u00e4. ... Lue lis\u00e4\u00e4","og_url":"https:\/\/koylio-seura.fi\/?page_id=14922","og_site_name":"K\u00f6yli\u00f6-seura","article_modified_time":"2025-12-05T05:14:39+00:00","og_image":[{"width":1636,"height":2560,"url":"https:\/\/koylio-seura.fi\/wp-content\/uploads\/2025\/11\/iloa-ikaihmisille-sva-2025-scaled.jpg","type":"image\/jpeg"}],"twitter_card":"summary_large_image","twitter_misc":{"Arvioitu lukuaika":"5 minuuttia"},"schema":{"@context":"https:\/\/schema.org","@graph":[{"@type":"WebPage","@id":"https:\/\/koylio-seura.fi\/?page_id=14922","url":"https:\/\/koylio-seura.fi\/?page_id=14922","name":"Lapsi- ja nuorisoty\u00f6 - K\u00f6yli\u00f6-seura","isPartOf":{"@id":"https:\/\/koylio-seura.fi\/#website"},"primaryImageOfPage":{"@id":"https:\/\/koylio-seura.fi\/?page_id=14922#primaryimage"},"image":{"@id":"https:\/\/koylio-seura.fi\/?page_id=14922#primaryimage"},"thumbnailUrl":"https:\/\/koylio-seura.fi\/wp-content\/uploads\/2025\/11\/iloa-ikaihmisille-sva-2025-654x1024.jpg","datePublished":"2025-09-09T08:20:58+00:00","dateModified":"2025-12-05T05:14:39+00:00","breadcrumb":{"@id":"https:\/\/koylio-seura.fi\/?page_id=14922#breadcrumb"},"inLanguage":"fi","potentialAction":[{"@type":"ReadAction","target":["https:\/\/koylio-seura.fi\/?page_id=14922"]}]},{"@type":"ImageObject","inLanguage":"fi","@id":"https:\/\/koylio-seura.fi\/?page_id=14922#primaryimage","url":"https:\/\/koylio-seura.fi\/wp-content\/uploads\/2025\/11\/iloa-ikaihmisille-sva-2025-scaled.jpg","contentUrl":"https:\/\/koylio-seura.fi\/wp-content\/uploads\/2025\/11\/iloa-ikaihmisille-sva-2025-scaled.jpg","width":1636,"height":2560},{"@type":"BreadcrumbList","@id":"https:\/\/koylio-seura.fi\/?page_id=14922#breadcrumb","itemListElement":[{"@type":"ListItem","position":1,"name":"Etusivu","item":"https:\/\/koylio-seura.fi\/"},{"@type":"ListItem","position":2,"name":"Lapsi- ja nuorisoty\u00f6"}]},{"@type":"WebSite","@id":"https:\/\/koylio-seura.fi\/#website","url":"https:\/\/koylio-seura.fi\/","name":"K\u00f6yli\u00f6-seura","description":"","publisher":{"@id":"https:\/\/koylio-seura.fi\/#organization"},"potentialAction":[{"@type":"SearchAction","target":{"@type":"EntryPoint","urlTemplate":"https:\/\/koylio-seura.fi\/?s={search_term_string}"},"query-input":{"@type":"PropertyValueSpecification","valueRequired":true,"valueName":"search_term_string"}}],"inLanguage":"fi"},{"@type":"Organization","@id":"https:\/\/koylio-seura.fi\/#organization","name":"K\u00f6yli\u00f6-seura","url":"https:\/\/koylio-seura.fi\/","logo":{"@type":"ImageObject","inLanguage":"fi","@id":"https:\/\/koylio-seura.fi\/#\/schema\/logo\/image\/","url":"https:\/\/koylio-seura.fi\/wp-content\/uploads\/2023\/07\/cropped-KS-logo-23.png","contentUrl":"https:\/\/koylio-seura.fi\/wp-content\/uploads\/2023\/07\/cropped-KS-logo-23.png","width":530,"height":619,"caption":"K\u00f6yli\u00f6-seura"},"image":{"@id":"https:\/\/koylio-seura.fi\/#\/schema\/logo\/image\/"}}]}},"_links":{"self":[{"href":"https:\/\/koylio-seura.fi\/index.php?rest_route=\/wp\/v2\/pages\/14922","targetHints":{"allow":["GET"]}}],"collection":[{"href":"https:\/\/koylio-seura.fi\/index.php?rest_route=\/wp\/v2\/pages"}],"about":[{"href":"https:\/\/koylio-seura.fi\/index.php?rest_route=\/wp\/v2\/types\/page"}],"author":[{"embeddable":true,"href":"https:\/\/koylio-seura.fi\/index.php?rest_route=\/wp\/v2\/users\/3"}],"replies":[{"embeddable":true,"href":"https:\/\/koylio-seura.fi\/index.php?rest_route=%2Fwp%2Fv2%2Fcomments&post=14922"}],"version-history":[{"count":55,"href":"https:\/\/koylio-seura.fi\/index.php?rest_route=\/wp\/v2\/pages\/14922\/revisions"}],"predecessor-version":[{"id":15649,"href":"https:\/\/koylio-seura.fi\/index.php?rest_route=\/wp\/v2\/pages\/14922\/revisions\/15649"}],"wp:attachment":[{"href":"https:\/\/koylio-seura.fi\/index.php?rest_route=%2Fwp%2Fv2%2Fmedia&parent=14922"}],"curies":[{"name":"wp","href":"https:\/\/api.w.org\/{rel}","templated":true}]}}