{"id":1489,"date":"2023-10-22T10:49:10","date_gmt":"2023-10-22T10:49:10","guid":{"rendered":"https:\/\/koylio-seura.eitcon.com\/?page_id=1489"},"modified":"2026-02-19T15:54:00","modified_gmt":"2026-02-19T15:54:00","slug":"paakaupunkiseutu","status":"publish","type":"page","link":"https:\/\/koylio-seura.fi\/?page_id=1489","title":{"rendered":"P\u00e4\u00e4kaupunkiseutu"},"content":{"rendered":"\t\t<div data-elementor-type=\"wp-page\" data-elementor-id=\"1489\" class=\"elementor elementor-1489\" data-elementor-post-type=\"page\">\n\t\t\t\t\t\t<section class=\"elementor-section elementor-top-section elementor-element elementor-element-0d13e8b elementor-section-boxed elementor-section-height-default elementor-section-height-default\" data-id=\"0d13e8b\" data-element_type=\"section\">\n\t\t\t\t\t\t<div class=\"elementor-container elementor-column-gap-default\">\n\t\t\t\t\t<div class=\"elementor-column elementor-col-100 elementor-top-column elementor-element elementor-element-5b22b69\" data-id=\"5b22b69\" data-element_type=\"column\">\n\t\t\t<div class=\"elementor-widget-wrap elementor-element-populated\">\n\t\t\t\t\t\t<div class=\"elementor-element elementor-element-9bf5a0f elementor-widget elementor-widget-heading\" data-id=\"9bf5a0f\" data-element_type=\"widget\" data-widget_type=\"heading.default\">\n\t\t\t\t<div class=\"elementor-widget-container\">\n\t\t\t\t\t<h2 class=\"elementor-heading-title elementor-size-default\">P\u00e4\u00e4kaupunkiseudulla tapahtunutta<\/h2>\t\t\t\t<\/div>\n\t\t\t\t<\/div>\n\t\t\t\t\t<\/div>\n\t\t<\/div>\n\t\t\t\t\t<\/div>\n\t\t<\/section>\n\t\t\t\t<section class=\"elementor-section elementor-top-section elementor-element elementor-element-764b957 elementor-section-boxed elementor-section-height-default elementor-section-height-default\" data-id=\"764b957\" data-element_type=\"section\">\n\t\t\t\t\t\t<div class=\"elementor-container elementor-column-gap-default\">\n\t\t\t\t\t<div class=\"elementor-column elementor-col-100 elementor-top-column elementor-element elementor-element-5a8ff04\" data-id=\"5a8ff04\" data-element_type=\"column\">\n\t\t\t<div class=\"elementor-widget-wrap elementor-element-populated\">\n\t\t\t\t\t\t<div class=\"elementor-element elementor-element-6d964be elementor-widget__width-initial elementor-widget elementor-widget-accordion\" data-id=\"6d964be\" data-element_type=\"widget\" data-widget_type=\"accordion.default\">\n\t\t\t\t<div class=\"elementor-widget-container\">\n\t\t\t\t\t\t\t<div class=\"elementor-accordion\">\n\t\t\t\t\t\t\t<div class=\"elementor-accordion-item\">\n\t\t\t\t\t<div id=\"elementor-tab-title-1141\" class=\"elementor-tab-title\" data-tab=\"1\" role=\"button\" aria-controls=\"elementor-tab-content-1141\" aria-expanded=\"false\">\n\t\t\t\t\t\t\t\t\t\t\t\t\t<span class=\"elementor-accordion-icon elementor-accordion-icon-left\" aria-hidden=\"true\">\n\t\t\t\t\t\t\t\t\t\t\t\t\t\t\t<span class=\"elementor-accordion-icon-closed\"><i class=\"fas fa-plus\"><\/i><\/span>\n\t\t\t\t\t\t\t\t<span class=\"elementor-accordion-icon-opened\"><i class=\"fas fa-minus\"><\/i><\/span>\n\t\t\t\t\t\t\t\t\t\t\t\t\t\t<\/span>\n\t\t\t\t\t\t\t\t\t\t\t\t<a class=\"elementor-accordion-title\" tabindex=\"0\">16.1.2026 K\u00f6yli\u00f6l\u00e4isten kuvien ilta Helsingin keskustakirjasto Oodissa<\/a>\n\t\t\t\t\t<\/div>\n\t\t\t\t\t<div id=\"elementor-tab-content-1141\" class=\"elementor-tab-content elementor-clearfix\" data-tab=\"1\" role=\"region\" aria-labelledby=\"elementor-tab-title-1141\"><p><strong>OODIN KOKOUSTILASSA OLI T\u00c4YTT\u00c4 !<\/strong><\/p><p><a href=\"https:\/\/koylio-seura.fi\/wp-content\/uploads\/2026\/01\/Kutsu-Helsinkiin16.1.2025.jpg\" target=\"_blank\" rel=\"noopener\">Kutsu tilaisuuteen<\/a><\/p><p><a href=\"https:\/\/koylio-seura.fi\/wp-content\/uploads\/2026\/01\/Koyliolaisten-kuvien-ilta.pdf\" target=\"_blank\" rel=\"noopener\">Tuulan kirjoittama muistio<\/a><\/p><p><strong> <a href=\"https:\/\/koylio-seura.fi\/wp-content\/uploads\/2026\/01\/PHOTO-2026-01-16-22-07-07.jpg\"><img fetchpriority=\"high\" decoding=\"async\" class=\"aligncenter size-full wp-image-15995\" src=\"https:\/\/koylio-seura.fi\/wp-content\/uploads\/2026\/01\/PHOTO-2026-01-16-22-07-07.jpg\" alt=\"\" width=\"1600\" height=\"900\" srcset=\"https:\/\/koylio-seura.fi\/wp-content\/uploads\/2026\/01\/PHOTO-2026-01-16-22-07-07.jpg 1600w, https:\/\/koylio-seura.fi\/wp-content\/uploads\/2026\/01\/PHOTO-2026-01-16-22-07-07-300x169.jpg 300w, https:\/\/koylio-seura.fi\/wp-content\/uploads\/2026\/01\/PHOTO-2026-01-16-22-07-07-1024x576.jpg 1024w, https:\/\/koylio-seura.fi\/wp-content\/uploads\/2026\/01\/PHOTO-2026-01-16-22-07-07-768x432.jpg 768w, https:\/\/koylio-seura.fi\/wp-content\/uploads\/2026\/01\/PHOTO-2026-01-16-22-07-07-1536x864.jpg 1536w\" sizes=\"(max-width: 1600px) 100vw, 1600px\" \/><\/a><\/strong>Kuva: Paula Auerkari<\/p><p>K\u00f6yli\u00f6l\u00e4isten kuvien ilta perjantaina 16.1.26 oli mukava tilaisuus. L\u00e4mpim\u00e4\u00e4n tunnelmaan vaikutti varmaan my\u00f6s osallistujam\u00e4\u00e4r\u00e4, meit\u00e4 p\u00e4\u00e4kaupunkiseutulaisia oli yli 20. Nuoriakin oli paikalla. Valtaosa tuskin oli aiemmin toisiaan tavannutkaan, lyhyt esittelykierros kertoi kuitenkin kunkin k\u00f6yli\u00f6l\u00e4isist\u00e4 taustoista.<\/p><p>Tuula ja Paula toivottivat osallistujat tervetulleiksi. Erityiset tervetulotoivotukset saivat illan vieraamme, Marita Holkeri ja Kalevi Salmi. He varmistivat yst\u00e4v\u00e4llisesti tulonsa\u00a0jo siin\u00e4 vaiheessa kun ilmoittautuneita oli varsin v\u00e4h\u00e4n.\u00a0Nyt oli ilo huomata, miten moni oli kiinnostunut!<br \/>Illan kulusta vastasivat vieraamme. Marita aloitti esittelem\u00e4ll\u00e4 kuvakertomuksen \u201dSilm\u00e4n ja k\u00e4den lahja &#8211; Jaakko Ojalan valokuvia\u201d, jonka kokonaisuuden on koonnut Samuli Vahteristo Jaakko Ojalan valokuva-arkistosta.Kalevi vastasi teknisest\u00e4 avusta, ja oltuaan Jaakon pitk\u00e4aikaisena ty\u00f6toverina monissa hankkeissa el\u00e4v\u00f6itti tarinaa omilla muistoillaan.<\/p><p>Ennen v\u00e4liaikaa, pienen\u00e4 johdantona K\u00f6yliist 19 -kirjan Avvaa sanat reikelist esittelyyn Kalevi piti visailun. Seppo Holkeri, K\u00f6yli\u00f6n yst\u00e4v\u00e4 Turun seudulta, on laatinut t\u00e4m\u00e4n mukavan visailun K\u00f6yli\u00f6n murresanojen merkityksist\u00e4. Kalevi tarjosi kahvit kisan voittajalle, Pirkko Lundqvistille! Kahdeksan kymmenest\u00e4 oikein, onnittelut!<\/p><p>Kahvittelun j\u00e4lkeen Marita perehdytti kirjaan \u00a0tarkemmin. Kirja on huolella toimitettu. Siin\u00e4 p\u00e4\u00e4osassa ovat K\u00f6yli\u00f6n murresanasto, sanojen selitykset ja sananparret. T\u00e4m\u00e4n osuuden l\u00e4pi kulkevat my\u00f6s Emil Cedercreutzin\u00a0 silhuettity\u00f6t niihin liitettyine, oivaltavine lausahduksineen. Tuiskulan Kes\u00e4teatteri on toiminut yli 50 vuotta. Sen ohjelmistoa ovat kartuttaneet erityisesti k\u00f6yli\u00f6l\u00e4iset kirjoittajat Vilho Ojala ja Aimo Kalmeenoja. He k\u00e4yttiv\u00e4t \u00a0taitavasti, ja herkullisesti K\u00f6yli\u00f6n murretta. N\u00e4ist\u00e4 k\u00e4sikirjoituksista on poimittu kirjaan hersyvimm\u00e4t murresanat, sutkaukset ja laadittu niille \u201dsuomennokset\u201d. Ja paljon, paljon muutakin kirjasta l\u00f6ytyyK\u00f6yli\u00f6-seuran kotisivut on uusittu jokin aika sitten. Kalevi puikkelehti sivuilla sujuvasti, ja esitteli seuran toimintaa.\u00a0Moni sai varmaan kimmoketta kurkistella sivuja useamminkin.\u00a0<\/p><p>Kiitoksena vieraamme saivat osallistujilta my\u00f6s spontaanit, ansaitut k\u00e4ttentaputukset !<\/p><p>Teksti:Tuula Nordlund<\/p><p>\u00a0 \u00a0 \u00a0 \u00a0\u00a0<a href=\"https:\/\/koylio-seura.fi\/wp-content\/uploads\/2026\/01\/20260116_1635571.jpg\"><img decoding=\"async\" class=\"size-medium wp-image-15997\" src=\"https:\/\/koylio-seura.fi\/wp-content\/uploads\/2026\/01\/20260116_1635571-163x300.jpg\" alt=\"\" width=\"163\" height=\"300\" srcset=\"https:\/\/koylio-seura.fi\/wp-content\/uploads\/2026\/01\/20260116_1635571-163x300.jpg 163w, https:\/\/koylio-seura.fi\/wp-content\/uploads\/2026\/01\/20260116_1635571-555x1024.jpg 555w, https:\/\/koylio-seura.fi\/wp-content\/uploads\/2026\/01\/20260116_1635571-768x1417.jpg 768w, https:\/\/koylio-seura.fi\/wp-content\/uploads\/2026\/01\/20260116_1635571-832x1536.jpg 832w, https:\/\/koylio-seura.fi\/wp-content\/uploads\/2026\/01\/20260116_1635571-1110x2048.jpg 1110w, https:\/\/koylio-seura.fi\/wp-content\/uploads\/2026\/01\/20260116_1635571.jpg 1384w\" sizes=\"(max-width: 163px) 100vw, 163px\" \/><\/a>Kuva: Marita Holkeri<a href=\"https:\/\/koylio-seura.fi\/wp-content\/uploads\/2026\/01\/20260116_173742-scaled.jpg\"><img decoding=\"async\" class=\"size-medium wp-image-15999\" src=\"https:\/\/koylio-seura.fi\/wp-content\/uploads\/2026\/01\/20260116_173742-169x300.jpg\" alt=\"\" width=\"169\" height=\"300\" srcset=\"https:\/\/koylio-seura.fi\/wp-content\/uploads\/2026\/01\/20260116_173742-169x300.jpg 169w, https:\/\/koylio-seura.fi\/wp-content\/uploads\/2026\/01\/20260116_173742-577x1024.jpg 577w, https:\/\/koylio-seura.fi\/wp-content\/uploads\/2026\/01\/20260116_173742-768x1364.jpg 768w, https:\/\/koylio-seura.fi\/wp-content\/uploads\/2026\/01\/20260116_173742-865x1536.jpg 865w, https:\/\/koylio-seura.fi\/wp-content\/uploads\/2026\/01\/20260116_173742-1153x2048.jpg 1153w, https:\/\/koylio-seura.fi\/wp-content\/uploads\/2026\/01\/20260116_173742-scaled.jpg 1441w\" sizes=\"(max-width: 169px) 100vw, 169px\" \/><\/a> Kuva: Eeva Holkeri<\/p><\/div>\n\t\t\t\t<\/div>\n\t\t\t\t\t\t\t<div class=\"elementor-accordion-item\">\n\t\t\t\t\t<div id=\"elementor-tab-title-1142\" class=\"elementor-tab-title\" data-tab=\"2\" role=\"button\" aria-controls=\"elementor-tab-content-1142\" aria-expanded=\"false\">\n\t\t\t\t\t\t\t\t\t\t\t\t\t<span class=\"elementor-accordion-icon elementor-accordion-icon-left\" aria-hidden=\"true\">\n\t\t\t\t\t\t\t\t\t\t\t\t\t\t\t<span class=\"elementor-accordion-icon-closed\"><i class=\"fas fa-plus\"><\/i><\/span>\n\t\t\t\t\t\t\t\t<span class=\"elementor-accordion-icon-opened\"><i class=\"fas fa-minus\"><\/i><\/span>\n\t\t\t\t\t\t\t\t\t\t\t\t\t\t<\/span>\n\t\t\t\t\t\t\t\t\t\t\t\t<a class=\"elementor-accordion-title\" tabindex=\"0\">13.12.2025 Yst\u00e4v\u00e4tapaaminen  Sinebrychoffin taidemuseon kotimuseossa<\/a>\n\t\t\t\t\t<\/div>\n\t\t\t\t\t<div id=\"elementor-tab-content-1142\" class=\"elementor-tab-content elementor-clearfix\" data-tab=\"2\" role=\"region\" aria-labelledby=\"elementor-tab-title-1142\"><div class=\"xdj266r x14z9mp xat24cr x1lziwak x1vvkbs x126k92a\"><div dir=\"auto\"><a href=\"https:\/\/koylio-seura.fi\/wp-content\/uploads\/2025\/12\/IMG_7681.jpg\"><img loading=\"lazy\" decoding=\"async\" class=\"aligncenter size-full wp-image-15738\" src=\"https:\/\/koylio-seura.fi\/wp-content\/uploads\/2025\/12\/IMG_7681.jpg\" alt=\"\" width=\"640\" height=\"480\" srcset=\"https:\/\/koylio-seura.fi\/wp-content\/uploads\/2025\/12\/IMG_7681.jpg 640w, https:\/\/koylio-seura.fi\/wp-content\/uploads\/2025\/12\/IMG_7681-300x225.jpg 300w\" sizes=\"(max-width: 640px) 100vw, 640px\" \/><\/a>Taitavat draamaoppaat loivat joulun tunnelmaa 13.12.2025 Sinebrychoffin taidemuseon kotimuseossa, kun p\u00e4\u00e4kaupunkiseudun K\u00f6yli\u00f6n yst\u00e4v\u00e4t kokoontuivat yst\u00e4v\u00e4tapaamiseen.<\/div><\/div><div class=\"x14z9mp xat24cr x1lziwak x1vvkbs xtlvy1s x126k92a\"><div dir=\"auto\">Paul ja Fanny Sinebrychoff, aikoinaan \u201dSuomen komein mies\u201d ja \u201dSuomen kaunein nainen\u201d, esiintyiv\u00e4t t\u00e4ss\u00e4 draamakuvaelmassa kaupunkipalatsissaan, joka on rakennettu 1842. He esitteliv\u00e4t meille jouluun valmistautuvaa kotiaan ja perheen joulutraditioita. He olivat \u201dintohimoisia taiteenharrastajia. He ker\u00e4siv\u00e4t kotiinsa kauneinta eurooppalaista taidetta ja esineist\u00f6\u00e4\u201d. Kokoelma tuli esitellyksi luontevalla, keskustelevalla tavalla. Muotokuvien henkil\u00f6ist\u00e4 heill\u00e4 oli my\u00f6s kerrottavanaan monta mukavaa anekdoottia, vaikkapa lempinimill\u00e4\u00e4n tunnetuista \u201dLaskiaispullaan tukehtuneesta kuninkaasta\u201d ja \u201dIlke\u00e4st\u00e4 anopista\u201d.<\/div><\/div><div class=\"x14z9mp xat24cr x1lziwak x1vvkbs xtlvy1s x126k92a\"><div dir=\"auto\">Viritt\u00e4ydyimme joulutunnelmaan viimeist\u00e4\u00e4n Fanny Sinebrychoffin laulaessa hymnin \u201dKunnia Jumalalle korkeudessa\u201d.<\/div><\/div><div class=\"x14z9mp xat24cr x1lziwak x1vvkbs xtlvy1s x126k92a\"><div dir=\"auto\">T\u00e4m\u00e4n Sinebrychoffin taidemuseon kotimuseossa k\u00e4ynnin j\u00e4lkeen kahvittelimme tyytyv\u00e4isin\u00e4.<\/div><\/div><div class=\"x14z9mp xat24cr x1lziwak x1vvkbs xtlvy1s x126k92a\"><div dir=\"auto\">Teksti: Tuula Nordlund<\/div><div dir=\"auto\"><a href=\"https:\/\/koylio-seura.fi\/wp-content\/uploads\/2025\/12\/Draamatunnelmaa-13.12.25_2.pdf\" target=\"_blank\" rel=\"noopener\">Liitteess\u00e4 kertomus yst\u00e4v\u00e4tapaamisesta<\/a><\/div><div dir=\"auto\">\u00a0<\/div><\/div><\/div>\n\t\t\t\t<\/div>\n\t\t\t\t\t\t\t<div class=\"elementor-accordion-item\">\n\t\t\t\t\t<div id=\"elementor-tab-title-1143\" class=\"elementor-tab-title\" data-tab=\"3\" role=\"button\" aria-controls=\"elementor-tab-content-1143\" aria-expanded=\"false\">\n\t\t\t\t\t\t\t\t\t\t\t\t\t<span class=\"elementor-accordion-icon elementor-accordion-icon-left\" aria-hidden=\"true\">\n\t\t\t\t\t\t\t\t\t\t\t\t\t\t\t<span class=\"elementor-accordion-icon-closed\"><i class=\"fas fa-plus\"><\/i><\/span>\n\t\t\t\t\t\t\t\t<span class=\"elementor-accordion-icon-opened\"><i class=\"fas fa-minus\"><\/i><\/span>\n\t\t\t\t\t\t\t\t\t\t\t\t\t\t<\/span>\n\t\t\t\t\t\t\t\t\t\t\t\t<a class=\"elementor-accordion-title\" tabindex=\"0\">13.12.2025 Yst\u00e4v\u00e4tapaaminen Helsingiss\u00e4 Sinebrychoffin taiemuseon kotimuseossa<\/a>\n\t\t\t\t\t<\/div>\n\t\t\t\t\t<div id=\"elementor-tab-content-1143\" class=\"elementor-tab-content elementor-clearfix\" data-tab=\"3\" role=\"region\" aria-labelledby=\"elementor-tab-title-1143\"><div class=\"xdj266r x14z9mp xat24cr x1lziwak x1vvkbs x126k92a\"><div dir=\"auto\"><a href=\"https:\/\/koylio-seura.fi\/wp-content\/uploads\/2025\/12\/IMG_7681.jpg\"><img loading=\"lazy\" decoding=\"async\" class=\"aligncenter size-full wp-image-15738\" src=\"https:\/\/koylio-seura.fi\/wp-content\/uploads\/2025\/12\/IMG_7681.jpg\" alt=\"\" width=\"640\" height=\"480\" srcset=\"https:\/\/koylio-seura.fi\/wp-content\/uploads\/2025\/12\/IMG_7681.jpg 640w, https:\/\/koylio-seura.fi\/wp-content\/uploads\/2025\/12\/IMG_7681-300x225.jpg 300w\" sizes=\"(max-width: 640px) 100vw, 640px\" \/><\/a>Taitavat draamaoppaat loivat joulun tunnelmaa 13.12.2025 Sinebrychoffin taidemuseon kotimuseossa, kun p\u00e4\u00e4kaupunkiseudun K\u00f6yli\u00f6n yst\u00e4v\u00e4t kokoontuivat yst\u00e4v\u00e4tapaamiseen.<\/div><\/div><div class=\"x14z9mp xat24cr x1lziwak x1vvkbs xtlvy1s x126k92a\"><div dir=\"auto\">Paul ja Fanny Sinebrychoff, aikoinaan \u201dSuomen komein mies\u201d ja \u201dSuomen kaunein nainen\u201d, esiintyiv\u00e4t t\u00e4ss\u00e4 draamakuvaelmassa kaupunkipalatsissaan, joka on rakennettu 1842. He esitteliv\u00e4t meille jouluun valmistautuvaa kotiaan ja perheen joulutraditioita. He olivat \u201dintohimoisia taiteenharrastajia. He ker\u00e4siv\u00e4t kotiinsa kauneinta eurooppalaista taidetta ja esineist\u00f6\u00e4\u201d. Kokoelma tuli esitellyksi luontevalla, keskustelevalla tavalla. Muotokuvien henkil\u00f6ist\u00e4 heill\u00e4 oli my\u00f6s kerrottavanaan monta mukavaa anekdoottia, vaikkapa lempinimill\u00e4\u00e4n tunnetuista \u201dLaskiaispullaan tukehtuneesta kuninkaasta\u201d ja \u201dIlke\u00e4st\u00e4 anopista\u201d.<\/div><\/div><div class=\"x14z9mp xat24cr x1lziwak x1vvkbs xtlvy1s x126k92a\"><div dir=\"auto\">Viritt\u00e4ydyimme joulutunnelmaan viimeist\u00e4\u00e4n Fanny Sinebrychoffin laulaessa hymnin \u201dKunnia Jumalalle korkeudessa\u201d.<\/div><\/div><div class=\"x14z9mp xat24cr x1lziwak x1vvkbs xtlvy1s x126k92a\"><div dir=\"auto\">T\u00e4m\u00e4n Sinebrychoffin taidemuseon kotimuseossa k\u00e4ynnin j\u00e4lkeen kahvittelimme tyytyv\u00e4isin\u00e4.<\/div><\/div><div class=\"x14z9mp xat24cr x1lziwak x1vvkbs xtlvy1s x126k92a\"><div dir=\"auto\">Teksti: Tuula Nordlund<\/div><div dir=\"auto\"><a href=\"https:\/\/koylio-seura.fi\/wp-content\/uploads\/2025\/12\/Draamatunnelmaa-13.12.25_2.pdf\" target=\"_blank\" rel=\"noopener\">Liitteess\u00e4 kertomus yst\u00e4v\u00e4tapaamisesta<\/a><\/div><div dir=\"auto\">\u00a0<\/div><\/div><\/div>\n\t\t\t\t<\/div>\n\t\t\t\t\t\t\t<div class=\"elementor-accordion-item\">\n\t\t\t\t\t<div id=\"elementor-tab-title-1144\" class=\"elementor-tab-title\" data-tab=\"4\" role=\"button\" aria-controls=\"elementor-tab-content-1144\" aria-expanded=\"false\">\n\t\t\t\t\t\t\t\t\t\t\t\t\t<span class=\"elementor-accordion-icon elementor-accordion-icon-left\" aria-hidden=\"true\">\n\t\t\t\t\t\t\t\t\t\t\t\t\t\t\t<span class=\"elementor-accordion-icon-closed\"><i class=\"fas fa-plus\"><\/i><\/span>\n\t\t\t\t\t\t\t\t<span class=\"elementor-accordion-icon-opened\"><i class=\"fas fa-minus\"><\/i><\/span>\n\t\t\t\t\t\t\t\t\t\t\t\t\t\t<\/span>\n\t\t\t\t\t\t\t\t\t\t\t\t<a class=\"elementor-accordion-title\" tabindex=\"0\">Yst\u00e4v\u00e4tapaaminen Nurmij\u00e4rvell\u00e4 24.8.2025<\/a>\n\t\t\t\t\t<\/div>\n\t\t\t\t\t<div id=\"elementor-tab-content-1144\" class=\"elementor-tab-content elementor-clearfix\" data-tab=\"4\" role=\"region\" aria-labelledby=\"elementor-tab-title-1144\"><p><strong>K\u00f6yli\u00f6n yst\u00e4v\u00e4t Nurmij\u00e4rvell\u00e4 Ketolan strutsitilalla, Aleksis Kiven lapsuudenkodissa ja Taaborin- vuorella sunnuntaina 24.8.2025<\/strong><\/p><p>Teksti ja kuvat Martti Erkkil\u00e4<\/p><p>Pieni joukko retkel\u00e4isi\u00e4 oli l\u00e4htenyt liikkeelle p\u00e4\u00e4kaupunkiseudulta sek\u00e4 Turun ja Tampereen seudulta. Ketolan strutsitilavierailu sattui samaan aikaan Nurmij\u00e4rvell\u00e4 j\u00e4rjestettyyn tapahtumaketjuun tutustua Nurmij\u00e4rven maatiloihin. Ketola oli yhten\u00e4 joukossa mukana. Lauantaina 23.8. v\u00e4ke\u00e4 oli ollut tutustumiskierroksella satam\u00e4\u00e4rin, ja vilkasta oli sunnuntainakin, erityisesti lapsiperheet olivat liikkeell\u00e4. Me nautimme meille erikseen tilatun strutsikeiton ja kahvit.<\/p><p>Strutsitilalta ajoimme Palojoelle. Saimme perusteellisen opastuksen Aleksis Kiven lapsuudenkotiin. Mielt\u00e4 l\u00e4mmitti ajatus pojan onnellisesta lapsuudesta arvostetun r\u00e4\u00e4t\u00e4lin poikana. Nurmij\u00e4rven kunta hoitaa museota huolella. Siell\u00e4 on nykyaikaiset museofasiliteetit k\u00e4yt\u00f6ss\u00e4. Aleksis Kiven kodin pihapiiriss\u00e4 on yleis\u00f6\u00e4 palveleva museokauppa. T\u00e4ss\u00e4kin rakennuksessa on asunut aikoinaan Aleksis Kiven sukulaisia.<\/p><p>Taaborinvuoren museot olivat my\u00f6s auki. Ne muodostuvat entisist\u00e4 m\u00e4kituvista, joita tuolla seudulla on aikanaan ollut runsaasti. Taaborinvuori muodostaa n\u00e4ytt\u00e4v\u00e4n tapahtuma-alueen, jossa erityisesti katettu kes\u00e4teatteri tarjoaa hyv\u00e4t mahdollisuudet moninaisille esityksille. Nurmij\u00e4rven kunta ja Kivi-juhlat ry. ovat taustalla.<\/p><p>Kes\u00e4teatterissa n\u00e4kem\u00e4mme \u201dSeitsem\u00e4n veljest\u00e4\u201d yll\u00e4tti meid\u00e4t kokeneet konkarit huippulaadulla. Ei voi oikein uskoa, ett\u00e4 asialla olivat amat\u00f6\u00f6riesiintyj\u00e4t. Tiina Br\u00e4nnare ohjaajana oli saanut esiintyj\u00e4t heitt\u00e4ytym\u00e4\u00e4n estoitta menoon mukaan. Laulujenkin laatu oli aivan ammattitasoa. Kaj Chydeniuksen s\u00e4velet esitettiin hienosti, loistokkaasti. Upeaa!<\/p><p><strong>Katsojapalautteita:<\/strong><\/p><p>\u201dTaisi olla paras\u00a0<em>Seitsem\u00e4n Veljest\u00e4<\/em>\u00a0Taaborilla n\u00e4htyn\u00e4!\u201d<br \/>\u201dOvatko n\u00e4m\u00e4 ammattin\u00e4yttelij\u00f6it\u00e4?\u201d<br \/>\u201dOli kyll\u00e4 vauhdikas ja energinen esitys!\u201d<br \/>\u201dKohtaukset olivat taiten ja luovasti toteutettu.\u201d<br \/>\u201dRoolisuoritukset ovat klassikkoainesta.&#8221;<br \/>&#8221;No nyt on kerrankin saatu Kiven upeat luonnekuvaukset ja humoristisuus esille.&#8221;<br \/>&#8221;V\u00e4kev\u00e4, mieleenpainuva ja rohkea Seitsem\u00e4n veljest\u00e4.&#8221;<\/p><p>Kiitos Paulalle retkemme j\u00e4rjest\u00e4misest\u00e4. Pieni seurueemme totesi yhteen \u00e4\u00e4neen, ett\u00e4 joukosta puuttuvat k\u00e4rsiv\u00e4t ison tappion.<\/p><p><img loading=\"lazy\" decoding=\"async\" class=\"alignnone size-large wp-image-14876\" src=\"https:\/\/koylio-seura.fi\/wp-content\/uploads\/2025\/08\/DSC_1860-1024x683.jpg\" alt=\"\" width=\"1024\" height=\"683\" srcset=\"https:\/\/koylio-seura.fi\/wp-content\/uploads\/2025\/08\/DSC_1860-1024x683.jpg 1024w, https:\/\/koylio-seura.fi\/wp-content\/uploads\/2025\/08\/DSC_1860-300x200.jpg 300w, https:\/\/koylio-seura.fi\/wp-content\/uploads\/2025\/08\/DSC_1860-768x512.jpg 768w, https:\/\/koylio-seura.fi\/wp-content\/uploads\/2025\/08\/DSC_1860-1536x1024.jpg 1536w, https:\/\/koylio-seura.fi\/wp-content\/uploads\/2025\/08\/DSC_1860-2048x1365.jpg 2048w\" sizes=\"(max-width: 1024px) 100vw, 1024px\" \/><\/p><p>\u00a0 \u00a0 \u00a0 \u00a0 \u00a0 \u00a0 \u00a0 \u00a0 \u00a0 \u00a0 \u00a0 \u00a0 \u00a0 \u00a0 \u00a0 \u00a0 \u00a0 \u00a0 \u00a0 \u00a0 \u00a0 \u00a0 \u00a0 \u00a0 \u00a0 \u00a0 \u00a0 \u00a0 \u00a0 \u00a0 \u00a0 \u00a0 \u00a0 \u00a0 \u00a0 \u00a0 \u00a0 Ketolan strutsit laitumella<\/p><p><img loading=\"lazy\" decoding=\"async\" class=\"alignnone size-large wp-image-14877\" src=\"https:\/\/koylio-seura.fi\/wp-content\/uploads\/2025\/08\/DSC_1873-1024x683.jpg\" alt=\"\" width=\"1024\" height=\"683\" srcset=\"https:\/\/koylio-seura.fi\/wp-content\/uploads\/2025\/08\/DSC_1873-1024x683.jpg 1024w, https:\/\/koylio-seura.fi\/wp-content\/uploads\/2025\/08\/DSC_1873-300x200.jpg 300w, https:\/\/koylio-seura.fi\/wp-content\/uploads\/2025\/08\/DSC_1873-768x512.jpg 768w, https:\/\/koylio-seura.fi\/wp-content\/uploads\/2025\/08\/DSC_1873-1536x1024.jpg 1536w, https:\/\/koylio-seura.fi\/wp-content\/uploads\/2025\/08\/DSC_1873-2048x1365.jpg 2048w\" sizes=\"(max-width: 1024px) 100vw, 1024px\" \/>\u00a0 \u00a0 \u00a0 \u00a0 \u00a0 \u00a0 \u00a0 \u00a0 \u00a0 \u00a0 \u00a0 \u00a0 \u00a0 \u00a0 \u00a0 \u00a0 \u00a0 \u00a0 \u00a0 \u00a0 \u00a0 \u00a0 \u00a0 \u00a0 \u00a0 \u00a0 \u00a0 \u00a0 \u00a0 \u00a0 \u00a0 \u00a0 \u00a0Retkel\u00e4iset Aleksis Kiven synnyinkodin rappusilla<\/p><div>\u00a0 \u00a0 \u00a0 \u00a0 \u00a0 \u00a0 \u00a0 \u00a0 \u00a0 \u00a0 \u00a0 \u00a0 \u00a0 \u00a0 \u00a0 \u00a0 \u00a0 \u00a0 \u00a0 \u00a0 \u00a0 \u00a0 \u00a0 \u00a0 \u00a0 \u00a0 \u00a0 \u00a0 \u00a0 \u00a0 \u00a0<\/div><div><img loading=\"lazy\" decoding=\"async\" class=\"alignnone size-large wp-image-14878\" src=\"https:\/\/koylio-seura.fi\/wp-content\/uploads\/2025\/08\/DSC_1875-1024x683.jpg\" alt=\"\" width=\"1024\" height=\"683\" srcset=\"https:\/\/koylio-seura.fi\/wp-content\/uploads\/2025\/08\/DSC_1875-1024x683.jpg 1024w, https:\/\/koylio-seura.fi\/wp-content\/uploads\/2025\/08\/DSC_1875-300x200.jpg 300w, https:\/\/koylio-seura.fi\/wp-content\/uploads\/2025\/08\/DSC_1875-768x512.jpg 768w, https:\/\/koylio-seura.fi\/wp-content\/uploads\/2025\/08\/DSC_1875-1536x1024.jpg 1536w, https:\/\/koylio-seura.fi\/wp-content\/uploads\/2025\/08\/DSC_1875-2048x1365.jpg 2048w\" sizes=\"(max-width: 1024px) 100vw, 1024px\" \/><\/div><div>\u00a0 \u00a0 \u00a0 \u00a0 \u00a0 \u00a0 \u00a0 \u00a0 \u00a0 \u00a0 \u00a0 \u00a0 \u00a0 \u00a0 \u00a0 \u00a0 \u00a0 \u00a0 \u00a0 \u00a0 \u00a0 \u00a0 \u00a0 \u00a0 \u00a0 \u00a0 \u00a0 Aleksis-poika istui mielell\u00e4\u00e4n ikkunan \u00e4\u00e4ress\u00e4.\u00a0 \u00a0<\/div><div>\u00a0<\/div><div><p><img loading=\"lazy\" decoding=\"async\" class=\"alignnone size-large wp-image-14880\" src=\"https:\/\/koylio-seura.fi\/wp-content\/uploads\/2025\/08\/DSC_1880-1024x697.jpg\" alt=\"\" width=\"1024\" height=\"697\" srcset=\"https:\/\/koylio-seura.fi\/wp-content\/uploads\/2025\/08\/DSC_1880-1024x697.jpg 1024w, https:\/\/koylio-seura.fi\/wp-content\/uploads\/2025\/08\/DSC_1880-300x204.jpg 300w, https:\/\/koylio-seura.fi\/wp-content\/uploads\/2025\/08\/DSC_1880-768x522.jpg 768w, https:\/\/koylio-seura.fi\/wp-content\/uploads\/2025\/08\/DSC_1880-1536x1045.jpg 1536w, https:\/\/koylio-seura.fi\/wp-content\/uploads\/2025\/08\/DSC_1880-2048x1393.jpg 2048w\" sizes=\"(max-width: 1024px) 100vw, 1024px\" \/>\u00a0 \u00a0 \u00a0 \u00a0 \u00a0 \u00a0 \u00a0 \u00a0 \u00a0 \u00a0 \u00a0 \u00a0 \u00a0 \u00a0Aleksis v\u00e4lttyi perinteiselt\u00e4 ty\u00f6nteolta lapsena samoillessaan metsiss\u00e4 saalistaen ev\u00e4st\u00e4 perheelle.<\/p><\/div><div>\u00a0<\/div><div><img loading=\"lazy\" decoding=\"async\" class=\"alignnone size-large wp-image-14879\" src=\"https:\/\/koylio-seura.fi\/wp-content\/uploads\/2025\/08\/DSC_1878-1024x658.jpg\" alt=\"\" width=\"1024\" height=\"658\" srcset=\"https:\/\/koylio-seura.fi\/wp-content\/uploads\/2025\/08\/DSC_1878-1024x658.jpg 1024w, https:\/\/koylio-seura.fi\/wp-content\/uploads\/2025\/08\/DSC_1878-300x193.jpg 300w, https:\/\/koylio-seura.fi\/wp-content\/uploads\/2025\/08\/DSC_1878-768x494.jpg 768w, https:\/\/koylio-seura.fi\/wp-content\/uploads\/2025\/08\/DSC_1878-1536x987.jpg 1536w, https:\/\/koylio-seura.fi\/wp-content\/uploads\/2025\/08\/DSC_1878-2048x1316.jpg 2048w\" sizes=\"(max-width: 1024px) 100vw, 1024px\" \/>\u00a0 \u00a0 \u00a0 \u00a0 \u00a0 \u00a0 \u00a0 \u00a0 \u00a0 \u00a0 \u00a0 \u00a0 \u00a0 \u00a0 \u00a0Aleksis kivest\u00e4 ei l\u00f6ydy yht\u00e4\u00e4n valokuvaa. Ainoa kuva on lyijykyn\u00e4piirros h\u00e4nest\u00e4 kuolinvuoteeltaan.<\/div><div>\u00a0<\/div><div><img loading=\"lazy\" decoding=\"async\" class=\"alignnone size-large wp-image-14881\" src=\"https:\/\/koylio-seura.fi\/wp-content\/uploads\/2025\/08\/DSC_1883-1024x683.jpg\" alt=\"\" width=\"1024\" height=\"683\" srcset=\"https:\/\/koylio-seura.fi\/wp-content\/uploads\/2025\/08\/DSC_1883-1024x683.jpg 1024w, https:\/\/koylio-seura.fi\/wp-content\/uploads\/2025\/08\/DSC_1883-300x200.jpg 300w, https:\/\/koylio-seura.fi\/wp-content\/uploads\/2025\/08\/DSC_1883-768x512.jpg 768w, https:\/\/koylio-seura.fi\/wp-content\/uploads\/2025\/08\/DSC_1883-1536x1024.jpg 1536w, https:\/\/koylio-seura.fi\/wp-content\/uploads\/2025\/08\/DSC_1883-2048x1365.jpg 2048w\" sizes=\"(max-width: 1024px) 100vw, 1024px\" \/><\/div><div>\u00a0 \u00a0 \u00a0 \u00a0 \u00a0 \u00a0 \u00a0 \u00a0 \u00a0 \u00a0 \u00a0Museossa esitell\u00e4\u00e4n Aleksis Kiven merkityst\u00e4 suomalaisille. T\u00e4st\u00e4 kertovat omakohtaisesti kuvan taiteilijat \u00e4\u00e4nitteiss\u00e4.<\/div><div>\u00a0<\/div><div><img loading=\"lazy\" decoding=\"async\" class=\"alignnone size-large wp-image-14882\" src=\"https:\/\/koylio-seura.fi\/wp-content\/uploads\/2025\/08\/DSC_1892-1024x683.jpg\" alt=\"\" width=\"1024\" height=\"683\" srcset=\"https:\/\/koylio-seura.fi\/wp-content\/uploads\/2025\/08\/DSC_1892-1024x683.jpg 1024w, https:\/\/koylio-seura.fi\/wp-content\/uploads\/2025\/08\/DSC_1892-300x200.jpg 300w, https:\/\/koylio-seura.fi\/wp-content\/uploads\/2025\/08\/DSC_1892-768x512.jpg 768w, https:\/\/koylio-seura.fi\/wp-content\/uploads\/2025\/08\/DSC_1892-1536x1024.jpg 1536w, https:\/\/koylio-seura.fi\/wp-content\/uploads\/2025\/08\/DSC_1892-2048x1365.jpg 2048w\" sizes=\"(max-width: 1024px) 100vw, 1024px\" \/><\/div><div>\u00a0 \u00a0 \u00a0 \u00a0 \u00a0 \u00a0 \u00a0 \u00a0 \u00a0 \u00a0 \u00a0 \u00a0 \u00a0 \u00a0 \u00a0 \u00a0 \u00a0 \u00a0 \u00a0 \u00a0 \u00a0 \u00a0 \u00a0 \u00a0 \u00a0 \u00a0 \u00a0 \u00a0 \u00a0 \u00a0 \u00a0 \u00a0 \u00a0 \u00a0 \u00a0 \u00a0 \u00a0 \u00a0 Lauri saarnaa Hiidenkivell\u00e4\u00a0\u00a0<\/div><\/div>\n\t\t\t\t<\/div>\n\t\t\t\t\t\t\t<div class=\"elementor-accordion-item\">\n\t\t\t\t\t<div id=\"elementor-tab-title-1145\" class=\"elementor-tab-title\" data-tab=\"5\" role=\"button\" aria-controls=\"elementor-tab-content-1145\" aria-expanded=\"false\">\n\t\t\t\t\t\t\t\t\t\t\t\t\t<span class=\"elementor-accordion-icon elementor-accordion-icon-left\" aria-hidden=\"true\">\n\t\t\t\t\t\t\t\t\t\t\t\t\t\t\t<span class=\"elementor-accordion-icon-closed\"><i class=\"fas fa-plus\"><\/i><\/span>\n\t\t\t\t\t\t\t\t<span class=\"elementor-accordion-icon-opened\"><i class=\"fas fa-minus\"><\/i><\/span>\n\t\t\t\t\t\t\t\t\t\t\t\t\t\t<\/span>\n\t\t\t\t\t\t\t\t\t\t\t\t<a class=\"elementor-accordion-title\" tabindex=\"0\">Yst\u00e4v\u00e4tapaaminen Hyrsyl\u00e4n Mutkassa 16.9.2023<\/a>\n\t\t\t\t\t<\/div>\n\t\t\t\t\t<div id=\"elementor-tab-content-1145\" class=\"elementor-tab-content elementor-clearfix\" data-tab=\"5\" role=\"region\" aria-labelledby=\"elementor-tab-title-1145\"><p><span style=\"background-color: var(--base-3); color: var(--contrast);\">Aurinkoinen syyss\u00e4\u00e4 kruunasi retkemme Hyrsyl\u00e4n Mutkaan lauantaina 16.9.. Retken j\u00e4rjesti K\u00f6yli\u00f6seuran K\u00f6yli\u00f6n yst\u00e4vien Helsingin seutu. Mukana oli 13 K\u00f6yli\u00f6n yst\u00e4v\u00e4\u00e4.<\/span><\/p><p>Tapasimme Saukkolan Ruokasalissa, miss\u00e4 nautimme runsaan ja maistuvan lounaan.<\/p><p>Hyrsyl\u00e4n Mutkassa meid\u00e4t otti vastaan iloisesti Kiti Samulin. H\u00e4n opasti meid\u00e4t tutustumaan<br \/><span style=\"background-color: var(--base-3); color: var(--contrast);\">omatoimisesti pihapolun varrella n\u00e4ht\u00e4v\u00e4\u00e4n, Wanhan 1860-luvun hirsitalon museoihin, 1700-luvun<br \/><\/span><span style=\"background-color: var(--base-3); color: var(--contrast);\">aittoihin ja sitten Karjalaiseen hirsilinnaan, miss\u00e4 oli ihastuttava nukke- ja lelumuseo, Disneykokoelma sek\u00e4 Barbie-juhlan\u00e4yttely.<\/span><\/p><p>Karjalaisessa hirsilinnassa tapasimme Hyrsyl\u00e4n mutkan em\u00e4nn\u00e4n Aira Samulinin.<br \/><span style=\"background-color: var(--base-3); color: var(--contrast);\">Kanelipullakahvikupposten \u00e4\u00e4rell\u00e4 saimme kuulla Airan el\u00e4m\u00e4nkokemuksia miltei 100 vuoden<br \/><\/span><span style=\"background-color: var(--base-3); color: var(--contrast);\">varrelta. H\u00e4nen kertomuksensa lapsuudestaan ja sota-ajasta Hyrsyl\u00e4n Mutkassa j\u00e4i mietitytt\u00e4m\u00e4\u00e4n,<br \/><\/span><span style=\"background-color: var(--base-3); color: var(--contrast);\">miten ihmiset ovatkaan voittaneet vaikeudet ja selvinneet el\u00e4m\u00e4ss\u00e4\u00e4n kovista paikoista. Airan<br \/><\/span><span style=\"background-color: var(--base-3); color: var(--contrast);\">hyv\u00e4ntuulisuus ja el\u00e4m\u00e4\u00e4 ymm\u00e4rt\u00e4v\u00e4 asenne on ihailtavaa.<\/span><\/p><p>Kiitoksia Airalle, Kitille, kaikille mukana olleille ja Paulalle retken j\u00e4rjest\u00e4misest\u00e4!<\/p><p>Teksti Marita Holkeri, kuvat Pentti Vuotila ja Marita Holkeri<\/p><p>Lis\u00e4\u00e4 valokuvia retkest\u00e4 Facebookissa K\u00f6yli\u00f6-seuran sivuilla ja K\u00f6yli\u00f6n yst\u00e4v\u00e4t-ryhm\u00e4ss\u00e4.<\/p><p><a href=\"https:\/\/koylio-seura.fi\/wp-content\/uploads\/2023\/11\/Muistio-Koylion-ystavien-rekesta-Hyrsylan-Mutkaan-16.9.2023.pdf\" target=\"_blank\" rel=\"noopener\">Muistio retkest\u00e4 Hyrsyl\u00e4n Mutkaan aukeaa t\u00e4st\u00e4<\/a><\/p><div>\u00a0<\/div><\/div>\n\t\t\t\t<\/div>\n\t\t\t\t\t\t\t<div class=\"elementor-accordion-item\">\n\t\t\t\t\t<div id=\"elementor-tab-title-1146\" class=\"elementor-tab-title\" data-tab=\"6\" role=\"button\" aria-controls=\"elementor-tab-content-1146\" aria-expanded=\"false\">\n\t\t\t\t\t\t\t\t\t\t\t\t\t<span class=\"elementor-accordion-icon elementor-accordion-icon-left\" aria-hidden=\"true\">\n\t\t\t\t\t\t\t\t\t\t\t\t\t\t\t<span class=\"elementor-accordion-icon-closed\"><i class=\"fas fa-plus\"><\/i><\/span>\n\t\t\t\t\t\t\t\t<span class=\"elementor-accordion-icon-opened\"><i class=\"fas fa-minus\"><\/i><\/span>\n\t\t\t\t\t\t\t\t\t\t\t\t\t\t<\/span>\n\t\t\t\t\t\t\t\t\t\t\t\t<a class=\"elementor-accordion-title\" tabindex=\"0\">Yst\u00e4v\u00e4tapaaminen Helsingiss\u00e4 Hietaniemen hautausmalla 14.5.2022<\/a>\n\t\t\t\t\t<\/div>\n\t\t\t\t\t<div id=\"elementor-tab-content-1146\" class=\"elementor-tab-content elementor-clearfix\" data-tab=\"6\" role=\"region\" aria-labelledby=\"elementor-tab-title-1146\"><p><span style=\"background-color: var(--base-3); color: var(--contrast);\">K\u00f6yli\u00f6-seuran K\u00f6yli\u00f6n yst\u00e4v\u00e4t tapasivat lauantaina 14.5. Helsingiss\u00e4 Hietaniemen hautausmaan opastetulla<br \/><\/span><span style=\"background-color: var(--base-3); color: var(--contrast);\">kierroksella. Oppaaksi saimme Helsinki Oppaista Pekka Lehti\u00f6n, jolle K\u00f6yli\u00f6 ja k\u00f6yli\u00f6l\u00e4iset ovat tuttuja.<\/span><\/p><p>L\u00e4hdimme kierrokselle Hietaniemen Uuden kappelin portilta klo 10. Ensimm\u00e4iseksi tutustuimme<br \/><span style=\"background-color: var(--base-3); color: var(--contrast);\">kolumbaarioon, uurnaholviin, miss\u00e4 s\u00e4ilytet\u00e4\u00e4n tuhkauurnia. Opas kertoi Hietaniemen hautausmaan<br \/><\/span><span style=\"background-color: var(--base-3); color: var(--contrast);\">historiasta ja Suomen kulttuurihistoriasta hautausmaan muistomerkeill\u00e4. Kuljimme h\u00e4nen johdollaan<br \/><\/span><span style=\"background-color: var(--base-3); color: var(--contrast);\">Uudelta kappelilta Suomen suurimmalle sankarihautausmaalle ja k\u00e4vimme Suomen tasavallan<br \/><\/span><span style=\"background-color: var(--base-3); color: var(--contrast);\">presidenttien haudoilla. Kierroksella tutustuimme my\u00f6s taiteilijoiden hautoihin.<\/span><\/p><p>Mukana Hietaniemess\u00e4 oli 14 K\u00f6yli\u00f6n yst\u00e4v\u00e4\u00e4 ja erinomainen oppaamme.<\/p><p>Kierroksen p\u00e4\u00e4tteeksi saimme viel\u00e4 oppaaltamme hyvi\u00e4 vinkkej\u00e4 seuraavaa Hietaniemen hautausmaalla<br \/><span style=\"background-color: var(--base-3); color: var(--contrast);\">k\u00e4ynti\u00e4 varten. Marita Holkeri kiitti opastamme K\u00f6yli\u00f6-seuran K\u00f6yli\u00f6n yst\u00e4vien puolesta ja antoi h\u00e4nelle<br \/><\/span><span style=\"background-color: var(--base-3); color: var(--contrast);\">lahjaksi K\u00f6yli\u00f6-seuran K\u00f6yliist 16-kirjan.<\/span><\/p><p>Kierroksen j\u00e4lkeen osa meist\u00e4 j\u00e4i nauttimaan runsaasta brunssista ja hyv\u00e4st\u00e4 seurasta Cafe &amp; Bistro<br \/><span style=\"background-color: var(--base-3); color: var(--contrast);\">Hiezussa.<\/span><\/p><p>S\u00e4\u00e4 oli suosiollinen. Kev\u00e4\u00e4n hento viherrys kaunisti maisemat. Meill\u00e4 oli erityisen antoisa kulttuurin<br \/><span style=\"background-color: var(--base-3); color: var(--contrast);\">t\u00e4yteinen p\u00e4iv\u00e4.<\/span><\/p><p>L\u00e4mpim\u00e4t kiitokset tapaamisen j\u00e4rjest\u00e4neelle Paula Auerkarille, opas Lehti\u00f6lle ja kaikille mukana olleille!<\/p><p>Valokuvat Jarmo Koskinen<\/p><p>Teksti Marita Holkeri<\/p><p><a href=\"https:\/\/koylio-seura.fi\/wp-content\/uploads\/2023\/11\/Muistio-Helsingin-seudun-ystavatapaamisesta-14.5.2022.pdf\" target=\"_blank\" rel=\"noopener\">Muistio Hietanemen opastetusta kierroksesta<\/a> avautuu t\u00e4st\u00e4.<\/p><\/div>\n\t\t\t\t<\/div>\n\t\t\t\t\t\t\t<div class=\"elementor-accordion-item\">\n\t\t\t\t\t<div id=\"elementor-tab-title-1147\" class=\"elementor-tab-title\" data-tab=\"7\" role=\"button\" aria-controls=\"elementor-tab-content-1147\" aria-expanded=\"false\">\n\t\t\t\t\t\t\t\t\t\t\t\t\t<span class=\"elementor-accordion-icon elementor-accordion-icon-left\" aria-hidden=\"true\">\n\t\t\t\t\t\t\t\t\t\t\t\t\t\t\t<span class=\"elementor-accordion-icon-closed\"><i class=\"fas fa-plus\"><\/i><\/span>\n\t\t\t\t\t\t\t\t<span class=\"elementor-accordion-icon-opened\"><i class=\"fas fa-minus\"><\/i><\/span>\n\t\t\t\t\t\t\t\t\t\t\t\t\t\t<\/span>\n\t\t\t\t\t\t\t\t\t\t\t\t<a class=\"elementor-accordion-title\" tabindex=\"0\">Yst\u00e4v\u00e4tapaaminen Vantaalla 11.6.2021<\/a>\n\t\t\t\t\t<\/div>\n\t\t\t\t\t<div id=\"elementor-tab-content-1147\" class=\"elementor-tab-content elementor-clearfix\" data-tab=\"7\" role=\"region\" aria-labelledby=\"elementor-tab-title-1147\"><p><span style=\"background-color: var(--base-3); color: var(--contrast);\">Helsingin pit\u00e4j\u00e4n kirkonkyl\u00e4n kulttuurik\u00e4vely ja Pyh\u00e4n Laurin kirkko<br \/><\/span><span style=\"background-color: var(--base-3); color: var(--contrast);\">hautausmaineen oli K\u00f6yli\u00f6n yst\u00e4vien retkikohde helteen hellim\u00e4n\u00e4 perjantaiiltap\u00e4iv\u00e4n\u00e4 11.6.2021 klo 15. Paikalla oli yhteens\u00e4 11 osallistujaa. Retkelle tulijoita\u00a0<\/span><span style=\"background-color: var(--base-3); color: var(--contrast);\">oli Helsingin seudulta, Tampereelta ja Turun seudulta.<\/span><\/p><p>Oivallisena oppaana meill\u00e4 oli Vantaa-seuran toiminnanjohtaja Riina Koivisto.<br \/><span style=\"background-color: var(--base-3); color: var(--contrast);\">Aloitimme kierroksen Pyh\u00e4n Laurin kirkon piha-alueelta. Kirkolla on valtaisia<br \/><\/span><span style=\"background-color: var(--base-3); color: var(--contrast);\">historia 1400-luvun puoliv\u00e4list\u00e4 asti. Kirkon kellotapulin erikoisuus on tuuliviirin<br \/><\/span><span style=\"background-color: var(--base-3); color: var(--contrast);\">kukko, joka on ennustanut eri ilmansuunnista tulevia uhkia ja iloisia asioita.<\/span><\/p><p>Kirkkoa ymp\u00e4r\u00f6iv\u00e4ll\u00e4 hautausmaalla opas esitteli erityisen arvokkaita hautoja ja<br \/><span style=\"background-color: var(--base-3); color: var(--contrast);\">kertoi niiden esittelyn yhteydess\u00e4 Helsingin pit\u00e4j\u00e4n ja hautausmaan historiaa.<\/span><\/p><p>Jatkoimme kulttuurik\u00e4vely\u00e4 kirkonkyl\u00e4n idyllisess\u00e4 milj\u00f6\u00f6ss\u00e4. N\u00e4imme muualle<\/p><p>haudattujen muistomerkin, Pyh\u00e4n Laurin kappelin ja pappilan puistoineen.<br \/><span style=\"background-color: var(--base-3); color: var(--contrast);\">Ihailimme my\u00f6s Suomen vanhinta koulurakennusta, jossa edelleen toimii koulu,<br \/><\/span><span style=\"background-color: var(--base-3); color: var(--contrast);\">ruotsinkielinen alakoulu. Kyl\u00e4n taloissa on s\u00e4ilytetty perinteinen ulkoasu.<\/span><\/p><p>Puutarhat ja pihat ovat vehreit\u00e4, kukkivia ja hyvin hoidettuja. Silm\u00e4niloa kaikille.<\/p><p>Saimme runsaasti tietoa alueen monipuolisesta historiasta ja hienosta<br \/><span style=\"background-color: var(--base-3); color: var(--contrast);\">kulttuurimaisemasta. Riinalle l\u00e4mpim\u00e4t kiitokset!<\/span><\/p><p>Kahvitupa Laurentiuksessa virkist\u00e4ydyimme kahvikupposten \u00e4\u00e4rell\u00e4 ja<br \/><span style=\"background-color: var(--base-3); color: var(--contrast);\">vaihdoimme Vantaa-seuran ja K\u00f6yli\u00f6-seuran kuulumisia. Riina kertoi Vantaaseuran toiminnasta ja me K\u00f6yli\u00f6n yst\u00e4v\u00e4t puolestamme K\u00f6yli\u00f6-seuran kuulumisia.<\/span><\/p><p>Annoimme oppaallemme lahjaksi K\u00f6yliist 12 ja 16 -kirjat. Samalla voimme<br \/><span style=\"background-color: var(--base-3); color: var(--contrast);\">mainostaa laajaa K\u00f6yliist-kirjojen sarjaa. Toivotimme my\u00f6s Vantaa-seuran v\u00e4en<br \/><\/span><span style=\"background-color: var(--base-3); color: var(--contrast);\">tervetulleeksi K\u00f6yli\u00f6\u00f6n. Toiminnanjohtaja Riina otti kutsun mielell\u00e4\u00e4n vastaan ja<br \/><\/span><span style=\"background-color: var(--base-3); color: var(--contrast);\">kertoi, ett\u00e4 he tekev\u00e4t usein kev\u00e4tretken jonnekin v\u00e4h\u00e4n kauemmas eli kohteena<br \/><\/span><span style=\"background-color: var(--base-3); color: var(--contrast);\">voisi mainiosti olla my\u00f6s K\u00f6yli\u00f6.<\/span><\/p><p>Auerkarin Paula opasti meid\u00e4t viel\u00e4 retkip\u00e4iv\u00e4n p\u00e4\u00e4tteeksi ihailemaan vapaan<br \/><span style=\"background-color: var(--base-3); color: var(--contrast);\">Vantaankosken kuohuja ja tutustumaan alueella oleviin Kuninkaantien<br \/><\/span><span style=\"background-color: var(--base-3); color: var(--contrast);\">n\u00e4ht\u00e4vyyksiin. Vantaanjoen ylitt\u00e4v\u00e4 Vantaankosken puusilta on toinen kahdesta<br \/><\/span><span style=\"background-color: var(--base-3); color: var(--contrast);\">Kuninkaantiehen kuuluneesta vantaalaisesta sillasta. Sillan vieress\u00e4 on vanha<br \/><\/span><span style=\"background-color: var(--base-3); color: var(--contrast);\">viilatehdas. Vantaankoski on nykyisin Etel\u00e4 Suomen suosituimpia<br \/><\/span><span style=\"background-color: var(--base-3); color: var(--contrast);\">kalastuspaikkoja.<\/span><\/p><p>Paulalle paljon kiitoksia retkip\u00e4iv\u00e4n j\u00e4rjest\u00e4misest\u00e4! Hieno p\u00e4iv\u00e4, upeat kohteet,<br \/><span style=\"background-color: var(--base-3); color: var(--contrast);\">kiitokset kaikille mukana olleille!<\/span><\/p><p><span style=\"background-color: var(--base-3); color: var(--contrast);\">Teksti ja kuvat: Marita Holkeri<\/span><\/p><p><span style=\"background-color: var(--base-3); color: var(--contrast);\"><a href=\"https:\/\/koylio-seura.fi\/wp-content\/uploads\/2023\/11\/Helsingin-seudun-ystavatapaaminen-11.6.-21.pdf\" target=\"_blank\" rel=\"noopener\">Muistio Vantaan tapaamisesta<\/a> aukeaa t\u00e4st\u00e4<\/span><\/p><\/div>\n\t\t\t\t<\/div>\n\t\t\t\t\t\t\t<div class=\"elementor-accordion-item\">\n\t\t\t\t\t<div id=\"elementor-tab-title-1148\" class=\"elementor-tab-title\" data-tab=\"8\" role=\"button\" aria-controls=\"elementor-tab-content-1148\" aria-expanded=\"false\">\n\t\t\t\t\t\t\t\t\t\t\t\t\t<span class=\"elementor-accordion-icon elementor-accordion-icon-left\" aria-hidden=\"true\">\n\t\t\t\t\t\t\t\t\t\t\t\t\t\t\t<span class=\"elementor-accordion-icon-closed\"><i class=\"fas fa-plus\"><\/i><\/span>\n\t\t\t\t\t\t\t\t<span class=\"elementor-accordion-icon-opened\"><i class=\"fas fa-minus\"><\/i><\/span>\n\t\t\t\t\t\t\t\t\t\t\t\t\t\t<\/span>\n\t\t\t\t\t\t\t\t\t\t\t\t<a class=\"elementor-accordion-title\" tabindex=\"0\">Yst\u00e4v\u00e4tapaaminen Vantaalla Paulan luona 28.9.2019<\/a>\n\t\t\t\t\t<\/div>\n\t\t\t\t\t<div id=\"elementor-tab-content-1148\" class=\"elementor-tab-content elementor-clearfix\" data-tab=\"8\" role=\"region\" aria-labelledby=\"elementor-tab-title-1148\"><p><div id='gallery-1' class='gallery galleryid-1489 gallery-columns-3 gallery-size-thumbnail'><figure class='gallery-item'>\n\t\t\t<div class='gallery-icon landscape'>\n\t\t\t\t<a href='https:\/\/koylio-seura.fi\/?attachment_id=3253'><img loading=\"lazy\" decoding=\"async\" width=\"150\" height=\"150\" src=\"https:\/\/koylio-seura.fi\/wp-content\/uploads\/2023\/11\/AC-28.9.2019-Vantaa-1-150x150.jpg\" class=\"attachment-thumbnail size-thumbnail\" alt=\"\" aria-describedby=\"gallery-1-3253\" \/><\/a>\n\t\t\t<\/div>\n\t\t\t\t<figcaption class='wp-caption-text gallery-caption' id='gallery-1-3253'>\n\t\t\t\tYst\u00e4v\u00e4tapaaminen Paulan luona Kuva: Helena S.\n\t\t\t\t<\/figcaption><\/figure><figure class='gallery-item'>\n\t\t\t<div class='gallery-icon portrait'>\n\t\t\t\t<a href='https:\/\/koylio-seura.fi\/?attachment_id=3254'><img loading=\"lazy\" decoding=\"async\" width=\"150\" height=\"150\" src=\"https:\/\/koylio-seura.fi\/wp-content\/uploads\/2023\/11\/MHolke-28.9.2019-4-Vantaa-150x150.jpg\" class=\"attachment-thumbnail size-thumbnail\" alt=\"\" aria-describedby=\"gallery-1-3254\" \/><\/a>\n\t\t\t<\/div>\n\t\t\t\t<figcaption class='wp-caption-text gallery-caption' id='gallery-1-3254'>\n\t\t\t\tLohisoppa maistuu, Kuva: Marita H.\n\t\t\t\t<\/figcaption><\/figure><figure class='gallery-item'>\n\t\t\t<div class='gallery-icon portrait'>\n\t\t\t\t<a href='https:\/\/koylio-seura.fi\/?attachment_id=3255'><img loading=\"lazy\" decoding=\"async\" width=\"150\" height=\"150\" src=\"https:\/\/koylio-seura.fi\/wp-content\/uploads\/2023\/11\/MHolke-28.9.2019-6-Vantaa-150x150.jpg\" class=\"attachment-thumbnail size-thumbnail\" alt=\"\" aria-describedby=\"gallery-1-3255\" \/><\/a>\n\t\t\t<\/div>\n\t\t\t\t<figcaption class='wp-caption-text gallery-caption' id='gallery-1-3255'>\n\t\t\t\tHelena, Tapani ja Paula, Kuva: Marita H.\n\t\t\t\t<\/figcaption><\/figure>\n\t\t<\/div>\n<\/p><p>Hyv\u00e4t Helsingin seudun K\u00f6yli\u00f6n yst\u00e4v\u00e4t!<\/p><p><span style=\"background-color: var(--base-3); color: var(--contrast);\">K\u00f6yli\u00f6n yst\u00e4vien 10-vuotistaipaleen kunniaksi kutsumme teid\u00e4t yst\u00e4v\u00e4tapaamiseen Vantaalle Auerkarin Paulan \u201dMuumitaloon\u201d Vantaan Vestraan lauantaina 28.9.2019 klo 14-18. Osoite on Auerlantie 1.<br \/><\/span><span style=\"background-color: var(--base-3); color: var(--contrast);\">Paulan keitt\u00e4m\u00e4\u00e4 lohisoppaa on tarjolla klo 13, vapaaehtoinen maksu.<\/span><\/p><p><span style=\"background-color: var(--base-3); color: var(--contrast);\">Tapaamisen p\u00e4\u00e4ohjelmana on Kalevi Salmin esitys K\u00f6yli\u00f6n valokuvat -arkiston k\u00e4yt\u00f6n uutuuksista: uusien ominaisuuksien ja uusien museokuvien esittely (noin 2300 kuvaa) ja arkiston taustojen tilannekartoitus. Paljon muutakin on \u201dtarjouksessa\u201d, esimerkiksi tietoa K\u00f6yliist15-kirjan tekemisest\u00e4, sis\u00e4ll\u00f6st\u00e4 ja ilmestymisajasta.<\/span><\/p><p>T\u00e4rke\u00e4\u00e4 on my\u00f6s se, ett\u00e4 voimme vaihtaa kuulumisia ja keskustella yhdess\u00e4 K\u00f6yli\u00f6-seuran ja K\u00f6yli\u00f6n Yst\u00e4vien j\u00e4rjest\u00e4mist\u00e4 tapahtumista. Kerromme my\u00f6s \u201dVanhan ajan koulup\u00e4iv\u00e4st\u00e4\u201d valokuvien kera.<\/p><p>Aluetapaamisessa meill\u00e4 on mahdollisuus tutustua paikalliseen kulttuuriantiin. Vierailukohde on K\u00f6yli\u00f6n Tuohiniemest\u00e4 siirretty \u201dToltisetin\u201d vanha hirsitalo, joka on saanut nimekseen \u201dMuumitalo\u201d.<\/p><p><span style=\"background-color: var(--base-3); color: var(--contrast);\">Kahvitarjoilu!<\/span><\/p><p>Ilmoittautumiset Maritalle 24.9.2019 menness\u00e4: marita.holkeri@gmail.com tai puh. 0503426466<\/p><p>Kerro ilmoittautumisen yhteydess\u00e4, sy\u00f6tk\u00f6 Paulan keitt\u00e4m\u00e4\u00e4 lohisoppaa, niin h\u00e4n tiet\u00e4\u00e4 arvioida sopan m\u00e4\u00e4r\u00e4n.<\/p><p>L\u00e4mpim\u00e4sti tervetuloa!<\/p><p>T. Paula, Helena, Kalevi ja Marita<\/p><\/div>\n\t\t\t\t<\/div>\n\t\t\t\t\t\t\t<div class=\"elementor-accordion-item\">\n\t\t\t\t\t<div id=\"elementor-tab-title-1149\" class=\"elementor-tab-title\" data-tab=\"9\" role=\"button\" aria-controls=\"elementor-tab-content-1149\" aria-expanded=\"false\">\n\t\t\t\t\t\t\t\t\t\t\t\t\t<span class=\"elementor-accordion-icon elementor-accordion-icon-left\" aria-hidden=\"true\">\n\t\t\t\t\t\t\t\t\t\t\t\t\t\t\t<span class=\"elementor-accordion-icon-closed\"><i class=\"fas fa-plus\"><\/i><\/span>\n\t\t\t\t\t\t\t\t<span class=\"elementor-accordion-icon-opened\"><i class=\"fas fa-minus\"><\/i><\/span>\n\t\t\t\t\t\t\t\t\t\t\t\t\t\t<\/span>\n\t\t\t\t\t\t\t\t\t\t\t\t<a class=\"elementor-accordion-title\" tabindex=\"0\">Yst\u00e4v\u00e4tapaaminen Helsingiss\u00e4 22.11.2018, Kansallismuseo ja Yle Pasilassa<\/a>\n\t\t\t\t\t<\/div>\n\t\t\t\t\t<div id=\"elementor-tab-content-1149\" class=\"elementor-tab-content elementor-clearfix\" data-tab=\"9\" role=\"region\" aria-labelledby=\"elementor-tab-title-1149\"><p><div id='gallery-2' class='gallery galleryid-1489 gallery-columns-3 gallery-size-thumbnail'><figure class='gallery-item'>\n\t\t\t<div class='gallery-icon landscape'>\n\t\t\t\t<a href='https:\/\/koylio-seura.fi\/?attachment_id=3323'><img loading=\"lazy\" decoding=\"async\" width=\"150\" height=\"150\" src=\"https:\/\/koylio-seura.fi\/wp-content\/uploads\/2023\/11\/Kansallismuson-aulassa-2018-150x150.jpg\" class=\"attachment-thumbnail size-thumbnail\" alt=\"\" aria-describedby=\"gallery-2-3323\" \/><\/a>\n\t\t\t<\/div>\n\t\t\t\t<figcaption class='wp-caption-text gallery-caption' id='gallery-2-3323'>\n\t\t\t\tKansallismuseossa 22.11.2028 Kuva:MH\n\t\t\t\t<\/figcaption><\/figure><figure class='gallery-item'>\n\t\t\t<div class='gallery-icon landscape'>\n\t\t\t\t<a href='https:\/\/koylio-seura.fi\/?attachment_id=3322'><img loading=\"lazy\" decoding=\"async\" width=\"150\" height=\"150\" src=\"https:\/\/koylio-seura.fi\/wp-content\/uploads\/2023\/11\/Kansallismuseossa-2018-150x150.jpg\" class=\"attachment-thumbnail size-thumbnail\" alt=\"\" aria-describedby=\"gallery-2-3322\" \/><\/a>\n\t\t\t<\/div>\n\t\t\t\t<figcaption class='wp-caption-text gallery-caption' id='gallery-2-3322'>\n\t\t\t\tKansallismuseossa opastettu kierros 22.11.2018 Kuva:MH\n\t\t\t\t<\/figcaption><\/figure><figure class='gallery-item'>\n\t\t\t<div class='gallery-icon landscape'>\n\t\t\t\t<a href='https:\/\/koylio-seura.fi\/?attachment_id=3321'><img loading=\"lazy\" decoding=\"async\" width=\"150\" height=\"150\" src=\"https:\/\/koylio-seura.fi\/wp-content\/uploads\/2023\/11\/Helsinki-2018-150x150.jpg\" class=\"attachment-thumbnail size-thumbnail\" alt=\"\" aria-describedby=\"gallery-2-3321\" \/><\/a>\n\t\t\t<\/div>\n\t\t\t\t<figcaption class='wp-caption-text gallery-caption' id='gallery-2-3321'>\n\t\t\t\tYle:ll\u00e4 22.11.2018 Kuva:MH\n\t\t\t\t<\/figcaption><\/figure><figure class='gallery-item'>\n\t\t\t<div class='gallery-icon landscape'>\n\t\t\t\t<a href='https:\/\/koylio-seura.fi\/?attachment_id=3320'><img loading=\"lazy\" decoding=\"async\" width=\"150\" height=\"150\" src=\"https:\/\/koylio-seura.fi\/wp-content\/uploads\/2023\/11\/YLEn-studiossa-2018-150x150.jpg\" class=\"attachment-thumbnail size-thumbnail\" alt=\"\" aria-describedby=\"gallery-2-3320\" \/><\/a>\n\t\t\t<\/div>\n\t\t\t\t<figcaption class='wp-caption-text gallery-caption' id='gallery-2-3320'>\n\t\t\t\tYlen studiossa 22.11.2018\n\t\t\t\t<\/figcaption><\/figure>\n\t\t<\/div>\n<\/p><p><span style=\"background-color: var(--base-3); color: var(--contrast);\">Helsingin seudun k\u00f6yli\u00f6l\u00e4isten j\u00e4rjest\u00e4m\u00e4 yst\u00e4v\u00e4tapaaminen toteutettiin 22.11.2018.\u00a0\u00a0<\/span><\/p><p><span style=\"background-color: var(--base-3); color: var(--contrast);\">L\u00e4sn\u00e4 oli l\u00e4hes 25 eri puolilta Etel\u00e4-Suomea kokoontunutta ulkok\u00f6yli\u00f6l\u00e4ist\u00e4ist\u00e4.\u00a0 Vierailimme Kansallismuseossa, jossa tutustuimme n\u00e4yttelyyn &#8221;10000 vuotta muotoilua &#8211; Ihminen, Aine ja Metamorfoosi&#8221;\u00a0 Sen j\u00e4lkeen tutustuimme Yleisradioon ja vierailun j\u00e4lkeen istahdimme lyhyeen palaveriin kahvilassa.\u00a0<\/span><\/p><p>Kansallismuseon opastetussa n\u00e4yttelyss\u00e4 saimme n\u00e4hd\u00e4 mm. Tuiskulan Rautamaasta kansallismuseoon lahjoitetun Jaakobin uni-ryijyn vuodelta 1704.\u00a0 Yleisradion opastetulla kierroksella\u00a0 n\u00e4imme ja koimme uskomattoman uutisten ja muiden ohjelmien maailman.\u00a0 Oppaamme Saija Uskin lis\u00e4ksi mukanamme Yleisradiossa oli K\u00f6yli\u00f6-taustainen toimittaja Olli-Pekka Iham\u00e4ki, joka omalla panoksellaan rikastutti n\u00e4kem\u00e4\u00e4mme ja kuulemaamme. Kiitoksia sek\u00e4 oppaalle ett\u00e4 Ollille.<\/p><p>K\u00e4ynnit avarsivat ajatusmaailmaamme ja mm. katsomme nyt eri studioista l\u00e4hetettyj\u00e4 ohjelmia erilaisin, jopa asiantuntevammin silmin.\u00a0 Lis\u00e4ksi saimme vaihtaa niin kunnan, seurakunnan, K\u00f6yli\u00f6-seuran ja omia kuulumisiamme mukavassa juttuhetkess\u00e4 Yleisradion kahvilassa.\u00a0 Kaikista j\u00e4rjestelyist\u00e4 vastasi Paula Auerkari, jolle onnistuneesta iltap\u00e4iv\u00e4st\u00e4 syd\u00e4melliset kiitokset.<\/p><p>Teksti: Helena Santala<\/p><\/div>\n\t\t\t\t<\/div>\n\t\t\t\t\t\t\t\t<\/div>\n\t\t\t\t\t\t<\/div>\n\t\t\t\t<\/div>\n\t\t\t\t\t<\/div>\n\t\t<\/div>\n\t\t\t\t\t<\/div>\n\t\t<\/section>\n\t\t\t\t<\/div>\n\t\t","protected":false},"excerpt":{"rendered":"<p>P\u00e4\u00e4kaupunkiseudulla tapahtunutta 16.1.2026 K\u00f6yli\u00f6l\u00e4isten kuvien ilta Helsingin keskustakirjasto Oodissa OODIN KOKOUSTILASSA OLI T\u00c4YTT\u00c4 ! Kutsu tilaisuuteen Tuulan kirjoittama muistio Kuva: Paula Auerkari K\u00f6yli\u00f6l\u00e4isten kuvien ilta perjantaina 16.1.26 oli mukava tilaisuus. L\u00e4mpim\u00e4\u00e4n tunnelmaan vaikutti varmaan my\u00f6s osallistujam\u00e4\u00e4r\u00e4, meit\u00e4 p\u00e4\u00e4kaupunkiseutulaisia oli yli &#8230; <a title=\"P\u00e4\u00e4kaupunkiseutu\" class=\"read-more\" href=\"https:\/\/koylio-seura.fi\/?page_id=1489\" aria-label=\"Lue lis\u00e4\u00e4 aiheesta P\u00e4\u00e4kaupunkiseutu\">Lue lis\u00e4\u00e4<\/a><\/p>\n","protected":false},"author":1,"featured_media":0,"parent":1485,"menu_order":0,"comment_status":"closed","ping_status":"closed","template":"","meta":{"footnotes":""},"class_list":{"0":"post-1489","1":"page","2":"type-page","3":"status-publish","5":"infinite-scroll-item"},"yoast_head":"<!-- This site is optimized with the Yoast SEO plugin v26.6 - https:\/\/yoast.com\/wordpress\/plugins\/seo\/ -->\n<title>P\u00e4\u00e4kaupunkiseutu - K\u00f6yli\u00f6-seura<\/title>\n<meta name=\"robots\" content=\"index, follow, max-snippet:-1, max-image-preview:large, max-video-preview:-1\" \/>\n<link rel=\"canonical\" href=\"https:\/\/koylio-seura.fi\/?page_id=1489\" \/>\n<meta property=\"og:locale\" content=\"fi_FI\" \/>\n<meta property=\"og:type\" content=\"article\" \/>\n<meta property=\"og:title\" content=\"P\u00e4\u00e4kaupunkiseutu - K\u00f6yli\u00f6-seura\" \/>\n<meta property=\"og:description\" content=\"P\u00e4\u00e4kaupunkiseudulla tapahtunutta 16.1.2026 K\u00f6yli\u00f6l\u00e4isten kuvien ilta Helsingin keskustakirjasto Oodissa OODIN KOKOUSTILASSA OLI T\u00c4YTT\u00c4 ! Kutsu tilaisuuteen Tuulan kirjoittama muistio Kuva: Paula Auerkari K\u00f6yli\u00f6l\u00e4isten kuvien ilta perjantaina 16.1.26 oli mukava tilaisuus. L\u00e4mpim\u00e4\u00e4n tunnelmaan vaikutti varmaan my\u00f6s osallistujam\u00e4\u00e4r\u00e4, meit\u00e4 p\u00e4\u00e4kaupunkiseutulaisia oli yli ... Lue lis\u00e4\u00e4\" \/>\n<meta property=\"og:url\" content=\"https:\/\/koylio-seura.fi\/?page_id=1489\" \/>\n<meta property=\"og:site_name\" content=\"K\u00f6yli\u00f6-seura\" \/>\n<meta property=\"article:modified_time\" content=\"2026-02-19T15:54:00+00:00\" \/>\n<meta property=\"og:image\" content=\"https:\/\/koylio-seura.fi\/wp-content\/uploads\/2026\/01\/PHOTO-2026-01-16-22-07-07.jpg\" \/>\n\t<meta property=\"og:image:width\" content=\"1600\" \/>\n\t<meta property=\"og:image:height\" content=\"900\" \/>\n\t<meta property=\"og:image:type\" content=\"image\/jpeg\" \/>\n<meta name=\"twitter:card\" content=\"summary_large_image\" \/>\n<meta name=\"twitter:label1\" content=\"Arvioitu lukuaika\" \/>\n\t<meta name=\"twitter:data1\" content=\"15 minuuttia\" \/>\n<script type=\"application\/ld+json\" class=\"yoast-schema-graph\">{\"@context\":\"https:\/\/schema.org\",\"@graph\":[{\"@type\":\"WebPage\",\"@id\":\"https:\/\/koylio-seura.fi\/?page_id=1489\",\"url\":\"https:\/\/koylio-seura.fi\/?page_id=1489\",\"name\":\"P\u00e4\u00e4kaupunkiseutu - K\u00f6yli\u00f6-seura\",\"isPartOf\":{\"@id\":\"https:\/\/koylio-seura.fi\/#website\"},\"primaryImageOfPage\":{\"@id\":\"https:\/\/koylio-seura.fi\/?page_id=1489#primaryimage\"},\"image\":{\"@id\":\"https:\/\/koylio-seura.fi\/?page_id=1489#primaryimage\"},\"thumbnailUrl\":\"https:\/\/koylio-seura.fi\/wp-content\/uploads\/2026\/01\/PHOTO-2026-01-16-22-07-07.jpg\",\"datePublished\":\"2023-10-22T10:49:10+00:00\",\"dateModified\":\"2026-02-19T15:54:00+00:00\",\"breadcrumb\":{\"@id\":\"https:\/\/koylio-seura.fi\/?page_id=1489#breadcrumb\"},\"inLanguage\":\"fi\",\"potentialAction\":[{\"@type\":\"ReadAction\",\"target\":[\"https:\/\/koylio-seura.fi\/?page_id=1489\"]}]},{\"@type\":\"ImageObject\",\"inLanguage\":\"fi\",\"@id\":\"https:\/\/koylio-seura.fi\/?page_id=1489#primaryimage\",\"url\":\"https:\/\/koylio-seura.fi\/wp-content\/uploads\/2026\/01\/PHOTO-2026-01-16-22-07-07.jpg\",\"contentUrl\":\"https:\/\/koylio-seura.fi\/wp-content\/uploads\/2026\/01\/PHOTO-2026-01-16-22-07-07.jpg\"},{\"@type\":\"BreadcrumbList\",\"@id\":\"https:\/\/koylio-seura.fi\/?page_id=1489#breadcrumb\",\"itemListElement\":[{\"@type\":\"ListItem\",\"position\":1,\"name\":\"Etusivu\",\"item\":\"https:\/\/koylio-seura.fi\/\"},{\"@type\":\"ListItem\",\"position\":2,\"name\":\"K\u00f6yli\u00f6n yst\u00e4v\u00e4t\",\"item\":\"https:\/\/koylio-seura.fi\/?page_id=22\"},{\"@type\":\"ListItem\",\"position\":3,\"name\":\"Alueilla tapahtunutta\",\"item\":\"https:\/\/koylio-seura.fi\/?page_id=1485\"},{\"@type\":\"ListItem\",\"position\":4,\"name\":\"P\u00e4\u00e4kaupunkiseutu\"}]},{\"@type\":\"WebSite\",\"@id\":\"https:\/\/koylio-seura.fi\/#website\",\"url\":\"https:\/\/koylio-seura.fi\/\",\"name\":\"K\u00f6yli\u00f6-seura\",\"description\":\"\",\"publisher\":{\"@id\":\"https:\/\/koylio-seura.fi\/#organization\"},\"potentialAction\":[{\"@type\":\"SearchAction\",\"target\":{\"@type\":\"EntryPoint\",\"urlTemplate\":\"https:\/\/koylio-seura.fi\/?s={search_term_string}\"},\"query-input\":{\"@type\":\"PropertyValueSpecification\",\"valueRequired\":true,\"valueName\":\"search_term_string\"}}],\"inLanguage\":\"fi\"},{\"@type\":\"Organization\",\"@id\":\"https:\/\/koylio-seura.fi\/#organization\",\"name\":\"K\u00f6yli\u00f6-seura\",\"url\":\"https:\/\/koylio-seura.fi\/\",\"logo\":{\"@type\":\"ImageObject\",\"inLanguage\":\"fi\",\"@id\":\"https:\/\/koylio-seura.fi\/#\/schema\/logo\/image\/\",\"url\":\"https:\/\/koylio-seura.fi\/wp-content\/uploads\/2023\/07\/cropped-KS-logo-23.png\",\"contentUrl\":\"https:\/\/koylio-seura.fi\/wp-content\/uploads\/2023\/07\/cropped-KS-logo-23.png\",\"width\":530,\"height\":619,\"caption\":\"K\u00f6yli\u00f6-seura\"},\"image\":{\"@id\":\"https:\/\/koylio-seura.fi\/#\/schema\/logo\/image\/\"}}]}<\/script>\n<!-- \/ Yoast SEO plugin. -->","yoast_head_json":{"title":"P\u00e4\u00e4kaupunkiseutu - K\u00f6yli\u00f6-seura","robots":{"index":"index","follow":"follow","max-snippet":"max-snippet:-1","max-image-preview":"max-image-preview:large","max-video-preview":"max-video-preview:-1"},"canonical":"https:\/\/koylio-seura.fi\/?page_id=1489","og_locale":"fi_FI","og_type":"article","og_title":"P\u00e4\u00e4kaupunkiseutu - K\u00f6yli\u00f6-seura","og_description":"P\u00e4\u00e4kaupunkiseudulla tapahtunutta 16.1.2026 K\u00f6yli\u00f6l\u00e4isten kuvien ilta Helsingin keskustakirjasto Oodissa OODIN KOKOUSTILASSA OLI T\u00c4YTT\u00c4 ! Kutsu tilaisuuteen Tuulan kirjoittama muistio Kuva: Paula Auerkari K\u00f6yli\u00f6l\u00e4isten kuvien ilta perjantaina 16.1.26 oli mukava tilaisuus. L\u00e4mpim\u00e4\u00e4n tunnelmaan vaikutti varmaan my\u00f6s osallistujam\u00e4\u00e4r\u00e4, meit\u00e4 p\u00e4\u00e4kaupunkiseutulaisia oli yli ... Lue lis\u00e4\u00e4","og_url":"https:\/\/koylio-seura.fi\/?page_id=1489","og_site_name":"K\u00f6yli\u00f6-seura","article_modified_time":"2026-02-19T15:54:00+00:00","og_image":[{"width":1600,"height":900,"url":"https:\/\/koylio-seura.fi\/wp-content\/uploads\/2026\/01\/PHOTO-2026-01-16-22-07-07.jpg","type":"image\/jpeg"}],"twitter_card":"summary_large_image","twitter_misc":{"Arvioitu lukuaika":"15 minuuttia"},"schema":{"@context":"https:\/\/schema.org","@graph":[{"@type":"WebPage","@id":"https:\/\/koylio-seura.fi\/?page_id=1489","url":"https:\/\/koylio-seura.fi\/?page_id=1489","name":"P\u00e4\u00e4kaupunkiseutu - K\u00f6yli\u00f6-seura","isPartOf":{"@id":"https:\/\/koylio-seura.fi\/#website"},"primaryImageOfPage":{"@id":"https:\/\/koylio-seura.fi\/?page_id=1489#primaryimage"},"image":{"@id":"https:\/\/koylio-seura.fi\/?page_id=1489#primaryimage"},"thumbnailUrl":"https:\/\/koylio-seura.fi\/wp-content\/uploads\/2026\/01\/PHOTO-2026-01-16-22-07-07.jpg","datePublished":"2023-10-22T10:49:10+00:00","dateModified":"2026-02-19T15:54:00+00:00","breadcrumb":{"@id":"https:\/\/koylio-seura.fi\/?page_id=1489#breadcrumb"},"inLanguage":"fi","potentialAction":[{"@type":"ReadAction","target":["https:\/\/koylio-seura.fi\/?page_id=1489"]}]},{"@type":"ImageObject","inLanguage":"fi","@id":"https:\/\/koylio-seura.fi\/?page_id=1489#primaryimage","url":"https:\/\/koylio-seura.fi\/wp-content\/uploads\/2026\/01\/PHOTO-2026-01-16-22-07-07.jpg","contentUrl":"https:\/\/koylio-seura.fi\/wp-content\/uploads\/2026\/01\/PHOTO-2026-01-16-22-07-07.jpg"},{"@type":"BreadcrumbList","@id":"https:\/\/koylio-seura.fi\/?page_id=1489#breadcrumb","itemListElement":[{"@type":"ListItem","position":1,"name":"Etusivu","item":"https:\/\/koylio-seura.fi\/"},{"@type":"ListItem","position":2,"name":"K\u00f6yli\u00f6n yst\u00e4v\u00e4t","item":"https:\/\/koylio-seura.fi\/?page_id=22"},{"@type":"ListItem","position":3,"name":"Alueilla tapahtunutta","item":"https:\/\/koylio-seura.fi\/?page_id=1485"},{"@type":"ListItem","position":4,"name":"P\u00e4\u00e4kaupunkiseutu"}]},{"@type":"WebSite","@id":"https:\/\/koylio-seura.fi\/#website","url":"https:\/\/koylio-seura.fi\/","name":"K\u00f6yli\u00f6-seura","description":"","publisher":{"@id":"https:\/\/koylio-seura.fi\/#organization"},"potentialAction":[{"@type":"SearchAction","target":{"@type":"EntryPoint","urlTemplate":"https:\/\/koylio-seura.fi\/?s={search_term_string}"},"query-input":{"@type":"PropertyValueSpecification","valueRequired":true,"valueName":"search_term_string"}}],"inLanguage":"fi"},{"@type":"Organization","@id":"https:\/\/koylio-seura.fi\/#organization","name":"K\u00f6yli\u00f6-seura","url":"https:\/\/koylio-seura.fi\/","logo":{"@type":"ImageObject","inLanguage":"fi","@id":"https:\/\/koylio-seura.fi\/#\/schema\/logo\/image\/","url":"https:\/\/koylio-seura.fi\/wp-content\/uploads\/2023\/07\/cropped-KS-logo-23.png","contentUrl":"https:\/\/koylio-seura.fi\/wp-content\/uploads\/2023\/07\/cropped-KS-logo-23.png","width":530,"height":619,"caption":"K\u00f6yli\u00f6-seura"},"image":{"@id":"https:\/\/koylio-seura.fi\/#\/schema\/logo\/image\/"}}]}},"_links":{"self":[{"href":"https:\/\/koylio-seura.fi\/index.php?rest_route=\/wp\/v2\/pages\/1489","targetHints":{"allow":["GET"]}}],"collection":[{"href":"https:\/\/koylio-seura.fi\/index.php?rest_route=\/wp\/v2\/pages"}],"about":[{"href":"https:\/\/koylio-seura.fi\/index.php?rest_route=\/wp\/v2\/types\/page"}],"author":[{"embeddable":true,"href":"https:\/\/koylio-seura.fi\/index.php?rest_route=\/wp\/v2\/users\/1"}],"replies":[{"embeddable":true,"href":"https:\/\/koylio-seura.fi\/index.php?rest_route=%2Fwp%2Fv2%2Fcomments&post=1489"}],"version-history":[{"count":84,"href":"https:\/\/koylio-seura.fi\/index.php?rest_route=\/wp\/v2\/pages\/1489\/revisions"}],"predecessor-version":[{"id":16331,"href":"https:\/\/koylio-seura.fi\/index.php?rest_route=\/wp\/v2\/pages\/1489\/revisions\/16331"}],"up":[{"embeddable":true,"href":"https:\/\/koylio-seura.fi\/index.php?rest_route=\/wp\/v2\/pages\/1485"}],"wp:attachment":[{"href":"https:\/\/koylio-seura.fi\/index.php?rest_route=%2Fwp%2Fv2%2Fmedia&parent=1489"}],"curies":[{"name":"wp","href":"https:\/\/api.w.org\/{rel}","templated":true}]}}