{"id":1039,"date":"2023-10-21T08:20:06","date_gmt":"2023-10-21T08:20:06","guid":{"rendered":"https:\/\/koylio-seura.eitcon.com\/?page_id=1039"},"modified":"2024-01-04T14:21:04","modified_gmt":"2024-01-04T14:21:04","slug":"stipendit","status":"publish","type":"page","link":"https:\/\/koylio-seura.fi\/?page_id=1039","title":{"rendered":"Stipendit"},"content":{"rendered":"\t\t<div data-elementor-type=\"wp-page\" data-elementor-id=\"1039\" class=\"elementor elementor-1039\" data-elementor-post-type=\"page\">\n\t\t\t\t\t\t<section class=\"elementor-section elementor-top-section elementor-element elementor-element-3ad6c0e elementor-section-boxed elementor-section-height-default elementor-section-height-default\" data-id=\"3ad6c0e\" data-element_type=\"section\">\n\t\t\t\t\t\t<div class=\"elementor-container elementor-column-gap-default\">\n\t\t\t\t\t<div class=\"elementor-column elementor-col-100 elementor-top-column elementor-element elementor-element-86e3771\" data-id=\"86e3771\" data-element_type=\"column\">\n\t\t\t<div class=\"elementor-widget-wrap elementor-element-populated\">\n\t\t\t\t\t\t<div class=\"elementor-element elementor-element-ead9fe3 elementor-widget elementor-widget-heading\" data-id=\"ead9fe3\" data-element_type=\"widget\" data-widget_type=\"heading.default\">\n\t\t\t\t<div class=\"elementor-widget-container\">\n\t\t\t\t\t<h2 class=\"elementor-heading-title elementor-size-default\">K\u00f6yli\u00f6-seuran nuorisostipendit<\/h2>\t\t\t\t<\/div>\n\t\t\t\t<\/div>\n\t\t\t\t\t<\/div>\n\t\t<\/div>\n\t\t\t\t\t<\/div>\n\t\t<\/section>\n\t\t\t\t<section class=\"elementor-section elementor-top-section elementor-element elementor-element-47fd443 elementor-section-boxed elementor-section-height-default elementor-section-height-default\" data-id=\"47fd443\" data-element_type=\"section\">\n\t\t\t\t\t\t<div class=\"elementor-container elementor-column-gap-default\">\n\t\t\t\t\t<div class=\"elementor-column elementor-col-100 elementor-top-column elementor-element elementor-element-db58f7b\" data-id=\"db58f7b\" data-element_type=\"column\">\n\t\t\t<div class=\"elementor-widget-wrap elementor-element-populated\">\n\t\t\t\t\t\t<div class=\"elementor-element elementor-element-a33e946 elementor-widget elementor-widget-text-editor\" data-id=\"a33e946\" data-element_type=\"widget\" data-widget_type=\"text-editor.default\">\n\t\t\t\t<div class=\"elementor-widget-container\">\n\t\t\t\t\t\t\t\t\t<p>K\u00f6yli\u00f6-seura jakaa stipendej\u00e4 nuorten harrastustoiminnan tukemiseen. Ensimm\u00e4iset jaettiin vuonna 2017.<\/p><p>K\u00f6yli\u00f6-seura on laatinut ohjeet stipendien hakuun ja my\u00f6nt\u00e4miseen seuraavasti: <br \/>K\u00f6yli\u00f6-seuran teht\u00e4v\u00e4n\u00e4 on kotiseututy\u00f6n edist\u00e4minen ja tukeminen. Erilaiset harrastukset musiikin, liikunnan tai vaikka teatterin parissa tukevat lasten ja nuorten kasvua ja hyvinvointia. On t\u00e4rke\u00e4\u00e4, ett\u00e4 oma kotiseutu tarjoaa monipuoliset mahdollisuudet harrastaa ja oppia uusia asioita. Siksi K\u00f6yli\u00f6-seura haluaa tukea nuoren harrastustoimintaa jakamalla nuorisostipendej\u00e4.<br \/>K\u00f6yli\u00f6-seura julistaa haettavaksi harrastustoimintaa tukevat nuorisostipendit.<br \/>Nuorisostipendi\u00e4 voivat hakea K\u00f6yli\u00f6n pit\u00e4j\u00e4n alueella asuvat alle 18-vuotiaat lapset ja nuoret harrastustoiminnan tukemiseksi.<br \/>Hakemus on vapaamuotoinen, jossa kerrot harrastuksestasi; esimerkiksi mit\u00e4 harrastat, milloin olet harrastuksen aloittanut, miten harrastuksesi n\u00e4kyy p\u00e4ivitt\u00e4isess\u00e4 el\u00e4m\u00e4ss\u00e4si ja mik\u00e4 on parasta harrastuksessasi. Kerro my\u00f6s mihin erityisesti tarvitsisit tukea, esimerkiksi harrastusv\u00e4lineen hankintaan tai leirimaksuihin.<br \/>K\u00f6yli\u00f6-seuran hallitus valitsee stipendien saajat kirjallisten hakemusten perusteella. Stipendin saajalle ilmoitetaan henkil\u00f6kohtaisesti.<\/p>\t\t\t\t\t\t\t\t<\/div>\n\t\t\t\t<\/div>\n\t\t\t\t\t<\/div>\n\t\t<\/div>\n\t\t\t\t\t<\/div>\n\t\t<\/section>\n\t\t\t\t<section class=\"elementor-section elementor-top-section elementor-element elementor-element-a0c878e elementor-section-boxed elementor-section-height-default elementor-section-height-default\" data-id=\"a0c878e\" data-element_type=\"section\">\n\t\t\t\t\t\t<div class=\"elementor-container elementor-column-gap-default\">\n\t\t\t\t\t<div class=\"elementor-column elementor-col-100 elementor-top-column elementor-element elementor-element-e870a05\" data-id=\"e870a05\" data-element_type=\"column\">\n\t\t\t<div class=\"elementor-widget-wrap elementor-element-populated\">\n\t\t\t\t\t\t<div class=\"elementor-element elementor-element-b653e0c elementor-widget elementor-widget-accordion\" data-id=\"b653e0c\" data-element_type=\"widget\" data-widget_type=\"accordion.default\">\n\t\t\t\t<div class=\"elementor-widget-container\">\n\t\t\t\t\t\t\t<div class=\"elementor-accordion\">\n\t\t\t\t\t\t\t<div class=\"elementor-accordion-item\">\n\t\t\t\t\t<div id=\"elementor-tab-title-1911\" class=\"elementor-tab-title\" data-tab=\"1\" role=\"button\" aria-controls=\"elementor-tab-content-1911\" aria-expanded=\"false\">\n\t\t\t\t\t\t\t\t\t\t\t\t\t<span class=\"elementor-accordion-icon elementor-accordion-icon-left\" aria-hidden=\"true\">\n\t\t\t\t\t\t\t\t\t\t\t\t\t\t\t<span class=\"elementor-accordion-icon-closed\"><i class=\"fas fa-plus\"><\/i><\/span>\n\t\t\t\t\t\t\t\t<span class=\"elementor-accordion-icon-opened\"><i class=\"fas fa-minus\"><\/i><\/span>\n\t\t\t\t\t\t\t\t\t\t\t\t\t\t<\/span>\n\t\t\t\t\t\t\t\t\t\t\t\t<a class=\"elementor-accordion-title\" tabindex=\"0\">2023<\/a>\n\t\t\t\t\t<\/div>\n\t\t\t\t\t<div id=\"elementor-tab-content-1911\" class=\"elementor-tab-content elementor-clearfix\" data-tab=\"1\" role=\"region\" aria-labelledby=\"elementor-tab-title-1911\"><p><b>VUODEN 2023 STIPENDIT<\/b><\/p>\n<p>Stipendit jaettiin koululaisille opettajien ehdotusten perusteella.<\/p>\n<p><b>Kepolan koulu<\/b><\/p><p>Fanny Koski, 6. lk, aktiivinen oppilaskunnassa ja hyv\u00e4 kaveri<\/p>\n<p><b>Lallin koulu<\/b><\/p><p>Fanny Pihlava 6. lk ja Senni Saarenketo, 6. lk<\/p>\n<p><b>S\u00e4kyl\u00e4n yhteiskoulun yl\u00e4koulu<\/b><\/p><p>Eevi Alanen, 9. lk, aktiivinen oppilaskunnassa,&nbsp;<span style=\"background-color: var(--base-3); color: var(--contrast);\">kiinnostunut historiasta ja musiikista.<\/span><\/p><p><span style=\"background-color: var(--base-3); color: var(--contrast);\">Saara Hiljanen 9. lk, aktiivinen&nbsp;<\/span><span style=\"background-color: var(--base-3); color: var(--contrast);\">oppilaskunnassa, kiinnostus musiikkiin ja kuvataiteisiin.<\/span><\/p>\n<p><b>S\u00e4kyl\u00e4n seudun lukio<\/b><\/p><p>Juuso Vahala, 2. lk, kiinnostus historiaan ja musiikkiin<\/p>\n<p><\/p>\n<p>Teemu Tuominen, 2. lk, kiinnostus historiaan.<\/p><\/div>\n\t\t\t\t<\/div>\n\t\t\t\t\t\t\t<div class=\"elementor-accordion-item\">\n\t\t\t\t\t<div id=\"elementor-tab-title-1912\" class=\"elementor-tab-title\" data-tab=\"2\" role=\"button\" aria-controls=\"elementor-tab-content-1912\" aria-expanded=\"false\">\n\t\t\t\t\t\t\t\t\t\t\t\t\t<span class=\"elementor-accordion-icon elementor-accordion-icon-left\" aria-hidden=\"true\">\n\t\t\t\t\t\t\t\t\t\t\t\t\t\t\t<span class=\"elementor-accordion-icon-closed\"><i class=\"fas fa-plus\"><\/i><\/span>\n\t\t\t\t\t\t\t\t<span class=\"elementor-accordion-icon-opened\"><i class=\"fas fa-minus\"><\/i><\/span>\n\t\t\t\t\t\t\t\t\t\t\t\t\t\t<\/span>\n\t\t\t\t\t\t\t\t\t\t\t\t<a class=\"elementor-accordion-title\" tabindex=\"0\">2022<\/a>\n\t\t\t\t\t<\/div>\n\t\t\t\t\t<div id=\"elementor-tab-content-1912\" class=\"elementor-tab-content elementor-clearfix\" data-tab=\"2\" role=\"region\" aria-labelledby=\"elementor-tab-title-1912\"><p><b>VUODEN 2022 STIPENDIT<\/b><\/p><p><span style=\"background-color: var(--base-3); color: var(--contrast);\">Vuoden 2022 stipendit koululaisille jaettiin opettajien ehdotusten mukaisesti, perusteena seuran ilmoittamat jaostoperusteiset kriteerit:<\/span><\/p><p><span style=\"background-color: var(--base-3); color: var(--contrast);\"><b>Kepolan koulu:\u00a0<\/b><\/span><\/p><p><span style=\"background-color: var(--base-3); color: var(--contrast);\">Matilda H\u00e4rk\u00e4l\u00e4,5. luokka, hyv\u00e4 \u00e4idinkieless\u00e4<\/span><\/p><p><span style=\"background-color: var(--base-3); color: var(--contrast);\"><b>Lallin koulu:\u00a0<\/b><\/span><\/p><p><span style=\"background-color: var(--base-3); color: var(--contrast);\">Seela V\u00e4nnil\u00e4, 5. luokka, kiinnostunut historiasta, aktiivinen toimija oppilaskunnassa<\/span><\/p><p><span style=\"background-color: var(--base-3); color: var(--contrast);\">Jussi Perko, 6. luokka, kiinnostunut historiasta ja mukana teatteritoiminnassa<\/span><\/p><p><span style=\"background-color: var(--base-3); color: var(--contrast);\"><b>Yhteiskoulun yl\u00e4koulu:\u00a0<\/b><\/span><\/p><p><span style=\"background-color: var(--base-3); color: var(--contrast);\">\u00a0Aada Aaltonen, 8 B-luokka, hyv\u00e4 historiassa<\/span><\/p><p><span style=\"background-color: var(--base-3); color: var(--contrast);\">Frans Pihlava, 8.C-luokka, hyv\u00e4 historiassa<\/span><\/p><p><span style=\"background-color: var(--base-3); color: var(--contrast);\"><b>Yhteiskoulun lukio:\u00a0<\/b><\/span><\/p><p><span style=\"background-color: var(--base-3); color: var(--contrast);\">Ella Kaisajoki, kev\u00e4\u00e4n yo, laudatur \u00e4idinkieless\u00e4<\/span><\/p><p><span style=\"background-color: var(--base-3); color: var(--contrast);\">Niko Mikola, kev\u00e4\u00e4n yo, hyv\u00e4 historiassa ja aktiivinen oppilaskunnassa.<\/span><\/p><\/div>\n\t\t\t\t<\/div>\n\t\t\t\t\t\t\t<div class=\"elementor-accordion-item\">\n\t\t\t\t\t<div id=\"elementor-tab-title-1913\" class=\"elementor-tab-title\" data-tab=\"3\" role=\"button\" aria-controls=\"elementor-tab-content-1913\" aria-expanded=\"false\">\n\t\t\t\t\t\t\t\t\t\t\t\t\t<span class=\"elementor-accordion-icon elementor-accordion-icon-left\" aria-hidden=\"true\">\n\t\t\t\t\t\t\t\t\t\t\t\t\t\t\t<span class=\"elementor-accordion-icon-closed\"><i class=\"fas fa-plus\"><\/i><\/span>\n\t\t\t\t\t\t\t\t<span class=\"elementor-accordion-icon-opened\"><i class=\"fas fa-minus\"><\/i><\/span>\n\t\t\t\t\t\t\t\t\t\t\t\t\t\t<\/span>\n\t\t\t\t\t\t\t\t\t\t\t\t<a class=\"elementor-accordion-title\" tabindex=\"0\">2021<\/a>\n\t\t\t\t\t<\/div>\n\t\t\t\t\t<div id=\"elementor-tab-content-1913\" class=\"elementor-tab-content elementor-clearfix\" data-tab=\"3\" role=\"region\" aria-labelledby=\"elementor-tab-title-1913\"><p><b>VUODEN 2021 STIPENDIT<\/b><\/p><p>Koulujen opettajilta on saatu ehdotukset stipendien saajiksi.<b>&nbsp;<\/b><\/p><p><b>Lallin koulu<\/b><\/p><p>Aleksi Haaranen, 5.lk, kiinnostunut historiasta, yst\u00e4v\u00e4llinen kaikille<\/p><p>Iina Ojala,&nbsp;<span style=\"background-color: var(--base-3); color: var(--contrast);\">6.lk, aktiivinen eri lajien harrastaja, oppilaskunnan aktiivi.<\/span><\/p><p><b style=\"background-color: var(--base-3); color: var(--contrast);\">Kepolan koulu<\/b><\/p><p><span style=\"background-color: var(--base-3); color: var(--contrast);\">Mari&nbsp;<\/span><span style=\"background-color: var(--base-3); color: var(--contrast);\">Toikander, 6.lk, aktiivinen toiminta oppilaskunnan hallituksessa sihteerin\u00e4.<\/span><\/p><p><b>S\u00e4kyl\u00e4n yhteiskoulun yl\u00e4aste<\/b><\/p><p>Rebekka Kauppi, 8.B lk, kiinnostunut&nbsp;<span style=\"background-color: var(--base-3); color: var(--contrast);\">historiasta ja ymp\u00e4rist\u00f6asioista<\/span><\/p><p><span style=\"background-color: var(--base-3); color: var(--contrast);\">Emma Ketola, 9.A lk, kiinnostunut&nbsp;<\/span><span style=\"background-color: var(--base-3); color: var(--contrast);\">\u00e4idinkielest\u00e4.&nbsp;<\/span><\/p><p><b style=\"background-color: var(--base-3); color: var(--contrast);\">S\u00e4kyl\u00e4n yhteiskoulun lukio<\/b><\/p><p><span style=\"background-color: var(--base-3); color: var(--contrast);\">Emilia Koho, kiinnostunut historiasta&nbsp;<\/span><span style=\"background-color: var(--base-3); color: var(--contrast);\">ja perinteist\u00e4<\/span><\/p><p><span style=\"background-color: var(--base-3); color: var(--contrast);\">Nea Sainio, yst\u00e4v\u00e4llinen, hyv\u00e4n ilmapiirin luoja.<\/span><\/p><\/div>\n\t\t\t\t<\/div>\n\t\t\t\t\t\t\t<div class=\"elementor-accordion-item\">\n\t\t\t\t\t<div id=\"elementor-tab-title-1914\" class=\"elementor-tab-title\" data-tab=\"4\" role=\"button\" aria-controls=\"elementor-tab-content-1914\" aria-expanded=\"false\">\n\t\t\t\t\t\t\t\t\t\t\t\t\t<span class=\"elementor-accordion-icon elementor-accordion-icon-left\" aria-hidden=\"true\">\n\t\t\t\t\t\t\t\t\t\t\t\t\t\t\t<span class=\"elementor-accordion-icon-closed\"><i class=\"fas fa-plus\"><\/i><\/span>\n\t\t\t\t\t\t\t\t<span class=\"elementor-accordion-icon-opened\"><i class=\"fas fa-minus\"><\/i><\/span>\n\t\t\t\t\t\t\t\t\t\t\t\t\t\t<\/span>\n\t\t\t\t\t\t\t\t\t\t\t\t<a class=\"elementor-accordion-title\" tabindex=\"0\">2020<\/a>\n\t\t\t\t\t<\/div>\n\t\t\t\t\t<div id=\"elementor-tab-content-1914\" class=\"elementor-tab-content elementor-clearfix\" data-tab=\"4\" role=\"region\" aria-labelledby=\"elementor-tab-title-1914\"><p><b>VUODEN 2020 STIPENDIT<\/b><\/p><p>Stipendit p\u00e4\u00e4tettiin jakaa opettajilta saatujen esitysten ja ty\u00f6valiokunnan ehdotusten\u00a0<span style=\"background-color: var(--base-3); color: var(--contrast);\">mukaisesti.<\/span><\/p><p><b>S\u00e4kyl\u00e4n lukio<\/b><\/p><p>Meeri Kimppa 2. luokka, kiinnostunut perinteist\u00e4 ja\u00a0<span style=\"background-color: var(--base-3); color: var(--contrast);\">historiasta, aktiivinen n\u00e4yttelij\u00e4harrastaja.<\/span><\/p><p><span style=\"background-color: var(--base-3); color: var(--contrast);\">Anni Salonen 2. luokka, lukion oppilaskunta &#8211;\u00a0<\/span><span style=\"background-color: var(--base-3); color: var(--contrast);\">aktiivi<\/span><\/p><p><span style=\"background-color: var(--base-3); color: var(--contrast);\">Oskari Haaranen 3. luokka ja vuoden 2020 ylioppilas, aktiivinen ymp\u00e4rist\u00f6asioissa,\u00a0<\/span><span style=\"background-color: var(--base-3); color: var(--contrast);\">pit\u00e4nyt mm. ilmastonmuutosaiheisia aamunavauksia ja ideoinut julisteita ymp\u00e4rist\u00f6teemaan\u00a0<\/span><span style=\"background-color: var(--base-3); color: var(--contrast);\">liittyen.<\/span><\/p><p><b>Yl\u00e4koulu<\/b><\/p><p>Malla Riikonen 8. A luokka, kiinnostunut historiasta\u00a0<span style=\"background-color: var(--base-3); color: var(--contrast);\">ja menestynyt historianopinnoissa.<\/span><\/p><p><span style=\"background-color: var(--base-3); color: var(--contrast);\">Teemu Tuominen 8. C luokka, ansiot kuten edell\u00e4,\u00a0<\/span><span style=\"background-color: var(--base-3); color: var(--contrast);\">molemmat hyv\u00e4k\u00e4yt\u00f6ksisi\u00e4 ja hyvi\u00e4 kavereita.<\/span><\/p><p><b>Alakoulut<\/b><\/p><p><b>Lallin koulu<\/b><\/p><p>Lauri Thessler 4. luokka, on usean\u00a0<span style=\"background-color: var(--base-3); color: var(--contrast);\">vuoden ollut mukana Tuiskulan kes\u00e4teatterissa ja esitt\u00e4nyt K\u00f6yli\u00f6n historiaa ja oppinut\u00a0<\/span><span style=\"background-color: var(--base-3); color: var(--contrast);\">arvostamaan sit\u00e4.\u00a0<\/span><\/p><p><b>Kepolan koulu<\/b><\/p><p>Seela Kimppa 4. luokka, harrastuneisuus ja kiinnostus\u00a0<span style=\"background-color: var(--base-3); color: var(--contrast);\">historiaan ja perinteisiin.<\/span><\/p><\/div>\n\t\t\t\t<\/div>\n\t\t\t\t\t\t\t<div class=\"elementor-accordion-item\">\n\t\t\t\t\t<div id=\"elementor-tab-title-1915\" class=\"elementor-tab-title\" data-tab=\"5\" role=\"button\" aria-controls=\"elementor-tab-content-1915\" aria-expanded=\"false\">\n\t\t\t\t\t\t\t\t\t\t\t\t\t<span class=\"elementor-accordion-icon elementor-accordion-icon-left\" aria-hidden=\"true\">\n\t\t\t\t\t\t\t\t\t\t\t\t\t\t\t<span class=\"elementor-accordion-icon-closed\"><i class=\"fas fa-plus\"><\/i><\/span>\n\t\t\t\t\t\t\t\t<span class=\"elementor-accordion-icon-opened\"><i class=\"fas fa-minus\"><\/i><\/span>\n\t\t\t\t\t\t\t\t\t\t\t\t\t\t<\/span>\n\t\t\t\t\t\t\t\t\t\t\t\t<a class=\"elementor-accordion-title\" tabindex=\"0\">2019<\/a>\n\t\t\t\t\t<\/div>\n\t\t\t\t\t<div id=\"elementor-tab-content-1915\" class=\"elementor-tab-content elementor-clearfix\" data-tab=\"5\" role=\"region\" aria-labelledby=\"elementor-tab-title-1915\"><p><span style=\"background-color: var(--base-3);\"><b>VUODEN 2019 STIPENDIT<\/b><\/span><\/p><p><span style=\"background-color: var(--base-3);\"><b>Mia Koski<\/b><\/span><\/p><p><span style=\"background-color: var(--base-3); color: var(--contrast);\">Mia Koski on syntynyt K\u00f6yli\u00f6ss\u00e4 1997. K\u00e4ynyt peruskoulun K\u00f6yli\u00f6ss\u00e4: ala-asteen Kepolassa, yl\u00e4asteen Lallin koulussa, ja sitten S\u00e4kyl\u00e4n seudun lukion 2013-2016. Lukiosta h\u00e4n meni Turkuun opiskelemaan englannin kielt\u00e4 yliopistossa, josta h\u00e4n valmistuu pian humanististen tieteiden kandidaatiksi. H\u00e4n aikoo nyt pit\u00e4\u00e4 v\u00e4livuoden, eik\u00e4 viel\u00e4 oikein tied\u00e4 mik\u00e4 h\u00e4nest\u00e4 tulee.<\/span><\/p><p><span style=\"background-color: var(--base-3); color: var(--contrast);\">H\u00e4n kertoo piirt\u00e4neens\u00e4 ja maalanneensa siit\u00e4 asti, kun kyn\u00e4 ja sivellin alkoivat pysym\u00e4\u00e4n k\u00e4dess\u00e4. Taideharrastus ei alkanut min\u00e4\u00e4n tiettyn\u00e4 hetken\u00e4. Vanhemmat ovat varmasti kannustaneet siihen, varsinkin kun huomasivat miten paljon pid\u00e4n piirt\u00e4misest\u00e4, mutta heill\u00e4 ei varsinaisesti ole mit\u00e4\u00e4n taiteilijataustaa. Noin viisi vuotta sitten h\u00e4n innostui erityisesti akryylimaalaamisesta, joka onkin nyt yleisin h\u00e4nen k\u00e4ytt\u00e4m\u00e4ns\u00e4 tekniikka. H\u00e4n sai akryylimaalit alun perin kynsien koristeluun, teinin\u00e4 , ja sitten keksin, ett\u00e4 niill\u00e4h\u00e4n voi maalata pysyv\u00e4mpi\u00e4kin teoksia. H\u00e4n ei ole koskaan opiskellut kuvataidetta miss\u00e4\u00e4n koulun kuvistunteja lukuun ottamatta, ihan tekem\u00e4ll\u00e4 on oppinut ja oppii edelleen. H\u00e4nell\u00e4 on kova tahto aina vain syvent\u00e4\u00e4 taitojaan, ja k\u00e4ytt\u00e4\u00e4 paljon vapaa-aikaansa taidejuttuihin. H\u00e4nt\u00e4 kiehtoo erityisesti absurdi ja voimakas v\u00e4rien k\u00e4ytt\u00f6, mik\u00e4 n\u00e4kyykin monissa teoksissa. H\u00e4n pit\u00e4\u00e4 n\u00e4yttelyn Villa Linturissa 7.7.-11.8.<\/span><\/p><p><span style=\"background-color: var(--base-3); color: var(--contrast);\"><b>Sonja Kaisajoki<\/b><\/span><\/p><p><span style=\"background-color: var(--base-3); color: var(--contrast);\">Lauantai-iltana Yttil\u00e4n iltatapahtumassa esiintynyt Sonja t\u00e4ytti toukokuun alussa 13 v. H\u00e4n on syntynyt K\u00f6yli\u00f6ss\u00e4. H\u00e4n menee syksyll\u00e4 S\u00e4kyl\u00e4n Yhteiskouluun. Harrastuksiin kuuluu soittamisen lis\u00e4ksi ratsastus, piirt\u00e4minen ja tanssi &#8211; laskettelukin mahdollisuuksien mukaan. Alttoviulua Sonja on soittanut kuusi vuotta Huittisten Musiikkiopistossa, ja opinnot jatkuvat ensi syksyn\u00e4 viime vuoden tapaan soittotunneilla ja musiikkiopiston kamariorkesterissa. Soitonopiskeluun kuuluvat lis\u00e4ksi leirit, viikonlopputapahtumat ja esiintymiset. Viimeisin ponnistus oli 9-p\u00e4iv\u00e4inen harjoitusjakso Harri Sippelin oppilaana Iitiss\u00e4 kes\u00e4kuun alussa.<\/span><\/p><\/div>\n\t\t\t\t<\/div>\n\t\t\t\t\t\t\t<div class=\"elementor-accordion-item\">\n\t\t\t\t\t<div id=\"elementor-tab-title-1916\" class=\"elementor-tab-title\" data-tab=\"6\" role=\"button\" aria-controls=\"elementor-tab-content-1916\" aria-expanded=\"false\">\n\t\t\t\t\t\t\t\t\t\t\t\t\t<span class=\"elementor-accordion-icon elementor-accordion-icon-left\" aria-hidden=\"true\">\n\t\t\t\t\t\t\t\t\t\t\t\t\t\t\t<span class=\"elementor-accordion-icon-closed\"><i class=\"fas fa-plus\"><\/i><\/span>\n\t\t\t\t\t\t\t\t<span class=\"elementor-accordion-icon-opened\"><i class=\"fas fa-minus\"><\/i><\/span>\n\t\t\t\t\t\t\t\t\t\t\t\t\t\t<\/span>\n\t\t\t\t\t\t\t\t\t\t\t\t<a class=\"elementor-accordion-title\" tabindex=\"0\">2018<\/a>\n\t\t\t\t\t<\/div>\n\t\t\t\t\t<div id=\"elementor-tab-content-1916\" class=\"elementor-tab-content elementor-clearfix\" data-tab=\"6\" role=\"region\" aria-labelledby=\"elementor-tab-title-1916\"><p><b>VUODEN 2018 STIPENDIT<\/b><\/p>\n<p><span style=\"background-color: var(--base-3); color: var(--contrast);\">Stipendit jaettiin K\u00f6yli\u00f6-p\u00e4ivien p\u00e4\u00e4juhlassa 17.6.2018<\/span><\/p>\n<p><span style=\"background-color: var(--base-3); color: var(--contrast);\">Esittelij\u00e4n teksti:&nbsp;&nbsp;<\/span><\/p>\n<p><span style=\"background-color: var(--base-3); color: var(--contrast);\">Mielenkiintoinen asia yhdist\u00e4\u00e4 n\u00e4it\u00e4 kolmea stipendin saajaa. He ovat kaikki nelj\u00e4nnen polven Tuiskulan kes\u00e4teatterilaisia. Ohjaaja Pekka Saariston mukaan ei taida toista semmoista trioa Suomenmaasta l\u00f6yty\u00e4.<\/span><\/p>\n<p><b style=\"background-color: var(--base-3); color: var(--contrast);\">1. Aliina Hiljanen<\/b><\/p>\n<p><span style=\"background-color: var(--base-3); color: var(--contrast);\">Aliina on 19-vuotias, 2017-2018 Lauttakyl\u00e4n lukion mediakurssin Lalusa Koulusa &#8211; lehden p\u00e4\u00e4toimittaja. 2018 Musiikkiopiston p\u00e4\u00e4tt\u00f6todistus Huittisten musiikkiopistosta. 2018 Ylioppilas Lauttakyl\u00e4n lukiosta. 2008 h\u00e4n aloitti pianon soiton p\u00e4\u00e4aineenaan Huittisten musiikkiopistossa, ja vuonna 2012 13-vuotiaana otti sivuaineekseen laulun Kaisa Leanderin oppilaana. H\u00e4n lopetti pianon soiton opiskelun 2015, jolloin laulu p\u00e4\u00e4aineeksi ja 2018 h\u00e4n suoritti laulun d-kurssitutkinnon pisteill\u00e4 23\/25 ja arvosanalla erinomainen. P\u00e4\u00e4tt\u00f6todistuksesta huolimatta h\u00e4n jatkaa viel\u00e4 laulun opiskelua musiikkiopistossa.<\/span><\/p>\n<p><b style=\"background-color: var(--base-3); color: var(--contrast);\">2. Meeri Kimppa<\/b><\/p>\n<p><span style=\"background-color: var(--base-3); color: var(--contrast);\">Meeri on t\u00e4n\u00e4 kev\u00e4\u00e4n\u00e4 peruskoulunsa p\u00e4\u00e4tt\u00e4nyt pian 16 t\u00e4ytt\u00e4v\u00e4 Tuiskulan tytt\u00f6, joka on aloittanut musiikkiharrastuksensa Huittisten Musiikkiopistossa 4-vuotiaana. Ensin musiikkileikkikoulussa ja 6-vuotiaana h\u00e4n aloitti sellonsoiton. T\u00e4n\u00e4 kev\u00e4\u00e4n\u00e4 Meeri valmistui musiikkiopiston perustasolta.<\/span><\/p>\n<p><b style=\"background-color: var(--base-3); color: var(--contrast);\">3. Elisa Laine<\/b><\/p>\n<p><span style=\"background-color: var(--base-3); color: var(--contrast);\">Elisa on 14-vuotias. 3. vuosi Tuiskulan Kes\u00e4teatterissa.<\/span><\/p>\n<p>Saariston mukaan &#8221;reipas, oppivainen ja omaa n\u00e4yttelij\u00e4lle tarvittavaa karismaa. Lahjat ovat n\u00e4kyviss\u00e4, joten t\u00e4m\u00e4n kes\u00e4n n\u00e4ytelm\u00e4\u00e4n h\u00e4nen pieneen rooliinsa varta vasten lis\u00e4ttiin runoesitys.&#8221;<\/p>\n<p><\/p><\/div>\n\t\t\t\t<\/div>\n\t\t\t\t\t\t\t<div class=\"elementor-accordion-item\">\n\t\t\t\t\t<div id=\"elementor-tab-title-1917\" class=\"elementor-tab-title\" data-tab=\"7\" role=\"button\" aria-controls=\"elementor-tab-content-1917\" aria-expanded=\"false\">\n\t\t\t\t\t\t\t\t\t\t\t\t\t<span class=\"elementor-accordion-icon elementor-accordion-icon-left\" aria-hidden=\"true\">\n\t\t\t\t\t\t\t\t\t\t\t\t\t\t\t<span class=\"elementor-accordion-icon-closed\"><i class=\"fas fa-plus\"><\/i><\/span>\n\t\t\t\t\t\t\t\t<span class=\"elementor-accordion-icon-opened\"><i class=\"fas fa-minus\"><\/i><\/span>\n\t\t\t\t\t\t\t\t\t\t\t\t\t\t<\/span>\n\t\t\t\t\t\t\t\t\t\t\t\t<a class=\"elementor-accordion-title\" tabindex=\"0\">2017<\/a>\n\t\t\t\t\t<\/div>\n\t\t\t\t\t<div id=\"elementor-tab-content-1917\" class=\"elementor-tab-content elementor-clearfix\" data-tab=\"7\" role=\"region\" aria-labelledby=\"elementor-tab-title-1917\"><p><b>K\u00d6YLI\u00d6SEURA PALKITSI NUORIA<\/b><\/p><figure id=\"attachment_1129\" aria-describedby=\"caption-attachment-1129\" style=\"width: 290px\" class=\"wp-caption alignright\"><img decoding=\"async\" class=\"wp-image-1129 size-medium\" style=\"background-color: var(--base-3); color: var(--contrast);\" src=\"https:\/\/koylio-seura.eitcon.com\/wp-content\/uploads\/2023\/10\/stipendienjako_2017-300x152.jpg\" alt=\"\" width=\"300\" height=\"152\" srcset=\"https:\/\/koylio-seura.fi\/wp-content\/uploads\/2023\/10\/stipendienjako_2017-300x152.jpg 300w, https:\/\/koylio-seura.fi\/wp-content\/uploads\/2023\/10\/stipendienjako_2017.jpg 640w\" sizes=\"(max-width: 300px) 100vw, 300px\" \/><figcaption id=\"caption-attachment-1129\" class=\"wp-caption-text\"><span style=\"background-color: var(--base-3); color: var(--contrast);\"> Palkitut nuoret kuvassa eturiviss\u00e4 vasemmalta: Emma Jokela, Aurora Marttila, Ellinoora Hyv\u00e4ri, Mari Hyv\u00e4ri, Loviisa Koho, Josefiina Raittinen, Valtteri Raittinen ja takariviss\u00e4 vasemmalta: Viivi Ala-Ristaniemi, Oona Marttila, Veera Jokela, Emilia Jokela. Onni Marttila puuttuu kuvasta. (kuva Jaakko Ojala)<\/span><\/figcaption><\/figure><p>9.1.2017 hallituksen kokouksen yhteydess\u00e4 my\u00f6nnettiin ensimm\u00e4isen kerran stipendej\u00e4 nuorten harrastustoimintaan. Stipendin sai 11 k\u00f6yli\u00f6l\u00e4ist\u00e4 lasta ja nuorta.Palkitut nuoret harrastavat mm. pes\u00e4palloa, j\u00e4\u00e4kiekkoa, uintia, kitaran-, pianon- ja trumpetin soittoa. Jatkossakin K\u00f6yli\u00f6-seura tulee kannustamaan nuoria stipendein.<\/p><\/div>\n\t\t\t\t<\/div>\n\t\t\t\t\t\t\t\t<\/div>\n\t\t\t\t\t\t<\/div>\n\t\t\t\t<\/div>\n\t\t\t\t\t<\/div>\n\t\t<\/div>\n\t\t\t\t\t<\/div>\n\t\t<\/section>\n\t\t\t\t<\/div>\n\t\t","protected":false},"excerpt":{"rendered":"<p>K\u00f6yli\u00f6-seuran nuorisostipendit K\u00f6yli\u00f6-seura jakaa stipendej\u00e4 nuorten harrastustoiminnan tukemiseen. Ensimm\u00e4iset jaettiin vuonna 2017. K\u00f6yli\u00f6-seura on laatinut ohjeet stipendien hakuun ja my\u00f6nt\u00e4miseen seuraavasti: K\u00f6yli\u00f6-seuran teht\u00e4v\u00e4n\u00e4 on kotiseututy\u00f6n edist\u00e4minen ja tukeminen. Erilaiset harrastukset musiikin, liikunnan tai vaikka teatterin parissa tukevat lasten ja nuorten &#8230; <a title=\"Stipendit\" class=\"read-more\" href=\"https:\/\/koylio-seura.fi\/?page_id=1039\" aria-label=\"Lue lis\u00e4\u00e4 aiheesta Stipendit\">Lue lis\u00e4\u00e4<\/a><\/p>\n","protected":false},"author":1,"featured_media":0,"parent":370,"menu_order":0,"comment_status":"closed","ping_status":"closed","template":"","meta":{"footnotes":""},"class_list":{"0":"post-1039","1":"page","2":"type-page","3":"status-publish","5":"infinite-scroll-item"},"yoast_head":"<!-- This site is optimized with the Yoast SEO plugin v26.6 - https:\/\/yoast.com\/wordpress\/plugins\/seo\/ -->\n<title>Stipendit - K\u00f6yli\u00f6-seura<\/title>\n<meta name=\"robots\" content=\"index, follow, max-snippet:-1, max-image-preview:large, max-video-preview:-1\" \/>\n<link rel=\"canonical\" href=\"https:\/\/koylio-seura.fi\/?page_id=1039\" \/>\n<meta property=\"og:locale\" content=\"fi_FI\" \/>\n<meta property=\"og:type\" content=\"article\" \/>\n<meta property=\"og:title\" content=\"Stipendit - K\u00f6yli\u00f6-seura\" \/>\n<meta property=\"og:description\" content=\"K\u00f6yli\u00f6-seuran nuorisostipendit K\u00f6yli\u00f6-seura jakaa stipendej\u00e4 nuorten harrastustoiminnan tukemiseen. Ensimm\u00e4iset jaettiin vuonna 2017. K\u00f6yli\u00f6-seura on laatinut ohjeet stipendien hakuun ja my\u00f6nt\u00e4miseen seuraavasti: K\u00f6yli\u00f6-seuran teht\u00e4v\u00e4n\u00e4 on kotiseututy\u00f6n edist\u00e4minen ja tukeminen. Erilaiset harrastukset musiikin, liikunnan tai vaikka teatterin parissa tukevat lasten ja nuorten ... Lue lis\u00e4\u00e4\" \/>\n<meta property=\"og:url\" content=\"https:\/\/koylio-seura.fi\/?page_id=1039\" \/>\n<meta property=\"og:site_name\" content=\"K\u00f6yli\u00f6-seura\" \/>\n<meta property=\"article:modified_time\" content=\"2024-01-04T14:21:04+00:00\" \/>\n<meta property=\"og:image\" content=\"https:\/\/koylio-seura.eitcon.com\/wp-content\/uploads\/2023\/10\/stipendienjako_2017-300x152.jpg\" \/>\n<meta name=\"twitter:card\" content=\"summary_large_image\" \/>\n<meta name=\"twitter:label1\" content=\"Arvioitu lukuaika\" \/>\n\t<meta name=\"twitter:data1\" content=\"7 minuuttia\" \/>\n<script type=\"application\/ld+json\" class=\"yoast-schema-graph\">{\"@context\":\"https:\/\/schema.org\",\"@graph\":[{\"@type\":\"WebPage\",\"@id\":\"https:\/\/koylio-seura.fi\/?page_id=1039\",\"url\":\"https:\/\/koylio-seura.fi\/?page_id=1039\",\"name\":\"Stipendit - K\u00f6yli\u00f6-seura\",\"isPartOf\":{\"@id\":\"https:\/\/koylio-seura.fi\/#website\"},\"primaryImageOfPage\":{\"@id\":\"https:\/\/koylio-seura.fi\/?page_id=1039#primaryimage\"},\"image\":{\"@id\":\"https:\/\/koylio-seura.fi\/?page_id=1039#primaryimage\"},\"thumbnailUrl\":\"https:\/\/koylio-seura.fi\/wp-content\/uploads\/2023\/10\/stipendienjako_2017-300x152.jpg\",\"datePublished\":\"2023-10-21T08:20:06+00:00\",\"dateModified\":\"2024-01-04T14:21:04+00:00\",\"breadcrumb\":{\"@id\":\"https:\/\/koylio-seura.fi\/?page_id=1039#breadcrumb\"},\"inLanguage\":\"fi\",\"potentialAction\":[{\"@type\":\"ReadAction\",\"target\":[\"https:\/\/koylio-seura.fi\/?page_id=1039\"]}]},{\"@type\":\"ImageObject\",\"inLanguage\":\"fi\",\"@id\":\"https:\/\/koylio-seura.fi\/?page_id=1039#primaryimage\",\"url\":\"https:\/\/koylio-seura.fi\/wp-content\/uploads\/2023\/10\/stipendienjako_2017.jpg\",\"contentUrl\":\"https:\/\/koylio-seura.fi\/wp-content\/uploads\/2023\/10\/stipendienjako_2017.jpg\",\"width\":640,\"height\":324,\"caption\":\"Palkitut nuoret kuvassa eturiviss\u00e4 vasemmalta: Emma Jokela, Aurora Marttila, Ellinoora Hyv\u00e4ri, Mari Hyv\u00e4ri, Loviisa Koho, Josefiina Raittinen, Valtteri Raittinen ja takariviss\u00e4 vasemmalta: Viivi Ala-Ristaniemi, Oona Marttila, Veera Jokela, Emilia Jokela. Onni Marttila puuttuu kuvasta. (kuva Jaakko Ojala)\"},{\"@type\":\"BreadcrumbList\",\"@id\":\"https:\/\/koylio-seura.fi\/?page_id=1039#breadcrumb\",\"itemListElement\":[{\"@type\":\"ListItem\",\"position\":1,\"name\":\"Etusivu\",\"item\":\"https:\/\/koylio-seura.fi\/\"},{\"@type\":\"ListItem\",\"position\":2,\"name\":\"Tapahtunutta\",\"item\":\"https:\/\/koylio-seura.fi\/?page_id=370\"},{\"@type\":\"ListItem\",\"position\":3,\"name\":\"Stipendit\"}]},{\"@type\":\"WebSite\",\"@id\":\"https:\/\/koylio-seura.fi\/#website\",\"url\":\"https:\/\/koylio-seura.fi\/\",\"name\":\"K\u00f6yli\u00f6-seura\",\"description\":\"\",\"publisher\":{\"@id\":\"https:\/\/koylio-seura.fi\/#organization\"},\"potentialAction\":[{\"@type\":\"SearchAction\",\"target\":{\"@type\":\"EntryPoint\",\"urlTemplate\":\"https:\/\/koylio-seura.fi\/?s={search_term_string}\"},\"query-input\":{\"@type\":\"PropertyValueSpecification\",\"valueRequired\":true,\"valueName\":\"search_term_string\"}}],\"inLanguage\":\"fi\"},{\"@type\":\"Organization\",\"@id\":\"https:\/\/koylio-seura.fi\/#organization\",\"name\":\"K\u00f6yli\u00f6-seura\",\"url\":\"https:\/\/koylio-seura.fi\/\",\"logo\":{\"@type\":\"ImageObject\",\"inLanguage\":\"fi\",\"@id\":\"https:\/\/koylio-seura.fi\/#\/schema\/logo\/image\/\",\"url\":\"https:\/\/koylio-seura.fi\/wp-content\/uploads\/2023\/07\/cropped-KS-logo-23.png\",\"contentUrl\":\"https:\/\/koylio-seura.fi\/wp-content\/uploads\/2023\/07\/cropped-KS-logo-23.png\",\"width\":530,\"height\":619,\"caption\":\"K\u00f6yli\u00f6-seura\"},\"image\":{\"@id\":\"https:\/\/koylio-seura.fi\/#\/schema\/logo\/image\/\"}}]}<\/script>\n<!-- \/ Yoast SEO plugin. -->","yoast_head_json":{"title":"Stipendit - K\u00f6yli\u00f6-seura","robots":{"index":"index","follow":"follow","max-snippet":"max-snippet:-1","max-image-preview":"max-image-preview:large","max-video-preview":"max-video-preview:-1"},"canonical":"https:\/\/koylio-seura.fi\/?page_id=1039","og_locale":"fi_FI","og_type":"article","og_title":"Stipendit - K\u00f6yli\u00f6-seura","og_description":"K\u00f6yli\u00f6-seuran nuorisostipendit K\u00f6yli\u00f6-seura jakaa stipendej\u00e4 nuorten harrastustoiminnan tukemiseen. Ensimm\u00e4iset jaettiin vuonna 2017. K\u00f6yli\u00f6-seura on laatinut ohjeet stipendien hakuun ja my\u00f6nt\u00e4miseen seuraavasti: K\u00f6yli\u00f6-seuran teht\u00e4v\u00e4n\u00e4 on kotiseututy\u00f6n edist\u00e4minen ja tukeminen. Erilaiset harrastukset musiikin, liikunnan tai vaikka teatterin parissa tukevat lasten ja nuorten ... Lue lis\u00e4\u00e4","og_url":"https:\/\/koylio-seura.fi\/?page_id=1039","og_site_name":"K\u00f6yli\u00f6-seura","article_modified_time":"2024-01-04T14:21:04+00:00","og_image":[{"url":"https:\/\/koylio-seura.eitcon.com\/wp-content\/uploads\/2023\/10\/stipendienjako_2017-300x152.jpg","type":"","width":"","height":""}],"twitter_card":"summary_large_image","twitter_misc":{"Arvioitu lukuaika":"7 minuuttia"},"schema":{"@context":"https:\/\/schema.org","@graph":[{"@type":"WebPage","@id":"https:\/\/koylio-seura.fi\/?page_id=1039","url":"https:\/\/koylio-seura.fi\/?page_id=1039","name":"Stipendit - K\u00f6yli\u00f6-seura","isPartOf":{"@id":"https:\/\/koylio-seura.fi\/#website"},"primaryImageOfPage":{"@id":"https:\/\/koylio-seura.fi\/?page_id=1039#primaryimage"},"image":{"@id":"https:\/\/koylio-seura.fi\/?page_id=1039#primaryimage"},"thumbnailUrl":"https:\/\/koylio-seura.fi\/wp-content\/uploads\/2023\/10\/stipendienjako_2017-300x152.jpg","datePublished":"2023-10-21T08:20:06+00:00","dateModified":"2024-01-04T14:21:04+00:00","breadcrumb":{"@id":"https:\/\/koylio-seura.fi\/?page_id=1039#breadcrumb"},"inLanguage":"fi","potentialAction":[{"@type":"ReadAction","target":["https:\/\/koylio-seura.fi\/?page_id=1039"]}]},{"@type":"ImageObject","inLanguage":"fi","@id":"https:\/\/koylio-seura.fi\/?page_id=1039#primaryimage","url":"https:\/\/koylio-seura.fi\/wp-content\/uploads\/2023\/10\/stipendienjako_2017.jpg","contentUrl":"https:\/\/koylio-seura.fi\/wp-content\/uploads\/2023\/10\/stipendienjako_2017.jpg","width":640,"height":324,"caption":"Palkitut nuoret kuvassa eturiviss\u00e4 vasemmalta: Emma Jokela, Aurora Marttila, Ellinoora Hyv\u00e4ri, Mari Hyv\u00e4ri, Loviisa Koho, Josefiina Raittinen, Valtteri Raittinen ja takariviss\u00e4 vasemmalta: Viivi Ala-Ristaniemi, Oona Marttila, Veera Jokela, Emilia Jokela. Onni Marttila puuttuu kuvasta. (kuva Jaakko Ojala)"},{"@type":"BreadcrumbList","@id":"https:\/\/koylio-seura.fi\/?page_id=1039#breadcrumb","itemListElement":[{"@type":"ListItem","position":1,"name":"Etusivu","item":"https:\/\/koylio-seura.fi\/"},{"@type":"ListItem","position":2,"name":"Tapahtunutta","item":"https:\/\/koylio-seura.fi\/?page_id=370"},{"@type":"ListItem","position":3,"name":"Stipendit"}]},{"@type":"WebSite","@id":"https:\/\/koylio-seura.fi\/#website","url":"https:\/\/koylio-seura.fi\/","name":"K\u00f6yli\u00f6-seura","description":"","publisher":{"@id":"https:\/\/koylio-seura.fi\/#organization"},"potentialAction":[{"@type":"SearchAction","target":{"@type":"EntryPoint","urlTemplate":"https:\/\/koylio-seura.fi\/?s={search_term_string}"},"query-input":{"@type":"PropertyValueSpecification","valueRequired":true,"valueName":"search_term_string"}}],"inLanguage":"fi"},{"@type":"Organization","@id":"https:\/\/koylio-seura.fi\/#organization","name":"K\u00f6yli\u00f6-seura","url":"https:\/\/koylio-seura.fi\/","logo":{"@type":"ImageObject","inLanguage":"fi","@id":"https:\/\/koylio-seura.fi\/#\/schema\/logo\/image\/","url":"https:\/\/koylio-seura.fi\/wp-content\/uploads\/2023\/07\/cropped-KS-logo-23.png","contentUrl":"https:\/\/koylio-seura.fi\/wp-content\/uploads\/2023\/07\/cropped-KS-logo-23.png","width":530,"height":619,"caption":"K\u00f6yli\u00f6-seura"},"image":{"@id":"https:\/\/koylio-seura.fi\/#\/schema\/logo\/image\/"}}]}},"_links":{"self":[{"href":"https:\/\/koylio-seura.fi\/index.php?rest_route=\/wp\/v2\/pages\/1039","targetHints":{"allow":["GET"]}}],"collection":[{"href":"https:\/\/koylio-seura.fi\/index.php?rest_route=\/wp\/v2\/pages"}],"about":[{"href":"https:\/\/koylio-seura.fi\/index.php?rest_route=\/wp\/v2\/types\/page"}],"author":[{"embeddable":true,"href":"https:\/\/koylio-seura.fi\/index.php?rest_route=\/wp\/v2\/users\/1"}],"replies":[{"embeddable":true,"href":"https:\/\/koylio-seura.fi\/index.php?rest_route=%2Fwp%2Fv2%2Fcomments&post=1039"}],"version-history":[{"count":76,"href":"https:\/\/koylio-seura.fi\/index.php?rest_route=\/wp\/v2\/pages\/1039\/revisions"}],"predecessor-version":[{"id":5533,"href":"https:\/\/koylio-seura.fi\/index.php?rest_route=\/wp\/v2\/pages\/1039\/revisions\/5533"}],"up":[{"embeddable":true,"href":"https:\/\/koylio-seura.fi\/index.php?rest_route=\/wp\/v2\/pages\/370"}],"wp:attachment":[{"href":"https:\/\/koylio-seura.fi\/index.php?rest_route=%2Fwp%2Fv2%2Fmedia&parent=1039"}],"curies":[{"name":"wp","href":"https:\/\/api.w.org\/{rel}","templated":true}]}}