{"id":1037,"date":"2023-10-21T08:19:40","date_gmt":"2023-10-21T08:19:40","guid":{"rendered":"https:\/\/koylio-seura.eitcon.com\/?page_id=1037"},"modified":"2026-04-18T16:36:53","modified_gmt":"2026-04-18T16:36:53","slug":"retket","status":"publish","type":"page","link":"https:\/\/koylio-seura.fi\/?page_id=1037","title":{"rendered":"Retket"},"content":{"rendered":"\t\t<div data-elementor-type=\"wp-page\" data-elementor-id=\"1037\" class=\"elementor elementor-1037\" data-elementor-post-type=\"page\">\n\t\t\t\t\t\t<section class=\"elementor-section elementor-top-section elementor-element elementor-element-b09e35a elementor-section-boxed elementor-section-height-default elementor-section-height-default\" data-id=\"b09e35a\" data-element_type=\"section\">\n\t\t\t\t\t\t<div class=\"elementor-container elementor-column-gap-default\">\n\t\t\t\t\t<div class=\"elementor-column elementor-col-100 elementor-top-column elementor-element elementor-element-249ecc3\" data-id=\"249ecc3\" data-element_type=\"column\">\n\t\t\t<div class=\"elementor-widget-wrap elementor-element-populated\">\n\t\t\t\t\t\t<div class=\"elementor-element elementor-element-e9fb9c9 elementor-widget elementor-widget-heading\" data-id=\"e9fb9c9\" data-element_type=\"widget\" data-widget_type=\"heading.default\">\n\t\t\t\t<div class=\"elementor-widget-container\">\n\t\t\t\t\t<h2 class=\"elementor-heading-title elementor-size-default\">K\u00f6yli\u00f6-seuran j\u00e4rjest\u00e4m\u00e4t retket<\/h2>\t\t\t\t<\/div>\n\t\t\t\t<\/div>\n\t\t\t\t\t<\/div>\n\t\t<\/div>\n\t\t\t\t\t<\/div>\n\t\t<\/section>\n\t\t\t\t<section class=\"elementor-section elementor-top-section elementor-element elementor-element-36a1673 elementor-section-boxed elementor-section-height-default elementor-section-height-default\" data-id=\"36a1673\" data-element_type=\"section\">\n\t\t\t\t\t\t<div class=\"elementor-container elementor-column-gap-default\">\n\t\t\t\t\t<div class=\"elementor-column elementor-col-100 elementor-top-column elementor-element elementor-element-4778891\" data-id=\"4778891\" data-element_type=\"column\">\n\t\t\t<div class=\"elementor-widget-wrap elementor-element-populated\">\n\t\t\t\t\t\t<div class=\"elementor-element elementor-element-a7c9fb9 elementor-widget elementor-widget-accordion\" data-id=\"a7c9fb9\" data-element_type=\"widget\" data-widget_type=\"accordion.default\">\n\t\t\t\t<div class=\"elementor-widget-container\">\n\t\t\t\t\t\t\t<div class=\"elementor-accordion\">\n\t\t\t\t\t\t\t<div class=\"elementor-accordion-item\">\n\t\t\t\t\t<div id=\"elementor-tab-title-1751\" class=\"elementor-tab-title\" data-tab=\"1\" role=\"button\" aria-controls=\"elementor-tab-content-1751\" aria-expanded=\"false\">\n\t\t\t\t\t\t\t\t\t\t\t\t\t<span class=\"elementor-accordion-icon elementor-accordion-icon-left\" aria-hidden=\"true\">\n\t\t\t\t\t\t\t\t\t\t\t\t\t\t\t<span class=\"elementor-accordion-icon-closed\"><i class=\"fas fa-plus\"><\/i><\/span>\n\t\t\t\t\t\t\t\t<span class=\"elementor-accordion-icon-opened\"><i class=\"fas fa-minus\"><\/i><\/span>\n\t\t\t\t\t\t\t\t\t\t\t\t\t\t<\/span>\n\t\t\t\t\t\t\t\t\t\t\t\t<a class=\"elementor-accordion-title\" tabindex=\"0\">11.4.2026 K\u00f6yli\u00f6-seuran retki Helsinkiin Mannerheim-museoon ja Ritarihuoneelle<\/a>\n\t\t\t\t\t<\/div>\n\t\t\t\t\t<div id=\"elementor-tab-content-1751\" class=\"elementor-tab-content elementor-clearfix\" data-tab=\"1\" role=\"region\" aria-labelledby=\"elementor-tab-title-1751\"><p><a href=\"https:\/\/koylio-seura.fi\/wp-content\/uploads\/2026\/04\/Ritarihuone-11.4.2026_edited.jpg\"><img fetchpriority=\"high\" decoding=\"async\" class=\"size-large wp-image-16667\" src=\"https:\/\/koylio-seura.fi\/wp-content\/uploads\/2026\/04\/Ritarihuone-11.4.2026_edited-1024x683.jpg\" alt=\"\" width=\"1024\" height=\"683\" srcset=\"https:\/\/koylio-seura.fi\/wp-content\/uploads\/2026\/04\/Ritarihuone-11.4.2026_edited-1024x683.jpg 1024w, https:\/\/koylio-seura.fi\/wp-content\/uploads\/2026\/04\/Ritarihuone-11.4.2026_edited-300x200.jpg 300w, https:\/\/koylio-seura.fi\/wp-content\/uploads\/2026\/04\/Ritarihuone-11.4.2026_edited-768x512.jpg 768w, https:\/\/koylio-seura.fi\/wp-content\/uploads\/2026\/04\/Ritarihuone-11.4.2026_edited-1536x1024.jpg 1536w, https:\/\/koylio-seura.fi\/wp-content\/uploads\/2026\/04\/Ritarihuone-11.4.2026_edited.jpg 2048w\" sizes=\"(max-width: 1024px) 100vw, 1024px\" \/><\/a> <em>Retkel\u00e4iset Ritarihuoneella\u00a0 \u00a0Kuva: Ari St\u00e5hlman<\/em><\/p><p>Kev\u00e4isen kauniissa Kaivopuistossa kuljimme kohti Mannerheim-museota, joka on Suomen marsalkka Carl Gustaf Emil Mannerheimin muistoa vaaliva kotimuseo. Aurinko paistoi kirkkaalta taivaalta, linnut lauloivat ja taustalla v\u00e4lkkyi sininen meri. Ihastelimme my\u00f6s alueen arkkitehtuuria. T\u00e4m\u00e4 kaikki kohotti mielen kokemaan t\u00e4rke\u00e4\u00e4 Suomen historiaa.\u00a0<\/p><p>Museossa kuljimme kolmessa ryhm\u00e4ss\u00e4 asiantuntevien oppaiden kanssa. Kotimuseon sisustus on alkuper\u00e4inen, paitsi kolme vaihtuvien n\u00e4yttelyiden huonetta. Oppaan kertomusten my\u00f6t\u00e4 voimme el\u00e4yty\u00e4 marsalkka Mannerheimin el\u00e4m\u00e4nvaiheisiin. <br \/>Ehdimme my\u00f6s k\u00e4v\u00e4ist\u00e4 Pyh\u00e4n Henrikin aukiolla sijaitsevassa Pyh\u00e4n Henrikin katedraalissa.<\/p><p>Ravintola Mamma Rosassa nautimme kolmen ruokalajin erinomaisen menun. Ja viel\u00e4 oli, mit\u00e4 odottaa: vierailu Ritarihuoneella Kruunuhaassa.<\/p><p>Juhlava tunnelma tarttui jo heti komean rakennuksen sis\u00e4\u00e4ntuloaulassa. Tutustuimme opastetusti hyv\u00e4ntekev\u00e4isyystapahtuman n\u00e4yttelyyn, \u201dRuokaa kautta aikain \u2013 Kulunaarinen matka halki vuosisatojen\u201d. Ihastelimme toinen toistaan hienompia kattauksia. Ritarihuonesali vaakunakokoelmineen oli h\u00e4mm\u00e4stytt\u00e4v\u00e4n komea. Retken j\u00e4rjest\u00e4jist\u00e4 Tuula Kyt\u00f6vuori kertoi jo bussimatkalla Ritarihuoneen historiasta ja K\u00f6yli\u00f6\u00f6n liittyvist\u00e4 aatelissuvuista (Cedercreutz, J\u00e4rnefelt ja Bonsdorff). Meill\u00e4 oli tilaisuus my\u00f6s tavata n\u00e4iden sukujen edustajat. Ritarihuoneella saimme lis\u00e4\u00e4 tietoa aatelissukujen vaakunoista ja niiden sis\u00e4ll\u00f6ist\u00e4.<\/p><p>Retkip\u00e4iv\u00e4 oli kaikkineen todella antoisa. Suurkiitokset j\u00e4rjest\u00e4jille, Tuulalle, Helenalle, Mirjalle ja A. Tuominen Ay:n bussikuskille sek\u00e4 mukavalle retkiporukalle!<\/p><p>Teksti: Marita Holkeri<br \/>Kuvat: Marita Holkeri MHo, Samuli Vahteristo SVa ja Pentti Vuotila PVu<\/p><p><div id='gallery-1' class='gallery galleryid-1037 gallery-columns-3 gallery-size-thumbnail'><figure class='gallery-item'>\n\t\t\t<div class='gallery-icon portrait'>\n\t\t\t\t<a href='https:\/\/koylio-seura.fi\/?attachment_id=16713'><img decoding=\"async\" width=\"150\" height=\"150\" src=\"https:\/\/koylio-seura.fi\/wp-content\/uploads\/2026\/04\/20260411_105443-150x150.jpg\" class=\"attachment-thumbnail size-thumbnail\" alt=\"\" aria-describedby=\"gallery-1-16713\" \/><\/a>\n\t\t\t<\/div>\n\t\t\t\t<figcaption class='wp-caption-text gallery-caption' id='gallery-1-16713'>\n\t\t\t\tMannerheim-museon edustalla, Tuula ja Helena esitteliv\u00e4t ryhm\u00e4mme. MHo\n\t\t\t\t<\/figcaption><\/figure><figure class='gallery-item'>\n\t\t\t<div class='gallery-icon landscape'>\n\t\t\t\t<a href='https:\/\/koylio-seura.fi\/?attachment_id=16714'><img decoding=\"async\" width=\"150\" height=\"150\" src=\"https:\/\/koylio-seura.fi\/wp-content\/uploads\/2026\/04\/IMG-20260411-WA0000-150x150.jpg\" class=\"attachment-thumbnail size-thumbnail\" alt=\"\" aria-describedby=\"gallery-1-16714\" \/><\/a>\n\t\t\t<\/div>\n\t\t\t\t<figcaption class='wp-caption-text gallery-caption' id='gallery-1-16714'>\n\t\t\t\tMannerheim-museon kahvihuone SVa\n\t\t\t\t<\/figcaption><\/figure><figure class='gallery-item'>\n\t\t\t<div class='gallery-icon portrait'>\n\t\t\t\t<a href='https:\/\/koylio-seura.fi\/?attachment_id=16715'><img loading=\"lazy\" decoding=\"async\" width=\"150\" height=\"150\" src=\"https:\/\/koylio-seura.fi\/wp-content\/uploads\/2026\/04\/20260411_123538-150x150.jpg\" class=\"attachment-thumbnail size-thumbnail\" alt=\"\" aria-describedby=\"gallery-1-16715\" \/><\/a>\n\t\t\t<\/div>\n\t\t\t\t<figcaption class='wp-caption-text gallery-caption' id='gallery-1-16715'>\n\t\t\t\tPyh\u00e4n Henrikin katdraali MHo\n\t\t\t\t<\/figcaption><\/figure><figure class='gallery-item'>\n\t\t\t<div class='gallery-icon landscape'>\n\t\t\t\t<a href='https:\/\/koylio-seura.fi\/?attachment_id=16716'><img loading=\"lazy\" decoding=\"async\" width=\"150\" height=\"150\" src=\"https:\/\/koylio-seura.fi\/wp-content\/uploads\/2026\/04\/20260411_143130-150x150.jpg\" class=\"attachment-thumbnail size-thumbnail\" alt=\"\" aria-describedby=\"gallery-1-16716\" \/><\/a>\n\t\t\t<\/div>\n\t\t\t\t<figcaption class='wp-caption-text gallery-caption' id='gallery-1-16716'>\n\t\t\t\tRuokailemassa ravintola Mamma Rosassa MHo\n\t\t\t\t<\/figcaption><\/figure><figure class='gallery-item'>\n\t\t\t<div class='gallery-icon landscape'>\n\t\t\t\t<a href='https:\/\/koylio-seura.fi\/?attachment_id=16717'><img loading=\"lazy\" decoding=\"async\" width=\"150\" height=\"150\" src=\"https:\/\/koylio-seura.fi\/wp-content\/uploads\/2026\/04\/Ritarihuoneen-portaat--150x150.jpg\" class=\"attachment-thumbnail size-thumbnail\" alt=\"\" aria-describedby=\"gallery-1-16717\" \/><\/a>\n\t\t\t<\/div>\n\t\t\t\t<figcaption class='wp-caption-text gallery-caption' id='gallery-1-16717'>\n\t\t\t\tRitarihuoneen portaat PVu\n\t\t\t\t<\/figcaption><\/figure><figure class='gallery-item'>\n\t\t\t<div class='gallery-icon portrait'>\n\t\t\t\t<a href='https:\/\/koylio-seura.fi\/?attachment_id=16718'><img loading=\"lazy\" decoding=\"async\" width=\"150\" height=\"150\" src=\"https:\/\/koylio-seura.fi\/wp-content\/uploads\/2026\/04\/20260411_163812-150x150.jpg\" class=\"attachment-thumbnail size-thumbnail\" alt=\"\" aria-describedby=\"gallery-1-16718\" \/><\/a>\n\t\t\t<\/div>\n\t\t\t\t<figcaption class='wp-caption-text gallery-caption' id='gallery-1-16718'>\n\t\t\t\tN\u00e4yttelyjuliste MHo\n\t\t\t\t<\/figcaption><\/figure><figure class='gallery-item'>\n\t\t\t<div class='gallery-icon landscape'>\n\t\t\t\t<a href='https:\/\/koylio-seura.fi\/?attachment_id=16719'><img loading=\"lazy\" decoding=\"async\" width=\"150\" height=\"150\" src=\"https:\/\/koylio-seura.fi\/wp-content\/uploads\/2026\/04\/Ritarihuoneen-nayttely-PV-150x150.jpg\" class=\"attachment-thumbnail size-thumbnail\" alt=\"\" aria-describedby=\"gallery-1-16719\" \/><\/a>\n\t\t\t<\/div>\n\t\t\t\t<figcaption class='wp-caption-text gallery-caption' id='gallery-1-16719'>\n\t\t\t\tRitarihuoneen n\u00e4yttely PVu\n\t\t\t\t<\/figcaption><\/figure><figure class='gallery-item'>\n\t\t\t<div class='gallery-icon portrait'>\n\t\t\t\t<a href='https:\/\/koylio-seura.fi\/?attachment_id=16722'><img loading=\"lazy\" decoding=\"async\" width=\"150\" height=\"150\" src=\"https:\/\/koylio-seura.fi\/wp-content\/uploads\/2026\/04\/20260411_152325-150x150.jpg\" class=\"attachment-thumbnail size-thumbnail\" alt=\"\" aria-describedby=\"gallery-1-16722\" \/><\/a>\n\t\t\t<\/div>\n\t\t\t\t<figcaption class='wp-caption-text gallery-caption' id='gallery-1-16722'>\n\t\t\t\tJuhlakattaus MHo\n\t\t\t\t<\/figcaption><\/figure><figure class='gallery-item'>\n\t\t\t<div class='gallery-icon landscape'>\n\t\t\t\t<a href='https:\/\/koylio-seura.fi\/?attachment_id=16721'><img loading=\"lazy\" decoding=\"async\" width=\"150\" height=\"150\" src=\"https:\/\/koylio-seura.fi\/wp-content\/uploads\/2026\/04\/20260411_152550-150x150.jpg\" class=\"attachment-thumbnail size-thumbnail\" alt=\"\" aria-describedby=\"gallery-1-16721\" \/><\/a>\n\t\t\t<\/div>\n\t\t\t\t<figcaption class='wp-caption-text gallery-caption' id='gallery-1-16721'>\n\t\t\t\tYleisn\u00e4kym\u00e4 ritarisaliin MHo\n\t\t\t\t<\/figcaption><\/figure><figure class='gallery-item'>\n\t\t\t<div class='gallery-icon portrait'>\n\t\t\t\t<a href='https:\/\/koylio-seura.fi\/?attachment_id=16720'><img loading=\"lazy\" decoding=\"async\" width=\"150\" height=\"150\" src=\"https:\/\/koylio-seura.fi\/wp-content\/uploads\/2026\/04\/20260411_153913-150x150.jpg\" class=\"attachment-thumbnail size-thumbnail\" alt=\"\" aria-describedby=\"gallery-1-16720\" \/><\/a>\n\t\t\t<\/div>\n\t\t\t\t<figcaption class='wp-caption-text gallery-caption' id='gallery-1-16720'>\n\t\t\t\tTuula Kyt\u00f6vuori ja Martin von Bonsdorff\n\t\t\t\t<\/figcaption><\/figure><figure class='gallery-item'>\n\t\t\t<div class='gallery-icon portrait'>\n\t\t\t\t<a href='https:\/\/koylio-seura.fi\/?attachment_id=16732'><img loading=\"lazy\" decoding=\"async\" width=\"150\" height=\"150\" src=\"https:\/\/koylio-seura.fi\/wp-content\/uploads\/2026\/04\/IMG-20260412-WA0000-150x150.jpg\" class=\"attachment-thumbnail size-thumbnail\" alt=\"\" aria-describedby=\"gallery-1-16732\" \/><\/a>\n\t\t\t<\/div>\n\t\t\t\t<figcaption class='wp-caption-text gallery-caption' id='gallery-1-16732'>\n\t\t\t\tCedercreutz-suvun vaakuna PVu\n\t\t\t\t<\/figcaption><\/figure><figure class='gallery-item'>\n\t\t\t<div class='gallery-icon landscape'>\n\t\t\t\t<a href='https:\/\/koylio-seura.fi\/?attachment_id=16724'><img loading=\"lazy\" decoding=\"async\" width=\"150\" height=\"150\" src=\"https:\/\/koylio-seura.fi\/wp-content\/uploads\/2026\/04\/Ritarihuone-PV-150x150.jpg\" class=\"attachment-thumbnail size-thumbnail\" alt=\"\" aria-describedby=\"gallery-1-16724\" \/><\/a>\n\t\t\t<\/div>\n\t\t\t\t<figcaption class='wp-caption-text gallery-caption' id='gallery-1-16724'>\n\t\t\t\tRitarihuone PVu\n\t\t\t\t<\/figcaption><\/figure>\n\t\t<\/div>\n<\/p><\/div>\n\t\t\t\t<\/div>\n\t\t\t\t\t\t\t<div class=\"elementor-accordion-item\">\n\t\t\t\t\t<div id=\"elementor-tab-title-1752\" class=\"elementor-tab-title\" data-tab=\"2\" role=\"button\" aria-controls=\"elementor-tab-content-1752\" aria-expanded=\"false\">\n\t\t\t\t\t\t\t\t\t\t\t\t\t<span class=\"elementor-accordion-icon elementor-accordion-icon-left\" aria-hidden=\"true\">\n\t\t\t\t\t\t\t\t\t\t\t\t\t\t\t<span class=\"elementor-accordion-icon-closed\"><i class=\"fas fa-plus\"><\/i><\/span>\n\t\t\t\t\t\t\t\t<span class=\"elementor-accordion-icon-opened\"><i class=\"fas fa-minus\"><\/i><\/span>\n\t\t\t\t\t\t\t\t\t\t\t\t\t\t<\/span>\n\t\t\t\t\t\t\t\t\t\t\t\t<a class=\"elementor-accordion-title\" tabindex=\"0\">19.7.2025 K\u00f6yli\u00f6- ja S\u00e4kyl\u00e4-seurojen yhteinen kes\u00e4retki Tuusulanj\u00e4rven taiteilijayhteis\u00f6\u00f6n<\/a>\n\t\t\t\t\t<\/div>\n\t\t\t\t\t<div id=\"elementor-tab-content-1752\" class=\"elementor-tab-content elementor-clearfix\" data-tab=\"2\" role=\"region\" aria-labelledby=\"elementor-tab-title-1752\"><div dir=\"auto\" style=\"font-family: 'Segoe UI Historic', 'Segoe UI', Helvetica, Arial, sans-serif; color: #080809; font-size: 15px; white-space-collapse: preserve;\"><div dir=\"auto\"><a href=\"https:\/\/koylio-seura.fi\/wp-content\/uploads\/2025\/07\/Tuusula-23.jpg\"><img loading=\"lazy\" decoding=\"async\" class=\"size-large wp-image-14784\" src=\"https:\/\/koylio-seura.fi\/wp-content\/uploads\/2025\/07\/Tuusula-23-1024x683.jpg\" alt=\"\" width=\"1024\" height=\"683\" srcset=\"https:\/\/koylio-seura.fi\/wp-content\/uploads\/2025\/07\/Tuusula-23-1024x683.jpg 1024w, https:\/\/koylio-seura.fi\/wp-content\/uploads\/2025\/07\/Tuusula-23-300x200.jpg 300w, https:\/\/koylio-seura.fi\/wp-content\/uploads\/2025\/07\/Tuusula-23-768x512.jpg 768w, https:\/\/koylio-seura.fi\/wp-content\/uploads\/2025\/07\/Tuusula-23.jpg 1080w\" sizes=\"(max-width: 1024px) 100vw, 1024px\" \/><\/a> Retkel\u00e4iset Villa Kokkosen edustalla Kuva: Ari St\u00e5hlman<\/div><div dir=\"auto\">\u00a0<\/div><div dir=\"auto\">K\u00f6yli\u00f6- ja S\u00e4kyl\u00e4-seurojen yhteinen <strong>kes\u00e4retki Tuusulanj\u00e4rven taiteilijayhteis\u00f6\u00f6n<\/strong> tehtiin lauantaina hein\u00e4kuun 19. p\u00e4iv\u00e4. Retki onnistui erinomaisesti. Mukana oli 30 retkel\u00e4ist\u00e4. Mirja Reunanen ja Helena Santala olivat suunnitelleet ja valinneet retken kohteet. My\u00f6s Linja-autoliikenne A. Tuomisen Marko reitinvalintaohjeineen oli jo mukana suunnittelussa. Matka sujui rattoisasti bussikyydiss\u00e4, kun Mirja ja Helena kertoivat ennakkoon tietoja retken kohteista.<\/div><div dir=\"auto\">Aamup\u00e4iv\u00e4kahvit juustos\u00e4mpyl\u00e4n kera nautimme Antin Konditoriossa Forssassa.<\/div><div dir=\"auto\">Ensimm\u00e4iseksi tutustuimme Tuusulassa <strong>J. H. Erkon Taiteilijakoti Erkkolaan<\/strong>, jossa oli kolmen taiteilijan Emmi Kallion, Katja Tukiaisen ja Kirsti Tuokon &#8221;Haihtuvaista&#8221; -yhteisn\u00e4yttely. Erkkolan naapurissa on <strong>Aleksis Kiven kuolinm\u00f6kki<\/strong>. Ehdimme tutustua my\u00f6s t\u00e4h\u00e4n vaatimattomaan m\u00f6kkiin pihapiireineen. Pienen matkan kuljettuamme saavuimme <strong>Lottamuseoon<\/strong>, jonka n\u00e4yttelyt olivat todella koskettavia. Nautimme maistuvan lounaan Lottamuseossa.<\/div><\/div><div dir=\"auto\" style=\"font-family: 'Segoe UI Historic', 'Segoe UI', Helvetica, Arial, sans-serif; color: #080809; font-size: 15px; white-space-collapse: preserve;\">Matka jatkui sitten <strong>Aino ja Jean Sibeliuksen kotiin<\/strong> <strong>Ainolaan<\/strong>. Tutustuimme Ainolan kauniiseen puutarhaan ja saunaan. P\u00e4\u00e4rakennuksessa meit\u00e4 oli vastassa opas, joka kertoi monipuolisesti Sibeliuksen perheen el\u00e4m\u00e4st\u00e4, huoneiden sisustuksesta ja talossa olevista taideteoksista.<\/div><div dir=\"auto\" style=\"font-family: 'Segoe UI Historic', 'Segoe UI', Helvetica, Arial, sans-serif; color: #080809; font-size: 15px; white-space-collapse: preserve;\">Ehdimme iltap\u00e4iv\u00e4ll\u00e4 <strong>Villa Kokkoseen<\/strong>, jossa meit\u00e4 odotti pirte\u00e4 opas. Viihdyimme talossa pitk\u00e4\u00e4n. Saimme my\u00f6s kuulla s\u00e4velt\u00e4j\u00e4 Joonas Kokkosen musiikkia. P\u00e4iv\u00e4 oli aurinkoinen ja helteinen ja retkiporukka oikein mukava. Kyll\u00e4 kelpasi nauttia retken kaikista antimista.<\/div><div dir=\"auto\" style=\"font-family: 'Segoe UI Historic', 'Segoe UI', Helvetica, Arial, sans-serif; color: #080809; font-size: 15px; white-space-collapse: preserve;\">\u00a0<\/div><div dir=\"auto\"><div dir=\"auto\">L\u00e4mpim\u00e4t kiitokset Helenalle, Mirjalle ja Tuomisen bussikuskille sek\u00e4 kaikille retkell\u00e4 mukana olleille.<\/div><div dir=\"auto\">\u00a0<\/div><div dir=\"auto\">Kuvat: Ari St\u00e5hlman, Pentti Vuotila ja Martti Erkkil\u00e4<\/div><\/div><div dir=\"auto\">Teksti: Marita Holkeri<\/div><div dir=\"auto\"><div dir=\"auto\"><a href=\"https:\/\/koylio-seura.fi\/wp-content\/uploads\/2025\/07\/Lottamuseosta-ME-scaled.jpg\"><img loading=\"lazy\" decoding=\"async\" class=\"aligncenter size-large wp-image-14822\" src=\"https:\/\/koylio-seura.fi\/wp-content\/uploads\/2025\/07\/Lottamuseosta-ME-1024x683.jpg\" alt=\"\" width=\"1024\" height=\"683\" srcset=\"https:\/\/koylio-seura.fi\/wp-content\/uploads\/2025\/07\/Lottamuseosta-ME-1024x683.jpg 1024w, https:\/\/koylio-seura.fi\/wp-content\/uploads\/2025\/07\/Lottamuseosta-ME-300x200.jpg 300w, https:\/\/koylio-seura.fi\/wp-content\/uploads\/2025\/07\/Lottamuseosta-ME-768x512.jpg 768w, https:\/\/koylio-seura.fi\/wp-content\/uploads\/2025\/07\/Lottamuseosta-ME-1536x1024.jpg 1536w, https:\/\/koylio-seura.fi\/wp-content\/uploads\/2025\/07\/Lottamuseosta-ME-2048x1365.jpg 2048w\" sizes=\"(max-width: 1024px) 100vw, 1024px\" \/><\/a><\/div><div dir=\"auto\">Lottamuseon esineit\u00e4\u00a0 Kuva: Martti Erkkil\u00e4<\/div><div dir=\"auto\">\u00a0<\/div><div dir=\"auto\"><a href=\"https:\/\/koylio-seura.fi\/wp-content\/uploads\/2025\/07\/PEV_1486-scaled.jpg\"><img loading=\"lazy\" decoding=\"async\" class=\"size-large wp-image-14785\" src=\"https:\/\/koylio-seura.fi\/wp-content\/uploads\/2025\/07\/PEV_1486-1024x678.jpg\" alt=\"\" width=\"1024\" height=\"678\" srcset=\"https:\/\/koylio-seura.fi\/wp-content\/uploads\/2025\/07\/PEV_1486-1024x678.jpg 1024w, https:\/\/koylio-seura.fi\/wp-content\/uploads\/2025\/07\/PEV_1486-300x199.jpg 300w, https:\/\/koylio-seura.fi\/wp-content\/uploads\/2025\/07\/PEV_1486-768x509.jpg 768w, https:\/\/koylio-seura.fi\/wp-content\/uploads\/2025\/07\/PEV_1486-1536x1017.jpg 1536w, https:\/\/koylio-seura.fi\/wp-content\/uploads\/2025\/07\/PEV_1486-2048x1356.jpg 2048w\" sizes=\"(max-width: 1024px) 100vw, 1024px\" \/><\/a> Opas kertoo Jean Sibeliuksen perheen el\u00e4m\u00e4st\u00e4, s\u00e4velt\u00e4misest\u00e4 ja Ainolan sisustuksesta. Kuva: Pentti Vuotila<\/div><div dir=\"auto\">\u00a0<\/div><p><a href=\"https:\/\/koylio-seura.fi\/wp-content\/uploads\/2025\/06\/Kesaretki-Tuusulanjarven-taiteilijayhteisoon-la-19.7.2025-4.pdf\">Retkiohjelma: Kes\u00e4retki Tuusulanj\u00e4rven taiteilijayhteis\u00f6\u00f6n la 19.7.2025 <\/a><\/p><p><div id='gallery-2' class='gallery galleryid-1037 gallery-columns-3 gallery-size-thumbnail'><figure class='gallery-item'>\n\t\t\t<div class='gallery-icon landscape'>\n\t\t\t\t<a href='https:\/\/koylio-seura.fi\/?attachment_id=14798'><img loading=\"lazy\" decoding=\"async\" width=\"150\" height=\"150\" src=\"https:\/\/koylio-seura.fi\/wp-content\/uploads\/2025\/07\/Tuusula-1-150x150.jpg\" class=\"attachment-thumbnail size-thumbnail\" alt=\"\" aria-describedby=\"gallery-2-14798\" \/><\/a>\n\t\t\t<\/div>\n\t\t\t\t<figcaption class='wp-caption-text gallery-caption' id='gallery-2-14798'>\n\t\t\t\tAntin Konditoria Kuva: Ari S.\n\t\t\t\t<\/figcaption><\/figure><figure class='gallery-item'>\n\t\t\t<div class='gallery-icon landscape'>\n\t\t\t\t<a href='https:\/\/koylio-seura.fi\/?attachment_id=14799'><img loading=\"lazy\" decoding=\"async\" width=\"150\" height=\"150\" src=\"https:\/\/koylio-seura.fi\/wp-content\/uploads\/2025\/07\/PEV_1426-150x150.jpg\" class=\"attachment-thumbnail size-thumbnail\" alt=\"\" aria-describedby=\"gallery-2-14799\" \/><\/a>\n\t\t\t<\/div>\n\t\t\t\t<figcaption class='wp-caption-text gallery-caption' id='gallery-2-14799'>\n\t\t\t\tErkkola Kuva: Pentti V.\n\t\t\t\t<\/figcaption><\/figure><figure class='gallery-item'>\n\t\t\t<div class='gallery-icon landscape'>\n\t\t\t\t<a href='https:\/\/koylio-seura.fi\/?attachment_id=14800'><img loading=\"lazy\" decoding=\"async\" width=\"150\" height=\"150\" src=\"https:\/\/koylio-seura.fi\/wp-content\/uploads\/2025\/07\/Tuusula-7-150x150.jpg\" class=\"attachment-thumbnail size-thumbnail\" alt=\"\" aria-describedby=\"gallery-2-14800\" \/><\/a>\n\t\t\t<\/div>\n\t\t\t\t<figcaption class='wp-caption-text gallery-caption' id='gallery-2-14800'>\n\t\t\t\tAleksis Kiven kuolinm\u00f6kki Kuva Ari S.\n\t\t\t\t<\/figcaption><\/figure><figure class='gallery-item'>\n\t\t\t<div class='gallery-icon landscape'>\n\t\t\t\t<a href='https:\/\/koylio-seura.fi\/?attachment_id=14801'><img loading=\"lazy\" decoding=\"async\" width=\"150\" height=\"150\" src=\"https:\/\/koylio-seura.fi\/wp-content\/uploads\/2025\/07\/Tuusula-12-150x150.jpg\" class=\"attachment-thumbnail size-thumbnail\" alt=\"\" aria-describedby=\"gallery-2-14801\" \/><\/a>\n\t\t\t<\/div>\n\t\t\t\t<figcaption class='wp-caption-text gallery-caption' id='gallery-2-14801'>\n\t\t\t\tLottamuseo Kuva: Ari S.\n\t\t\t\t<\/figcaption><\/figure><figure class='gallery-item'>\n\t\t\t<div class='gallery-icon portrait'>\n\t\t\t\t<a href='https:\/\/koylio-seura.fi\/?attachment_id=14802'><img loading=\"lazy\" decoding=\"async\" width=\"150\" height=\"150\" src=\"https:\/\/koylio-seura.fi\/wp-content\/uploads\/2025\/07\/PEV_1457-150x150.jpg\" class=\"attachment-thumbnail size-thumbnail\" alt=\"\" aria-describedby=\"gallery-2-14802\" \/><\/a>\n\t\t\t<\/div>\n\t\t\t\t<figcaption class='wp-caption-text gallery-caption' id='gallery-2-14802'>\n\t\t\t\tLotta Sv\u00e4rd -patsas Kuva: Pentti V.\n\t\t\t\t<\/figcaption><\/figure><figure class='gallery-item'>\n\t\t\t<div class='gallery-icon landscape'>\n\t\t\t\t<a href='https:\/\/koylio-seura.fi\/?attachment_id=14803'><img loading=\"lazy\" decoding=\"async\" width=\"150\" height=\"150\" src=\"https:\/\/koylio-seura.fi\/wp-content\/uploads\/2025\/07\/PEV_1477-150x150.jpg\" class=\"attachment-thumbnail size-thumbnail\" alt=\"\" aria-describedby=\"gallery-2-14803\" \/><\/a>\n\t\t\t<\/div>\n\t\t\t\t<figcaption class='wp-caption-text gallery-caption' id='gallery-2-14803'>\n\t\t\t\tAinola Kuva: Pentti V.\n\t\t\t\t<\/figcaption><\/figure><figure class='gallery-item'>\n\t\t\t<div class='gallery-icon landscape'>\n\t\t\t\t<a href='https:\/\/koylio-seura.fi\/?attachment_id=14804'><img loading=\"lazy\" decoding=\"async\" width=\"150\" height=\"150\" src=\"https:\/\/koylio-seura.fi\/wp-content\/uploads\/2025\/07\/PEV_1535-150x150.jpg\" class=\"attachment-thumbnail size-thumbnail\" alt=\"\" aria-describedby=\"gallery-2-14804\" \/><\/a>\n\t\t\t<\/div>\n\t\t\t\t<figcaption class='wp-caption-text gallery-caption' id='gallery-2-14804'>\n\t\t\t\tVilla Kokkonen Kuva: Pentti V.\n\t\t\t\t<\/figcaption><\/figure><figure class='gallery-item'>\n\t\t\t<div class='gallery-icon portrait'>\n\t\t\t\t<a href='https:\/\/koylio-seura.fi\/?attachment_id=14805'><img loading=\"lazy\" decoding=\"async\" width=\"150\" height=\"150\" src=\"https:\/\/koylio-seura.fi\/wp-content\/uploads\/2025\/07\/Tuusula-27-150x150.jpg\" class=\"attachment-thumbnail size-thumbnail\" alt=\"\" aria-describedby=\"gallery-2-14805\" \/><\/a>\n\t\t\t<\/div>\n\t\t\t\t<figcaption class='wp-caption-text gallery-caption' id='gallery-2-14805'>\n\t\t\t\tMatkaem\u00e4nn\u00e4t Mirja ja Helena Kuva: Ari S.\n\t\t\t\t<\/figcaption><\/figure>\n\t\t<\/div>\n<\/p><\/div><\/div>\n\t\t\t\t<\/div>\n\t\t\t\t\t\t\t<div class=\"elementor-accordion-item\">\n\t\t\t\t\t<div id=\"elementor-tab-title-1753\" class=\"elementor-tab-title\" data-tab=\"3\" role=\"button\" aria-controls=\"elementor-tab-content-1753\" aria-expanded=\"false\">\n\t\t\t\t\t\t\t\t\t\t\t\t\t<span class=\"elementor-accordion-icon elementor-accordion-icon-left\" aria-hidden=\"true\">\n\t\t\t\t\t\t\t\t\t\t\t\t\t\t\t<span class=\"elementor-accordion-icon-closed\"><i class=\"fas fa-plus\"><\/i><\/span>\n\t\t\t\t\t\t\t\t<span class=\"elementor-accordion-icon-opened\"><i class=\"fas fa-minus\"><\/i><\/span>\n\t\t\t\t\t\t\t\t\t\t\t\t\t\t<\/span>\n\t\t\t\t\t\t\t\t\t\t\t\t<a class=\"elementor-accordion-title\" tabindex=\"0\">K\u00f6yli\u00f6-seuran ja S\u00e4kyl\u00e4-seuran yhteinen kulttuurimatka Tammisaareen ja Fiskarsiin 13.7.2024<\/a>\n\t\t\t\t\t<\/div>\n\t\t\t\t\t<div id=\"elementor-tab-content-1753\" class=\"elementor-tab-content elementor-clearfix\" data-tab=\"3\" role=\"region\" aria-labelledby=\"elementor-tab-title-1753\"><p><a href=\"https:\/\/koylio-seura.fi\/wp-content\/uploads\/2024\/07\/Rooli-Helene-2.jpg\"><img loading=\"lazy\" decoding=\"async\" class=\"size-large wp-image-9586\" src=\"https:\/\/koylio-seura.fi\/wp-content\/uploads\/2024\/07\/Rooli-Helene-2-768x1024.jpg\" alt=\"\" width=\"768\" height=\"1024\" srcset=\"https:\/\/koylio-seura.fi\/wp-content\/uploads\/2024\/07\/Rooli-Helene-2-768x1024.jpg 768w, https:\/\/koylio-seura.fi\/wp-content\/uploads\/2024\/07\/Rooli-Helene-2-225x300.jpg 225w, https:\/\/koylio-seura.fi\/wp-content\/uploads\/2024\/07\/Rooli-Helene-2.jpg 900w\" sizes=\"(max-width: 768px) 100vw, 768px\" \/><\/a>\u00a0<br \/>Rooliopas Anne Ingman Helene Schjerfbeckin\u00e4<br \/>Kuva: Helena Santala<\/p><div><p><span style=\"font-size: 12pt; line-height: 107%;\"><b>Retkikertomus<br \/><\/b><\/span><span style=\"color: var(--contrast); font-size: 12pt; background-color: var(--base-3);\">Matkaan l\u00e4hdettiin komeassa kes\u00e4s\u00e4\u00e4ss\u00e4 Ristolasta K\u00f6yli\u00f6n Huoltokeskus J. Mattilan pihalta Linja-autoliikenne A Tuomisen bussilla kello 8.00.<\/span><span style=\"color: var(--contrast); font-size: 12pt; background-color: var(--base-3);\">\u00a0 <\/span><span style=\"color: var(--contrast); font-size: 12pt; background-color: var(--base-3);\">Matkalaisia otettiin kyytiin my\u00f6s Kepolasta Salen pihalta ja S\u00e4kyl\u00e4n torilta.<\/span><span style=\"color: var(--contrast); font-size: 12pt; background-color: var(--base-3);\">\u00a0 <\/span><span style=\"color: var(--contrast); font-size: 12pt; background-color: var(--base-3);\">Matkaan l\u00e4hti kaikkiaan 19 henkil\u00f6\u00e4 ja Aurasta mukaan tuli viel\u00e4 2 henkil\u00f6\u00e4 ja Tammisaaressa seurueeseen liittyi viel\u00e4 yksi henkil\u00f6, yhteens\u00e4 22 henkil\u00f6\u00e4.<\/span><\/p><p><span style=\"background-color: var(--base-3); color: var(--contrast); font-size: 12pt;\">Matkanjohtajana <\/span><span style=\"background-color: var(--base-3); color: var(--contrast); font-size: 12pt;\">toimi \u00a0Mirja Reunanen, joka oli suunnitellut matkan yhdess\u00e4 S\u00e4kyl\u00e4-seuran puheenjohtaja Terttu Pesonen-S\u00e4il\u00e4n kanssa ja joka hoiti kaikki yhteydet ja sopimiset matkankohteisiin. S\u00e4kyl\u00e4-seuraa edusti Tuula Sepp\u00e4nen-Sirni\u00f6 ja K\u00f6yli\u00f6-seuraa Helena Santala.<\/span><span style=\"color: var(--contrast); font-size: 12pt; background-color: var(--base-3);\"><br \/><\/span><\/p><p><a href=\"https:\/\/koylio-seura.fi\/wp-content\/uploads\/2024\/07\/Matka-Tammisaareen-ja-Fiskarsiin-13.7.24-retkikertomus.pdf\" target=\"_blank\" rel=\"noopener\">Lue t\u00e4st\u00e4 linkist\u00e4 retkikertomus kokonaan.<\/a><\/p><\/div><\/div>\n\t\t\t\t<\/div>\n\t\t\t\t\t\t\t<div class=\"elementor-accordion-item\">\n\t\t\t\t\t<div id=\"elementor-tab-title-1754\" class=\"elementor-tab-title\" data-tab=\"4\" role=\"button\" aria-controls=\"elementor-tab-content-1754\" aria-expanded=\"false\">\n\t\t\t\t\t\t\t\t\t\t\t\t\t<span class=\"elementor-accordion-icon elementor-accordion-icon-left\" aria-hidden=\"true\">\n\t\t\t\t\t\t\t\t\t\t\t\t\t\t\t<span class=\"elementor-accordion-icon-closed\"><i class=\"fas fa-plus\"><\/i><\/span>\n\t\t\t\t\t\t\t\t<span class=\"elementor-accordion-icon-opened\"><i class=\"fas fa-minus\"><\/i><\/span>\n\t\t\t\t\t\t\t\t\t\t\t\t\t\t<\/span>\n\t\t\t\t\t\t\t\t\t\t\t\t<a class=\"elementor-accordion-title\" tabindex=\"0\">K\u00f6yli\u00f6-seuran ja S\u00e4kyl\u00e4-seuran yhteinen kes\u00e4retki 15.7.2023 Sastamalan seudulle ja H\u00e4meenkyr\u00f6\u00f6n                <\/a>\n\t\t\t\t\t<\/div>\n\t\t\t\t\t<div id=\"elementor-tab-content-1754\" class=\"elementor-tab-content elementor-clearfix\" data-tab=\"4\" role=\"region\" aria-labelledby=\"elementor-tab-title-1754\"><p>K\u00f6yli\u00f6-seuran ja S\u00e4kyl\u00e4-seuran yhteinen kes\u00e4retki Sastamalan seudulle ja H\u00e4meenkyr\u00f6\u00f6n Ihmiset suviy\u00f6ss\u00e4 -oopperaan 15.7. oli erityisen onnistunut. Kauniissa kes\u00e4s\u00e4\u00e4ss\u00e4 saimme nauttia Pirkanmaan kumpuilevista joki- ja j\u00e4rvimaisemista. Retken kohteet tarjosivat paikallista kulttuurihistoriaa, kuvataidetta, kirjallisuutta, maukasta ruokaa, kukkaloistoa, oopperaa &#8211; muistion kuvissa lis\u00e4\u00e4 retken kohteista.\u00a0<\/p><p>Mukana oli 30 retkel\u00e4ist\u00e4 sek\u00e4 retken em\u00e4nn\u00e4t Helena Santala ja Mirja Reunanen. Tuomisen bussi kuljetti meit\u00e4 joutuisasti ja turvallisesti.<\/p><p>Paljon kiitoksia kes\u00e4retken j\u00e4rjest\u00e4jille!<\/p><p>T\u00e4st\u00e4 avautuu <a href=\"https:\/\/koylio-seura.eitcon.com\/wp-content\/uploads\/2024\/01\/Koylio-seuran-ja-Sakyla-seuran-yhteinen-kesaretki-15.7.2023.pdf\" target=\"_blank\" rel=\"noopener\">linkki retken muistioon.<\/a><\/p><div>\u00a0<\/div><\/div>\n\t\t\t\t<\/div>\n\t\t\t\t\t\t\t<div class=\"elementor-accordion-item\">\n\t\t\t\t\t<div id=\"elementor-tab-title-1755\" class=\"elementor-tab-title\" data-tab=\"5\" role=\"button\" aria-controls=\"elementor-tab-content-1755\" aria-expanded=\"false\">\n\t\t\t\t\t\t\t\t\t\t\t\t\t<span class=\"elementor-accordion-icon elementor-accordion-icon-left\" aria-hidden=\"true\">\n\t\t\t\t\t\t\t\t\t\t\t\t\t\t\t<span class=\"elementor-accordion-icon-closed\"><i class=\"fas fa-plus\"><\/i><\/span>\n\t\t\t\t\t\t\t\t<span class=\"elementor-accordion-icon-opened\"><i class=\"fas fa-minus\"><\/i><\/span>\n\t\t\t\t\t\t\t\t\t\t\t\t\t\t<\/span>\n\t\t\t\t\t\t\t\t\t\t\t\t<a class=\"elementor-accordion-title\" tabindex=\"0\">K\u00f6yli\u00f6-seuran retki Karvialle Anne Mattilan Taidekahvilaan ja H\u00e4meenkyr\u00f6\u00f6n Frantsilan Keh\u00e4kukkaan 19.7.2022<\/a>\n\t\t\t\t\t<\/div>\n\t\t\t\t\t<div id=\"elementor-tab-content-1755\" class=\"elementor-tab-content elementor-clearfix\" data-tab=\"5\" role=\"region\" aria-labelledby=\"elementor-tab-title-1755\"><p>K\u00f6yli\u00f6-seuran retki Karvialle Anne Mattilan Taidekahvilaan ja H\u00e4meenkyr\u00f6\u00f6n Frantsilan\u00a0<span style=\"background-color: var(--base-3); color: var(--contrast);\">Keh\u00e4kukkaan 19.7.2022<\/span><\/p><p>Teimme Kes\u00e4retken Karvialle 19.7.2022 Anne Mattilan Taidekahvilaan Niinisalon varuskunnan\u00a0<span style=\"background-color: var(--base-3); color: var(--contrast);\">sotilaskodin kautta. Kotimatkalla poikkesimme H\u00e4meenkyr\u00f6ss\u00e4 Frantsilan Keh\u00e4kukassa.<\/span><\/p><p>Matkasimme mukavasti Tuomisen bussilla. Autoem\u00e4ntin\u00e4 ja oppaina toimivat leppoisan\u00a0<span style=\"background-color: var(--base-3); color: var(--contrast);\">luonikkaasti Helena Santala ja Mirja Reunanen. Retkis\u00e4\u00e4 oli paras mahdollinen.\u00a0<br \/><\/span><span style=\"background-color: var(--base-3); color: var(--contrast);\">Saimme nauttia taiteesta, hyv\u00e4st\u00e4 ruuasta, musiikista ja mainiosta matkaseurasta.<\/span><\/p><p><div id='gallery-3' class='gallery galleryid-1037 gallery-columns-3 gallery-size-thumbnail'><figure class='gallery-item'>\n\t\t\t<div class='gallery-icon landscape'>\n\t\t\t\t<a href='https:\/\/koylio-seura.fi\/?attachment_id=9598'><img loading=\"lazy\" decoding=\"async\" width=\"150\" height=\"150\" src=\"https:\/\/koylio-seura.fi\/wp-content\/uploads\/2024\/07\/Anne-Mattila-2022-150x150.jpg\" class=\"attachment-thumbnail size-thumbnail\" alt=\"\" aria-describedby=\"gallery-3-9598\" \/><\/a>\n\t\t\t<\/div>\n\t\t\t\t<figcaption class='wp-caption-text gallery-caption' id='gallery-3-9598'>\n\t\t\t\tAnne Mattila\n\t\t\t\t<\/figcaption><\/figure><figure class='gallery-item'>\n\t\t\t<div class='gallery-icon landscape'>\n\t\t\t\t<a href='https:\/\/koylio-seura.fi\/?attachment_id=9599'><img loading=\"lazy\" decoding=\"async\" width=\"150\" height=\"150\" src=\"https:\/\/koylio-seura.fi\/wp-content\/uploads\/2024\/07\/Koylio-seuran-kiitos-Anne-Mattilalle-150x150.jpg\" class=\"attachment-thumbnail size-thumbnail\" alt=\"\" aria-describedby=\"gallery-3-9599\" \/><\/a>\n\t\t\t<\/div>\n\t\t\t\t<figcaption class='wp-caption-text gallery-caption' id='gallery-3-9599'>\n\t\t\t\tK\u00f6yli\u00f6-seuran kiitokset\n\t\t\t\t<\/figcaption><\/figure><figure class='gallery-item'>\n\t\t\t<div class='gallery-icon landscape'>\n\t\t\t\t<a href='https:\/\/koylio-seura.fi\/?attachment_id=9600'><img loading=\"lazy\" decoding=\"async\" width=\"150\" height=\"150\" src=\"https:\/\/koylio-seura.fi\/wp-content\/uploads\/2024\/07\/Frantsila-2022-150x150.jpg\" class=\"attachment-thumbnail size-thumbnail\" alt=\"\" aria-describedby=\"gallery-3-9600\" \/><\/a>\n\t\t\t<\/div>\n\t\t\t\t<figcaption class='wp-caption-text gallery-caption' id='gallery-3-9600'>\n\t\t\t\tFrantsilan Keh\u00e4kukka\n\t\t\t\t<\/figcaption><\/figure>\n\t\t<\/div>\n<\/p><p>Olipa meill\u00e4 kiva retkip\u00e4iv\u00e4! Kiitos !<\/p><\/div>\n\t\t\t\t<\/div>\n\t\t\t\t\t\t\t<div class=\"elementor-accordion-item\">\n\t\t\t\t\t<div id=\"elementor-tab-title-1756\" class=\"elementor-tab-title\" data-tab=\"6\" role=\"button\" aria-controls=\"elementor-tab-content-1756\" aria-expanded=\"false\">\n\t\t\t\t\t\t\t\t\t\t\t\t\t<span class=\"elementor-accordion-icon elementor-accordion-icon-left\" aria-hidden=\"true\">\n\t\t\t\t\t\t\t\t\t\t\t\t\t\t\t<span class=\"elementor-accordion-icon-closed\"><i class=\"fas fa-plus\"><\/i><\/span>\n\t\t\t\t\t\t\t\t<span class=\"elementor-accordion-icon-opened\"><i class=\"fas fa-minus\"><\/i><\/span>\n\t\t\t\t\t\t\t\t\t\t\t\t\t\t<\/span>\n\t\t\t\t\t\t\t\t\t\t\t\t<a class=\"elementor-accordion-title\" tabindex=\"0\">K\u00f6yli\u00f6-seuran retki 2019 Kemi\u00f6nsaarelle<\/a>\n\t\t\t\t\t<\/div>\n\t\t\t\t\t<div id=\"elementor-tab-content-1756\" class=\"elementor-tab-content elementor-clearfix\" data-tab=\"6\" role=\"region\" aria-labelledby=\"elementor-tab-title-1756\"><p>K\u00f6yli\u00f6- ja S\u00e4kyl\u00e4- seurojen yhteinen kulttuuriretki Kemi\u00f6nsaareen (Sagalund, Kasn\u00e4s, Taalintehdas) tehtiin lauantaina 18.5. aurinkoisessa ja kev\u00e4isess\u00e4 \u2013 suorastaan helteisess\u00e4 s\u00e4\u00e4ss\u00e4. Hyv\u00e4 matkaseura, historiaa huokuvat tutustumiskohteet, runsas lounasp\u00f6yt\u00e4 ja voisilm\u00e4pullakahvit kruunasivat kev\u00e4tp\u00e4iv\u00e4n. Kiitoksia Ulla Kolulle ja Terttu Pesonen S\u00e4il\u00e4lle ja kaikille mukanaolleille.<br \/>Teksti kirjoitti ja valokuvauksen hoiti Helena Santala<\/p><p><a href=\"https:\/\/koylio-seura.fi\/wp-content\/uploads\/2024\/09\/Saariston-upeaa-maisemaa.pdf\" target=\"_blank\" rel=\"noopener\">T\u00e4st\u00e4 p\u00e4\u00e4set katsomaan lis\u00e4\u00e4 matkakuvia<\/a><\/p><figure id=\"attachment_10703\" aria-describedby=\"caption-attachment-10703\" style=\"width: 707px\" class=\"wp-caption alignleft\"><img loading=\"lazy\" decoding=\"async\" class=\"wp-image-10703 size-full\" src=\"https:\/\/koylio-seura.fi\/wp-content\/uploads\/2024\/09\/Saariston-upeutta.jpg\" alt=\"\" width=\"717\" height=\"538\" srcset=\"https:\/\/koylio-seura.fi\/wp-content\/uploads\/2024\/09\/Saariston-upeutta.jpg 717w, https:\/\/koylio-seura.fi\/wp-content\/uploads\/2024\/09\/Saariston-upeutta-300x225.jpg 300w\" sizes=\"(max-width: 717px) 100vw, 717px\" \/><figcaption id=\"caption-attachment-10703\" class=\"wp-caption-text\">Kev\u00e4inen saaristo tarjosi parastaan<\/figcaption><\/figure><\/div>\n\t\t\t\t<\/div>\n\t\t\t\t\t\t\t<div class=\"elementor-accordion-item\">\n\t\t\t\t\t<div id=\"elementor-tab-title-1757\" class=\"elementor-tab-title\" data-tab=\"7\" role=\"button\" aria-controls=\"elementor-tab-content-1757\" aria-expanded=\"false\">\n\t\t\t\t\t\t\t\t\t\t\t\t\t<span class=\"elementor-accordion-icon elementor-accordion-icon-left\" aria-hidden=\"true\">\n\t\t\t\t\t\t\t\t\t\t\t\t\t\t\t<span class=\"elementor-accordion-icon-closed\"><i class=\"fas fa-plus\"><\/i><\/span>\n\t\t\t\t\t\t\t\t<span class=\"elementor-accordion-icon-opened\"><i class=\"fas fa-minus\"><\/i><\/span>\n\t\t\t\t\t\t\t\t\t\t\t\t\t\t<\/span>\n\t\t\t\t\t\t\t\t\t\t\t\t<a class=\"elementor-accordion-title\" tabindex=\"0\">K\u00f6yli\u00f6-seuran retki 2018 Riikaan<\/a>\n\t\t\t\t\t<\/div>\n\t\t\t\t\t<div id=\"elementor-tab-content-1757\" class=\"elementor-tab-content elementor-clearfix\" data-tab=\"7\" role=\"region\" aria-labelledby=\"elementor-tab-title-1757\"><p>Kutsu Riikaan julkaistiin K\u00f6yli\u00f6-seuran j\u00e4senkirjeess\u00e4 2\/2018. Matka toteutui.<\/p><p><b>L\u00e4hde mukaan Kulttuurimatkalle Riikaan 23.-26.4.<\/b><\/p><figure id=\"attachment_11148\" aria-describedby=\"caption-attachment-11148\" style=\"width: 2550px\" class=\"wp-caption aligncenter\"><img loading=\"lazy\" decoding=\"async\" class=\"size-full wp-image-11148\" src=\"https:\/\/koylio-seura.fi\/wp-content\/uploads\/2024\/09\/Rundalen-barokkilinna-scaled.jpg\" alt=\"\" width=\"2560\" height=\"1440\" srcset=\"https:\/\/koylio-seura.fi\/wp-content\/uploads\/2024\/09\/Rundalen-barokkilinna-scaled.jpg 2560w, https:\/\/koylio-seura.fi\/wp-content\/uploads\/2024\/09\/Rundalen-barokkilinna-300x169.jpg 300w, https:\/\/koylio-seura.fi\/wp-content\/uploads\/2024\/09\/Rundalen-barokkilinna-1024x576.jpg 1024w, https:\/\/koylio-seura.fi\/wp-content\/uploads\/2024\/09\/Rundalen-barokkilinna-768x432.jpg 768w, https:\/\/koylio-seura.fi\/wp-content\/uploads\/2024\/09\/Rundalen-barokkilinna-1536x864.jpg 1536w, https:\/\/koylio-seura.fi\/wp-content\/uploads\/2024\/09\/Rundalen-barokkilinna-2048x1152.jpg 2048w\" sizes=\"(max-width: 2560px) 100vw, 2560px\" \/><figcaption id=\"caption-attachment-11148\" class=\"wp-caption-text\">K\u00e4vimme my\u00f6s Rundalen barokkilinnassa<\/figcaption><\/figure><p>Matkan hinta on seuran j\u00e4senille 230 \u20ac\/hl\u00f6 (kahden hengen huoneessa\/hytiss\u00e4, yksin majoittuvan lis\u00e4hinta on 70 \u20ac) ja 245\u20ac ei-j\u00e4senille. Hinta sis\u00e4lt\u00e4\u00e4 oman bussin k\u00e4yt\u00f6n K\u00f6yli\u00f6st\u00e4 alkaen, laivamatkat (meno Tallink yhden y\u00f6n hotellimajoituksen aamiaisineen, aamiaisen Kochi Aid-ravintolassa tiistaina ja paluup\u00e4iv\u00e4n lounaan P\u00e4rnussa ravintola Postipoissa. Lis\u00e4ksi on mahdollisuus osallistua opastettuun retkeen Rundalen barokkilinnaan, retken kesto 6 h, hinta 57 \u20ac (sis. lounaan). Retki varataan jo ilmoittautuessa. <br \/>Matkan toteutuminen edellytt\u00e4\u00e4 35 osallistujaa.<\/p><p>Vastuullinen matkanj\u00e4rjest\u00e4j\u00e4 on Matkapojat Oy. Matkaohjelman l\u00f6yd\u00e4t K\u00f6yli\u00f6-seuran kotisivuilta www.koylio-seura.fi ja seuran Facebook-sivulta. <br \/>Toimi nopeasti &#8211; viel\u00e4 ehdit mukaan<br \/>Sitovat ilmoittautumiset on teht\u00e4v\u00e4 15.3. menness\u00e4 joko puhelimitse 0400 478771\/Ulla Kolu tai ulla.kolu@gmail.com Matka on my\u00f6s maksettava em. p\u00e4iv\u00e4\u00e4n menness\u00e4 K\u00f6yli\u00f6-seuran tilille FI30 5476 6840 0112 91, tiedonantoihin \u201dKulttuurimatka\/osallistujan tai osallistujien nimet&#8221;<\/p><p><div id='gallery-4' class='gallery galleryid-1037 gallery-columns-3 gallery-size-medium'><figure class='gallery-item'>\n\t\t\t<div class='gallery-icon landscape'>\n\t\t\t\t<a href='https:\/\/koylio-seura.fi\/?attachment_id=11154'><img loading=\"lazy\" decoding=\"async\" width=\"300\" height=\"169\" src=\"https:\/\/koylio-seura.fi\/wp-content\/uploads\/2024\/09\/DSC_0026-300x169.jpg\" class=\"attachment-medium size-medium\" alt=\"\" srcset=\"https:\/\/koylio-seura.fi\/wp-content\/uploads\/2024\/09\/DSC_0026-300x169.jpg 300w, https:\/\/koylio-seura.fi\/wp-content\/uploads\/2024\/09\/DSC_0026-1024x576.jpg 1024w, https:\/\/koylio-seura.fi\/wp-content\/uploads\/2024\/09\/DSC_0026-768x432.jpg 768w, https:\/\/koylio-seura.fi\/wp-content\/uploads\/2024\/09\/DSC_0026-1536x864.jpg 1536w, https:\/\/koylio-seura.fi\/wp-content\/uploads\/2024\/09\/DSC_0026-2048x1152.jpg 2048w\" sizes=\"(max-width: 300px) 100vw, 300px\" \/><\/a>\n\t\t\t<\/div><\/figure><figure class='gallery-item'>\n\t\t\t<div class='gallery-icon landscape'>\n\t\t\t\t<a href='https:\/\/koylio-seura.fi\/?attachment_id=11155'><img loading=\"lazy\" decoding=\"async\" width=\"300\" height=\"169\" src=\"https:\/\/koylio-seura.fi\/wp-content\/uploads\/2024\/09\/DSC_0028-300x169.jpg\" class=\"attachment-medium size-medium\" alt=\"\" srcset=\"https:\/\/koylio-seura.fi\/wp-content\/uploads\/2024\/09\/DSC_0028-300x169.jpg 300w, https:\/\/koylio-seura.fi\/wp-content\/uploads\/2024\/09\/DSC_0028-1024x576.jpg 1024w, https:\/\/koylio-seura.fi\/wp-content\/uploads\/2024\/09\/DSC_0028-768x432.jpg 768w, https:\/\/koylio-seura.fi\/wp-content\/uploads\/2024\/09\/DSC_0028-1536x864.jpg 1536w, https:\/\/koylio-seura.fi\/wp-content\/uploads\/2024\/09\/DSC_0028-2048x1152.jpg 2048w\" sizes=\"(max-width: 300px) 100vw, 300px\" \/><\/a>\n\t\t\t<\/div><\/figure><figure class='gallery-item'>\n\t\t\t<div class='gallery-icon landscape'>\n\t\t\t\t<a href='https:\/\/koylio-seura.fi\/?attachment_id=11153'><img loading=\"lazy\" decoding=\"async\" width=\"300\" height=\"169\" src=\"https:\/\/koylio-seura.fi\/wp-content\/uploads\/2024\/09\/DSC_0018-300x169.jpg\" class=\"attachment-medium size-medium\" alt=\"\" srcset=\"https:\/\/koylio-seura.fi\/wp-content\/uploads\/2024\/09\/DSC_0018-300x169.jpg 300w, https:\/\/koylio-seura.fi\/wp-content\/uploads\/2024\/09\/DSC_0018-1024x576.jpg 1024w, https:\/\/koylio-seura.fi\/wp-content\/uploads\/2024\/09\/DSC_0018-768x432.jpg 768w, https:\/\/koylio-seura.fi\/wp-content\/uploads\/2024\/09\/DSC_0018-1536x864.jpg 1536w, https:\/\/koylio-seura.fi\/wp-content\/uploads\/2024\/09\/DSC_0018-2048x1152.jpg 2048w\" sizes=\"(max-width: 300px) 100vw, 300px\" \/><\/a>\n\t\t\t<\/div><\/figure>\n\t\t<\/div>\n<\/p><\/div>\n\t\t\t\t<\/div>\n\t\t\t\t\t\t\t<div class=\"elementor-accordion-item\">\n\t\t\t\t\t<div id=\"elementor-tab-title-1758\" class=\"elementor-tab-title\" data-tab=\"8\" role=\"button\" aria-controls=\"elementor-tab-content-1758\" aria-expanded=\"false\">\n\t\t\t\t\t\t\t\t\t\t\t\t\t<span class=\"elementor-accordion-icon elementor-accordion-icon-left\" aria-hidden=\"true\">\n\t\t\t\t\t\t\t\t\t\t\t\t\t\t\t<span class=\"elementor-accordion-icon-closed\"><i class=\"fas fa-plus\"><\/i><\/span>\n\t\t\t\t\t\t\t\t<span class=\"elementor-accordion-icon-opened\"><i class=\"fas fa-minus\"><\/i><\/span>\n\t\t\t\t\t\t\t\t\t\t\t\t\t\t<\/span>\n\t\t\t\t\t\t\t\t\t\t\t\t<a class=\"elementor-accordion-title\" tabindex=\"0\">K\u00f6yli\u00f6-seuran retki 2017 Tukholmaan<\/a>\n\t\t\t\t\t<\/div>\n\t\t\t\t\t<div id=\"elementor-tab-content-1758\" class=\"elementor-tab-content elementor-clearfix\" data-tab=\"8\" role=\"region\" aria-labelledby=\"elementor-tab-title-1758\"><p>K\u00f6yli\u00f6-seura j\u00e4rjesti kulttuuripainotteisen retken Tukholmaan 26. &#8211; 28.4.2017. Matkan oleellinen osa oli risteily Helsinki-Tukholma, sill\u00e4 laivalla saimme seurata monia oman v\u00e4kemme pit\u00e4mi\u00e4 esitelmi\u00e4. Tukholmassa teimme opastetun museokierroksen vierailemalla porvarisperheen kotimuseossa eli Hallwylin palatsissa ja Armeijamuseossa. Retken mielenkiintoinen ohjelma sai huomattavan suuren joukon K\u00f6yli\u00f6-seuran j\u00e4seni\u00e4 liikkeelle.<\/p><p>\u00a0 \u00a0 \u00a0 \u00a0 \u00a0 \u00a0 \u00a0 \u00a0 \u00a0 \u00a0 \u00a0 \u00a0 \u00a0 \u00a0 \u00a0 \u00a0 \u00a0 \u00a0 \u00a0 \u00a0 \u00a0 \u00a0 \u00a0 \u00a0 \u00a0 \u00a0 \u00a0 \u00a0 \u00a0 \u00a0 \u00a0 \u00a0 \u00a0 \u00a0 \u00a0 \u00a0 \u00a0 \u00a0 \u00a0 \u00a0 \u00a0 \u00a0 \u00a0\u00a0<a href=\"https:\/\/koylio-seura.fi\/wp-content\/uploads\/2024\/10\/Tukholman-risteily-2017.pdf\">Katso retkiohjelma t\u00e4st<\/a>\u00e4<i style=\"background-color: var(--base-3); color: var(--contrast);\"><\/i><i style=\"background-color: var(--base-3); color: var(--contrast);\"><\/i><\/p><p>\u00a0 \u00a0 \u00a0 \u00a0 \u00a0 \u00a0 \u00a0 \u00a0 \u00a0 \u00a0 \u00a0 \u00a0 \u00a0 \u00a0 \u00a0 \u00a0 \u00a0 \u00a0 \u00a0 \u00a0 \u00a0 \u00a0 \u00a0 \u00a0 \u00a0 \u00a0 \u00a0 \u00a0 \u00a0 \u00a0 \u00a0 \u00a0Seuraavaksi joukko retkell\u00e4 otettuja kuvia selityksineen<\/p><p>\u00a0 \u00a0 \u00a0 \u00a0 \u00a0 \u00a0 \u00a0 \u00a0 \u00a0 \u00a0 \u00a0 \u00a0 \u00a0 \u00a0 \u00a0 \u00a0 \u00a0 \u00a0 \u00a0 \u00a0 \u00a0 \u00a0 \u00a0 \u00a0 \u00a0 \u00a0 \u00a0 \u00a0 \u00a0 \u00a0 \u00a0 \u00a0 \u00a0 \u00a0 \u00a0 \u00a0 \u00a0 \u00a0\u00a0<img loading=\"lazy\" decoding=\"async\" class=\"size-medium wp-image-11591\" src=\"https:\/\/koylio-seura.fi\/wp-content\/uploads\/2024\/10\/MErkkila-26.4.2017-300x200.jpg\" alt=\"\" width=\"300\" height=\"200\" srcset=\"https:\/\/koylio-seura.fi\/wp-content\/uploads\/2024\/10\/MErkkila-26.4.2017-300x200.jpg 300w, https:\/\/koylio-seura.fi\/wp-content\/uploads\/2024\/10\/MErkkila-26.4.2017-1024x683.jpg 1024w, https:\/\/koylio-seura.fi\/wp-content\/uploads\/2024\/10\/MErkkila-26.4.2017-768x512.jpg 768w, https:\/\/koylio-seura.fi\/wp-content\/uploads\/2024\/10\/MErkkila-26.4.2017-1536x1024.jpg 1536w, https:\/\/koylio-seura.fi\/wp-content\/uploads\/2024\/10\/MErkkila-26.4.2017-2048x1365.jpg 2048w\" sizes=\"(max-width: 300px) 100vw, 300px\" \/>\u00a0<\/p><div><p><span style=\"color: var(--contrast); background-color: var(--base-3);\">\u00a0 \u00a0 \u00a0 \u00a0 \u00a0 \u00a0 \u00a0 \u00a0 \u00a0 \u00a0 \u00a0 \u00a0 \u00a0 \u00a0 \u00a0 \u00a0 \u00a0 \u00a0 \u00a0 \u00a0 \u00a0 \u00a0 \u00a0 \u00a0 \u00a0 \u00a0 \u00a0 \u00a0 \u00a0 \u00a0 Sukututkimuksen alkeet, Kalevi Salmi. <\/span><span style=\"color: var(--contrast); background-color: var(--base-3);\">Kuva Martti Erkkil\u00e4<\/span><\/p><p><span style=\"color: var(--contrast); background-color: var(--base-3);\">\u00a0<\/span><\/p><p><span style=\"color: var(--contrast); background-color: var(--base-3);\">\u00a0 \u00a0 \u00a0 \u00a0 \u00a0 \u00a0 \u00a0 \u00a0 \u00a0 \u00a0 \u00a0 \u00a0 \u00a0 \u00a0 \u00a0 \u00a0 \u00a0 \u00a0 \u00a0 \u00a0 \u00a0 \u00a0 \u00a0 \u00a0 \u00a0 \u00a0 \u00a0 \u00a0 \u00a0 \u00a0 \u00a0 \u00a0 \u00a0 \u00a0 \u00a0 \u00a0 \u00a0 \u00a0 \u00a0 \u00a0 \u00a0\u00a0<\/span><img loading=\"lazy\" decoding=\"async\" class=\"size-medium wp-image-11592\" style=\"color: var(--contrast); background-color: var(--base-3);\" src=\"https:\/\/koylio-seura.fi\/wp-content\/uploads\/2024\/10\/MErkkila-26.4.2017-2-300x200.jpg\" alt=\"\" width=\"300\" height=\"200\" srcset=\"https:\/\/koylio-seura.fi\/wp-content\/uploads\/2024\/10\/MErkkila-26.4.2017-2-300x200.jpg 300w, https:\/\/koylio-seura.fi\/wp-content\/uploads\/2024\/10\/MErkkila-26.4.2017-2-1024x683.jpg 1024w, https:\/\/koylio-seura.fi\/wp-content\/uploads\/2024\/10\/MErkkila-26.4.2017-2-768x512.jpg 768w, https:\/\/koylio-seura.fi\/wp-content\/uploads\/2024\/10\/MErkkila-26.4.2017-2-1536x1024.jpg 1536w, https:\/\/koylio-seura.fi\/wp-content\/uploads\/2024\/10\/MErkkila-26.4.2017-2-2048x1365.jpg 2048w\" sizes=\"(max-width: 300px) 100vw, 300px\" \/><\/p><p><span style=\"color: var(--contrast); background-color: var(--base-3);\">\u00a0 \u00a0 \u00a0 \u00a0 \u00a0 \u00a0 \u00a0 \u00a0 \u00a0 \u00a0 \u00a0 \u00a0 \u00a0 \u00a0 \u00a0 \u00a0 \u00a0 \u00a0 \u00a0 \u00a0 \u00a0 \u00a0 \u00a0 \u00a0 \u00a0 \u00a0 \u00a0 \u00a0 \u00a0 \u00a0\u00a0<\/span><span style=\"background-color: var(--base-3); color: var(--contrast);\">K\u00f6yli\u00f6l\u00e4isen suvun jalanj\u00e4ljiss\u00e4, Axel Cedercreutz. Kuva Martti Erkkil\u00e4<\/span><\/p><p><img loading=\"lazy\" decoding=\"async\" class=\"aligncenter size-medium wp-image-11594\" src=\"https:\/\/koylio-seura.fi\/wp-content\/uploads\/2024\/10\/MErkkila-26.4.2017-4-300x200.jpg\" alt=\"\" width=\"300\" height=\"200\" srcset=\"https:\/\/koylio-seura.fi\/wp-content\/uploads\/2024\/10\/MErkkila-26.4.2017-4-300x200.jpg 300w, https:\/\/koylio-seura.fi\/wp-content\/uploads\/2024\/10\/MErkkila-26.4.2017-4-1024x683.jpg 1024w, https:\/\/koylio-seura.fi\/wp-content\/uploads\/2024\/10\/MErkkila-26.4.2017-4-768x512.jpg 768w, https:\/\/koylio-seura.fi\/wp-content\/uploads\/2024\/10\/MErkkila-26.4.2017-4-1536x1024.jpg 1536w, https:\/\/koylio-seura.fi\/wp-content\/uploads\/2024\/10\/MErkkila-26.4.2017-4-2048x1365.jpg 2048w\" sizes=\"(max-width: 300px) 100vw, 300px\" \/><\/p><p>\u00a0 \u00a0 \u00a0 \u00a0 \u00a0 \u00a0 \u00a0 \u00a0 \u00a0 \u00a0 \u00a0 \u00a0 \u00a0 \u00a0 \u00a0 \u00a0 \u00a0 \u00a0 \u00a0Mit\u00e4 kaikkea Tuiskulan kes\u00e4teatterin esitysten takana piilee, Veikko Salo. Kuva Martti Erkkil\u00e4<\/p><p>\u00a0 \u00a0 \u00a0 \u00a0 \u00a0 \u00a0 \u00a0 \u00a0 \u00a0 \u00a0 \u00a0 \u00a0 \u00a0 \u00a0 \u00a0 \u00a0 \u00a0 \u00a0 \u00a0 \u00a0 \u00a0 \u00a0 \u00a0 \u00a0 \u00a0 \u00a0 \u00a0 \u00a0 \u00a0 \u00a0 \u00a0 \u00a0 \u00a0 \u00a0 \u00a0 \u00a0 \u00a0 \u00a0 \u00a0 \u00a0 \u00a0\u00a0<img loading=\"lazy\" decoding=\"async\" class=\"size-medium wp-image-11596\" src=\"https:\/\/koylio-seura.fi\/wp-content\/uploads\/2024\/10\/MErkkila-26.4.2017-6-300x200.jpg\" alt=\"\" width=\"300\" height=\"200\" srcset=\"https:\/\/koylio-seura.fi\/wp-content\/uploads\/2024\/10\/MErkkila-26.4.2017-6-300x200.jpg 300w, https:\/\/koylio-seura.fi\/wp-content\/uploads\/2024\/10\/MErkkila-26.4.2017-6-1024x683.jpg 1024w, https:\/\/koylio-seura.fi\/wp-content\/uploads\/2024\/10\/MErkkila-26.4.2017-6-768x512.jpg 768w, https:\/\/koylio-seura.fi\/wp-content\/uploads\/2024\/10\/MErkkila-26.4.2017-6-1536x1024.jpg 1536w, https:\/\/koylio-seura.fi\/wp-content\/uploads\/2024\/10\/MErkkila-26.4.2017-6-2048x1365.jpg 2048w\" sizes=\"(max-width: 300px) 100vw, 300px\" \/>\u00a0<\/p><p>\u00a0 \u00a0 \u00a0 \u00a0 \u00a0 \u00a0 \u00a0 \u00a0 \u00a0 \u00a0 \u00a0 \u00a0 \u00a0 \u00a0 \u00a0 \u00a0 \u00a0 \u00a0 \u00a0 \u00a0 \u00a0 \u00a0 \u00a0Valmisteilla olevan K\u00f6yliist&#8217;-kirjan esittely, Samuli Vahteristo. Kuva Martti Erkkil\u00e4<\/p><\/div><div>\u00a0<\/div><div><p>\u00a0 \u00a0 \u00a0 \u00a0 \u00a0 \u00a0 \u00a0 \u00a0 \u00a0 \u00a0 \u00a0 \u00a0 \u00a0 \u00a0 \u00a0 \u00a0 \u00a0 \u00a0 \u00a0 \u00a0 \u00a0 \u00a0 \u00a0 \u00a0 \u00a0 \u00a0 \u00a0 \u00a0 \u00a0 \u00a0 \u00a0 \u00a0 \u00a0 \u00a0 \u00a0 \u00a0 \u00a0 \u00a0 \u00a0 \u00a0 \u00a0 \u00a0 <img loading=\"lazy\" decoding=\"async\" class=\"size-medium wp-image-11593\" src=\"https:\/\/koylio-seura.fi\/wp-content\/uploads\/2024\/10\/MErkkila-26.4.2017-3-300x200.jpg\" alt=\"\" width=\"300\" height=\"200\" srcset=\"https:\/\/koylio-seura.fi\/wp-content\/uploads\/2024\/10\/MErkkila-26.4.2017-3-300x200.jpg 300w, https:\/\/koylio-seura.fi\/wp-content\/uploads\/2024\/10\/MErkkila-26.4.2017-3-1024x683.jpg 1024w, https:\/\/koylio-seura.fi\/wp-content\/uploads\/2024\/10\/MErkkila-26.4.2017-3-768x512.jpg 768w, https:\/\/koylio-seura.fi\/wp-content\/uploads\/2024\/10\/MErkkila-26.4.2017-3-1536x1024.jpg 1536w, https:\/\/koylio-seura.fi\/wp-content\/uploads\/2024\/10\/MErkkila-26.4.2017-3-2048x1365.jpg 2048w\" sizes=\"(max-width: 300px) 100vw, 300px\" \/>\u00a0<\/p><p>\u00a0 \u00a0 \u00a0 \u00a0 \u00a0 \u00a0 \u00a0 \u00a0 \u00a0 \u00a0 \u00a0 \u00a0 \u00a0 \u00a0 \u00a0 \u00a0 \u00a0 \u00a0 \u00a0 \u00a0 \u00a0 \u00a0 \u00a0 \u00a0 \u00a0 \u00a0 \u00a0 \u00a0 \u00a0 \u00a0 \u00a0 \u00a0 \u00a0 \u00a0 \u00a0 \u00a0 \u00a0 \u00a0 \u00a0Sukuhistoriaa, Hannu Orpo. Kuva Martti Erkkil\u00e4<\/p><\/div><div>\u00a0<\/div><div><p>\u00a0 \u00a0 \u00a0 \u00a0 \u00a0 \u00a0 \u00a0 \u00a0 \u00a0 \u00a0 \u00a0 \u00a0 \u00a0 \u00a0 \u00a0 \u00a0 \u00a0 \u00a0 \u00a0 \u00a0 \u00a0 \u00a0 \u00a0 \u00a0 \u00a0 \u00a0 \u00a0 \u00a0 \u00a0 \u00a0 \u00a0 \u00a0 \u00a0 \u00a0 \u00a0 \u00a0 \u00a0 \u00a0 \u00a0 \u00a0 \u00a0 \u00a0 \u00a0 \u00a0 \u00a0 \u00a0<img loading=\"lazy\" decoding=\"async\" class=\"size-medium wp-image-11595\" src=\"https:\/\/koylio-seura.fi\/wp-content\/uploads\/2024\/10\/MErkkila-26.4.2017-5-200x300.jpg\" alt=\"\" width=\"200\" height=\"300\" srcset=\"https:\/\/koylio-seura.fi\/wp-content\/uploads\/2024\/10\/MErkkila-26.4.2017-5-200x300.jpg 200w, https:\/\/koylio-seura.fi\/wp-content\/uploads\/2024\/10\/MErkkila-26.4.2017-5-683x1024.jpg 683w, https:\/\/koylio-seura.fi\/wp-content\/uploads\/2024\/10\/MErkkila-26.4.2017-5-768x1152.jpg 768w, https:\/\/koylio-seura.fi\/wp-content\/uploads\/2024\/10\/MErkkila-26.4.2017-5-1024x1536.jpg 1024w, https:\/\/koylio-seura.fi\/wp-content\/uploads\/2024\/10\/MErkkila-26.4.2017-5-1366x2048.jpg 1366w, https:\/\/koylio-seura.fi\/wp-content\/uploads\/2024\/10\/MErkkila-26.4.2017-5-scaled.jpg 1707w\" sizes=\"(max-width: 200px) 100vw, 200px\" \/>\u00a0<\/p><p>\u00a0 \u00a0 \u00a0 \u00a0 \u00a0 \u00a0 \u00a0 \u00a0 \u00a0 \u00a0 \u00a0 \u00a0 \u00a0 \u00a0 \u00a0 \u00a0 \u00a0 \u00a0 \u00a0 \u00a0 \u00a0 \u00a0 \u00a0 \u00a0 \u00a0 \u00a0 \u00a0 \u00a0 \u00a0 \u00a0 Tuiskulan kes\u00e4teatterin seuraavan n\u00e4ytelm\u00e4n esittely, Sirkka Salo. Kuva Martti Erkkil\u00e4<\/p><\/div><div>\u00a0<\/div><div><p>\u00a0 \u00a0 \u00a0 \u00a0 \u00a0 \u00a0 \u00a0 \u00a0 \u00a0 \u00a0 \u00a0 \u00a0 \u00a0 \u00a0 \u00a0 \u00a0 \u00a0 \u00a0 \u00a0 \u00a0 \u00a0 \u00a0 \u00a0 \u00a0 \u00a0 \u00a0 \u00a0 \u00a0 \u00a0 \u00a0 \u00a0 \u00a0 \u00a0 \u00a0 \u00a0 \u00a0 \u00a0 \u00a0 \u00a0 \u00a0<img loading=\"lazy\" decoding=\"async\" class=\"size-medium wp-image-11600\" src=\"https:\/\/koylio-seura.fi\/wp-content\/uploads\/2024\/10\/Sarminko-27.4.2017-kulttuuriristeily-Tukholma-53-300x225.jpg\" alt=\"\" width=\"300\" height=\"225\" srcset=\"https:\/\/koylio-seura.fi\/wp-content\/uploads\/2024\/10\/Sarminko-27.4.2017-kulttuuriristeily-Tukholma-53-300x225.jpg 300w, https:\/\/koylio-seura.fi\/wp-content\/uploads\/2024\/10\/Sarminko-27.4.2017-kulttuuriristeily-Tukholma-53-1024x768.jpg 1024w, https:\/\/koylio-seura.fi\/wp-content\/uploads\/2024\/10\/Sarminko-27.4.2017-kulttuuriristeily-Tukholma-53-768x576.jpg 768w, https:\/\/koylio-seura.fi\/wp-content\/uploads\/2024\/10\/Sarminko-27.4.2017-kulttuuriristeily-Tukholma-53-1536x1152.jpg 1536w, https:\/\/koylio-seura.fi\/wp-content\/uploads\/2024\/10\/Sarminko-27.4.2017-kulttuuriristeily-Tukholma-53-2048x1536.jpg 2048w\" sizes=\"(max-width: 300px) 100vw, 300px\" \/>\u00a0<\/p><p>\u00a0 \u00a0 \u00a0 \u00a0 \u00a0 \u00a0 \u00a0 \u00a0 \u00a0 \u00a0 \u00a0 \u00a0 \u00a0 \u00a0 \u00a0 \u00a0 \u00a0 \u00a0 \u00a0 \u00a0 \u00a0 \u00a0 \u00a0 \u00a0 \u00a0 \u00a0Hallwylin palatsin esittelyyn meid\u00e4t johdatti Axel Cedercreutz. Kuva SarMinko<\/p><\/div><div>\u00a0<\/div><div><p>\u00a0 \u00a0 \u00a0 \u00a0 \u00a0 \u00a0 \u00a0 \u00a0 \u00a0 \u00a0 \u00a0 \u00a0 \u00a0 \u00a0 \u00a0 \u00a0 \u00a0 \u00a0 \u00a0 \u00a0 \u00a0 \u00a0 \u00a0 \u00a0 \u00a0 \u00a0 \u00a0 \u00a0 \u00a0 \u00a0 \u00a0 \u00a0 \u00a0 \u00a0 \u00a0 \u00a0 \u00a0 \u00a0 \u00a0 \u00a0 \u00a0 <img loading=\"lazy\" decoding=\"async\" class=\"size-medium wp-image-11601\" src=\"https:\/\/koylio-seura.fi\/wp-content\/uploads\/2024\/10\/Sarminko-27.4.2017-kulttuuriristeily-Tukholma-57-300x225.jpg\" alt=\"\" width=\"300\" height=\"225\" srcset=\"https:\/\/koylio-seura.fi\/wp-content\/uploads\/2024\/10\/Sarminko-27.4.2017-kulttuuriristeily-Tukholma-57-300x225.jpg 300w, https:\/\/koylio-seura.fi\/wp-content\/uploads\/2024\/10\/Sarminko-27.4.2017-kulttuuriristeily-Tukholma-57-1024x768.jpg 1024w, https:\/\/koylio-seura.fi\/wp-content\/uploads\/2024\/10\/Sarminko-27.4.2017-kulttuuriristeily-Tukholma-57-768x576.jpg 768w, https:\/\/koylio-seura.fi\/wp-content\/uploads\/2024\/10\/Sarminko-27.4.2017-kulttuuriristeily-Tukholma-57-1536x1152.jpg 1536w, https:\/\/koylio-seura.fi\/wp-content\/uploads\/2024\/10\/Sarminko-27.4.2017-kulttuuriristeily-Tukholma-57-2048x1536.jpg 2048w\" sizes=\"(max-width: 300px) 100vw, 300px\" \/>\u00a0<\/p><p>\u00a0 \u00a0 \u00a0 \u00a0 \u00a0 \u00a0 \u00a0 \u00a0 \u00a0 \u00a0 \u00a0 \u00a0 \u00a0 \u00a0 \u00a0 \u00a0 \u00a0 \u00a0 \u00a0 \u00a0 \u00a0 \u00a0 \u00a0 \u00a0 \u00a0 T\u00e4m\u00e4nkin \u00e4veri\u00e4\u00e4n porvarisperheen keitti\u00f6st\u00e4 l\u00f6ytyi tuikitavallinen hella. Kuva SarMinko<\/p><\/div><div>\u00a0<\/div><div><p>\u00a0 \u00a0 \u00a0 \u00a0 \u00a0 \u00a0 \u00a0 \u00a0 \u00a0 \u00a0 \u00a0 \u00a0 \u00a0 \u00a0 \u00a0 \u00a0 \u00a0 \u00a0 \u00a0 \u00a0 \u00a0 \u00a0 \u00a0 \u00a0 \u00a0 \u00a0 \u00a0 \u00a0 \u00a0 \u00a0 \u00a0 \u00a0 \u00a0 \u00a0 \u00a0 \u00a0 \u00a0 \u00a0 \u00a0 \u00a0 \u00a0 \u00a0<img loading=\"lazy\" decoding=\"async\" class=\"size-medium wp-image-11598\" src=\"https:\/\/koylio-seura.fi\/wp-content\/uploads\/2024\/10\/MErkkila-27.4.2017-5-300x200.jpg\" alt=\"\" width=\"300\" height=\"200\" srcset=\"https:\/\/koylio-seura.fi\/wp-content\/uploads\/2024\/10\/MErkkila-27.4.2017-5-300x200.jpg 300w, https:\/\/koylio-seura.fi\/wp-content\/uploads\/2024\/10\/MErkkila-27.4.2017-5-1024x683.jpg 1024w, https:\/\/koylio-seura.fi\/wp-content\/uploads\/2024\/10\/MErkkila-27.4.2017-5-768x512.jpg 768w, https:\/\/koylio-seura.fi\/wp-content\/uploads\/2024\/10\/MErkkila-27.4.2017-5-1536x1024.jpg 1536w, https:\/\/koylio-seura.fi\/wp-content\/uploads\/2024\/10\/MErkkila-27.4.2017-5-2048x1365.jpg 2048w\" sizes=\"(max-width: 300px) 100vw, 300px\" \/>\u00a0<\/p><p>\u00a0 \u00a0 \u00a0 \u00a0 \u00a0 \u00a0 \u00a0 \u00a0 \u00a0 \u00a0 \u00a0 \u00a0 \u00a0 \u00a0 \u00a0 \u00a0 T\u00e4ss\u00e4 porvarisperheess\u00e4 kulttuurin harrastus oli korkeaa tasoa ainakin soittopelist\u00e4 p\u00e4\u00e4tellen. Kuva Martti Erkkil\u00e4<\/p><\/div><div>\u00a0<\/div><div><p>\u00a0 \u00a0 \u00a0 \u00a0 \u00a0 \u00a0 \u00a0 \u00a0 \u00a0 \u00a0 \u00a0 \u00a0 \u00a0 \u00a0 \u00a0 \u00a0 \u00a0 \u00a0 \u00a0 \u00a0 \u00a0 \u00a0 \u00a0 \u00a0 \u00a0 \u00a0 \u00a0 \u00a0 \u00a0 \u00a0 \u00a0 \u00a0 \u00a0 \u00a0 \u00a0 \u00a0 \u00a0 \u00a0 \u00a0 \u00a0 \u00a0 \u00a0<img loading=\"lazy\" decoding=\"async\" class=\"size-medium wp-image-11597\" src=\"https:\/\/koylio-seura.fi\/wp-content\/uploads\/2024\/10\/MErkkila-27.4.2017-300x200.jpg\" alt=\"\" width=\"300\" height=\"200\" srcset=\"https:\/\/koylio-seura.fi\/wp-content\/uploads\/2024\/10\/MErkkila-27.4.2017-300x200.jpg 300w, https:\/\/koylio-seura.fi\/wp-content\/uploads\/2024\/10\/MErkkila-27.4.2017-1024x683.jpg 1024w, https:\/\/koylio-seura.fi\/wp-content\/uploads\/2024\/10\/MErkkila-27.4.2017-768x512.jpg 768w, https:\/\/koylio-seura.fi\/wp-content\/uploads\/2024\/10\/MErkkila-27.4.2017-1536x1024.jpg 1536w, https:\/\/koylio-seura.fi\/wp-content\/uploads\/2024\/10\/MErkkila-27.4.2017-2048x1365.jpg 2048w\" sizes=\"(max-width: 300px) 100vw, 300px\" \/>\u00a0<\/p><p>\u00a0 \u00a0 \u00a0 \u00a0 \u00a0 \u00a0 \u00a0 \u00a0 \u00a0 \u00a0 \u00a0 \u00a0 \u00a0 \u00a0 \u00a0 \u00a0 \u00a0 \u00a0 \u00a0 \u00a0 \u00a0 \u00a0 \u00a0 \u00a0 \u00a0 \u00a0Tukholman Armeijamuseossa vastaanotto oli hyvin yst\u00e4v\u00e4llinen. Kuva Martti Erkkil\u00e4<\/p><\/div><div>\u00a0<\/div><div><p>\u00a0 \u00a0 \u00a0 \u00a0 \u00a0 \u00a0 \u00a0 \u00a0 \u00a0 \u00a0 \u00a0 \u00a0 \u00a0 \u00a0 \u00a0 \u00a0 \u00a0 \u00a0 \u00a0 \u00a0 \u00a0 \u00a0 \u00a0 \u00a0 \u00a0 \u00a0 \u00a0 \u00a0 \u00a0 \u00a0 \u00a0 \u00a0 \u00a0 \u00a0 \u00a0 \u00a0 \u00a0 \u00a0 \u00a0 \u00a0 \u00a0\u00a0<img loading=\"lazy\" decoding=\"async\" class=\"size-medium wp-image-11599\" src=\"https:\/\/koylio-seura.fi\/wp-content\/uploads\/2024\/10\/MErkkila-27.4.2017-10-300x200.jpg\" alt=\"\" width=\"300\" height=\"200\" srcset=\"https:\/\/koylio-seura.fi\/wp-content\/uploads\/2024\/10\/MErkkila-27.4.2017-10-300x200.jpg 300w, https:\/\/koylio-seura.fi\/wp-content\/uploads\/2024\/10\/MErkkila-27.4.2017-10-1024x683.jpg 1024w, https:\/\/koylio-seura.fi\/wp-content\/uploads\/2024\/10\/MErkkila-27.4.2017-10-768x512.jpg 768w, https:\/\/koylio-seura.fi\/wp-content\/uploads\/2024\/10\/MErkkila-27.4.2017-10-1536x1024.jpg 1536w, https:\/\/koylio-seura.fi\/wp-content\/uploads\/2024\/10\/MErkkila-27.4.2017-10-2048x1365.jpg 2048w\" sizes=\"(max-width: 300px) 100vw, 300px\" \/>\u00a0<\/p><p>\u00a0 \u00a0 \u00a0 \u00a0 \u00a0 \u00a0 \u00a0 \u00a0 \u00a0 \u00a0 \u00a0 \u00a0 \u00a0 \u00a0 \u00a0 \u00a0 \u00a0 \u00a0 \u00a0 \u00a0 \u00a0 \u00a0 \u00a0 \u00a0 \u00a0 \u00a0Tukholman Armeijamuseon julkisivu koko komeudessaan. Kuva Martti Erkkil\u00e4<\/p><\/div><\/div>\n\t\t\t\t<\/div>\n\t\t\t\t\t\t\t\t<\/div>\n\t\t\t\t\t\t<\/div>\n\t\t\t\t<\/div>\n\t\t\t\t\t<\/div>\n\t\t<\/div>\n\t\t\t\t\t<\/div>\n\t\t<\/section>\n\t\t\t\t<\/div>\n\t\t","protected":false},"excerpt":{"rendered":"<p>K\u00f6yli\u00f6-seuran j\u00e4rjest\u00e4m\u00e4t retket 11.4.2026 K\u00f6yli\u00f6-seuran retki Helsinkiin Mannerheim-museoon ja Ritarihuoneelle Retkel\u00e4iset Ritarihuoneella\u00a0 \u00a0Kuva: Ari St\u00e5hlman Kev\u00e4isen kauniissa Kaivopuistossa kuljimme kohti Mannerheim-museota, joka on Suomen marsalkka Carl Gustaf Emil Mannerheimin muistoa vaaliva kotimuseo. Aurinko paistoi kirkkaalta taivaalta, linnut lauloivat ja taustalla &#8230; <a title=\"Retket\" class=\"read-more\" href=\"https:\/\/koylio-seura.fi\/?page_id=1037\" aria-label=\"Lue lis\u00e4\u00e4 aiheesta Retket\">Lue lis\u00e4\u00e4<\/a><\/p>\n","protected":false},"author":1,"featured_media":0,"parent":370,"menu_order":0,"comment_status":"closed","ping_status":"closed","template":"","meta":{"footnotes":""},"class_list":{"0":"post-1037","1":"page","2":"type-page","3":"status-publish","5":"infinite-scroll-item"},"yoast_head":"<!-- This site is optimized with the Yoast SEO plugin v26.6 - https:\/\/yoast.com\/wordpress\/plugins\/seo\/ -->\n<title>Retket - K\u00f6yli\u00f6-seura<\/title>\n<meta name=\"robots\" content=\"index, follow, max-snippet:-1, max-image-preview:large, max-video-preview:-1\" \/>\n<link rel=\"canonical\" href=\"https:\/\/koylio-seura.fi\/?page_id=1037\" \/>\n<meta property=\"og:locale\" content=\"fi_FI\" \/>\n<meta property=\"og:type\" content=\"article\" \/>\n<meta property=\"og:title\" content=\"Retket - K\u00f6yli\u00f6-seura\" \/>\n<meta property=\"og:description\" content=\"K\u00f6yli\u00f6-seuran j\u00e4rjest\u00e4m\u00e4t retket 11.4.2026 K\u00f6yli\u00f6-seuran retki Helsinkiin Mannerheim-museoon ja Ritarihuoneelle Retkel\u00e4iset Ritarihuoneella\u00a0 \u00a0Kuva: Ari St\u00e5hlman Kev\u00e4isen kauniissa Kaivopuistossa kuljimme kohti Mannerheim-museota, joka on Suomen marsalkka Carl Gustaf Emil Mannerheimin muistoa vaaliva kotimuseo. Aurinko paistoi kirkkaalta taivaalta, linnut lauloivat ja taustalla ... Lue lis\u00e4\u00e4\" \/>\n<meta property=\"og:url\" content=\"https:\/\/koylio-seura.fi\/?page_id=1037\" \/>\n<meta property=\"og:site_name\" content=\"K\u00f6yli\u00f6-seura\" \/>\n<meta property=\"article:modified_time\" content=\"2026-04-18T16:36:53+00:00\" \/>\n<meta property=\"og:image\" content=\"https:\/\/koylio-seura.fi\/wp-content\/uploads\/2026\/04\/Ritarihuone-11.4.2026_edited-1024x683.jpg\" \/>\n\t<meta property=\"og:image:width\" content=\"1024\" \/>\n\t<meta property=\"og:image:height\" content=\"683\" \/>\n\t<meta property=\"og:image:type\" content=\"image\/jpeg\" \/>\n<meta name=\"twitter:card\" content=\"summary_large_image\" \/>\n<meta name=\"twitter:label1\" content=\"Arvioitu lukuaika\" \/>\n\t<meta name=\"twitter:data1\" content=\"11 minuuttia\" \/>\n<script type=\"application\/ld+json\" class=\"yoast-schema-graph\">{\"@context\":\"https:\/\/schema.org\",\"@graph\":[{\"@type\":\"WebPage\",\"@id\":\"https:\/\/koylio-seura.fi\/?page_id=1037\",\"url\":\"https:\/\/koylio-seura.fi\/?page_id=1037\",\"name\":\"Retket - K\u00f6yli\u00f6-seura\",\"isPartOf\":{\"@id\":\"https:\/\/koylio-seura.fi\/#website\"},\"primaryImageOfPage\":{\"@id\":\"https:\/\/koylio-seura.fi\/?page_id=1037#primaryimage\"},\"image\":{\"@id\":\"https:\/\/koylio-seura.fi\/?page_id=1037#primaryimage\"},\"thumbnailUrl\":\"https:\/\/koylio-seura.fi\/wp-content\/uploads\/2026\/04\/Ritarihuone-11.4.2026_edited-1024x683.jpg\",\"datePublished\":\"2023-10-21T08:19:40+00:00\",\"dateModified\":\"2026-04-18T16:36:53+00:00\",\"breadcrumb\":{\"@id\":\"https:\/\/koylio-seura.fi\/?page_id=1037#breadcrumb\"},\"inLanguage\":\"fi\",\"potentialAction\":[{\"@type\":\"ReadAction\",\"target\":[\"https:\/\/koylio-seura.fi\/?page_id=1037\"]}]},{\"@type\":\"ImageObject\",\"inLanguage\":\"fi\",\"@id\":\"https:\/\/koylio-seura.fi\/?page_id=1037#primaryimage\",\"url\":\"https:\/\/koylio-seura.fi\/wp-content\/uploads\/2026\/04\/Ritarihuone-11.4.2026_edited.jpg\",\"contentUrl\":\"https:\/\/koylio-seura.fi\/wp-content\/uploads\/2026\/04\/Ritarihuone-11.4.2026_edited.jpg\",\"width\":2048,\"height\":1365,\"caption\":\"Retkel\u00e4iset Ritarihuoneella Kuva: Ari St\u00e5hlman\"},{\"@type\":\"BreadcrumbList\",\"@id\":\"https:\/\/koylio-seura.fi\/?page_id=1037#breadcrumb\",\"itemListElement\":[{\"@type\":\"ListItem\",\"position\":1,\"name\":\"Etusivu\",\"item\":\"https:\/\/koylio-seura.fi\/\"},{\"@type\":\"ListItem\",\"position\":2,\"name\":\"Tapahtunutta\",\"item\":\"https:\/\/koylio-seura.fi\/?page_id=370\"},{\"@type\":\"ListItem\",\"position\":3,\"name\":\"Retket\"}]},{\"@type\":\"WebSite\",\"@id\":\"https:\/\/koylio-seura.fi\/#website\",\"url\":\"https:\/\/koylio-seura.fi\/\",\"name\":\"K\u00f6yli\u00f6-seura\",\"description\":\"\",\"publisher\":{\"@id\":\"https:\/\/koylio-seura.fi\/#organization\"},\"potentialAction\":[{\"@type\":\"SearchAction\",\"target\":{\"@type\":\"EntryPoint\",\"urlTemplate\":\"https:\/\/koylio-seura.fi\/?s={search_term_string}\"},\"query-input\":{\"@type\":\"PropertyValueSpecification\",\"valueRequired\":true,\"valueName\":\"search_term_string\"}}],\"inLanguage\":\"fi\"},{\"@type\":\"Organization\",\"@id\":\"https:\/\/koylio-seura.fi\/#organization\",\"name\":\"K\u00f6yli\u00f6-seura\",\"url\":\"https:\/\/koylio-seura.fi\/\",\"logo\":{\"@type\":\"ImageObject\",\"inLanguage\":\"fi\",\"@id\":\"https:\/\/koylio-seura.fi\/#\/schema\/logo\/image\/\",\"url\":\"https:\/\/koylio-seura.fi\/wp-content\/uploads\/2023\/07\/cropped-KS-logo-23.png\",\"contentUrl\":\"https:\/\/koylio-seura.fi\/wp-content\/uploads\/2023\/07\/cropped-KS-logo-23.png\",\"width\":530,\"height\":619,\"caption\":\"K\u00f6yli\u00f6-seura\"},\"image\":{\"@id\":\"https:\/\/koylio-seura.fi\/#\/schema\/logo\/image\/\"}}]}<\/script>\n<!-- \/ Yoast SEO plugin. -->","yoast_head_json":{"title":"Retket - K\u00f6yli\u00f6-seura","robots":{"index":"index","follow":"follow","max-snippet":"max-snippet:-1","max-image-preview":"max-image-preview:large","max-video-preview":"max-video-preview:-1"},"canonical":"https:\/\/koylio-seura.fi\/?page_id=1037","og_locale":"fi_FI","og_type":"article","og_title":"Retket - K\u00f6yli\u00f6-seura","og_description":"K\u00f6yli\u00f6-seuran j\u00e4rjest\u00e4m\u00e4t retket 11.4.2026 K\u00f6yli\u00f6-seuran retki Helsinkiin Mannerheim-museoon ja Ritarihuoneelle Retkel\u00e4iset Ritarihuoneella\u00a0 \u00a0Kuva: Ari St\u00e5hlman Kev\u00e4isen kauniissa Kaivopuistossa kuljimme kohti Mannerheim-museota, joka on Suomen marsalkka Carl Gustaf Emil Mannerheimin muistoa vaaliva kotimuseo. Aurinko paistoi kirkkaalta taivaalta, linnut lauloivat ja taustalla ... Lue lis\u00e4\u00e4","og_url":"https:\/\/koylio-seura.fi\/?page_id=1037","og_site_name":"K\u00f6yli\u00f6-seura","article_modified_time":"2026-04-18T16:36:53+00:00","og_image":[{"width":1024,"height":683,"url":"https:\/\/koylio-seura.fi\/wp-content\/uploads\/2026\/04\/Ritarihuone-11.4.2026_edited-1024x683.jpg","type":"image\/jpeg"}],"twitter_card":"summary_large_image","twitter_misc":{"Arvioitu lukuaika":"11 minuuttia"},"schema":{"@context":"https:\/\/schema.org","@graph":[{"@type":"WebPage","@id":"https:\/\/koylio-seura.fi\/?page_id=1037","url":"https:\/\/koylio-seura.fi\/?page_id=1037","name":"Retket - K\u00f6yli\u00f6-seura","isPartOf":{"@id":"https:\/\/koylio-seura.fi\/#website"},"primaryImageOfPage":{"@id":"https:\/\/koylio-seura.fi\/?page_id=1037#primaryimage"},"image":{"@id":"https:\/\/koylio-seura.fi\/?page_id=1037#primaryimage"},"thumbnailUrl":"https:\/\/koylio-seura.fi\/wp-content\/uploads\/2026\/04\/Ritarihuone-11.4.2026_edited-1024x683.jpg","datePublished":"2023-10-21T08:19:40+00:00","dateModified":"2026-04-18T16:36:53+00:00","breadcrumb":{"@id":"https:\/\/koylio-seura.fi\/?page_id=1037#breadcrumb"},"inLanguage":"fi","potentialAction":[{"@type":"ReadAction","target":["https:\/\/koylio-seura.fi\/?page_id=1037"]}]},{"@type":"ImageObject","inLanguage":"fi","@id":"https:\/\/koylio-seura.fi\/?page_id=1037#primaryimage","url":"https:\/\/koylio-seura.fi\/wp-content\/uploads\/2026\/04\/Ritarihuone-11.4.2026_edited.jpg","contentUrl":"https:\/\/koylio-seura.fi\/wp-content\/uploads\/2026\/04\/Ritarihuone-11.4.2026_edited.jpg","width":2048,"height":1365,"caption":"Retkel\u00e4iset Ritarihuoneella Kuva: Ari St\u00e5hlman"},{"@type":"BreadcrumbList","@id":"https:\/\/koylio-seura.fi\/?page_id=1037#breadcrumb","itemListElement":[{"@type":"ListItem","position":1,"name":"Etusivu","item":"https:\/\/koylio-seura.fi\/"},{"@type":"ListItem","position":2,"name":"Tapahtunutta","item":"https:\/\/koylio-seura.fi\/?page_id=370"},{"@type":"ListItem","position":3,"name":"Retket"}]},{"@type":"WebSite","@id":"https:\/\/koylio-seura.fi\/#website","url":"https:\/\/koylio-seura.fi\/","name":"K\u00f6yli\u00f6-seura","description":"","publisher":{"@id":"https:\/\/koylio-seura.fi\/#organization"},"potentialAction":[{"@type":"SearchAction","target":{"@type":"EntryPoint","urlTemplate":"https:\/\/koylio-seura.fi\/?s={search_term_string}"},"query-input":{"@type":"PropertyValueSpecification","valueRequired":true,"valueName":"search_term_string"}}],"inLanguage":"fi"},{"@type":"Organization","@id":"https:\/\/koylio-seura.fi\/#organization","name":"K\u00f6yli\u00f6-seura","url":"https:\/\/koylio-seura.fi\/","logo":{"@type":"ImageObject","inLanguage":"fi","@id":"https:\/\/koylio-seura.fi\/#\/schema\/logo\/image\/","url":"https:\/\/koylio-seura.fi\/wp-content\/uploads\/2023\/07\/cropped-KS-logo-23.png","contentUrl":"https:\/\/koylio-seura.fi\/wp-content\/uploads\/2023\/07\/cropped-KS-logo-23.png","width":530,"height":619,"caption":"K\u00f6yli\u00f6-seura"},"image":{"@id":"https:\/\/koylio-seura.fi\/#\/schema\/logo\/image\/"}}]}},"_links":{"self":[{"href":"https:\/\/koylio-seura.fi\/index.php?rest_route=\/wp\/v2\/pages\/1037","targetHints":{"allow":["GET"]}}],"collection":[{"href":"https:\/\/koylio-seura.fi\/index.php?rest_route=\/wp\/v2\/pages"}],"about":[{"href":"https:\/\/koylio-seura.fi\/index.php?rest_route=\/wp\/v2\/types\/page"}],"author":[{"embeddable":true,"href":"https:\/\/koylio-seura.fi\/index.php?rest_route=\/wp\/v2\/users\/1"}],"replies":[{"embeddable":true,"href":"https:\/\/koylio-seura.fi\/index.php?rest_route=%2Fwp%2Fv2%2Fcomments&post=1037"}],"version-history":[{"count":205,"href":"https:\/\/koylio-seura.fi\/index.php?rest_route=\/wp\/v2\/pages\/1037\/revisions"}],"predecessor-version":[{"id":16736,"href":"https:\/\/koylio-seura.fi\/index.php?rest_route=\/wp\/v2\/pages\/1037\/revisions\/16736"}],"up":[{"embeddable":true,"href":"https:\/\/koylio-seura.fi\/index.php?rest_route=\/wp\/v2\/pages\/370"}],"wp:attachment":[{"href":"https:\/\/koylio-seura.fi\/index.php?rest_route=%2Fwp%2Fv2%2Fmedia&parent=1037"}],"curies":[{"name":"wp","href":"https:\/\/api.w.org\/{rel}","templated":true}]}}